{"id":21,"date":"2026-03-17T14:55:58","date_gmt":"2026-03-17T12:55:58","guid":{"rendered":"https:\/\/hankkeet.karelia.fi\/alykkaat-energiayhteisot\/alykkaat-energiayhteisot\/"},"modified":"2026-03-17T14:55:58","modified_gmt":"2026-03-17T12:55:58","slug":"alykkaat-energiayhteisot","status":"publish","type":"page","link":"https:\/\/hankkeet.karelia.fi\/alykkaat-energiayhteisot\/","title":{"rendered":"\u00c4lykk\u00e4\u00e4t energiayhteis\u00f6t"},"content":{"rendered":"\n<figure class=\"wp-block-image size-large is-resized\"><img decoding=\"async\" src=\"https:\/\/hankkeet.karelia.fi\/alykkaat-energiayhteisot\/wp-content\/uploads\/sites\/64\/2026\/03\/alykkaat-energiayhteisot-1024x172-1.jpg\" alt class=\"wp-image-69639\" style=\"width:629px;height:auto\"><\/figure>\n\n\n\n<p>Ener\u00adgiay\u00adhteis\u00f6t tar\u00adjoa\u00advat mah\u00addol\u00adlisu\u00adu\u00adden oikeu\u00adden\u00admukaisem\u00adpaan ener\u00adgia\u00admur\u00adrokseen. Ener\u00adgiay\u00adhteis\u00f6il\u00adl\u00e4 on merkit\u00adt\u00e4v\u00e4 rooli uusi\u00adu\u00adtu\u00advien ener\u00adgial\u00e4htei\u00adden lis\u00e4\u00e4n\u00adtyv\u00e4ss\u00e4 k\u00e4yt\u00adt\u00f6\u00f6no\u00adto\u00adssa ja ener\u00adgiantuotan\u00adnon monipuolis\u00adtamis\u00adsa.<\/p>\n\n\n\n<p>Han\u00adkkeen tavoit\u00adteena on luo\u00adda uusia ener\u00adgiate\u00adhokkai\u00adta, dig\u00adi\u00adtaal\u00adisia ja tek\u00adnol\u00ado\u00adgisia, menetelmi\u00e4 ja palvelui\u00adta tule\u00advaisu\u00adu\u00adden ener\u00adgiay\u00adhteis\u00f6ille. Tavoit\u00adteena on luo\u00adda uusia kest\u00e4vi\u00e4 ja kan\u00adnat\u00adtavia toim\u00adinta\u00admalle\u00adja ener\u00adgiay\u00adhteis\u00f6ille. Han\u00adkkeessa keski\u00adtyt\u00e4\u00e4n eri\u00adtyis\u00ades\u00adti kaupun\u00adki ja haja-asu\u00adtusaluei\u00adden kiin\u00adteist\u00f6ra\u00adjat ylit\u00adt\u00e4vi\u00adin ener\u00adgiay\u00adhteis\u00f6i\u00adhin, ener\u00adgiay\u00adhteis\u00f6\u00adjen ener\u00adgia\u00adresurssien opti\u00admaaliseen hy\u00f6\u00addyn\u00adt\u00e4miseen, sek\u00adtori-inte\u00adgraa\u00adtioon ener\u00adgiay\u00adhteis\u00f6is\u00ads\u00e4 sek\u00e4 n\u00e4i\u00adden dig\u00adi\u00adtaal\u00adisi\u00adin ratkaisui\u00adhin.<\/p>\n\n\n\n<p><strong>Han\u00adkkeel\u00adla on kak\u00adsi p\u00e4\u00e4\u00adtavoitet\u00adta: toim\u00adinta\u00admallien kehi\u00adtys ja tiedon lis\u00e4\u00e4mi\u00adnen. N\u00e4m\u00e4 tavoit\u00adteet voidaan jakaa seu\u00adraavi\u00adin alatavoit\u00adteisi\u00adin:<\/strong><\/p>\n\n\n\n<p>A) Ener\u00adgiay\u00adhteis\u00f6i\u00adden toim\u00adinta\u00admallien kehi\u00adtys:<\/p>\n\n\n\n<p>1. Luo\u00addaan dig\u00adi\u00adtaal\u00adisia kak\u00adsosia ener\u00adgiay\u00adhteis\u00f6ist\u00e4 ja niiden sis\u00e4l\u00adl\u00e4 toimivista lohkoketjutekni\u00adikkaa hy\u00f6\u00addyn\u00adt\u00e4vist\u00e4 ver\u00adtaisverkoista (taloy\u00adhti\u00f6t, pien\u00adtalot ja yri\u00adtyk\u00adset kohteina)<\/p>\n\n\n\n<p>2. Ener\u00adgiay\u00adhteis\u00f6i\u00adden sis\u00e4isen toimin\u00adnan kehit\u00adt\u00e4mi\u00adnen<\/p>\n\n\n\n<p>3. Ener\u00adgiay\u00adhteis\u00f6i\u00adden ener\u00adgiakau\u00adpan menetelmien kehit\u00adt\u00e4mi\u00adnen<\/p>\n\n\n\n<p>4. Kulu\u00adtusjous\u00adton mah\u00addol\u00adlisuuk\u00adsien tutkimus ja kehit\u00adt\u00e4mi\u00adnen<\/p>\n\n\n\n<p>5. Ener\u00adgiay\u00adhteis\u00f6i\u00adden ymp\u00e4rist\u00f6\u00advaiku\u00adtusten arvioin\u00adti<\/p>\n\n\n\n<p>B) Ener\u00adgiay\u00adhteis\u00f6tiedon ja \u2011tietoisu\u00adu\u00adden lis\u00e4ys:<\/p>\n\n\n\n<p>1. Ker\u00e4t\u00e4\u00e4n uus\u00adin\u00adta kansal\u00adlista ja kan\u00adsain\u00adv\u00e4list\u00e4 tietoa ener\u00adgiay\u00adhteis\u00f6ist\u00e4 ja niiden toimin\u00adnas\u00adta.<\/p>\n\n\n\n<p>2. Edis\u00adtet\u00e4\u00e4n kaiken muo\u00adtois\u00adt\u00aden ener\u00adgiay\u00adhteis\u00f6\u00adjen syn\u00adtymist\u00e4 alueel\u00adlis\u00ades\u00adti.<\/p>\n\n\n\n<p>3. Kiin\u00adteist\u00f6\u00adjen v\u00e4lis\u00adten ener\u00adgiay\u00adhteis\u00f6i\u00adden hy\u00f6\u00adty\u00adjen, mah\u00addol\u00adlisuuk\u00adsien ja estei\u00adden viestin\u00adt\u00e4.<\/p>\n\n\n\n<p>Han\u00adke toteutetaan tiivi\u00adis\u00ads\u00e4 yhteisty\u00f6ss\u00e4 alueen yri\u00adtys\u00adten ja sidos\u00adryh\u00admien kanssa. Han\u00adkkeen toimen\u00adpiteet tuke\u00advat pk-yri\u00adtys\u00adten hiilineu\u00adtraal\u00adisu\u00adut\u00adta edis\u00adt\u00e4vien tuot\u00adtei\u00adden, mate\u00adri\u00adaalien, palvelu\u00adjen tai tuotan\u00adtomenetelmien kehit\u00adt\u00e4mist\u00e4, pilo\u00adtoin\u00adtia ja kau\u00adpal\u00adlis\u00adtamista.<\/p>\n\n\n\n<p>Han\u00adkkeessa ote\u00adtaan ensi askelei\u00adta kohti kiin\u00adteist\u00f6ra\u00adjat ylit\u00adt\u00e4vi\u00e4 ja hajautet\u00adtu\u00adja ener\u00adgiay\u00adhteis\u00f6it\u00e4. Han\u00adkkeessa selvit\u00e4\u00e4n dig\u00adi\u00adtaal\u00adis\u00adten kak\u00adsosten ja sim\u00adu\u00adlaa\u00adtioiden avul\u00adla tuote\u00adtun ener\u00adgian neto\u00adtus\u00admall\u00adia ja yhteis\u00f6n sis\u00e4ist\u00e4 ener\u00adgiakaup\u00adpaa ver\u00adtaisverkos\u00adsa. Han\u00adkkeessa selvitet\u00e4\u00e4n ja kokeil\u00adlaan lohkoketjute\u00adknolo\u00adgian tar\u00adjoamia mah\u00addol\u00adlisuuk\u00adsia ener\u00adgiay\u00adhteis\u00f6is\u00ads\u00e4 sek\u00e4 viestit\u00e4\u00e4n monipuolis\u00ades\u00adti ja akti\u00adivis\u00ades\u00adti han\u00adkkeen tulok\u00adsista. Han\u00adkkeen tiedonkeruu ja viestin\u00adt\u00e4 tulee lis\u00e4\u00e4m\u00e4\u00e4n ener\u00adgiay\u00adhteis\u00f6\u00adjen tun\u00adnet\u00adtavu\u00adut\u00adta ja sosi\u00adaal\u00adista hyv\u00e4ksyt\u00adt\u00e4vyyt\u00adt\u00e4 sek\u00e4 antaa tukea p\u00e4\u00e4t\u00f6k\u00adsen\u00adteossa.<\/p>\n\n\n\n<p>Yri\u00adtyskump\u00adpaneina han\u00adkkeessa mukana ovat: Caruna Oy, Pohjois-Kar\u00adjalan s\u00e4hk\u00f6n\u00admyyn\u00adti Oy, Pohjois-Kar\u00adjalan s\u00e4hk\u00f6n\u00adsi\u00adir\u00adto Oy, Opiske\u00adli\u00adja asun\u00adnot Oy Joen\u00adsu\u00adun Elli, Solar\u00adworks Oy sek\u00e4 S\u00e4hk\u00f6asen\u00adnus Miro\u00adtex Oy.<\/p>\n\n\n\n<p>Alka\u00admis\u00adp\u00e4iv\u00e4m\u00e4\u00e4r\u00e4&nbsp;1.1.2024<br>P\u00e4\u00e4t\u00adtymis\u00adp\u00e4iv\u00e4m\u00e4\u00e4r\u00e4 31.12.2026<\/p>\n\n\n\n<p>Uud\u00adis\u00adtu\u00adva ja osaa\u00adva Suo\u00admi 2021\u20132027<br>EU:n alue- ja raken\u00adnepoli\u00adti\u00adikan ohjel\u00adma<br>Euroopan alueke\u00adhi\u00adtys\u00adra\u00adhas\u00adto (EAKR)<\/p>\n\n\n\n<h2 class=\"wp-block-heading\">Yhteystiedot<\/h2>\n\n\n\n<p>Pro\u00adjek\u00adtip\u00e4\u00e4l\u00adlikk\u00f6 Kim Blomqvist, <a href=\"mailto:kim.blomqvist@karelia.fi\">kim.blomqvist@karelia.fi<\/a><\/p>\n\n\n\n<p>p. <a href=\"tel:+358505642943\">+358 50 564 2943<\/a><\/p>\n\n\n\n<h2 class=\"wp-block-heading\">Julkaisut<\/h2>\n\n\n\n<p>TKI-k\u00e4r\u00adjet 2025 video:<\/p>\n\n\n\n<figure class=\"wp-block-embed is-type-video is-provider-youtube wp-block-embed-youtube wp-embed-aspect-16-9 wp-has-aspect-ratio\"><div class=\"wp-block-embed__wrapper\">\n<iframe loading=\"lazy\" title=\"TKI-k\u00e4rjet 2025 - \u00c4lykk\u00e4\u00e4t energiayhteis\u00f6t\" width=\"500\" height=\"281\" src=\"https:\/\/www.youtube.com\/embed\/NTUbb87U-p4?feature=oembed\" frameborder=\"0\" allow=\"accelerometer; autoplay; clipboard-write; encrypted-media; gyroscope; picture-in-picture; web-share\" referrerpolicy=\"strict-origin-when-cross-origin\" allowfullscreen><\/iframe>\n<\/div><\/figure>\n\n\n\n<p>Pod\u00adcastit:<\/p>\n\n\n\n<figure class=\"wp-block-embed is-type-rich is-provider-spotify wp-block-embed-spotify wp-embed-aspect-21-9 wp-has-aspect-ratio\"><div class=\"wp-block-embed__wrapper\">\n<iframe title=\"Spotify Embed: \u00c4lykk\u00e4\u00e4t energiayhteis\u00f6t\" style=\"border-radius: 12px\" width=\"100%\" height=\"352\" frameborder=\"0\" allowfullscreen allow=\"autoplay; clipboard-write; encrypted-media; fullscreen; picture-in-picture\" loading=\"lazy\" src=\"https:\/\/open.spotify.com\/embed\/playlist\/5QN2W1N2SiOZ9IKOVzrPzC?si=oZm_83s3TkiKJ48bmNRizA&amp;utm_source=oembed\"><\/iframe>\n<\/div><\/figure>\n\n\n\n<p>Artikke\u00adlit:<\/p>\n\n\n\n<p><\/p>\n\n\n\n<figure class=\"wp-block-embed is-type-wp-embed is-provider-karelia-ammattikorkeakoulu wp-block-embed-karelia-ammattikorkeakoulu\"><div class=\"wp-block-embed__wrapper\">\n<blockquote class=\"wp-embedded-content\" data-secret=\"zVri34qqJs\"><a href=\"https:\/\/www.karelia.fi\/2025\/01\/lohkoketjuteknologian-mahdollisuudet-energiayhteisoissa\/\">Lohkoketjute\u00adknolo\u00adgian mah\u00addol\u00adlisu\u00adudet ener\u00adgiay\u00adhteis\u00f6is\u00ads\u00e4<\/a><\/blockquote><iframe loading=\"lazy\" class=\"wp-embedded-content\" sandbox=\"allow-scripts\" security=\"restricted\" style=\"position: absolute; visibility: hidden;\" title=\"\u201dLohkoketjuteknologian mahdollisuudet energiayhteis\u00f6iss\u00e4\u201d \u2014 Karelia-ammattikorkeakoulu\" src=\"https:\/\/www.karelia.fi\/2025\/01\/lohkoketjuteknologian-mahdollisuudet-energiayhteisoissa\/embed\/#?secret=H3EcnHXGDg#?secret=zVri34qqJs\" data-secret=\"zVri34qqJs\" width=\"500\" height=\"282\" frameborder=\"0\" marginwidth=\"0\" marginheight=\"0\" scrolling=\"no\"><\/iframe>\n<\/div><\/figure>\n\n\n\n<figure class=\"wp-block-embed is-type-wp-embed is-provider-karelia-ammattikorkeakoulu wp-block-embed-karelia-ammattikorkeakoulu\"><div class=\"wp-block-embed__wrapper\">\n<blockquote class=\"wp-embedded-content\" data-secret=\"FRMsNwbzlN\"><a href=\"https:\/\/www.karelia.fi\/2025\/08\/energiavirtojen-ennustaminen-koneoppimisen-avulla\/\">Ener\u00adgiavir\u00adto\u00adjen ennus\u00adt\u00ada\u00admi\u00adnen koneop\u00adpimisen avul\u00adla<\/a><\/blockquote><iframe loading=\"lazy\" class=\"wp-embedded-content\" sandbox=\"allow-scripts\" security=\"restricted\" style=\"position: absolute; visibility: hidden;\" title=\"\u201dEnergiavirtojen ennustaminen koneoppimisen avulla\u201d \u2014 Karelia-ammattikorkeakoulu\" src=\"https:\/\/www.karelia.fi\/2025\/08\/energiavirtojen-ennustaminen-koneoppimisen-avulla\/embed\/#?secret=gppWiBeupc#?secret=FRMsNwbzlN\" data-secret=\"FRMsNwbzlN\" width=\"500\" height=\"282\" frameborder=\"0\" marginwidth=\"0\" marginheight=\"0\" scrolling=\"no\"><\/iframe>\n<\/div><\/figure>\n\n\n\n<figure class=\"wp-block-embed is-type-wp-embed is-provider-karelia-ammattikorkeakoulu wp-block-embed-karelia-ammattikorkeakoulu\"><div class=\"wp-block-embed__wrapper\">\n<blockquote class=\"wp-embedded-content\" data-secret=\"2xvyWELZ2C\"><a href=\"https:\/\/www.karelia.fi\/2024\/07\/alykkaat-energiayhteisot-hanke-kehittaa-tulevaisuuden-energiayhteisoja\/\">\u00c4lykk\u00e4\u00e4t ener\u00adgiay\u00adhteis\u00f6t \u2013han\u00adke kehit\u00adt\u00e4\u00e4 tule\u00advaisu\u00adu\u00adden ener\u00adgiay\u00adhteis\u00f6j\u00e4<\/a><\/blockquote><iframe loading=\"lazy\" class=\"wp-embedded-content\" sandbox=\"allow-scripts\" security=\"restricted\" style=\"position: absolute; visibility: hidden;\" title=\"\u201d\u00c4lykk\u00e4\u00e4t energiayhteis\u00f6t \u2013hanke kehitt\u00e4\u00e4 tulevaisuuden energiayhteis\u00f6j\u00e4\u201d \u2014 Karelia-ammattikorkeakoulu\" src=\"https:\/\/www.karelia.fi\/2024\/07\/alykkaat-energiayhteisot-hanke-kehittaa-tulevaisuuden-energiayhteisoja\/embed\/#?secret=6j00CaxkC1#?secret=2xvyWELZ2C\" data-secret=\"2xvyWELZ2C\" width=\"500\" height=\"282\" frameborder=\"0\" marginwidth=\"0\" marginheight=\"0\" scrolling=\"no\"><\/iframe>\n<\/div><\/figure>\n\n\n\n<figure class=\"wp-block-embed is-type-wp-embed is-provider-karelia-ammattikorkeakoulu wp-block-embed-karelia-ammattikorkeakoulu\"><div class=\"wp-block-embed__wrapper\">\n<blockquote class=\"wp-embedded-content\" data-secret=\"Nmmps80nF9\"><a href=\"https:\/\/www.karelia.fi\/2025\/08\/syvavahvistusoppiminen-energiayhteisojen-optimoinnissa-kohti-alykasta-ja-kustannustehokasta-energiaohjausta\/\">Syv\u00e4\u00advahvis\u00adtu\u00adsop\u00adpimi\u00adnen ener\u00adgiay\u00adhteis\u00f6\u00adjen opti\u00admoin\u00adnis\u00adsa \u2013 kohti \u00e4lyk\u00e4st\u00e4 ja kus\u00adtan\u00adnuste\u00adhokas\u00adta ener\u00adgiao\u00adh\u00adjaus\u00adta<\/a><\/blockquote><iframe loading=\"lazy\" class=\"wp-embedded-content\" sandbox=\"allow-scripts\" security=\"restricted\" style=\"position: absolute; visibility: hidden;\" title=\"\u201dSyv\u00e4vahvistusoppiminen energiayhteis\u00f6jen optimoinnissa \u2013 kohti \u00e4lyk\u00e4st\u00e4 ja kustannustehokasta energiaohjausta\u201d \u2014 Karelia-ammattikorkeakoulu\" src=\"https:\/\/www.karelia.fi\/2025\/08\/syvavahvistusoppiminen-energiayhteisojen-optimoinnissa-kohti-alykasta-ja-kustannustehokasta-energiaohjausta\/embed\/#?secret=HCwDTCuLoJ#?secret=Nmmps80nF9\" data-secret=\"Nmmps80nF9\" width=\"500\" height=\"282\" frameborder=\"0\" marginwidth=\"0\" marginheight=\"0\" scrolling=\"no\"><\/iframe>\n<\/div><\/figure>\n\n\n\n<figure class=\"wp-block-embed is-type-wp-embed is-provider-karelia-ammattikorkeakoulu wp-block-embed-karelia-ammattikorkeakoulu\"><div class=\"wp-block-embed__wrapper\">\n<blockquote class=\"wp-embedded-content\" data-secret=\"f0JSz5T056\"><a href=\"https:\/\/www.karelia.fi\/2025\/11\/digitaalinen-testiymparisto-energiayhteisoille-simulaatiot-apuna-vihreassa-siirtymassa\/\">Dig\u00adi\u00adtaa\u00adli\u00adnen testiym\u00adp\u00e4rist\u00f6 ener\u00adgiay\u00adhteis\u00f6ille \u2013 Sim\u00adu\u00adlaa\u00adtiot apuna vihre\u00e4ss\u00e4 siir\u00adtym\u00e4ss\u00e4<\/a><\/blockquote><iframe loading=\"lazy\" class=\"wp-embedded-content\" sandbox=\"allow-scripts\" security=\"restricted\" style=\"position: absolute; visibility: hidden;\" title=\"\u201dDigitaalinen testiymp\u00e4rist\u00f6 energiayhteis\u00f6ille \u2013 Simulaatiot apuna vihre\u00e4ss\u00e4 siirtym\u00e4ss\u00e4\u201d \u2014 Karelia-ammattikorkeakoulu\" src=\"https:\/\/www.karelia.fi\/2025\/11\/digitaalinen-testiymparisto-energiayhteisoille-simulaatiot-apuna-vihreassa-siirtymassa\/embed\/#?secret=SNX8evVtb4#?secret=f0JSz5T056\" data-secret=\"f0JSz5T056\" width=\"500\" height=\"282\" frameborder=\"0\" marginwidth=\"0\" marginheight=\"0\" scrolling=\"no\"><\/iframe>\n<\/div><\/figure>\n\n\n\n<p>Opin\u00adn\u00e4yte\u00adty\u00f6t:<\/p>\n\n\n\n<p>S\u00e4hk\u00f6\u00advaras\u00adto ener\u00adgiay\u00adhteis\u00f6ss\u00e4:<br><a href=\"https:\/\/www.theseus.fi\/handle\/10024\/860647\">https:\/\/www.theseus.fi\/handle\/10024\/860647<\/a><\/p>\n\n\n\n<p>Vir\u00adtu\u00adaalisen ener\u00adgiay\u00adhteis\u00f6n suun\u00adnit\u00adtelu pien\u00adtaloista koos\u00adt\u00adu\u00advalle yhteis\u00f6lle:<br><a href=\"https:\/\/www.theseus.fi\/handle\/10024\/869254\">https:\/\/www.theseus.fi\/handle\/10024\/869254<\/a><\/p>\n\n\n\n<p>Ener\u00adgiay\u00adhteis\u00f6i\u00adden lohkoketjusovel\u00adluk\u00adset: lohkoketjute\u00adknolo\u00adgian sovelt\u00ada\u00admi\u00adnen ener\u00adgiay\u00adhteis\u00f6i\u00adden ener\u00adgiaver\u00adtaiskaup\u00adpaan:<br><a href=\"https:\/\/www.theseus.fi\/handle\/10024\/875856\">https:\/\/www.theseus.fi\/handle\/10024\/875856<\/a><\/p>\n\n\n\n<p>P\u00f6rssis\u00e4hk\u00f6n \u00e4lyk\u00e4s ohjaus pien\u00adtalos\u00adsa:<br><a href=\"https:\/\/www.theseus.fi\/handle\/10024\/887794\">https:\/\/www.theseus.fi\/handle\/10024\/887794<\/a><\/p>\n\n\n\n<p>Ener\u00adgiay\u00adhteis\u00f6\u00adjen ener\u00adgiavir\u00adto\u00adjen hallinta:<br><a href=\"https:\/\/trepo.tuni.fi\/bitstream\/10024\/224893\/2\/PohjonenAlma.pdf\">https:\/\/trepo.tuni.fi\/bitstream\/10024\/224893\/2\/PohjonenAlma.pdf<\/a><\/p>\n\n\n\n<p>Tiimiku\u00adva:<\/p>\n\n\n\n<figure class=\"wp-block-image size-large\"><img decoding=\"async\" src=\"https:\/\/hankkeet.karelia.fi\/alykkaat-energiayhteisot\/wp-content\/uploads\/sites\/64\/2026\/03\/Karelia-AMK-Energiayhteisot-WEB-14-1024x682-1.jpg\" alt=\"Kuvassa n\u00e4kyy hankkeen tiimi\" class=\"wp-image-72879\"><\/figure>\n\n\n\n<figure class=\"wp-block-image size-full\"><img decoding=\"async\" src=\"https:\/\/hankkeet.karelia.fi\/alykkaat-energiayhteisot\/wp-content\/uploads\/sites\/64\/2026\/03\/kk_logot_pieni.jpg\" alt class=\"wp-image-72667\"><\/figure>\n\n\n\n<p><\/p>\n","protected":false},"excerpt":{"rendered":"<p>Ener\u00adgiay\u00adhteis\u00f6t tar\u00adjoa\u00advat mah\u00addol\u00adlisu\u00adu\u00adden oikeu\u00adden\u00admukaisem\u00adpaan ener\u00adgia\u00admur\u00adrokseen. Ener\u00adgiay\u00adhteis\u00f6il\u00adl\u00e4 on merkit\u00adt\u00e4v\u00e4 rooli uusi\u00adu\u00adtu\u00advien ener\u00adgial\u00e4htei\u00adden lis\u00e4\u00e4n\u00adtyv\u00e4ss\u00e4 k\u00e4yt\u00adt\u00f6\u00f6no\u00adto\u00adssa ja ener\u00adgiantuotan\u00adnon monipuolis\u00adtamis\u00adsa. Han\u00adkkeen tavoit\u00adteena on luo\u00adda uusia ener\u00adgiate\u00adhokkai\u00adta, dig\u00adi\u00adtaal\u00adisia ja tek\u00adnol\u00ado\u00adgisia, menetelmi\u00e4 ja palvelui\u00adta tule\u00advaisu\u00adu\u00adden ener\u00adgiay\u00adhteis\u00f6ille. Tavoit\u00adteena on luo\u00adda uusia kest\u00e4vi\u00e4 ja kan\u00adnat\u00adtavia toim\u00adinta\u00admalle\u00adja ener\u00adgiay\u00adhteis\u00f6ille. Han\u00adkkeessa keski\u00adtyt\u00e4\u00e4n eri\u00adtyis\u00ades\u00adti kaupun\u00adki ja haja-asu\u00ad\u00adtusaluei\u00ad\u00adden kiin\u00adteist\u00f6ra\u00adjat ylit\u00adt\u00e4vi\u00adin ener\u00adgiay\u00adhteis\u00f6i\u00adhin, ener\u00adgiay\u00adhteis\u00f6\u00adjen ener\u00adgia\u00adresurssien opti\u00admaaliseen hy\u00f6\u00addyn\u00adt\u00e4miseen, sek\u00ad\u00adtori-inte\u00ad\u00adgraa\u00ad\u00adtioon ener\u00adgiay\u00adhteis\u00f6is\u00ads\u00e4 sek\u00e4 [\u2026]<\/p>\n","protected":false},"author":0,"featured_media":17,"parent":0,"menu_order":0,"comment_status":"closed","ping_status":"closed","template":"","meta":{"inline_featured_image":false,"wp_typography_post_enhancements_disabled":false,"footnotes":""},"class_list":["post-21","page","type-page","status-publish","has-post-thumbnail","hentry"],"yoast_head":"<!-- This site is optimized with the Yoast SEO plugin v27.5 - https:\/\/yoast.com\/product\/yoast-seo-wordpress\/ -->\n<title>\u00c4lykk\u00e4\u00e4t energiayhteis\u00f6t - \u00c4lykk\u00e4\u00e4t energiayhteis\u00f6t<\/title>\n<meta name=\"robots\" content=\"index, follow, max-snippet:-1, max-image-preview:large, max-video-preview:-1\" \/>\n<link rel=\"canonical\" href=\"https:\/\/hankkeet.karelia.fi\/alykkaat-energiayhteisot\/\" \/>\n<meta property=\"og:locale\" content=\"fi_FI\" \/>\n<meta property=\"og:type\" content=\"article\" \/>\n<meta property=\"og:title\" content=\"\u00c4lykk\u00e4\u00e4t energiayhteis\u00f6t - \u00c4lykk\u00e4\u00e4t energiayhteis\u00f6t\" \/>\n<meta property=\"og:description\" content=\"Ener\u00adgiay\u00adhteis\u00f6t tar\u00adjoa\u00advat mah\u00addol\u00adlisu\u00adu\u00adden oikeu\u00adden\u00admukaisem\u00adpaan ener\u00adgia\u00admur\u00adrokseen. Ener\u00adgiay\u00adhteis\u00f6il\u00adl\u00e4 on merkit\u00adt\u00e4v\u00e4 rooli uusi\u00adu\u00adtu\u00advien ener\u00adgial\u00e4htei\u00adden lis\u00e4\u00e4n\u00adtyv\u00e4ss\u00e4 k\u00e4yt\u00adt\u00f6\u00f6no\u00adto\u00adssa ja ener\u00adgiantuotan\u00adnon monipuolis\u00adtamis\u00adsa. Han\u00adkkeen tavoit\u00adteena on luo\u00adda uusia ener\u00adgiate\u00adhokkai\u00adta, dig\u00adi\u00adtaal\u00adisia ja tek\u00adnol\u00ado\u00adgisia, menetelmi\u00e4 ja palvelui\u00adta tule\u00advaisu\u00adu\u00adden ener\u00adgiay\u00adhteis\u00f6ille. Tavoit\u00adteena on luo\u00adda uusia kest\u00e4vi\u00e4 ja kan\u00adnat\u00adtavia toim\u00adinta\u00admalle\u00adja ener\u00adgiay\u00adhteis\u00f6ille. Han\u00adkkeessa keski\u00adtyt\u00e4\u00e4n eri\u00adtyis\u00ades\u00adti kaupun\u00adki ja haja-asu\u00adtusaluei\u00adden kiin\u00adteist\u00f6ra\u00adjat ylit\u00adt\u00e4vi\u00adin ener\u00adgiay\u00adhteis\u00f6i\u00adhin, ener\u00adgiay\u00adhteis\u00f6\u00adjen ener\u00adgia\u00adresurssien opti\u00admaaliseen hy\u00f6\u00addyn\u00adt\u00e4miseen, sek\u00adtori-inte\u00adgraa\u00adtioon ener\u00adgiay\u00adhteis\u00f6is\u00ads\u00e4 sek\u00e4 [&hellip;]\" \/>\n<meta property=\"og:url\" content=\"https:\/\/hankkeet.karelia.fi\/alykkaat-energiayhteisot\/\" \/>\n<meta property=\"og:site_name\" content=\"\u00c4lykk\u00e4\u00e4t energiayhteis\u00f6t\" \/>\n<meta name=\"twitter:card\" content=\"summary_large_image\" \/>\n<meta name=\"twitter:label1\" content=\"Arvioitu lukuaika\" \/>\n\t<meta name=\"twitter:data1\" content=\"2 minuuttia\" \/>\n<script type=\"application\/ld+json\" class=\"yoast-schema-graph\">{\"@context\":\"https:\\\/\\\/schema.org\",\"@graph\":[{\"@type\":\"WebPage\",\"@id\":\"https:\\\/\\\/hankkeet.karelia.fi\\\/alykkaat-energiayhteisot\\\/\",\"url\":\"https:\\\/\\\/hankkeet.karelia.fi\\\/alykkaat-energiayhteisot\\\/\",\"name\":\"\u00c4lykk\u00e4\u00e4t energiayhteis\u00f6t - \u00c4lykk\u00e4\u00e4t energiayhteis\u00f6t\",\"isPartOf\":{\"@id\":\"https:\\\/\\\/hankkeet.karelia.fi\\\/alykkaat-energiayhteisot\\\/#website\"},\"primaryImageOfPage\":{\"@id\":\"https:\\\/\\\/hankkeet.karelia.fi\\\/alykkaat-energiayhteisot\\\/#primaryimage\"},\"image\":{\"@id\":\"https:\\\/\\\/hankkeet.karelia.fi\\\/alykkaat-energiayhteisot\\\/#primaryimage\"},\"thumbnailUrl\":\"https:\\\/\\\/hankkeet.karelia.fi\\\/alykkaat-energiayhteisot\\\/wp-content\\\/uploads\\\/sites\\\/64\\\/2026\\\/03\\\/Karelia-AMK-Energiayhteisot-42-scaled-1.jpg\",\"datePublished\":\"2026-03-17T12:55:58+00:00\",\"breadcrumb\":{\"@id\":\"https:\\\/\\\/hankkeet.karelia.fi\\\/alykkaat-energiayhteisot\\\/#breadcrumb\"},\"inLanguage\":\"fi\",\"potentialAction\":[{\"@type\":\"ReadAction\",\"target\":[\"https:\\\/\\\/hankkeet.karelia.fi\\\/alykkaat-energiayhteisot\\\/\"]}]},{\"@type\":\"ImageObject\",\"inLanguage\":\"fi\",\"@id\":\"https:\\\/\\\/hankkeet.karelia.fi\\\/alykkaat-energiayhteisot\\\/#primaryimage\",\"url\":\"https:\\\/\\\/hankkeet.karelia.fi\\\/alykkaat-energiayhteisot\\\/wp-content\\\/uploads\\\/sites\\\/64\\\/2026\\\/03\\\/Karelia-AMK-Energiayhteisot-42-scaled-1.jpg\",\"contentUrl\":\"https:\\\/\\\/hankkeet.karelia.fi\\\/alykkaat-energiayhteisot\\\/wp-content\\\/uploads\\\/sites\\\/64\\\/2026\\\/03\\\/Karelia-AMK-Energiayhteisot-42-scaled-1.jpg\",\"width\":2560,\"height\":1707},{\"@type\":\"BreadcrumbList\",\"@id\":\"https:\\\/\\\/hankkeet.karelia.fi\\\/alykkaat-energiayhteisot\\\/#breadcrumb\",\"itemListElement\":[{\"@type\":\"ListItem\",\"position\":1,\"name\":\"Home\",\"item\":\"https:\\\/\\\/hankkeet.karelia.fi\\\/alykkaat-energiayhteisot\\\/alykkaat-energiayhteisot\\\/\"},{\"@type\":\"ListItem\",\"position\":2,\"name\":\"\u00c4lykk\u00e4\u00e4t energiayhteis\u00f6t\"}]},{\"@type\":\"WebSite\",\"@id\":\"https:\\\/\\\/hankkeet.karelia.fi\\\/alykkaat-energiayhteisot\\\/#website\",\"url\":\"https:\\\/\\\/hankkeet.karelia.fi\\\/alykkaat-energiayhteisot\\\/\",\"name\":\"\u00c4lykk\u00e4\u00e4t energiayhteis\u00f6t\",\"description\":\"\",\"publisher\":{\"@id\":\"https:\\\/\\\/hankkeet.karelia.fi\\\/alykkaat-energiayhteisot\\\/#organization\"},\"potentialAction\":[{\"@type\":\"SearchAction\",\"target\":{\"@type\":\"EntryPoint\",\"urlTemplate\":\"https:\\\/\\\/hankkeet.karelia.fi\\\/alykkaat-energiayhteisot\\\/?s={search_term_string}\"},\"query-input\":{\"@type\":\"PropertyValueSpecification\",\"valueRequired\":true,\"valueName\":\"search_term_string\"}}],\"inLanguage\":\"fi\"},{\"@type\":\"Organization\",\"@id\":\"https:\\\/\\\/hankkeet.karelia.fi\\\/alykkaat-energiayhteisot\\\/#organization\",\"name\":\"\u00c4lykk\u00e4\u00e4t energiayhteis\u00f6t\",\"url\":\"https:\\\/\\\/hankkeet.karelia.fi\\\/alykkaat-energiayhteisot\\\/\",\"logo\":{\"@type\":\"ImageObject\",\"inLanguage\":\"fi\",\"@id\":\"https:\\\/\\\/hankkeet.karelia.fi\\\/alykkaat-energiayhteisot\\\/#\\\/schema\\\/logo\\\/image\\\/\",\"url\":\"https:\\\/\\\/hankkeet.karelia.fi\\\/alykkaat-energiayhteisot\\\/wp-content\\\/uploads\\\/sites\\\/64\\\/2026\\\/03\\\/cropped-cropped-Karelia_AMK_logo_RGB-1.png\",\"contentUrl\":\"https:\\\/\\\/hankkeet.karelia.fi\\\/alykkaat-energiayhteisot\\\/wp-content\\\/uploads\\\/sites\\\/64\\\/2026\\\/03\\\/cropped-cropped-Karelia_AMK_logo_RGB-1.png\",\"width\":427,\"height\":116,\"caption\":\"\u00c4lykk\u00e4\u00e4t energiayhteis\u00f6t\"},\"image\":{\"@id\":\"https:\\\/\\\/hankkeet.karelia.fi\\\/alykkaat-energiayhteisot\\\/#\\\/schema\\\/logo\\\/image\\\/\"}}]}<\/script>\n<!-- \/ Yoast SEO plugin. -->","yoast_head_json":{"title":"\u00c4lykk\u00e4\u00e4t energiayhteis\u00f6t - \u00c4lykk\u00e4\u00e4t energiayhteis\u00f6t","robots":{"index":"index","follow":"follow","max-snippet":"max-snippet:-1","max-image-preview":"max-image-preview:large","max-video-preview":"max-video-preview:-1"},"canonical":"https:\/\/hankkeet.karelia.fi\/alykkaat-energiayhteisot\/","og_locale":"fi_FI","og_type":"article","og_title":"\u00c4lykk\u00e4\u00e4t energiayhteis\u00f6t - \u00c4lykk\u00e4\u00e4t energiayhteis\u00f6t","og_description":"Ener\u00adgiay\u00adhteis\u00f6t tar\u00adjoa\u00advat mah\u00addol\u00adlisu\u00adu\u00adden oikeu\u00adden\u00admukaisem\u00adpaan ener\u00adgia\u00admur\u00adrokseen. Ener\u00adgiay\u00adhteis\u00f6il\u00adl\u00e4 on merkit\u00adt\u00e4v\u00e4 rooli uusi\u00adu\u00adtu\u00advien ener\u00adgial\u00e4htei\u00adden lis\u00e4\u00e4n\u00adtyv\u00e4ss\u00e4 k\u00e4yt\u00adt\u00f6\u00f6no\u00adto\u00adssa ja ener\u00adgiantuotan\u00adnon monipuolis\u00adtamis\u00adsa. Han\u00adkkeen tavoit\u00adteena on luo\u00adda uusia ener\u00adgiate\u00adhokkai\u00adta, dig\u00adi\u00adtaal\u00adisia ja tek\u00adnol\u00ado\u00adgisia, menetelmi\u00e4 ja palvelui\u00adta tule\u00advaisu\u00adu\u00adden ener\u00adgiay\u00adhteis\u00f6ille. Tavoit\u00adteena on luo\u00adda uusia kest\u00e4vi\u00e4 ja kan\u00adnat\u00adtavia toim\u00adinta\u00admalle\u00adja ener\u00adgiay\u00adhteis\u00f6ille. Han\u00adkkeessa keski\u00adtyt\u00e4\u00e4n eri\u00adtyis\u00ades\u00adti kaupun\u00adki ja haja-asu\u00adtusaluei\u00adden kiin\u00adteist\u00f6ra\u00adjat ylit\u00adt\u00e4vi\u00adin ener\u00adgiay\u00adhteis\u00f6i\u00adhin, ener\u00adgiay\u00adhteis\u00f6\u00adjen ener\u00adgia\u00adresurssien opti\u00admaaliseen hy\u00f6\u00addyn\u00adt\u00e4miseen, sek\u00adtori-inte\u00adgraa\u00adtioon ener\u00adgiay\u00adhteis\u00f6is\u00ads\u00e4 sek\u00e4 [&hellip;]","og_url":"https:\/\/hankkeet.karelia.fi\/alykkaat-energiayhteisot\/","og_site_name":"\u00c4lykk\u00e4\u00e4t energiayhteis\u00f6t","twitter_card":"summary_large_image","twitter_misc":{"Arvioitu lukuaika":"2 minuuttia"},"schema":{"@context":"https:\/\/schema.org","@graph":[{"@type":"WebPage","@id":"https:\/\/hankkeet.karelia.fi\/alykkaat-energiayhteisot\/","url":"https:\/\/hankkeet.karelia.fi\/alykkaat-energiayhteisot\/","name":"\u00c4lykk\u00e4\u00e4t energiayhteis\u00f6t - \u00c4lykk\u00e4\u00e4t energiayhteis\u00f6t","isPartOf":{"@id":"https:\/\/hankkeet.karelia.fi\/alykkaat-energiayhteisot\/#website"},"primaryImageOfPage":{"@id":"https:\/\/hankkeet.karelia.fi\/alykkaat-energiayhteisot\/#primaryimage"},"image":{"@id":"https:\/\/hankkeet.karelia.fi\/alykkaat-energiayhteisot\/#primaryimage"},"thumbnailUrl":"https:\/\/hankkeet.karelia.fi\/alykkaat-energiayhteisot\/wp-content\/uploads\/sites\/64\/2026\/03\/Karelia-AMK-Energiayhteisot-42-scaled-1.jpg","datePublished":"2026-03-17T12:55:58+00:00","breadcrumb":{"@id":"https:\/\/hankkeet.karelia.fi\/alykkaat-energiayhteisot\/#breadcrumb"},"inLanguage":"fi","potentialAction":[{"@type":"ReadAction","target":["https:\/\/hankkeet.karelia.fi\/alykkaat-energiayhteisot\/"]}]},{"@type":"ImageObject","inLanguage":"fi","@id":"https:\/\/hankkeet.karelia.fi\/alykkaat-energiayhteisot\/#primaryimage","url":"https:\/\/hankkeet.karelia.fi\/alykkaat-energiayhteisot\/wp-content\/uploads\/sites\/64\/2026\/03\/Karelia-AMK-Energiayhteisot-42-scaled-1.jpg","contentUrl":"https:\/\/hankkeet.karelia.fi\/alykkaat-energiayhteisot\/wp-content\/uploads\/sites\/64\/2026\/03\/Karelia-AMK-Energiayhteisot-42-scaled-1.jpg","width":2560,"height":1707},{"@type":"BreadcrumbList","@id":"https:\/\/hankkeet.karelia.fi\/alykkaat-energiayhteisot\/#breadcrumb","itemListElement":[{"@type":"ListItem","position":1,"name":"Home","item":"https:\/\/hankkeet.karelia.fi\/alykkaat-energiayhteisot\/alykkaat-energiayhteisot\/"},{"@type":"ListItem","position":2,"name":"\u00c4lykk\u00e4\u00e4t energiayhteis\u00f6t"}]},{"@type":"WebSite","@id":"https:\/\/hankkeet.karelia.fi\/alykkaat-energiayhteisot\/#website","url":"https:\/\/hankkeet.karelia.fi\/alykkaat-energiayhteisot\/","name":"\u00c4lykk\u00e4\u00e4t energiayhteis\u00f6t","description":"","publisher":{"@id":"https:\/\/hankkeet.karelia.fi\/alykkaat-energiayhteisot\/#organization"},"potentialAction":[{"@type":"SearchAction","target":{"@type":"EntryPoint","urlTemplate":"https:\/\/hankkeet.karelia.fi\/alykkaat-energiayhteisot\/?s={search_term_string}"},"query-input":{"@type":"PropertyValueSpecification","valueRequired":true,"valueName":"search_term_string"}}],"inLanguage":"fi"},{"@type":"Organization","@id":"https:\/\/hankkeet.karelia.fi\/alykkaat-energiayhteisot\/#organization","name":"\u00c4lykk\u00e4\u00e4t energiayhteis\u00f6t","url":"https:\/\/hankkeet.karelia.fi\/alykkaat-energiayhteisot\/","logo":{"@type":"ImageObject","inLanguage":"fi","@id":"https:\/\/hankkeet.karelia.fi\/alykkaat-energiayhteisot\/#\/schema\/logo\/image\/","url":"https:\/\/hankkeet.karelia.fi\/alykkaat-energiayhteisot\/wp-content\/uploads\/sites\/64\/2026\/03\/cropped-cropped-Karelia_AMK_logo_RGB-1.png","contentUrl":"https:\/\/hankkeet.karelia.fi\/alykkaat-energiayhteisot\/wp-content\/uploads\/sites\/64\/2026\/03\/cropped-cropped-Karelia_AMK_logo_RGB-1.png","width":427,"height":116,"caption":"\u00c4lykk\u00e4\u00e4t energiayhteis\u00f6t"},"image":{"@id":"https:\/\/hankkeet.karelia.fi\/alykkaat-energiayhteisot\/#\/schema\/logo\/image\/"}}]}},"_links":{"self":[{"href":"https:\/\/hankkeet.karelia.fi\/alykkaat-energiayhteisot\/wp-json\/wp\/v2\/pages\/21","targetHints":{"allow":["GET"]}}],"collection":[{"href":"https:\/\/hankkeet.karelia.fi\/alykkaat-energiayhteisot\/wp-json\/wp\/v2\/pages"}],"about":[{"href":"https:\/\/hankkeet.karelia.fi\/alykkaat-energiayhteisot\/wp-json\/wp\/v2\/types\/page"}],"replies":[{"embeddable":true,"href":"https:\/\/hankkeet.karelia.fi\/alykkaat-energiayhteisot\/wp-json\/wp\/v2\/comments?post=21"}],"version-history":[{"count":0,"href":"https:\/\/hankkeet.karelia.fi\/alykkaat-energiayhteisot\/wp-json\/wp\/v2\/pages\/21\/revisions"}],"wp:featuredmedia":[{"embeddable":true,"href":"https:\/\/hankkeet.karelia.fi\/alykkaat-energiayhteisot\/wp-json\/wp\/v2\/media\/17"}],"wp:attachment":[{"href":"https:\/\/hankkeet.karelia.fi\/alykkaat-energiayhteisot\/wp-json\/wp\/v2\/media?parent=21"}],"curies":[{"name":"wp","href":"https:\/\/api.w.org\/{rel}","templated":true}]}}