{"id":20,"date":"2026-03-17T16:23:43","date_gmt":"2026-03-17T14:23:43","guid":{"rendered":"https:\/\/hankkeet.karelia.fi\/ammatiksi-yrittaja-oppia-yrittajataitoihin\/ammatiksi-yrittaja-oppia-yrittajataitoihin\/"},"modified":"2026-03-17T16:23:43","modified_gmt":"2026-03-17T14:23:43","slug":"ammatiksi-yrittaja-oppia-yrittajataitoihin","status":"publish","type":"page","link":"https:\/\/hankkeet.karelia.fi\/ammatiksi-yrittaja-oppia-yrittajataitoihin\/","title":{"rendered":"Ammatiksi yritt\u00e4j\u00e4 \u2011oppia yritt\u00e4j\u00e4taitoihin"},"content":{"rendered":"\n<figure class=\"wp-block-image size-full\"><img decoding=\"async\" src=\"https:\/\/hankkeet.karelia.fi\/ammatiksi-yrittaja-oppia-yrittajataitoihin\/wp-content\/uploads\/sites\/74\/2026\/03\/ammatiksiyrittaja.png\" alt class=\"wp-image-81523\"><\/figure>\n\n\n\n<p>Kare\u00adlia-ammat\u00adtiko\u00adrkeak\u00adoulun ja Pohjois-Kar\u00adjalan koulu\u00adtuskun\u00adtay\u00adhtym\u00e4 River\u00adian toteut\u00adta\u00admas\u00adsa Ammatik\u00adsi yrit\u00adt\u00e4j\u00e4 \u2013 oppia yrit\u00adt\u00e4j\u00e4\u00adtaitoi\u00adhin \u2011han\u00adkkeessa kehitet\u00e4\u00e4n uuden\u00adlaisia koulu\u00adtus- ja ohjaus\u00adpalvelu\u00adja aloit\u00adtaville yrit\u00adt\u00e4jille. Han\u00adkkeen tavoit\u00adteena on tukea aloit\u00adtavien yrit\u00adt\u00e4jien ty\u00f6l\u00adlistymist\u00e4 paran\u00adta\u00admal\u00adla oppi\u00adlaitosten palve\u00adlu\u00adtar\u00adjon\u00adtaa sek\u00e4 oppi\u00adlaitosten ja yri\u00adtys\u00adneu\u00advon\u00adta\u00adpalvelu\u00adjen v\u00e4list\u00e4 yhteisty\u00f6t\u00e4. Han\u00adkkeen avul\u00adla pyrit\u00e4\u00e4n vas\u00adtaa\u00admaan k\u00e4yn\u00adnis\u00ads\u00e4 ole\u00advaan ty\u00f6el\u00e4m\u00e4n mur\u00adrokseen, kuten yksinyrit\u00adt\u00e4jien ja osa-aikaty\u00f6t\u00e4 teke\u00advien m\u00e4\u00e4r\u00e4n kasvu\u00adun.<br><br>Han\u00adkkeen ensisi\u00adjaisia kohderyh\u00admi\u00e4 ovat (I) River\u00adian ja Kare\u00adlian tutk\u00adin\u00adto-opiske\u00adli\u00adjat, (II) ammat\u00adin\u00advai\u00adh\u00adta\u00adjat ja irti\u00adsanomisuhan alla ole\u00advat henkil\u00f6t sek\u00e4 (III) toi\u00admin\u00adimiyrit\u00adt\u00e4j\u00e4t ja ammat\u00adin\u00adhar\u00adjoit\u00adta\u00adjat, joiden yrit\u00adt\u00e4jyysosaami\u00adnen kaipaa t\u00e4y\u00adden\u00adnys\u00adt\u00e4. V\u00e4lil\u00adlisi\u00e4 kohderyh\u00admi\u00e4 ovat elinkeinopalve\u00adlut, ali\u00adhank\u00adin\u00adta\u00adpalvelu\u00adja osta\u00advat yri\u00adtyk\u00adset, yrit\u00adt\u00e4j\u00e4j\u00e4r\u00adjest\u00f6t sek\u00e4 oppi\u00adlaitoskump\u00adpan\u00adit muis\u00adsa maakun\u00adnis\u00adsa.<br><br>Han\u00adkkeen kolme ty\u00f6\u00adpaket\u00adtia ovat:<br><br>(I) Alako\u00adhtainen yrit\u00adt\u00e4j\u00e4\u00adtaito\u00adja pain\u00adot\u00adta\u00adva opin\u00adtopolku\u00admalli<br>Han\u00adkkeessa pilo\u00adtoita\u00advat opin\u00adtopo\u00adlut tar\u00adjoa\u00advat henkil\u00f6ko\u00adhtaista val\u00admen\u00adnus\u00adta ja ohjaus\u00adta yrit\u00adt\u00e4jyy\u00adden alku\u00advai\u00adheessa. Yrit\u00adt\u00e4j\u00e4opin\u00adto\u00adjen lis\u00e4k\u00adsi opin\u00adtopo\u00adlut voivat sis\u00e4lt\u00e4\u00e4 toimi\u00adalako\u00adhtaisia sub\u00adstanssiopin\u00adto\u00adja ja kytkey\u00adty\u00e4 kun\u00adtako\u00adhtaisi\u00adin yrit\u00adt\u00e4jyy\u00adden tuki- ja rahoi\u00adtusver\u00adtikaalei\u00adhin.<br><br>(II) Har\u00adjoi\u00adtusyri\u00adtys\u00adtoim\u00adinta\u00admalli<br>Har\u00adjoi\u00adtusyri\u00adtys\u00adtoim\u00adinta\u00admalli madal\u00adtaa eri\u00adtyis\u00ades\u00adti aikuis\u00adten alan\u00advai\u00adh\u00adta\u00adjien ja muiden eri\u00adty\u00adis\u00adryh\u00admien kyn\u00adnys\u00adt\u00e4 aloit\u00adtaa oikeaa liike\u00adtoim\u00adintaa. Har\u00adjoi\u00adtusyri\u00adtyk\u00adsess\u00e4 simu\u00adloidaan ammat\u00adin\u00adhar\u00adjoit\u00adta\u00adjan ja toi\u00admin\u00adimiyrit\u00adt\u00e4j\u00e4n toim\u00adintaa. Osana toim\u00adinta\u00admallin kehit\u00adt\u00e4mist\u00e4 luo\u00addaan Pohjois-Kar\u00adjalas\u00adta puut\u00adtunut dig\u00adi\u00adtaalisen liike\u00adtoimin\u00adnan oppimisym\u00adp\u00e4rist\u00f6, joka mah\u00addol\u00adlis\u00adtaa dig\u00adili\u00adike\u00adtoimin\u00adnan taito\u00adjen opet\u00adtelun aidos\u00adsa kau\u00adpal\u00adlises\u00adsa ymp\u00e4rist\u00f6ss\u00e4.<br><br>(II) Ammatik\u00adsi yrit\u00adt\u00e4j\u00e4k\u00adsi \u2011koulu\u00adtus\u00adtuote<br>Han\u00adkkeen lop\u00adputu\u00adlok\u00adse\u00adna syn\u00adtyy henkil\u00f6ko\u00adhtainen Ammatik\u00adsi yrit\u00adt\u00e4j\u00e4k\u00adsi \u2011koulu\u00adtus\u00adtuote, joka sis\u00e4lt\u00e4\u00e4 yrit\u00adt\u00e4jyysk\u00adoulu\u00adtuk\u00adsen lis\u00e4k\u00adsi sub\u00adstanssiosaamista tuke\u00advat opin\u00adto\u00adjak\u00adsot, tutkin\u00adnonosat, tutkin\u00adnot tai kort\u00adtik\u00adoulu\u00adtuk\u00adset sek\u00e4 henkil\u00f6ko\u00adhtaisen ohjauk\u00adsen. Tuot\u00adteis\u00adtet\u00adtu palvelu sopii uud\u00adis\u00adtu\u00advan ty\u00f6\u00admarkki\u00adnan k\u00e4yt\u00adt\u00f6\u00f6n jatku\u00advan haun tuot\u00adteek\u00adsi, sis\u00e4lt\u00f6n\u00e4 esim. aloit\u00adta\u00advan yrit\u00adt\u00e4j\u00e4n osaamisen kehit\u00adt\u00e4mi\u00adnen.<br><br>Han\u00adkkeen tulok\u00adse\u00adna oppi\u00adlaitosten yrit\u00adt\u00e4jyyt\u00adt\u00e4 tuke\u00advat koulu\u00adtus- ja ohjaus\u00adpalve\u00adlut monipuolis\u00adtu\u00advat, tietoisu\u00adus yrit\u00adt\u00e4jyy\u00addest\u00e4 yht\u00aden\u00e4 ty\u00f6l\u00adlistymis\u00advai\u00adh\u00adtona lis\u00e4\u00e4n\u00adtyy ja yrit\u00adt\u00e4jyys\u00advalmi\u00adudet paranevat sek\u00e4 yhteisty\u00f6 pohjoiskar\u00adjalais\u00adten yrit\u00adt\u00e4jyys\u00adpalvelui\u00adta tar\u00adjoavien toim\u00adi\u00adjoiden v\u00e4lil\u00adl\u00e4 tiivistyy.<br><br>Han\u00adke on Euroopan union\u00adin osara\u00adhoit\u00adta\u00adma.<\/p>\n\n\n\n<h2 class=\"wp-block-heading\">Projektin kesto<\/h2>\n\n\n\n<p>1.9.2023 \u2014 31.7.2026<\/p>\n\n\n\n<h2 class=\"wp-block-heading\">Projektip\u00e4\u00e4llikk\u00f6<\/h2>\n\n\n\n<p><strong>Kati H\u00e4m\u00e4l\u00e4i\u00adnen<\/strong><br>kati.hamalainen(a)karelia.fi<\/p>\n\n\n\n<h2 class=\"wp-block-heading\">Rahoitus<\/h2>\n\n\n\n<p>ESR-ohjel\u00adma<\/p>\n\n\n\n<figure class=\"wp-block-image size-full\"><img decoding=\"async\" src=\"https:\/\/hankkeet.karelia.fi\/ammatiksi-yrittaja-oppia-yrittajataitoihin\/wp-content\/uploads\/sites\/74\/2026\/03\/kk8_palkki.png\" alt class=\"wp-image-81521\"><\/figure>\n","protected":false},"excerpt":{"rendered":"<p>Kare\u00adlia-ammat\u00adtiko\u00adrkeak\u00adoulun ja Pohjois-Kar\u00ad\u00adjalan koulu\u00adtuskun\u00adtay\u00adhtym\u00e4 River\u00adian toteut\u00adta\u00admas\u00adsa Ammatik\u00adsi yrit\u00adt\u00e4j\u00e4 \u2013 oppia yrit\u00adt\u00e4j\u00e4\u00adtaitoi\u00adhin \u2011han\u00adkkeessa kehitet\u00e4\u00e4n uuden\u00adlaisia koulu\u00ad\u00adtus- ja ohjaus\u00adpalvelu\u00adja aloit\u00adtaville yrit\u00adt\u00e4jille. Han\u00adkkeen tavoit\u00adteena on tukea aloit\u00adtavien yrit\u00adt\u00e4jien ty\u00f6l\u00adlistymist\u00e4 paran\u00adta\u00admal\u00adla oppi\u00adlaitosten palve\u00adlu\u00adtar\u00adjon\u00adtaa sek\u00e4 oppi\u00adlaitosten ja yri\u00adtys\u00adneu\u00advon\u00adta\u00adpalvelu\u00adjen v\u00e4list\u00e4 yhteisty\u00f6t\u00e4. Han\u00adkkeen avul\u00adla pyrit\u00e4\u00e4n vas\u00adtaa\u00admaan k\u00e4yn\u00adnis\u00ads\u00e4 ole\u00advaan ty\u00f6el\u00e4m\u00e4n mur\u00adrokseen, kuten yksinyrit\u00adt\u00e4jien ja osa-aikaty\u00f6t\u00e4 teke\u00advien m\u00e4\u00e4r\u00e4n kasvu\u00adun. Han\u00adkkeen ensisi\u00adjaisia kohderyh\u00admi\u00e4 ovat (I) [\u2026]<\/p>\n","protected":false},"author":0,"featured_media":17,"parent":0,"menu_order":0,"comment_status":"closed","ping_status":"closed","template":"","meta":{"inline_featured_image":false,"wp_typography_post_enhancements_disabled":false,"footnotes":""},"class_list":["post-20","page","type-page","status-publish","has-post-thumbnail","hentry"],"yoast_head":"<!-- This site is optimized with the Yoast SEO plugin v27.5 - https:\/\/yoast.com\/product\/yoast-seo-wordpress\/ -->\n<title>Ammatiksi yritt\u00e4j\u00e4 -oppia yritt\u00e4j\u00e4taitoihin - Ammatiksi yritt\u00e4j\u00e4 -oppia yritt\u00e4j\u00e4taitoihin<\/title>\n<meta name=\"robots\" content=\"index, follow, max-snippet:-1, max-image-preview:large, max-video-preview:-1\" \/>\n<link rel=\"canonical\" href=\"https:\/\/hankkeet.karelia.fi\/ammatiksi-yrittaja-oppia-yrittajataitoihin\/\" \/>\n<meta property=\"og:locale\" content=\"fi_FI\" \/>\n<meta property=\"og:type\" content=\"article\" \/>\n<meta property=\"og:title\" content=\"Ammatiksi yritt\u00e4j\u00e4 -oppia yritt\u00e4j\u00e4taitoihin - Ammatiksi yritt\u00e4j\u00e4 -oppia yritt\u00e4j\u00e4taitoihin\" \/>\n<meta property=\"og:description\" content=\"Kare\u00adlia-ammat\u00adtiko\u00adrkeak\u00adoulun ja Pohjois-Kar\u00adjalan koulu\u00adtuskun\u00adtay\u00adhtym\u00e4 River\u00adian toteut\u00adta\u00admas\u00adsa Ammatik\u00adsi yrit\u00adt\u00e4j\u00e4 \u2013 oppia yrit\u00adt\u00e4j\u00e4\u00adtaitoi\u00adhin \u2011han\u00adkkeessa kehitet\u00e4\u00e4n uuden\u00adlaisia koulu\u00adtus- ja ohjaus\u00adpalvelu\u00adja aloit\u00adtaville yrit\u00adt\u00e4jille. Han\u00adkkeen tavoit\u00adteena on tukea aloit\u00adtavien yrit\u00adt\u00e4jien ty\u00f6l\u00adlistymist\u00e4 paran\u00adta\u00admal\u00adla oppi\u00adlaitosten palve\u00adlu\u00adtar\u00adjon\u00adtaa sek\u00e4 oppi\u00adlaitosten ja yri\u00adtys\u00adneu\u00advon\u00adta\u00adpalvelu\u00adjen v\u00e4list\u00e4 yhteisty\u00f6t\u00e4. Han\u00adkkeen avul\u00adla pyrit\u00e4\u00e4n vas\u00adtaa\u00admaan k\u00e4yn\u00adnis\u00ads\u00e4 ole\u00advaan ty\u00f6el\u00e4m\u00e4n mur\u00adrokseen, kuten yksinyrit\u00adt\u00e4jien ja osa-aikaty\u00f6t\u00e4 teke\u00advien m\u00e4\u00e4r\u00e4n kasvu\u00adun. Han\u00adkkeen ensisi\u00adjaisia kohderyh\u00admi\u00e4 ovat (I) [&hellip;]\" \/>\n<meta property=\"og:url\" content=\"https:\/\/hankkeet.karelia.fi\/ammatiksi-yrittaja-oppia-yrittajataitoihin\/\" \/>\n<meta property=\"og:site_name\" content=\"Ammatiksi yritt\u00e4j\u00e4 -oppia yritt\u00e4j\u00e4taitoihin\" \/>\n<meta name=\"twitter:card\" content=\"summary_large_image\" \/>\n<meta name=\"twitter:label1\" content=\"Arvioitu lukuaika\" \/>\n\t<meta name=\"twitter:data1\" content=\"2 minuuttia\" \/>\n<script type=\"application\/ld+json\" class=\"yoast-schema-graph\">{\"@context\":\"https:\\\/\\\/schema.org\",\"@graph\":[{\"@type\":\"WebPage\",\"@id\":\"https:\\\/\\\/hankkeet.karelia.fi\\\/ammatiksi-yrittaja-oppia-yrittajataitoihin\\\/\",\"url\":\"https:\\\/\\\/hankkeet.karelia.fi\\\/ammatiksi-yrittaja-oppia-yrittajataitoihin\\\/\",\"name\":\"Ammatiksi yritt\u00e4j\u00e4 -oppia yritt\u00e4j\u00e4taitoihin - Ammatiksi yritt\u00e4j\u00e4 -oppia yritt\u00e4j\u00e4taitoihin\",\"isPartOf\":{\"@id\":\"https:\\\/\\\/hankkeet.karelia.fi\\\/ammatiksi-yrittaja-oppia-yrittajataitoihin\\\/#website\"},\"primaryImageOfPage\":{\"@id\":\"https:\\\/\\\/hankkeet.karelia.fi\\\/ammatiksi-yrittaja-oppia-yrittajataitoihin\\\/#primaryimage\"},\"image\":{\"@id\":\"https:\\\/\\\/hankkeet.karelia.fi\\\/ammatiksi-yrittaja-oppia-yrittajataitoihin\\\/#primaryimage\"},\"thumbnailUrl\":\"https:\\\/\\\/hankkeet.karelia.fi\\\/ammatiksi-yrittaja-oppia-yrittajataitoihin\\\/wp-content\\\/uploads\\\/sites\\\/74\\\/2026\\\/03\\\/DSC07174-scaled-e1713851648518.jpg\",\"datePublished\":\"2026-03-17T14:23:43+00:00\",\"breadcrumb\":{\"@id\":\"https:\\\/\\\/hankkeet.karelia.fi\\\/ammatiksi-yrittaja-oppia-yrittajataitoihin\\\/#breadcrumb\"},\"inLanguage\":\"fi\",\"potentialAction\":[{\"@type\":\"ReadAction\",\"target\":[\"https:\\\/\\\/hankkeet.karelia.fi\\\/ammatiksi-yrittaja-oppia-yrittajataitoihin\\\/\"]}]},{\"@type\":\"ImageObject\",\"inLanguage\":\"fi\",\"@id\":\"https:\\\/\\\/hankkeet.karelia.fi\\\/ammatiksi-yrittaja-oppia-yrittajataitoihin\\\/#primaryimage\",\"url\":\"https:\\\/\\\/hankkeet.karelia.fi\\\/ammatiksi-yrittaja-oppia-yrittajataitoihin\\\/wp-content\\\/uploads\\\/sites\\\/74\\\/2026\\\/03\\\/DSC07174-scaled-e1713851648518.jpg\",\"contentUrl\":\"https:\\\/\\\/hankkeet.karelia.fi\\\/ammatiksi-yrittaja-oppia-yrittajataitoihin\\\/wp-content\\\/uploads\\\/sites\\\/74\\\/2026\\\/03\\\/DSC07174-scaled-e1713851648518.jpg\",\"width\":2560,\"height\":938},{\"@type\":\"BreadcrumbList\",\"@id\":\"https:\\\/\\\/hankkeet.karelia.fi\\\/ammatiksi-yrittaja-oppia-yrittajataitoihin\\\/#breadcrumb\",\"itemListElement\":[{\"@type\":\"ListItem\",\"position\":1,\"name\":\"Home\",\"item\":\"https:\\\/\\\/hankkeet.karelia.fi\\\/ammatiksi-yrittaja-oppia-yrittajataitoihin\\\/ammatiksi-yrittaja-oppia-yrittajataitoihin\\\/\"},{\"@type\":\"ListItem\",\"position\":2,\"name\":\"Ammatiksi yritt\u00e4j\u00e4 -oppia yritt\u00e4j\u00e4taitoihin\"}]},{\"@type\":\"WebSite\",\"@id\":\"https:\\\/\\\/hankkeet.karelia.fi\\\/ammatiksi-yrittaja-oppia-yrittajataitoihin\\\/#website\",\"url\":\"https:\\\/\\\/hankkeet.karelia.fi\\\/ammatiksi-yrittaja-oppia-yrittajataitoihin\\\/\",\"name\":\"Ammatiksi yritt\u00e4j\u00e4 -oppia yritt\u00e4j\u00e4taitoihin\",\"description\":\"\",\"publisher\":{\"@id\":\"https:\\\/\\\/hankkeet.karelia.fi\\\/ammatiksi-yrittaja-oppia-yrittajataitoihin\\\/#organization\"},\"potentialAction\":[{\"@type\":\"SearchAction\",\"target\":{\"@type\":\"EntryPoint\",\"urlTemplate\":\"https:\\\/\\\/hankkeet.karelia.fi\\\/ammatiksi-yrittaja-oppia-yrittajataitoihin\\\/?s={search_term_string}\"},\"query-input\":{\"@type\":\"PropertyValueSpecification\",\"valueRequired\":true,\"valueName\":\"search_term_string\"}}],\"inLanguage\":\"fi\"},{\"@type\":\"Organization\",\"@id\":\"https:\\\/\\\/hankkeet.karelia.fi\\\/ammatiksi-yrittaja-oppia-yrittajataitoihin\\\/#organization\",\"name\":\"Ammatiksi yritt\u00e4j\u00e4 -oppia yritt\u00e4j\u00e4taitoihin\",\"url\":\"https:\\\/\\\/hankkeet.karelia.fi\\\/ammatiksi-yrittaja-oppia-yrittajataitoihin\\\/\",\"logo\":{\"@type\":\"ImageObject\",\"inLanguage\":\"fi\",\"@id\":\"https:\\\/\\\/hankkeet.karelia.fi\\\/ammatiksi-yrittaja-oppia-yrittajataitoihin\\\/#\\\/schema\\\/logo\\\/image\\\/\",\"url\":\"https:\\\/\\\/hankkeet.karelia.fi\\\/ammatiksi-yrittaja-oppia-yrittajataitoihin\\\/wp-content\\\/uploads\\\/sites\\\/74\\\/2026\\\/03\\\/cropped-cropped-Karelia_AMK_logo_RGB-1.png\",\"contentUrl\":\"https:\\\/\\\/hankkeet.karelia.fi\\\/ammatiksi-yrittaja-oppia-yrittajataitoihin\\\/wp-content\\\/uploads\\\/sites\\\/74\\\/2026\\\/03\\\/cropped-cropped-Karelia_AMK_logo_RGB-1.png\",\"width\":427,\"height\":116,\"caption\":\"Ammatiksi yritt\u00e4j\u00e4 -oppia yritt\u00e4j\u00e4taitoihin\"},\"image\":{\"@id\":\"https:\\\/\\\/hankkeet.karelia.fi\\\/ammatiksi-yrittaja-oppia-yrittajataitoihin\\\/#\\\/schema\\\/logo\\\/image\\\/\"}}]}<\/script>\n<!-- \/ Yoast SEO plugin. -->","yoast_head_json":{"title":"Ammatiksi yritt\u00e4j\u00e4 -oppia yritt\u00e4j\u00e4taitoihin - Ammatiksi yritt\u00e4j\u00e4 -oppia yritt\u00e4j\u00e4taitoihin","robots":{"index":"index","follow":"follow","max-snippet":"max-snippet:-1","max-image-preview":"max-image-preview:large","max-video-preview":"max-video-preview:-1"},"canonical":"https:\/\/hankkeet.karelia.fi\/ammatiksi-yrittaja-oppia-yrittajataitoihin\/","og_locale":"fi_FI","og_type":"article","og_title":"Ammatiksi yritt\u00e4j\u00e4 -oppia yritt\u00e4j\u00e4taitoihin - Ammatiksi yritt\u00e4j\u00e4 -oppia yritt\u00e4j\u00e4taitoihin","og_description":"Kare\u00adlia-ammat\u00adtiko\u00adrkeak\u00adoulun ja Pohjois-Kar\u00adjalan koulu\u00adtuskun\u00adtay\u00adhtym\u00e4 River\u00adian toteut\u00adta\u00admas\u00adsa Ammatik\u00adsi yrit\u00adt\u00e4j\u00e4 \u2013 oppia yrit\u00adt\u00e4j\u00e4\u00adtaitoi\u00adhin \u2011han\u00adkkeessa kehitet\u00e4\u00e4n uuden\u00adlaisia koulu\u00adtus- ja ohjaus\u00adpalvelu\u00adja aloit\u00adtaville yrit\u00adt\u00e4jille. Han\u00adkkeen tavoit\u00adteena on tukea aloit\u00adtavien yrit\u00adt\u00e4jien ty\u00f6l\u00adlistymist\u00e4 paran\u00adta\u00admal\u00adla oppi\u00adlaitosten palve\u00adlu\u00adtar\u00adjon\u00adtaa sek\u00e4 oppi\u00adlaitosten ja yri\u00adtys\u00adneu\u00advon\u00adta\u00adpalvelu\u00adjen v\u00e4list\u00e4 yhteisty\u00f6t\u00e4. Han\u00adkkeen avul\u00adla pyrit\u00e4\u00e4n vas\u00adtaa\u00admaan k\u00e4yn\u00adnis\u00ads\u00e4 ole\u00advaan ty\u00f6el\u00e4m\u00e4n mur\u00adrokseen, kuten yksinyrit\u00adt\u00e4jien ja osa-aikaty\u00f6t\u00e4 teke\u00advien m\u00e4\u00e4r\u00e4n kasvu\u00adun. Han\u00adkkeen ensisi\u00adjaisia kohderyh\u00admi\u00e4 ovat (I) [&hellip;]","og_url":"https:\/\/hankkeet.karelia.fi\/ammatiksi-yrittaja-oppia-yrittajataitoihin\/","og_site_name":"Ammatiksi yritt\u00e4j\u00e4 -oppia yritt\u00e4j\u00e4taitoihin","twitter_card":"summary_large_image","twitter_misc":{"Arvioitu lukuaika":"2 minuuttia"},"schema":{"@context":"https:\/\/schema.org","@graph":[{"@type":"WebPage","@id":"https:\/\/hankkeet.karelia.fi\/ammatiksi-yrittaja-oppia-yrittajataitoihin\/","url":"https:\/\/hankkeet.karelia.fi\/ammatiksi-yrittaja-oppia-yrittajataitoihin\/","name":"Ammatiksi yritt\u00e4j\u00e4 -oppia yritt\u00e4j\u00e4taitoihin - Ammatiksi yritt\u00e4j\u00e4 -oppia yritt\u00e4j\u00e4taitoihin","isPartOf":{"@id":"https:\/\/hankkeet.karelia.fi\/ammatiksi-yrittaja-oppia-yrittajataitoihin\/#website"},"primaryImageOfPage":{"@id":"https:\/\/hankkeet.karelia.fi\/ammatiksi-yrittaja-oppia-yrittajataitoihin\/#primaryimage"},"image":{"@id":"https:\/\/hankkeet.karelia.fi\/ammatiksi-yrittaja-oppia-yrittajataitoihin\/#primaryimage"},"thumbnailUrl":"https:\/\/hankkeet.karelia.fi\/ammatiksi-yrittaja-oppia-yrittajataitoihin\/wp-content\/uploads\/sites\/74\/2026\/03\/DSC07174-scaled-e1713851648518.jpg","datePublished":"2026-03-17T14:23:43+00:00","breadcrumb":{"@id":"https:\/\/hankkeet.karelia.fi\/ammatiksi-yrittaja-oppia-yrittajataitoihin\/#breadcrumb"},"inLanguage":"fi","potentialAction":[{"@type":"ReadAction","target":["https:\/\/hankkeet.karelia.fi\/ammatiksi-yrittaja-oppia-yrittajataitoihin\/"]}]},{"@type":"ImageObject","inLanguage":"fi","@id":"https:\/\/hankkeet.karelia.fi\/ammatiksi-yrittaja-oppia-yrittajataitoihin\/#primaryimage","url":"https:\/\/hankkeet.karelia.fi\/ammatiksi-yrittaja-oppia-yrittajataitoihin\/wp-content\/uploads\/sites\/74\/2026\/03\/DSC07174-scaled-e1713851648518.jpg","contentUrl":"https:\/\/hankkeet.karelia.fi\/ammatiksi-yrittaja-oppia-yrittajataitoihin\/wp-content\/uploads\/sites\/74\/2026\/03\/DSC07174-scaled-e1713851648518.jpg","width":2560,"height":938},{"@type":"BreadcrumbList","@id":"https:\/\/hankkeet.karelia.fi\/ammatiksi-yrittaja-oppia-yrittajataitoihin\/#breadcrumb","itemListElement":[{"@type":"ListItem","position":1,"name":"Home","item":"https:\/\/hankkeet.karelia.fi\/ammatiksi-yrittaja-oppia-yrittajataitoihin\/ammatiksi-yrittaja-oppia-yrittajataitoihin\/"},{"@type":"ListItem","position":2,"name":"Ammatiksi yritt\u00e4j\u00e4 -oppia yritt\u00e4j\u00e4taitoihin"}]},{"@type":"WebSite","@id":"https:\/\/hankkeet.karelia.fi\/ammatiksi-yrittaja-oppia-yrittajataitoihin\/#website","url":"https:\/\/hankkeet.karelia.fi\/ammatiksi-yrittaja-oppia-yrittajataitoihin\/","name":"Ammatiksi yritt\u00e4j\u00e4 -oppia yritt\u00e4j\u00e4taitoihin","description":"","publisher":{"@id":"https:\/\/hankkeet.karelia.fi\/ammatiksi-yrittaja-oppia-yrittajataitoihin\/#organization"},"potentialAction":[{"@type":"SearchAction","target":{"@type":"EntryPoint","urlTemplate":"https:\/\/hankkeet.karelia.fi\/ammatiksi-yrittaja-oppia-yrittajataitoihin\/?s={search_term_string}"},"query-input":{"@type":"PropertyValueSpecification","valueRequired":true,"valueName":"search_term_string"}}],"inLanguage":"fi"},{"@type":"Organization","@id":"https:\/\/hankkeet.karelia.fi\/ammatiksi-yrittaja-oppia-yrittajataitoihin\/#organization","name":"Ammatiksi yritt\u00e4j\u00e4 -oppia yritt\u00e4j\u00e4taitoihin","url":"https:\/\/hankkeet.karelia.fi\/ammatiksi-yrittaja-oppia-yrittajataitoihin\/","logo":{"@type":"ImageObject","inLanguage":"fi","@id":"https:\/\/hankkeet.karelia.fi\/ammatiksi-yrittaja-oppia-yrittajataitoihin\/#\/schema\/logo\/image\/","url":"https:\/\/hankkeet.karelia.fi\/ammatiksi-yrittaja-oppia-yrittajataitoihin\/wp-content\/uploads\/sites\/74\/2026\/03\/cropped-cropped-Karelia_AMK_logo_RGB-1.png","contentUrl":"https:\/\/hankkeet.karelia.fi\/ammatiksi-yrittaja-oppia-yrittajataitoihin\/wp-content\/uploads\/sites\/74\/2026\/03\/cropped-cropped-Karelia_AMK_logo_RGB-1.png","width":427,"height":116,"caption":"Ammatiksi yritt\u00e4j\u00e4 -oppia yritt\u00e4j\u00e4taitoihin"},"image":{"@id":"https:\/\/hankkeet.karelia.fi\/ammatiksi-yrittaja-oppia-yrittajataitoihin\/#\/schema\/logo\/image\/"}}]}},"_links":{"self":[{"href":"https:\/\/hankkeet.karelia.fi\/ammatiksi-yrittaja-oppia-yrittajataitoihin\/wp-json\/wp\/v2\/pages\/20","targetHints":{"allow":["GET"]}}],"collection":[{"href":"https:\/\/hankkeet.karelia.fi\/ammatiksi-yrittaja-oppia-yrittajataitoihin\/wp-json\/wp\/v2\/pages"}],"about":[{"href":"https:\/\/hankkeet.karelia.fi\/ammatiksi-yrittaja-oppia-yrittajataitoihin\/wp-json\/wp\/v2\/types\/page"}],"replies":[{"embeddable":true,"href":"https:\/\/hankkeet.karelia.fi\/ammatiksi-yrittaja-oppia-yrittajataitoihin\/wp-json\/wp\/v2\/comments?post=20"}],"version-history":[{"count":0,"href":"https:\/\/hankkeet.karelia.fi\/ammatiksi-yrittaja-oppia-yrittajataitoihin\/wp-json\/wp\/v2\/pages\/20\/revisions"}],"wp:featuredmedia":[{"embeddable":true,"href":"https:\/\/hankkeet.karelia.fi\/ammatiksi-yrittaja-oppia-yrittajataitoihin\/wp-json\/wp\/v2\/media\/17"}],"wp:attachment":[{"href":"https:\/\/hankkeet.karelia.fi\/ammatiksi-yrittaja-oppia-yrittajataitoihin\/wp-json\/wp\/v2\/media?parent=20"}],"curies":[{"name":"wp","href":"https:\/\/api.w.org\/{rel}","templated":true}]}}