{"id":21,"date":"2026-03-17T15:59:51","date_gmt":"2026-03-17T13:59:51","guid":{"rendered":"https:\/\/hankkeet.karelia.fi\/blackgreen\/blackgreen-pohjois-karjalan-biohiiliohjelma\/"},"modified":"2026-03-17T15:59:51","modified_gmt":"2026-03-17T13:59:51","slug":"blackgreen-pohjois-karjalan-biohiiliohjelma","status":"publish","type":"page","link":"https:\/\/hankkeet.karelia.fi\/blackgreen\/","title":{"rendered":"BlackGreen \u2013 Pohjois-Karjalan biohiiliohjelma"},"content":{"rendered":"\n<figure class=\"wp-block-image size-full\"><img decoding=\"async\" src=\"https:\/\/hankkeet.karelia.fi\/blackgreen\/wp-content\/uploads\/sites\/71\/2026\/03\/cropped-BlackGreen_03-300x79-1.webp\" alt class=\"wp-image-65016\"><\/figure>\n\n\n\n<figure class=\"wp-block-image size-full is-resized\"><img decoding=\"async\" src=\"https:\/\/hankkeet.karelia.fi\/blackgreen\/wp-content\/uploads\/sites\/71\/2026\/03\/blackgreen-logot.png\" alt class=\"wp-image-65013\" style=\"aspect-ratio:3.9384615384615387;width:410px;height:auto\"><\/figure>\n\n\n\n<p>Black\u00adGreen \u2013 Pohjois-Kar\u00adjalan bio\u00adhi\u00adil\u00adio\u00adhjel\u00adma tuot\u00adtaa uut\u00adta ja jalostaa ole\u00admas\u00adsa ole\u00advaa bio\u00adhi\u00adil\u00adi\u00adti\u00adetoa Pohjois-Kar\u00adjalan ja Suomen bio\u00adtaloussek\u00adtorin k\u00e4yt\u00adt\u00f6\u00f6n. Pohjois-Kar\u00adjalas\u00adta on muo\u00addos\u00adtu\u00admas\u00adsa merkit\u00adt\u00e4v\u00e4 mod\u00adernin reak\u00adti\u00adivisen hiilen tuotanto\u2011, tuoteke\u00adhi\u00adtys- ja jatko\u00adjalostuskeskit\u00adtym\u00e4. T\u00e4l\u00adl\u00e4 han\u00adkkeel\u00adla tuote\u00adtaan tietoa tuot\u00adteista, markki\u00adnoista, valmis\u00adtuk\u00adsen pros\u00ades\u00adseista ja kest\u00e4vyy\u00addest\u00e4 sek\u00e4 raa\u00adka-ainei\u00adden ja tuot\u00adtei\u00adden logis\u00adti\u00adikas\u00adta.<\/p>\n\n\n\n<p>Han\u00adkkeen p\u00e4\u00e4\u00adpart\u00adne\u00adr\u00adi\u00adna toimii Luon\u00adnon\u00adva\u00adrakeskus ja han\u00adkkeen osato\u00adteut\u00adta\u00adjia It\u00e4-Suomen yliopis\u00adto, Busi\u00adness Joen\u00adsuu ja Kare\u00adlia-ammat\u00adtiko\u00adrkeak\u00adoulu kukin omi\u00adin vahvuuk\u00adsi\u00adin\u00adsa nojautuen. Han\u00adkkeen toim\u00adinta-aika on 1.11.2020 \u2013 28.02.2023. Black\u00adGreen on Euroopan Union\u00adin Alueke\u00adhi\u00adtys\u00adra\u00adhas\u00adton ja Pohjois-Kar\u00adjalan maakun\u00adtali\u00aditon osara\u00adhoit\u00adta\u00adma han\u00adke.<\/p>\n\n\n\n<h1 class=\"wp-block-heading\">Hankkeen ty\u00f6paketit<\/h1>\n\n\n\n<p>Han\u00adkkeen toteut\u00adta\u00admi\u00adnen on jaet\u00adtu seit\u00adsem\u00e4\u00e4n ty\u00f6\u00adpaket\u00adti\u00adin jois\u00adsa kus\u00adsakin on oma vas\u00adtu\u00aduor\u00adgan\u00adisaa\u00adtio. Sis\u00e4l\u00adl\u00f6n\u00adtuot\u00adta\u00admi\u00adnen tapah\u00adtuu kuitenkin kaikkien organ\u00adisaa\u00adtioiden osaamista hy\u00f6\u00addyn\u00adt\u00e4en.<\/p>\n\n\n\n<h3 class=\"wp-block-heading\"><strong>TP1 BIOHIILITUOTTEET JA \u2011MARKKINAT<\/strong>, Business Joensuu<\/h3>\n\n\n\n<p>Ty\u00f6\u00adpaketis\u00adsa k\u00e4y\u00add\u00e4\u00e4n l\u00e4pi tuotan\u00adnon n\u00e4k\u00f6kul\u00admas\u00adta t\u00e4rkeim\u00adm\u00e4t bio\u00adhi\u00adilen ja kil\u00adpail\u00ade\u00advan kivi\u00adhi\u00adilipo\u00adh\u00adjaisen akti\u00adivi\u00adhi\u00adilen tuot\u00adta\u00adjat, nykyiset markki\u00adnoil\u00adla ole\u00advat bio- ja akti\u00adivi\u00adhi\u00adil\u00adi\u00adtuot\u00adteet sek\u00e4 t\u00e4rkeimpi\u00e4 koti- ja ulko\u00admaisia lop\u00adputuot\u00adtei\u00adden\u00advalmis\u00adta\u00adjia ja lop\u00adpuk\u00e4yt\u00adt\u00e4ji\u00e4 eri tuoteryh\u00admis\u00ads\u00e4. Ty\u00f6\u00adpaketis\u00adsa selvitet\u00e4\u00e4n my\u00f6s eri lop\u00adputuot\u00adteis\u00adsa vaa\u00addit\u00adta\u00advan bio- ja akti\u00adivi\u00adhi\u00adilen tuo\u00adteom\u00adi\u00adnaisu\u00adudet, hiililaatu\u00adjen markki\u00adnahin\u00adta ja tun\u00adnis\u00adte\u00adtaan tuoteryh\u00adm\u00e4t. Eri tuoteryh\u00admien markki\u00adnoiden koko ja arvo selvitet\u00e4\u00e4n ja laa\u00addi\u00adtaan markki\u00adnaen\u00adnuste niiden kehi\u00adtyk\u00adses\u00adt\u00e4. Laa\u00addit\u00adtavas\u00adsa markki\u00adna-ana\u00adly\u00ady\u00adsis\u00ads\u00e4 tavoit\u00adteena on tun\u00adnistaa sig\u00adnaalit ja kas\u00advavien markki\u00adnoiden mah\u00addol\u00adlisu\u00adudet suo\u00adma\u00adlaisen ja pohjoiskar\u00adjalaisen bio\u00adhi\u00adil\u00adi\u00adtuotan\u00adnon n\u00e4k\u00f6kul\u00admas\u00adta. Mitk\u00e4 ovat bio\u00adhi\u00adilen ylivoimaiset tuo\u00adteom\u00adi\u00adnaisu\u00adudet ja mil\u00adl\u00e4 eri keinoil\u00adla kest\u00e4v\u00e4sti tuote\u00adtulle bio\u00adhi\u00adilelle voidaan luo\u00adda arvon\u00adlis\u00e4\u00e4 eri\u00adtyis\u00ades\u00adti l\u00e4hel\u00adl\u00e4 alku\u00adtuotan\u00adtoa? Kuin\u00adka koti\u00admais\u00ades\u00adta puus\u00adta tehdylle bio\u00adhi\u00adilelle saadaan arvoisen\u00adsa hin\u00adta lop\u00adputuot\u00adteena?<\/p>\n\n\n\n<p>Ota aiheen tiimoil\u00adta yhteyt\u00adt\u00e4 Timo Tah\u00advanaiseen tai Jonne Hir\u00advoseen Busi\u00adness Joen\u00adsu\u00adus\u00adta.<\/p>\n\n\n\n<h3 class=\"wp-block-heading\"><strong>TP2 BIOHIILEN TUOTANTO JA K\u00c4YTT\u00d6OMINAISUUDET<\/strong>, It\u00e4-Suomen yliopisto<\/h3>\n\n\n\n<p>Val\u00adlit\u00adse\u00advan tutkimustiedon perus\u00adteel\u00adla bio\u00adhi\u00adilen omi\u00adnaisuuk\u00adsi\u00adin vaikut\u00adta\u00advat k\u00e4ytet\u00adty raa\u00adka-aine ja valmis\u00adtuste\u00adknolo\u00adgia sek\u00e4 valmis\u00adtus\u00adpros\u00adessin s\u00e4\u00e4t\u00f6. Raa\u00adka-aineen ja valmi\u00adin hiilen omi\u00adnaisuuk\u00adsien mit\u00adtaami\u00adnen ja sen perus\u00adteel\u00adla teht\u00e4v\u00e4 pros\u00adessin s\u00e4\u00e4t\u00f6 ovat erit\u00adt\u00e4in t\u00e4rkeit\u00e4 tehokkaan pros\u00adessin ja korkealaa\u00adtuisen tuot\u00adteen aikaansaamisek\u00adsi. Ty\u00f6\u00adpaket\u00adti keskit\u00adtyy yhdis\u00adt\u00e4m\u00e4\u00e4n viimeisim\u00adm\u00e4t bio\u00adhi\u00adilen analysoin\u00adtimenetelm\u00e4t bio\u00adhi\u00adilen tuotan\u00adto\u00adpros\u00ades\u00adsei\u00adhin ja luo\u00admaan osaamisen pros\u00adessin ymm\u00e4rt\u00e4miseen tavoitel\u00adlun lop\u00adputuot\u00adteen n\u00e4k\u00f6kul\u00admas\u00adta. Ty\u00f6\u00adpaket\u00adti tuot\u00adtaa bio\u00adhi\u00adilen tuotan\u00adnon avoimen arvioin\u00adti\u00adty\u00f6kalun, jon\u00adka avul\u00adla voidaan tarkastel\u00adla eri\u00adlais\u00adten bio\u00adhi\u00adilen arvoketju\u00adjen toteutet\u00adtavu\u00adut\u00adta. Ty\u00f6kalu on t\u00e4rke\u00e4 kaikessa bio\u00adhi\u00adilili\u00adike\u00adtoim\u00adintaan liit\u00adtyv\u00e4ss\u00e4 suun\u00adnit\u00adtelus\u00adsa ja inno\u00advaa\u00adtiopolku\u00adjen arvioin\u00adnis\u00adsa, kos\u00adka bio\u00adhi\u00adilen ja sivu\u00adtuot\u00adtei\u00adden saan\u00adto, hin\u00adta ja omi\u00adnaisu\u00adudet ovat vah\u00advasti riip\u00adpu\u00advaisia tuotan\u00adnon para\u00adme\u00adtreista ja raa\u00adka-aineen omi\u00adnaisuuk\u00adsista. My\u00f6s raa\u00adka-aineen hin\u00adta voi vai\u00adhdel\u00adla voimakkaasti. Han\u00adkkeessa teht\u00e4v\u00e4l\u00adl\u00e4 ty\u00f6kalul\u00adla voidaan tehd\u00e4 tehokkaasti arvoketju\u00adjen ennakko\u00adtarkastelua ja keskit\u00adt\u00e4\u00e4 TKI-resurssit kest\u00e4v\u00e4l\u00adl\u00e4 taval\u00adla.<\/p>\n\n\n\n<p>Ota aiheen tiimoil\u00adta yhteyt\u00adt\u00e4 Ari Pap\u00adpiseen It\u00e4-Suomen yliopis\u00adtos\u00adta. <\/p>\n\n\n\n<h3 class=\"wp-block-heading\"><strong>TP3 BIOHIILEN RAAKA-AINEET JA NIIDEN SAATAVUUS<\/strong>, Luonnonvarakeskus<\/h3>\n\n\n\n<p>Bio\u00adhi\u00adilen tuotan\u00adnolle raa\u00adka-aineet ja niiden sauma\u00adton saatavu\u00adus ovat elin\u00adt\u00e4rkeit\u00e4. Raa\u00adka-aine my\u00f6s vaikut\u00adtaa lop\u00adputuot\u00adteen laatu\u00adun. Tiet\u00adtyj\u00e4 hiilen omi\u00adnaisuuk\u00adsia voidaan saa\u00adda vain tiety\u00adist\u00e4 raa\u00adka-aineista. Eri\u00adlais\u00adten raa\u00adka- ainei\u00adden saatavu\u00adus ja logis\u00adti\u00adikkakus\u00adtan\u00adnuk\u00adset ovat jokaisen bio\u00adhi\u00adililaitok\u00adsen t\u00e4rkeimpi\u00e4 selvi\u00adtys- ja kehi\u00adtysko\u00adhtei\u00adta. Peri\u00adaat\u00adteessa bio\u00adhi\u00adilt\u00e4 voidaan tehd\u00e4 mis\u00adt\u00e4 tahansa hiilt\u00e4 sis\u00e4lt\u00e4v\u00e4st\u00e4 bio\u00admas\u00adsas\u00adta, mut\u00adta laa\u00adjan mit\u00adtakaa\u00advan tuotan\u00adtoon sopivia ovat puu\u00adbio\u00admas\u00adsat joko suo\u00adraan met\u00ads\u00e4st\u00e4 tai teol\u00adlisu\u00adu\u00adden sivu\u00advir\u00adroista. Maat\u00adalouden bio\u00admas\u00adsoista poten\u00adti\u00adaal\u00adisin on olki ja yli\u00adj\u00e4\u00e4m\u00e4hein\u00e4. My\u00f6s j\u00e4rviruoko on huomionar\u00advoinen bio\u00admas\u00adsa, jota saat\u00adtaa tul\u00adla tule\u00advaisu\u00adudessa merkit\u00adt\u00e4vi\u00e4 m\u00e4\u00e4ri\u00e4, jos vesialuei\u00adden kun\u00adnos\u00adtus laa\u00adje\u00adnee merkit\u00adt\u00e4v\u00e4sti.<\/p>\n\n\n\n<p>Pohjois-Kar\u00adjalan bio\u00adhi\u00adili\u00adraa\u00adka-ainei\u00adden kar\u00adtoituk\u00adses\u00adsa hy\u00f6\u00addyn\u00adnet\u00e4\u00e4n Luken Bio\u00admas\u00adsa-Atlas\u00adta, met\u00ads\u00e4\u00advaro\u00adjen tase\u00adtarkastelu\u00adja ja puun\u00adhank\u00adin\u00adnan logis\u00adti\u00adikkaosaamista sek\u00e4 Luken tilas\u00adto\u00adja teol\u00adlis\u00adten sivu\u00adtuot\u00adtei\u00adden osalta. Raa\u00adka- ainei\u00adden tarveske\u00adnaar\u00adi\u00adot tehd\u00e4\u00e4n yhdess\u00e4 muiden ty\u00f6\u00adpaket\u00adtien kanssa, sil\u00adl\u00e4 tavoitelta\u00advat tuo\u00adteom\u00adi\u00adnaisu\u00adudet ja tuot\u00adtei\u00adden arvioidut tule\u00advaisu\u00adu\u00adden\u00adn\u00e4kym\u00e4t vaikut\u00adta\u00advat raa\u00adka-aine\u00adtarpeeseen.<\/p>\n\n\n\n<p>Ota aiheen tiimoil\u00adta yhteyt\u00adt\u00e4 Lau\u00adri Sikaseen Luon\u00adnon\u00adva\u00adrakeskuk\u00adses\u00adta. <\/p>\n\n\n\n<h3 class=\"wp-block-heading\"><strong>TP4 BIOHIILEN LOGISTIIKKA<\/strong>, Luonnonvarakeskus<\/h3>\n\n\n\n<p>Pohjois-Kar\u00adjalaan sijoit\u00adtu\u00adva bio\u00adhi\u00adilen tuotan\u00adto sijait\u00adsee lupaavasti run\u00adsaiden raa\u00adka-ainevaro\u00adjen keskel\u00adl\u00e4. Tuotan\u00adtom\u00e4\u00e4r\u00e4t ovat kuitenkin merkit\u00adt\u00e4vi\u00e4, jol\u00adloin lop\u00adputuot\u00adteen logis\u00adti\u00adikkakus\u00adtan\u00adnuk\u00adset ja ratkaisut tuot\u00adteen toim\u00adi\u00adtuk\u00adses\u00adta lop\u00adpuasi\u00adakkaalle ovat merkit\u00adt\u00e4vi\u00e4. Logis\u00adti\u00adikkaratkaisuil\u00adla on my\u00f6s merkit\u00adt\u00e4v\u00e4 vaiku\u00adtus lop\u00adputuot\u00adteen hiil\u00adi\u00adjalan\u00adj\u00e4l\u00adjelle. Ty\u00f6\u00adpaketis\u00adsa selvitet\u00e4\u00e4n sek\u00e4 raa\u00adka-aineen ett\u00e4 lop\u00adputuot\u00adteen varas\u00adtoin\u00adti\u00adin ja kul\u00adje\u00adtuk\u00adsi\u00adin liit\u00adtyvi\u00e4 vai\u00adh\u00adtoe\u00adhto\u00adja maakun\u00adnan met\u00adsist\u00e4 ja pel\u00adloil\u00adta lop\u00adpuasi\u00adakkaille.<\/p>\n\n\n\n<p>Selvitet\u00adt\u00e4vi\u00e4 ja ver\u00adtail\u00adtavia logis\u00adti\u00adikkavai\u00adh\u00adtoe\u00adhto\u00adja ovat raa\u00adka-aineen osalta autokul\u00adje\u00adtus eri\u00adlaisil\u00adla kalus\u00adtoy\u00adhdis\u00adtelmil\u00adl\u00e4 ja tuotel\u00ado\u00adgis\u00adti\u00adikan osalta autokul\u00adje\u00adtus, junakul\u00adje\u00adtus ja aluskul\u00adje\u00adtus. Lis\u00e4k\u00adsi ty\u00f6\u00adpaketis\u00adsa k\u00e4y\u00add\u00e4\u00e4n l\u00e4pi ter\u00admi\u00adnaalien vaa\u00adtimuk\u00adset bio\u00adhi\u00adil\u00adi\u00adtuot\u00adtei\u00adden osalta.<\/p>\n\n\n\n<p>Ota aiheen tiimoil\u00adta yhteyt\u00adt\u00e4 Lau\u00adri Sikaseen Luon\u00adnon\u00adva\u00adrakeskuk\u00adses\u00adta. <\/p>\n\n\n\n<h3 class=\"wp-block-heading\"><strong>TP5 BIOHIILEN LCA JA ILMASTOTASE<\/strong>, Luonnonvarakeskus<\/h3>\n\n\n\n<p>Bio\u00adhi\u00adilen tuotan\u00adto ja siit\u00e4 jalostet\u00adtu\u00adjen tuot\u00adtei\u00adden k\u00e4yt\u00adt\u00f6 vaatii tuotan\u00adtopanoksi\u00adna ener\u00adgiaa ja siten aiheut\u00adtaa p\u00e4\u00e4st\u00f6j\u00e4. Samoin raa\u00adka-aineen kul\u00adje\u00adtuk\u00adses\u00adta tuotan\u00adto\u00adlaitok\u00adselle, alkuk\u00e4sit\u00adtelyst\u00e4 ja varas\u00adton\u00adnista aiheutuu my\u00f6s CO2-p\u00e4\u00e4st\u00f6j\u00e4, kuten my\u00f6s bio\u00adhi\u00adilen kul\u00adje\u00adtuk\u00adses\u00adta lop\u00adpuasi\u00adakkaalle. Bio\u00adhi\u00adilen tuotan\u00adnon elinkaar\u00adi\u00adana\u00adlyysi (LCA) on erit\u00adt\u00e4in t\u00e4rke\u00e4\u00e4 bio\u00adhi\u00adilen tuotan\u00adnon ja k\u00e4yt\u00f6n kokon\u00adaiskest\u00e4vyyt\u00adt\u00e4 ja kan\u00adnat\u00adtavu\u00adut\u00adta arvioitaes\u00adsa sek\u00e4 bio\u00adhi\u00adil\u00adi\u00adtuot\u00adtei\u00adden markki\u00adnain\u00adfor\u00admaa\u00adtio\u00adta laa\u00addit\u00adtaes\u00adsa. Toisaal\u00adta bio\u00adhi\u00adilest\u00e4 jaloste\u00adtu\u00adista tuot\u00adteista mon\u00adet kor\u00advaa\u00advat fos\u00adsi\u00adil\u00adi\u00adsista raa\u00adka- aineista tehtyj\u00e4 tuot\u00adtei\u00adta ja siten pienen\u00adt\u00e4v\u00e4t kokon\u00adaishi\u00adilid\u00adiok\u00adsidip\u00e4\u00e4st\u00f6j\u00e4, lis\u00e4\u00e4v\u00e4t ymp\u00e4rist\u00f6te\u00adhokku\u00adut\u00adta ja edis\u00adt\u00e4v\u00e4t hiilen sidon\u00adtaa.<\/p>\n\n\n\n<h3 class=\"wp-block-heading\"><strong>TP6 KIERTOTALOUDEN RATKAISUT JA UUSI LIIKETOIMINTA<\/strong>, Business Joensuu<\/h3>\n\n\n\n<p>Bio\u00adhi\u00adilen tuotan\u00adto voidaan saa\u00adda kus\u00adtan\u00adnuste\u00adhokkaam\u00admak\u00adsi, jos investoin\u00adnit voidaan toteut\u00adtaa ns. brown field \u2013 investoin\u00adteina hy\u00f6dyt\u00adt\u00e4en ole\u00admas\u00adsa ole\u00advaa infra\u00adstruk\u00adtu\u00aduria tai liit\u00adt\u00e4m\u00e4l\u00adl\u00e4 tuotan\u00adto osana mui\u00adhin teol\u00adlisi\u00adin pros\u00ades\u00adsei\u00adhin ja raa\u00adka-ainevir\u00adtoi\u00adhin. Teolli\u00adnen sym\u00adbioosi voi syn\u00adty\u00e4 joko valmis\u00adtuk\u00adseen, jatko\u00adjalostuk\u00adseen tai lop\u00adputuot\u00adteen hy\u00f6\u00addyn\u00adt\u00e4miseen. Ty\u00f6\u00adpaket\u00adti keskit\u00adtyy n\u00e4i\u00adden mah\u00addol\u00adlisuuk\u00adsien kar\u00adtoit\u00adtamiseen ja analysoimiseen eri\u00adtyis\u00ades\u00adti alueel\u00adlis\u00ades\u00adta n\u00e4k\u00f6kul\u00admas\u00adta, tavoit\u00adteena alueel\u00adlisen bio\u00adhi\u00adileen erikois\u00adtuneen liike\u00adtoim\u00adintak\u00adlus\u00adterin syn\u00adnyt\u00adt\u00e4mi\u00adnen. Ty\u00f6\u00adpaketis\u00adsa analysoidaan teol\u00adliset tuotan\u00adtopaikat, jois\u00adsa joko nykyiset raa\u00adka-ainevir\u00adrat tai tuotan\u00adto\u00adpros\u00ades\u00adsit luo\u00advat edel\u00adly\u00adtyk\u00adset bio\u00adhi\u00adilen kus\u00adtan\u00adnuste\u00adhokkaalle tuotan\u00adnolle. Lop\u00adputuot\u00adtei\u00adden laatu\u00advaa\u00adtimusten ja tuotan\u00adto\u00adpros\u00adessin mah\u00addol\u00adlisuuk\u00adsien n\u00e4k\u00f6kul\u00admas\u00adta arvioidaan edel\u00adly\u00adtyk\u00adset ja tarve erikois\u00adtua bio\u00adhi\u00adilen tuotan\u00adnos\u00adsa eri\u00adlaisi\u00adin laa\u00adtu\u00adi\u00adhin. Ty\u00f6 tapah\u00adtuu ns. omana ty\u00f6n\u00e4, yri\u00adtysvierailu\u00adiden, neu\u00advot\u00adtelu\u00adiden ja muun taus\u00adtaty\u00f6n avul\u00adla.<\/p>\n\n\n\n<p>Ty\u00f6\u00adpaketis\u00adsa toteutetaan my\u00f6s eri\u00adlaisi\u00adin lop\u00adputuot\u00adteisi\u00adin t\u00e4ht\u00e4\u00e4vi\u00e4 pilot\u00adte\u00adja, jois\u00adsa arvioidaan tuote\u00adtun bio\u00adhi\u00adilen omi\u00adnaisuuk\u00adsia ja hy\u00f6\u00adtyj\u00e4 ko. k\u00e4yt\u00f6ss\u00e4 sek\u00e4 pro\u00adtoil\u00adlaan lop\u00adputuot\u00adteessa\/-palvelus\u00adsa tarvit\u00adtavia toimin\u00adnal\u00adlisia omi\u00adnaisuuk\u00adsia. Pilot\u00adtien tark\u00adka sis\u00e4lt\u00f6 m\u00e4\u00e4ritel\u00adl\u00e4\u00e4n yhdess\u00e4 han\u00adkkeen sidos\u00adryh\u00admien kanssa.<\/p>\n\n\n\n<p>Ota aiheen tiimoil\u00adta yhteyt\u00adt\u00e4 Timo Tah\u00advanaiseen tai Jonne Hir\u00advoseen Busi\u00adness Joen\u00adsu\u00adus\u00adta. <\/p>\n\n\n\n<h3 class=\"wp-block-heading\"><strong>TP7 BIOHIILIVIESTINT\u00c4<\/strong>, Karelia-ammattikorkeakoulu<\/h3>\n\n\n\n<p>Ty\u00f6\u00adpaket\u00adti keskit\u00adtyy vies\u00adtim\u00e4\u00e4n ty\u00f6\u00adpaket\u00adtien 1\u20136 eten\u00ade\u00admis\u00ades\u00adt\u00e4 ja tulok\u00adsista tehokkaasti l\u00e4pi koko han\u00adkkeen. P\u00e4\u00e4\u00adpaino viestin\u00adn\u00e4ss\u00e4 on viesti\u00e4 tulosten kaut\u00adta bio\u00adhi\u00adilen mah\u00addol\u00adlisuuk\u00adsista paikallisen tuotan\u00adnon n\u00e4k\u00f6kul\u00admas\u00adta ja lis\u00e4\u00e4m\u00e4\u00e4n tietoisu\u00adut\u00adta kaikil\u00adla niil\u00adl\u00e4 elinkei\u00adnoel\u00e4m\u00e4n sek\u00adtor\u00adeil\u00adla, joille bio\u00adhi\u00adili tar\u00adjoaa selkeit\u00e4 uusia mah\u00addol\u00adlisuuk\u00adsista. Ty\u00f6\u00adpaketin toteu\u00adtuk\u00adses\u00adsa k\u00e4ytet\u00e4\u00e4n kaikkia nykyaikaisia viestin\u00adn\u00e4n ty\u00f6kalu\u00adja.<\/p>\n\n\n\n<p>Ota aiheen tiimoil\u00adta yhteyt\u00adt\u00e4 Markus Hir\u00advoseen Kare\u00adlia-ammat\u00adtiko\u00adrkeak\u00adoul\u00adul\u00adta. <\/p>\n\n\n\n<h1 class=\"wp-block-heading\">Yhteystiedot<\/h1>\n\n\n\n<p><strong>Luon\u00adnon\u00adva\u00adrakeskus<\/strong> <a href=\"http:\/\/www.luke.fi\">www.luke.fi<\/a><br><strong>Lau\u00adri Sika\u00adnen<\/strong><br>+358 2 9532 2464 lauri.sikanen@luke.fi<\/p>\n\n\n\n<p><strong>It\u00e4-Suomen yliopis\u00adto<\/strong> <a href=\"http:\/\/www.uef.fi\">www.uef.fi<\/a><br><strong>Ari Pap\u00adpinen<\/strong><br>+359 50 438 2527 ari.pappinen@uef.fi<\/p>\n\n\n\n<p><strong>Busi\u00adness Joen\u00adsuu<\/strong> <a href=\"http:\/\/www.businessjoensuu.fi\">www.businessjoensuu.fi<\/a><br><strong>Timo Tah\u00advanainen<\/strong><br>+358 50 443 2950 timo.tahvanainen@businessjoensuu.fi<br><strong>Jonne Hir\u00advo\u00adnen<\/strong><br>+358 40 632 4999 jonne.hirvonen@businessjoensuu.fi<\/p>\n\n\n\n<p><strong>Kare\u00adlia-ammat\u00adtiko\u00adrkeak\u00adoulu<\/strong> <a href=\"http:\/\/www.karelia.fi\">www.karelia.fi<\/a><br><strong>Markus Hir\u00advo\u00adnen<\/strong><br>+358 50 315 6503 markus.hirvonen@karelia.fi<\/p>\n\n\n\n<figure class=\"wp-block-image size-large\"><img decoding=\"async\" src=\"https:\/\/hankkeet.karelia.fi\/blackgreen\/wp-content\/uploads\/sites\/71\/2026\/03\/blackgreenlogot-1024x174-1.jpg\" alt class=\"wp-image-65014\"><\/figure>\n","protected":false},"excerpt":{"rendered":"<p>Black\u00adGreen \u2013 Pohjois-Kar\u00ad\u00adjalan bio\u00adhi\u00adil\u00adio\u00adhjel\u00adma tuot\u00adtaa uut\u00adta ja jalostaa ole\u00admas\u00adsa ole\u00advaa bio\u00adhi\u00adil\u00adi\u00adti\u00adetoa Pohjois-Kar\u00ad\u00adjalan ja Suomen bio\u00adtaloussek\u00adtorin k\u00e4yt\u00adt\u00f6\u00f6n. Pohjois-Kar\u00ad\u00adjalas\u00ad\u00adta on muo\u00addos\u00adtu\u00admas\u00adsa merkit\u00adt\u00e4v\u00e4 mod\u00adernin reak\u00adti\u00adivisen hiilen tuotanto\u2011, tuoteke\u00adhi\u00ad\u00adtys- ja jatko\u00adjalostuskeskit\u00adtym\u00e4. T\u00e4l\u00adl\u00e4 han\u00adkkeel\u00adla tuote\u00adtaan tietoa tuot\u00adteista, markki\u00adnoista, valmis\u00adtuk\u00adsen pros\u00ades\u00adseista ja kest\u00e4vyy\u00addest\u00e4 sek\u00e4 raa\u00ad\u00adka-ainei\u00ad\u00adden ja tuot\u00adtei\u00adden logis\u00adti\u00adikas\u00adta. Han\u00adkkeen p\u00e4\u00e4\u00adpart\u00adne\u00adr\u00adi\u00adna toimii Luon\u00adnon\u00adva\u00adrakeskus ja han\u00adkkeen osato\u00adteut\u00adta\u00adjia It\u00e4-Suomen yliopis\u00adto, Busi\u00adness Joen\u00adsuu ja Kare\u00adlia-ammat\u00adtiko\u00adrkeak\u00adoulu [\u2026]<\/p>\n","protected":false},"author":0,"featured_media":17,"parent":0,"menu_order":0,"comment_status":"closed","ping_status":"closed","template":"","meta":{"inline_featured_image":false,"wp_typography_post_enhancements_disabled":false,"footnotes":""},"class_list":["post-21","page","type-page","status-publish","has-post-thumbnail","hentry"],"yoast_head":"<!-- This site is optimized with the Yoast SEO plugin v27.5 - https:\/\/yoast.com\/product\/yoast-seo-wordpress\/ -->\n<title>BlackGreen \u2013 Pohjois-Karjalan biohiiliohjelma - BlackGreen \u2013 Pohjois-Karjalan biohiiliohjelma<\/title>\n<meta name=\"robots\" content=\"index, follow, max-snippet:-1, max-image-preview:large, max-video-preview:-1\" \/>\n<link rel=\"canonical\" href=\"https:\/\/hankkeet.karelia.fi\/blackgreen\/\" \/>\n<meta property=\"og:locale\" content=\"fi_FI\" \/>\n<meta property=\"og:type\" content=\"article\" \/>\n<meta property=\"og:title\" content=\"BlackGreen \u2013 Pohjois-Karjalan biohiiliohjelma - BlackGreen \u2013 Pohjois-Karjalan biohiiliohjelma\" \/>\n<meta property=\"og:description\" content=\"Black\u00adGreen \u2013 Pohjois-Kar\u00adjalan bio\u00adhi\u00adil\u00adio\u00adhjel\u00adma tuot\u00adtaa uut\u00adta ja jalostaa ole\u00admas\u00adsa ole\u00advaa bio\u00adhi\u00adil\u00adi\u00adti\u00adetoa Pohjois-Kar\u00adjalan ja Suomen bio\u00adtaloussek\u00adtorin k\u00e4yt\u00adt\u00f6\u00f6n. Pohjois-Kar\u00adjalas\u00adta on muo\u00addos\u00adtu\u00admas\u00adsa merkit\u00adt\u00e4v\u00e4 mod\u00adernin reak\u00adti\u00adivisen hiilen tuotanto\u2011, tuoteke\u00adhi\u00adtys- ja jatko\u00adjalostuskeskit\u00adtym\u00e4. T\u00e4l\u00adl\u00e4 han\u00adkkeel\u00adla tuote\u00adtaan tietoa tuot\u00adteista, markki\u00adnoista, valmis\u00adtuk\u00adsen pros\u00ades\u00adseista ja kest\u00e4vyy\u00addest\u00e4 sek\u00e4 raa\u00adka-ainei\u00adden ja tuot\u00adtei\u00adden logis\u00adti\u00adikas\u00adta. Han\u00adkkeen p\u00e4\u00e4\u00adpart\u00adne\u00adr\u00adi\u00adna toimii Luon\u00adnon\u00adva\u00adrakeskus ja han\u00adkkeen osato\u00adteut\u00adta\u00adjia It\u00e4-Suomen yliopis\u00adto, Busi\u00adness Joen\u00adsuu ja Kare\u00adlia-ammat\u00adtiko\u00adrkeak\u00adoulu [&hellip;]\" \/>\n<meta property=\"og:url\" content=\"https:\/\/hankkeet.karelia.fi\/blackgreen\/\" \/>\n<meta property=\"og:site_name\" content=\"BlackGreen \u2013 Pohjois-Karjalan biohiiliohjelma\" \/>\n<meta name=\"twitter:card\" content=\"summary_large_image\" \/>\n<meta name=\"twitter:label1\" content=\"Arvioitu lukuaika\" \/>\n\t<meta name=\"twitter:data1\" content=\"5 minuuttia\" \/>\n<script type=\"application\/ld+json\" class=\"yoast-schema-graph\">{\"@context\":\"https:\\\/\\\/schema.org\",\"@graph\":[{\"@type\":\"WebPage\",\"@id\":\"https:\\\/\\\/hankkeet.karelia.fi\\\/blackgreen\\\/\",\"url\":\"https:\\\/\\\/hankkeet.karelia.fi\\\/blackgreen\\\/\",\"name\":\"BlackGreen \u2013 Pohjois-Karjalan biohiiliohjelma - BlackGreen \u2013 Pohjois-Karjalan biohiiliohjelma\",\"isPartOf\":{\"@id\":\"https:\\\/\\\/hankkeet.karelia.fi\\\/blackgreen\\\/#website\"},\"primaryImageOfPage\":{\"@id\":\"https:\\\/\\\/hankkeet.karelia.fi\\\/blackgreen\\\/#primaryimage\"},\"image\":{\"@id\":\"https:\\\/\\\/hankkeet.karelia.fi\\\/blackgreen\\\/#primaryimage\"},\"thumbnailUrl\":\"https:\\\/\\\/hankkeet.karelia.fi\\\/blackgreen\\\/wp-content\\\/uploads\\\/sites\\\/71\\\/2026\\\/03\\\/Joinbioerko_kuva5.jpg\",\"datePublished\":\"2026-03-17T13:59:51+00:00\",\"breadcrumb\":{\"@id\":\"https:\\\/\\\/hankkeet.karelia.fi\\\/blackgreen\\\/#breadcrumb\"},\"inLanguage\":\"fi\",\"potentialAction\":[{\"@type\":\"ReadAction\",\"target\":[\"https:\\\/\\\/hankkeet.karelia.fi\\\/blackgreen\\\/\"]}]},{\"@type\":\"ImageObject\",\"inLanguage\":\"fi\",\"@id\":\"https:\\\/\\\/hankkeet.karelia.fi\\\/blackgreen\\\/#primaryimage\",\"url\":\"https:\\\/\\\/hankkeet.karelia.fi\\\/blackgreen\\\/wp-content\\\/uploads\\\/sites\\\/71\\\/2026\\\/03\\\/Joinbioerko_kuva5.jpg\",\"contentUrl\":\"https:\\\/\\\/hankkeet.karelia.fi\\\/blackgreen\\\/wp-content\\\/uploads\\\/sites\\\/71\\\/2026\\\/03\\\/Joinbioerko_kuva5.jpg\",\"width\":922,\"height\":447},{\"@type\":\"BreadcrumbList\",\"@id\":\"https:\\\/\\\/hankkeet.karelia.fi\\\/blackgreen\\\/#breadcrumb\",\"itemListElement\":[{\"@type\":\"ListItem\",\"position\":1,\"name\":\"Home\",\"item\":\"https:\\\/\\\/hankkeet.karelia.fi\\\/blackgreen\\\/blackgreen-pohjois-karjalan-biohiiliohjelma\\\/\"},{\"@type\":\"ListItem\",\"position\":2,\"name\":\"BlackGreen \u2013 Pohjois-Karjalan biohiiliohjelma\"}]},{\"@type\":\"WebSite\",\"@id\":\"https:\\\/\\\/hankkeet.karelia.fi\\\/blackgreen\\\/#website\",\"url\":\"https:\\\/\\\/hankkeet.karelia.fi\\\/blackgreen\\\/\",\"name\":\"BlackGreen \u2013 Pohjois-Karjalan biohiiliohjelma\",\"description\":\"\",\"publisher\":{\"@id\":\"https:\\\/\\\/hankkeet.karelia.fi\\\/blackgreen\\\/#organization\"},\"potentialAction\":[{\"@type\":\"SearchAction\",\"target\":{\"@type\":\"EntryPoint\",\"urlTemplate\":\"https:\\\/\\\/hankkeet.karelia.fi\\\/blackgreen\\\/?s={search_term_string}\"},\"query-input\":{\"@type\":\"PropertyValueSpecification\",\"valueRequired\":true,\"valueName\":\"search_term_string\"}}],\"inLanguage\":\"fi\"},{\"@type\":\"Organization\",\"@id\":\"https:\\\/\\\/hankkeet.karelia.fi\\\/blackgreen\\\/#organization\",\"name\":\"BlackGreen \u2013 Pohjois-Karjalan biohiiliohjelma\",\"url\":\"https:\\\/\\\/hankkeet.karelia.fi\\\/blackgreen\\\/\",\"logo\":{\"@type\":\"ImageObject\",\"inLanguage\":\"fi\",\"@id\":\"https:\\\/\\\/hankkeet.karelia.fi\\\/blackgreen\\\/#\\\/schema\\\/logo\\\/image\\\/\",\"url\":\"https:\\\/\\\/hankkeet.karelia.fi\\\/blackgreen\\\/wp-content\\\/uploads\\\/sites\\\/71\\\/2026\\\/03\\\/cropped-cropped-Karelia_AMK_logo_RGB-1.png\",\"contentUrl\":\"https:\\\/\\\/hankkeet.karelia.fi\\\/blackgreen\\\/wp-content\\\/uploads\\\/sites\\\/71\\\/2026\\\/03\\\/cropped-cropped-Karelia_AMK_logo_RGB-1.png\",\"width\":427,\"height\":116,\"caption\":\"BlackGreen \u2013 Pohjois-Karjalan biohiiliohjelma\"},\"image\":{\"@id\":\"https:\\\/\\\/hankkeet.karelia.fi\\\/blackgreen\\\/#\\\/schema\\\/logo\\\/image\\\/\"}}]}<\/script>\n<!-- \/ Yoast SEO plugin. -->","yoast_head_json":{"title":"BlackGreen \u2013 Pohjois-Karjalan biohiiliohjelma - BlackGreen \u2013 Pohjois-Karjalan biohiiliohjelma","robots":{"index":"index","follow":"follow","max-snippet":"max-snippet:-1","max-image-preview":"max-image-preview:large","max-video-preview":"max-video-preview:-1"},"canonical":"https:\/\/hankkeet.karelia.fi\/blackgreen\/","og_locale":"fi_FI","og_type":"article","og_title":"BlackGreen \u2013 Pohjois-Karjalan biohiiliohjelma - BlackGreen \u2013 Pohjois-Karjalan biohiiliohjelma","og_description":"Black\u00adGreen \u2013 Pohjois-Kar\u00adjalan bio\u00adhi\u00adil\u00adio\u00adhjel\u00adma tuot\u00adtaa uut\u00adta ja jalostaa ole\u00admas\u00adsa ole\u00advaa bio\u00adhi\u00adil\u00adi\u00adti\u00adetoa Pohjois-Kar\u00adjalan ja Suomen bio\u00adtaloussek\u00adtorin k\u00e4yt\u00adt\u00f6\u00f6n. Pohjois-Kar\u00adjalas\u00adta on muo\u00addos\u00adtu\u00admas\u00adsa merkit\u00adt\u00e4v\u00e4 mod\u00adernin reak\u00adti\u00adivisen hiilen tuotanto\u2011, tuoteke\u00adhi\u00adtys- ja jatko\u00adjalostuskeskit\u00adtym\u00e4. T\u00e4l\u00adl\u00e4 han\u00adkkeel\u00adla tuote\u00adtaan tietoa tuot\u00adteista, markki\u00adnoista, valmis\u00adtuk\u00adsen pros\u00ades\u00adseista ja kest\u00e4vyy\u00addest\u00e4 sek\u00e4 raa\u00adka-ainei\u00adden ja tuot\u00adtei\u00adden logis\u00adti\u00adikas\u00adta. Han\u00adkkeen p\u00e4\u00e4\u00adpart\u00adne\u00adr\u00adi\u00adna toimii Luon\u00adnon\u00adva\u00adrakeskus ja han\u00adkkeen osato\u00adteut\u00adta\u00adjia It\u00e4-Suomen yliopis\u00adto, Busi\u00adness Joen\u00adsuu ja Kare\u00adlia-ammat\u00adtiko\u00adrkeak\u00adoulu [&hellip;]","og_url":"https:\/\/hankkeet.karelia.fi\/blackgreen\/","og_site_name":"BlackGreen \u2013 Pohjois-Karjalan biohiiliohjelma","twitter_card":"summary_large_image","twitter_misc":{"Arvioitu lukuaika":"5 minuuttia"},"schema":{"@context":"https:\/\/schema.org","@graph":[{"@type":"WebPage","@id":"https:\/\/hankkeet.karelia.fi\/blackgreen\/","url":"https:\/\/hankkeet.karelia.fi\/blackgreen\/","name":"BlackGreen \u2013 Pohjois-Karjalan biohiiliohjelma - BlackGreen \u2013 Pohjois-Karjalan biohiiliohjelma","isPartOf":{"@id":"https:\/\/hankkeet.karelia.fi\/blackgreen\/#website"},"primaryImageOfPage":{"@id":"https:\/\/hankkeet.karelia.fi\/blackgreen\/#primaryimage"},"image":{"@id":"https:\/\/hankkeet.karelia.fi\/blackgreen\/#primaryimage"},"thumbnailUrl":"https:\/\/hankkeet.karelia.fi\/blackgreen\/wp-content\/uploads\/sites\/71\/2026\/03\/Joinbioerko_kuva5.jpg","datePublished":"2026-03-17T13:59:51+00:00","breadcrumb":{"@id":"https:\/\/hankkeet.karelia.fi\/blackgreen\/#breadcrumb"},"inLanguage":"fi","potentialAction":[{"@type":"ReadAction","target":["https:\/\/hankkeet.karelia.fi\/blackgreen\/"]}]},{"@type":"ImageObject","inLanguage":"fi","@id":"https:\/\/hankkeet.karelia.fi\/blackgreen\/#primaryimage","url":"https:\/\/hankkeet.karelia.fi\/blackgreen\/wp-content\/uploads\/sites\/71\/2026\/03\/Joinbioerko_kuva5.jpg","contentUrl":"https:\/\/hankkeet.karelia.fi\/blackgreen\/wp-content\/uploads\/sites\/71\/2026\/03\/Joinbioerko_kuva5.jpg","width":922,"height":447},{"@type":"BreadcrumbList","@id":"https:\/\/hankkeet.karelia.fi\/blackgreen\/#breadcrumb","itemListElement":[{"@type":"ListItem","position":1,"name":"Home","item":"https:\/\/hankkeet.karelia.fi\/blackgreen\/blackgreen-pohjois-karjalan-biohiiliohjelma\/"},{"@type":"ListItem","position":2,"name":"BlackGreen \u2013 Pohjois-Karjalan biohiiliohjelma"}]},{"@type":"WebSite","@id":"https:\/\/hankkeet.karelia.fi\/blackgreen\/#website","url":"https:\/\/hankkeet.karelia.fi\/blackgreen\/","name":"BlackGreen \u2013 Pohjois-Karjalan biohiiliohjelma","description":"","publisher":{"@id":"https:\/\/hankkeet.karelia.fi\/blackgreen\/#organization"},"potentialAction":[{"@type":"SearchAction","target":{"@type":"EntryPoint","urlTemplate":"https:\/\/hankkeet.karelia.fi\/blackgreen\/?s={search_term_string}"},"query-input":{"@type":"PropertyValueSpecification","valueRequired":true,"valueName":"search_term_string"}}],"inLanguage":"fi"},{"@type":"Organization","@id":"https:\/\/hankkeet.karelia.fi\/blackgreen\/#organization","name":"BlackGreen \u2013 Pohjois-Karjalan biohiiliohjelma","url":"https:\/\/hankkeet.karelia.fi\/blackgreen\/","logo":{"@type":"ImageObject","inLanguage":"fi","@id":"https:\/\/hankkeet.karelia.fi\/blackgreen\/#\/schema\/logo\/image\/","url":"https:\/\/hankkeet.karelia.fi\/blackgreen\/wp-content\/uploads\/sites\/71\/2026\/03\/cropped-cropped-Karelia_AMK_logo_RGB-1.png","contentUrl":"https:\/\/hankkeet.karelia.fi\/blackgreen\/wp-content\/uploads\/sites\/71\/2026\/03\/cropped-cropped-Karelia_AMK_logo_RGB-1.png","width":427,"height":116,"caption":"BlackGreen \u2013 Pohjois-Karjalan biohiiliohjelma"},"image":{"@id":"https:\/\/hankkeet.karelia.fi\/blackgreen\/#\/schema\/logo\/image\/"}}]}},"_links":{"self":[{"href":"https:\/\/hankkeet.karelia.fi\/blackgreen\/wp-json\/wp\/v2\/pages\/21","targetHints":{"allow":["GET"]}}],"collection":[{"href":"https:\/\/hankkeet.karelia.fi\/blackgreen\/wp-json\/wp\/v2\/pages"}],"about":[{"href":"https:\/\/hankkeet.karelia.fi\/blackgreen\/wp-json\/wp\/v2\/types\/page"}],"replies":[{"embeddable":true,"href":"https:\/\/hankkeet.karelia.fi\/blackgreen\/wp-json\/wp\/v2\/comments?post=21"}],"version-history":[{"count":0,"href":"https:\/\/hankkeet.karelia.fi\/blackgreen\/wp-json\/wp\/v2\/pages\/21\/revisions"}],"wp:featuredmedia":[{"embeddable":true,"href":"https:\/\/hankkeet.karelia.fi\/blackgreen\/wp-json\/wp\/v2\/media\/17"}],"wp:attachment":[{"href":"https:\/\/hankkeet.karelia.fi\/blackgreen\/wp-json\/wp\/v2\/media?parent=21"}],"curies":[{"name":"wp","href":"https:\/\/api.w.org\/{rel}","templated":true}]}}