{"id":20,"date":"2026-03-17T14:12:19","date_gmt":"2026-03-17T12:12:19","guid":{"rendered":"https:\/\/hankkeet.karelia.fi\/climate-change-and-healthy-ageing-co-creating-e-learning-for-resilience-and-adaptation\/climate-change-and-healthy-ageing-co-creating-e-learning-for-resilience-and-adaptation\/"},"modified":"2026-03-17T14:12:19","modified_gmt":"2026-03-17T12:12:19","slug":"climate-change-and-healthy-ageing-co-creating-e-learning-for-resilience-and-adaptation","status":"publish","type":"page","link":"https:\/\/hankkeet.karelia.fi\/climate-change-and-healthy-ageing-co-creating-e-learning-for-resilience-and-adaptation\/","title":{"rendered":"Climate change and healthy AgeinG: co-creating E\u2011learning for resilience and adaptation"},"content":{"rendered":"\n<figure class=\"wp-block-image size-full is-resized\"><img decoding=\"async\" src=\"https:\/\/hankkeet.karelia.fi\/climate-change-and-healthy-ageing-co-creating-e-learning-for-resilience-and-adaptation\/wp-content\/uploads\/sites\/58\/2026\/03\/change_logopalkki.jpg\" alt class=\"wp-image-76198\" style=\"width:766px;height:auto\"><\/figure>\n\n\n\n<p>Ilmas\u00adton\u00admuu\u00adtok\u00adses\u00adta johtu\u00advat \u00e4\u00e4rim\u00adm\u00e4iset s\u00e4\u00e4ilmi\u00f6t aiheut\u00adta\u00advat ter\u00adveysriske\u00adj\u00e4 ja ongelmia ik\u00e4\u00e4n\u00adtyv\u00e4lle v\u00e4est\u00f6lle. Esimerkik\u00adsi helle\u00adjak\u00adsot vaikut\u00adta\u00advat infek\u00adtioiden ja kuolleisu\u00adu\u00adden lis\u00e4\u00e4n\u00adtymiseen.<br><br>Kolme\u00advuo\u00adtises\u00adsa Eras\u00admus+ (Euroopan Komis\u00adsio) \u2011rahoit\u00adteises\u00adsa chAnGE-han\u00adkkeessa suun\u00adnitel\u00adlaan, toteutetaan ja arvioidaan ilmas\u00adton\u00admuu\u00adtok\u00adses\u00adta ik\u00e4ih\u00admisille aiheutu\u00advien ter\u00adveysriskien ennakoimiseen ja hallintaan liit\u00adtyvi\u00e4 sosi\u00adaali- ja ter\u00adveysalan ammat\u00adti\u00adlais\u00adten ja opiske\u00adli\u00adjoiden osaamista vahvis\u00adtavia mikro-opin\u00adto\u00adjak\u00adso\u00adja. Han\u00adkkeessa on mukana korkeak\u00adoulu\u00adja, ammat\u00adtiop\u00adpi\u00adlaitok\u00adsia sek\u00e4 sote-alan organ\u00adisaa\u00adtioi\u00adta Irlan\u00adnista, It\u00e4\u00adval\u00adlas\u00adta, Kreikas\u00adta, Por\u00adtu\u00adgal\u00adista ja Suomes\u00adta. Han\u00adket\u00adta koordi\u00adnoi Uni\u00adver\u00adsi\u00adty Col\u00adlege of Cork Irlan\u00adnista. Han\u00adkkeen suo\u00adma\u00adlaiset toim\u00adi\u00adjat ovat Kare\u00adlia-ammat\u00adtiko\u00adrkeak\u00adoulu ja Pohjois-Kar\u00adjalan koulu\u00adtuskun\u00adtay\u00adhtym\u00e4 Rive\u00adria. Kare\u00adlias\u00adta han\u00adkkeeseen osal\u00adlis\u00adtuu sosi\u00adaali- ja ter\u00adveysalan ja ener\u00adgia- ja ymp\u00e4rist\u00f6tekni\u00adikan asiantun\u00adti\u00adjoi\u00adta.<br><br>Pro\u00adjek\u00adtin tavoit\u00adteena on<br>- yhteiske\u00adhit\u00adt\u00e4\u00e4 yhteen\u00ads\u00e4 viisi\u00adtoista 0,5\u20132 opin\u00adtopis\u00adteen laa\u00adjuista mikro-oppimiskokon\u00adaisu\u00adut\u00adta sosi\u00adaali- ja ter\u00adveysalan ty\u00f6n\u00adtek\u00adi\u00adj\u00f6ille, jot\u00adka suun\u00adnit\u00adtel\u00ade\u00advat ja toteut\u00adta\u00advat ik\u00e4ih\u00admis\u00adten hoito- ja hoiva\u00adpalvelu\u00adja, sek\u00e4 ammat\u00adtiko\u00adrkeak\u00adoulu\u00adjen ja ammatil\u00adlis\u00adten oppi\u00adlaitosten opiske\u00adli\u00adjoille. Tavoit\u00adteena on vahvis\u00adtaa hei\u00add\u00e4n osaamis\u00adtaan huomioi\u00adda ilmas\u00adton\u00admuu\u00adtok\u00adseen liit\u00adtyvi\u00e4 asioi\u00adta ty\u00f6ss\u00e4\u00e4n.<br>- voimaan\u00adnut\u00adtaa sosi\u00adaali- ja ter\u00adveysalan ammat\u00adti\u00adlaisia paikallisik\u00adsi ilmas\u00adton\u00admuu\u00adtok\u00adseen sopeu\u00adtu\u00admisen edel\u00adl\u00e4k\u00e4vi\u00adj\u00f6ik\u00adsi,<br>- vahvis\u00adtaa korkeak\u00adoulu\u00adjen, ammat\u00adtiop\u00adpi\u00adlaitosten ja sosi\u00adaali- ja ter\u00adveysalan organ\u00adisaa\u00adtioiden yhteisty\u00f6\u00adsuhtei\u00adta ja osaamisen yhteiske\u00adhit\u00adt\u00e4mist\u00e4,<br>- tukea korkeak\u00adoulu\u00adja ja ammatil\u00adlisia oppi\u00adlaitok\u00adsia koulu\u00adtus\u00adtar\u00adjon\u00adnan uud\u00adis\u00adtamises\u00adsa ja tukea oppi\u00adjoiden siir\u00adtymist\u00e4 korkeak\u00adoului\u00adhin sek\u00e4<br>- rak\u00aden\u00adtaa yht\u00aden\u00e4i\u00adnen mikro-oppimiskokon\u00adaisuuk\u00adsien tun\u00adnistamisen viiteke\u00adhys (yleis\u00ades\u00adti kaikki\u00adin teemoi\u00adhin ja oppi\u00adjaryh\u00admi\u00adin), jota voidaan hy\u00f6\u00addyn\u00adt\u00e4\u00e4 korkeak\u00adouluis\u00adsa ja ammatil\u00adlises\u00adsa koulu\u00adtuk\u00adses\u00adsa ymp\u00e4ri Euroop\u00adpaa.<br><br>Kolme\u00advuo\u00adtisen pro\u00adjek\u00adtin toim\u00adinta on organ\u00adisoitu nelj\u00e4\u00e4n ty\u00f6\u00adpaket\u00adti\u00adin:<br>1. Pro\u00adjek\u00adtin koordi\u00adnoin\u00adti ja seu\u00adran\u00adta<br>2. Sis\u00e4l\u00adl\u00f6n\u00adtuotan\u00adto, dig\u00adi\u00adtal\u00adisoin\u00adti, pilo\u00adtoin\u00adti ja mikro-oppimiskokon\u00adaisuuk\u00adsien ser\u00adti\u00adfioin\u00adti<br>3. Toteut\u00adta\u00admi\u00adnen, seu\u00adran\u00adta ja arvioin\u00adti<br>4. Viestin\u00adt\u00e4 ja tulosten levit\u00adt\u00e4mi\u00adnen.<br><br>Tulok\u00adset:<br><br>Pro\u00adjek\u00adtis\u00adsa kehitet\u00adt\u00e4v\u00e4\u00e4 koulu\u00adtus\u00adtar\u00adjon\u00adtaa raken\u00adnetaan yhdess\u00e4 sosi\u00adaali- ja ter\u00adveysalan toim\u00adi\u00adjoiden ja ik\u00e4ih\u00admis\u00adten kanssa osal\u00adlis\u00adtavia menetelmi\u00e4 soveltaen. Mikro-oppimiskokon\u00adaisu\u00adudet suun\u00adnitel\u00adlaan vuorovaikut\u00adteisik\u00adsi ja saavutet\u00adtaviksi, ja niit\u00e4 tar\u00adjo\u00adtaan 500\u20111000 sosi\u00adaali- ja ter\u00adveysalan ammat\u00adti\u00adlaiselle sek\u00e4 ammat\u00adti\u00adin opiskel\u00ade\u00advalle. Koulu\u00adtuk\u00adset suun\u00adnitel\u00adlaan euroop\u00adpalaisen EQF-viiteke\u00adhyk\u00adsen tasoille 4\u20136, mik\u00e4 tarkoit\u00adtaa ammatil\u00adlista koulu\u00adtus\u00adta, erikoisam\u00admat\u00adti\u00adtutk\u00adin\u00adto\u00adja sek\u00e4 ammat\u00adtiko\u00adrkeak\u00adoulu\u00adtutk\u00adin\u00adto\u00adja. Koulu\u00adtusten pilo\u00adtoin\u00adti\u00advai\u00adheessa ker\u00e4t\u00e4\u00e4n oppi\u00adjoil\u00adta palautet\u00adta ja tietoa tuen tarpeista, k\u00e4ytet\u00adt\u00e4vyy\u00addest\u00e4 ja oppimisen tehokku\u00adud\u00ades\u00adta.<br><br>Kare\u00adlia vas\u00adtaa kol\u00admen mikro-oppimiskokon\u00adaisu\u00adu\u00adden toteut\u00adtamis\u00ades\u00adta. N\u00e4i\u00adden lis\u00e4k\u00adsi kaik\u00adki muiden han\u00adkekump\u00adpanei\u00adden tuot\u00adta\u00admat mikro-oppimiskokon\u00adaisu\u00adudet ovat jatkos\u00adsa suo\u00adma\u00adlais\u00adten toim\u00adi\u00adjoiden k\u00e4yt\u00f6ss\u00e4.<\/p>\n\n\n\n<div class=\"wp-block-buttons is-layout-flex wp-block-buttons-is-layout-flex\">\n<div class=\"wp-block-button is-style-outline is-style-outline--1\"><a class=\"wp-block-button__link wp-element-button\" href=\"https:\/\/forschung.fh-kaernten.at\/change\/\">Siir\u00adry Change-pro\u00adjek\u00adtin sivus\u00adtolle<\/a><\/div>\n<\/div>\n\n\n\n<h2 class=\"wp-block-heading\">Ajankohtaista<\/h2>\n\n\n\n<ul class=\"wp-block-list\">\n<li><a href=\"https:\/\/www.karelia.fi\/wp-content\/uploads\/2024\/11\/chAnGE-mikro-opinnot-ennakkotieto-11-2024.pdf\">mikro-opin\u00adnot, ennakkoti\u00adeto<\/a><\/li>\n\n\n\n<li><a href=\"https:\/\/www.karelia.fi\/wp-content\/uploads\/2024\/11\/CHANGE-uutiskirje-2.pdf\">uutiskir\u00adje 2<\/a><\/li>\n\n\n\n<li><a href=\"https:\/\/www.karelia.fi\/wp-content\/uploads\/2024\/11\/Change_webinaarisarja-2025.pdf\">webi\u00adnaaris\u00adar\u00adja 2025<\/a><\/li>\n<\/ul>\n\n\n\n<h2 class=\"wp-block-heading\">Projektin kesto<\/h2>\n\n\n\n<p>1.10.2023 \u2014 30.9.2026<\/p>\n\n\n\n<h2 class=\"wp-block-heading\">Projektip\u00e4\u00e4llikk\u00f6<\/h2>\n\n\n\n<p><strong>Outi Sulopuis\u00adto<\/strong><br>Outi.Sulopuisto(a)karelia.fi<\/p>\n\n\n\n<h2 class=\"wp-block-heading\">Rahoitus<\/h2>\n\n\n\n<p>Eras\u00admus+<\/p>\n\n\n\n<figure class=\"wp-block-image size-full\"><img decoding=\"async\" src=\"https:\/\/hankkeet.karelia.fi\/climate-change-and-healthy-ageing-co-creating-e-learning-for-resilience-and-adaptation\/wp-content\/uploads\/sites\/58\/2026\/03\/change_kk_logot-1.jpg\" alt class=\"wp-image-76199\"><\/figure>\n","protected":false},"excerpt":{"rendered":"<p>Ilmas\u00adton\u00admuu\u00adtok\u00adses\u00adta johtu\u00advat \u00e4\u00e4rim\u00adm\u00e4iset s\u00e4\u00e4ilmi\u00f6t aiheut\u00adta\u00advat ter\u00adveysriske\u00adj\u00e4 ja ongelmia ik\u00e4\u00e4n\u00adtyv\u00e4lle v\u00e4est\u00f6lle. Esimerkik\u00adsi helle\u00adjak\u00adsot vaikut\u00adta\u00advat infek\u00adtioiden ja kuolleisu\u00adu\u00adden lis\u00e4\u00e4n\u00adtymiseen. Kolme\u00advuo\u00adtises\u00adsa Eras\u00admus+ (Euroopan Komis\u00adsio) \u2011rahoit\u00adteises\u00adsa chAnGE-han\u00adk\u00adkeessa suun\u00adnitel\u00adlaan, toteutetaan ja arvioidaan ilmas\u00adton\u00admuu\u00adtok\u00adses\u00adta ik\u00e4ih\u00admisille aiheutu\u00advien ter\u00adveysriskien ennakoimiseen ja hallintaan liit\u00adtyvi\u00e4 sosi\u00adaali- ja ter\u00adveysalan ammat\u00adti\u00adlais\u00adten ja opiske\u00adli\u00adjoiden osaamista vahvis\u00adtavia mikro-opin\u00ad\u00adto\u00ad\u00adjak\u00ad\u00adso\u00ad\u00adja. Han\u00adkkeessa on mukana korkeak\u00adoulu\u00adja, ammat\u00adtiop\u00adpi\u00adlaitok\u00adsia sek\u00e4 sote-alan organ\u00adisaa\u00adtioi\u00adta Irlan\u00adnista, It\u00e4\u00adval\u00adlas\u00adta, Kreikas\u00adta, [\u2026]<\/p>\n","protected":false},"author":0,"featured_media":17,"parent":0,"menu_order":0,"comment_status":"closed","ping_status":"closed","template":"","meta":{"inline_featured_image":false,"wp_typography_post_enhancements_disabled":false,"footnotes":""},"class_list":["post-20","page","type-page","status-publish","has-post-thumbnail","hentry"],"yoast_head":"<!-- This site is optimized with the Yoast SEO plugin v27.5 - https:\/\/yoast.com\/product\/yoast-seo-wordpress\/ -->\n<title>Climate change and healthy AgeinG: co-creating E-learning for resilience and adaptation - Climate change and healthy AgeinG: co-creating E-learning for resilience and adaptation<\/title>\n<meta name=\"robots\" content=\"index, follow, max-snippet:-1, max-image-preview:large, max-video-preview:-1\" \/>\n<link rel=\"canonical\" href=\"https:\/\/hankkeet.karelia.fi\/climate-change-and-healthy-ageing-co-creating-e-learning-for-resilience-and-adaptation\/\" \/>\n<meta property=\"og:locale\" content=\"fi_FI\" \/>\n<meta property=\"og:type\" content=\"article\" \/>\n<meta property=\"og:title\" content=\"Climate change and healthy AgeinG: co-creating E-learning for resilience and adaptation - Climate change and healthy AgeinG: co-creating E-learning for resilience and adaptation\" \/>\n<meta property=\"og:description\" content=\"Ilmas\u00adton\u00admuu\u00adtok\u00adses\u00adta johtu\u00advat \u00e4\u00e4rim\u00adm\u00e4iset s\u00e4\u00e4ilmi\u00f6t aiheut\u00adta\u00advat ter\u00adveysriske\u00adj\u00e4 ja ongelmia ik\u00e4\u00e4n\u00adtyv\u00e4lle v\u00e4est\u00f6lle. Esimerkik\u00adsi helle\u00adjak\u00adsot vaikut\u00adta\u00advat infek\u00adtioiden ja kuolleisu\u00adu\u00adden lis\u00e4\u00e4n\u00adtymiseen. Kolme\u00advuo\u00adtises\u00adsa Eras\u00admus+ (Euroopan Komis\u00adsio) \u2011rahoit\u00adteises\u00adsa chAnGE-han\u00adkkeessa suun\u00adnitel\u00adlaan, toteutetaan ja arvioidaan ilmas\u00adton\u00admuu\u00adtok\u00adses\u00adta ik\u00e4ih\u00admisille aiheutu\u00advien ter\u00adveysriskien ennakoimiseen ja hallintaan liit\u00adtyvi\u00e4 sosi\u00adaali- ja ter\u00adveysalan ammat\u00adti\u00adlais\u00adten ja opiske\u00adli\u00adjoiden osaamista vahvis\u00adtavia mikro-opin\u00adto\u00adjak\u00adso\u00adja. Han\u00adkkeessa on mukana korkeak\u00adoulu\u00adja, ammat\u00adtiop\u00adpi\u00adlaitok\u00adsia sek\u00e4 sote-alan organ\u00adisaa\u00adtioi\u00adta Irlan\u00adnista, It\u00e4\u00adval\u00adlas\u00adta, Kreikas\u00adta, [&hellip;]\" \/>\n<meta property=\"og:url\" content=\"https:\/\/hankkeet.karelia.fi\/climate-change-and-healthy-ageing-co-creating-e-learning-for-resilience-and-adaptation\/\" \/>\n<meta property=\"og:site_name\" content=\"Climate change and healthy AgeinG: co-creating E-learning for resilience and adaptation\" \/>\n<meta name=\"twitter:card\" content=\"summary_large_image\" \/>\n<meta name=\"twitter:label1\" content=\"Arvioitu lukuaika\" \/>\n\t<meta name=\"twitter:data1\" content=\"2 minuuttia\" \/>\n<script type=\"application\/ld+json\" class=\"yoast-schema-graph\">{\"@context\":\"https:\\\/\\\/schema.org\",\"@graph\":[{\"@type\":\"WebPage\",\"@id\":\"https:\\\/\\\/hankkeet.karelia.fi\\\/climate-change-and-healthy-ageing-co-creating-e-learning-for-resilience-and-adaptation\\\/\",\"url\":\"https:\\\/\\\/hankkeet.karelia.fi\\\/climate-change-and-healthy-ageing-co-creating-e-learning-for-resilience-and-adaptation\\\/\",\"name\":\"Climate change and healthy AgeinG: co-creating E-learning for resilience and adaptation - Climate change and healthy AgeinG: co-creating E-learning for resilience and adaptation\",\"isPartOf\":{\"@id\":\"https:\\\/\\\/hankkeet.karelia.fi\\\/climate-change-and-healthy-ageing-co-creating-e-learning-for-resilience-and-adaptation\\\/#website\"},\"primaryImageOfPage\":{\"@id\":\"https:\\\/\\\/hankkeet.karelia.fi\\\/climate-change-and-healthy-ageing-co-creating-e-learning-for-resilience-and-adaptation\\\/#primaryimage\"},\"image\":{\"@id\":\"https:\\\/\\\/hankkeet.karelia.fi\\\/climate-change-and-healthy-ageing-co-creating-e-learning-for-resilience-and-adaptation\\\/#primaryimage\"},\"thumbnailUrl\":\"https:\\\/\\\/hankkeet.karelia.fi\\\/climate-change-and-healthy-ageing-co-creating-e-learning-for-resilience-and-adaptation\\\/wp-content\\\/uploads\\\/sites\\\/58\\\/2026\\\/03\\\/ikaosaaminen-2.jpg\",\"datePublished\":\"2026-03-17T12:12:19+00:00\",\"breadcrumb\":{\"@id\":\"https:\\\/\\\/hankkeet.karelia.fi\\\/climate-change-and-healthy-ageing-co-creating-e-learning-for-resilience-and-adaptation\\\/#breadcrumb\"},\"inLanguage\":\"fi\",\"potentialAction\":[{\"@type\":\"ReadAction\",\"target\":[\"https:\\\/\\\/hankkeet.karelia.fi\\\/climate-change-and-healthy-ageing-co-creating-e-learning-for-resilience-and-adaptation\\\/\"]}]},{\"@type\":\"ImageObject\",\"inLanguage\":\"fi\",\"@id\":\"https:\\\/\\\/hankkeet.karelia.fi\\\/climate-change-and-healthy-ageing-co-creating-e-learning-for-resilience-and-adaptation\\\/#primaryimage\",\"url\":\"https:\\\/\\\/hankkeet.karelia.fi\\\/climate-change-and-healthy-ageing-co-creating-e-learning-for-resilience-and-adaptation\\\/wp-content\\\/uploads\\\/sites\\\/58\\\/2026\\\/03\\\/ikaosaaminen-2.jpg\",\"contentUrl\":\"https:\\\/\\\/hankkeet.karelia.fi\\\/climate-change-and-healthy-ageing-co-creating-e-learning-for-resilience-and-adaptation\\\/wp-content\\\/uploads\\\/sites\\\/58\\\/2026\\\/03\\\/ikaosaaminen-2.jpg\",\"width\":1260,\"height\":642},{\"@type\":\"BreadcrumbList\",\"@id\":\"https:\\\/\\\/hankkeet.karelia.fi\\\/climate-change-and-healthy-ageing-co-creating-e-learning-for-resilience-and-adaptation\\\/#breadcrumb\",\"itemListElement\":[{\"@type\":\"ListItem\",\"position\":1,\"name\":\"Home\",\"item\":\"https:\\\/\\\/hankkeet.karelia.fi\\\/climate-change-and-healthy-ageing-co-creating-e-learning-for-resilience-and-adaptation\\\/climate-change-and-healthy-ageing-co-creating-e-learning-for-resilience-and-adaptation\\\/\"},{\"@type\":\"ListItem\",\"position\":2,\"name\":\"Climate change and healthy AgeinG: co-creating E-learning for resilience and adaptation\"}]},{\"@type\":\"WebSite\",\"@id\":\"https:\\\/\\\/hankkeet.karelia.fi\\\/climate-change-and-healthy-ageing-co-creating-e-learning-for-resilience-and-adaptation\\\/#website\",\"url\":\"https:\\\/\\\/hankkeet.karelia.fi\\\/climate-change-and-healthy-ageing-co-creating-e-learning-for-resilience-and-adaptation\\\/\",\"name\":\"Climate change and healthy AgeinG: co-creating E-learning for resilience and adaptation\",\"description\":\"\",\"publisher\":{\"@id\":\"https:\\\/\\\/hankkeet.karelia.fi\\\/climate-change-and-healthy-ageing-co-creating-e-learning-for-resilience-and-adaptation\\\/#organization\"},\"potentialAction\":[{\"@type\":\"SearchAction\",\"target\":{\"@type\":\"EntryPoint\",\"urlTemplate\":\"https:\\\/\\\/hankkeet.karelia.fi\\\/climate-change-and-healthy-ageing-co-creating-e-learning-for-resilience-and-adaptation\\\/?s={search_term_string}\"},\"query-input\":{\"@type\":\"PropertyValueSpecification\",\"valueRequired\":true,\"valueName\":\"search_term_string\"}}],\"inLanguage\":\"fi\"},{\"@type\":\"Organization\",\"@id\":\"https:\\\/\\\/hankkeet.karelia.fi\\\/climate-change-and-healthy-ageing-co-creating-e-learning-for-resilience-and-adaptation\\\/#organization\",\"name\":\"Climate change and healthy AgeinG: co-creating E-learning for resilience and adaptation\",\"url\":\"https:\\\/\\\/hankkeet.karelia.fi\\\/climate-change-and-healthy-ageing-co-creating-e-learning-for-resilience-and-adaptation\\\/\",\"logo\":{\"@type\":\"ImageObject\",\"inLanguage\":\"fi\",\"@id\":\"https:\\\/\\\/hankkeet.karelia.fi\\\/climate-change-and-healthy-ageing-co-creating-e-learning-for-resilience-and-adaptation\\\/#\\\/schema\\\/logo\\\/image\\\/\",\"url\":\"https:\\\/\\\/hankkeet.karelia.fi\\\/climate-change-and-healthy-ageing-co-creating-e-learning-for-resilience-and-adaptation\\\/wp-content\\\/uploads\\\/sites\\\/58\\\/2026\\\/03\\\/cropped-cropped-Karelia_AMK_logo_RGB-1.png\",\"contentUrl\":\"https:\\\/\\\/hankkeet.karelia.fi\\\/climate-change-and-healthy-ageing-co-creating-e-learning-for-resilience-and-adaptation\\\/wp-content\\\/uploads\\\/sites\\\/58\\\/2026\\\/03\\\/cropped-cropped-Karelia_AMK_logo_RGB-1.png\",\"width\":427,\"height\":116,\"caption\":\"Climate change and healthy AgeinG: co-creating E-learning for resilience and adaptation\"},\"image\":{\"@id\":\"https:\\\/\\\/hankkeet.karelia.fi\\\/climate-change-and-healthy-ageing-co-creating-e-learning-for-resilience-and-adaptation\\\/#\\\/schema\\\/logo\\\/image\\\/\"}}]}<\/script>\n<!-- \/ Yoast SEO plugin. -->","yoast_head_json":{"title":"Climate change and healthy AgeinG: co-creating E-learning for resilience and adaptation - Climate change and healthy AgeinG: co-creating E-learning for resilience and adaptation","robots":{"index":"index","follow":"follow","max-snippet":"max-snippet:-1","max-image-preview":"max-image-preview:large","max-video-preview":"max-video-preview:-1"},"canonical":"https:\/\/hankkeet.karelia.fi\/climate-change-and-healthy-ageing-co-creating-e-learning-for-resilience-and-adaptation\/","og_locale":"fi_FI","og_type":"article","og_title":"Climate change and healthy AgeinG: co-creating E-learning for resilience and adaptation - Climate change and healthy AgeinG: co-creating E-learning for resilience and adaptation","og_description":"Ilmas\u00adton\u00admuu\u00adtok\u00adses\u00adta johtu\u00advat \u00e4\u00e4rim\u00adm\u00e4iset s\u00e4\u00e4ilmi\u00f6t aiheut\u00adta\u00advat ter\u00adveysriske\u00adj\u00e4 ja ongelmia ik\u00e4\u00e4n\u00adtyv\u00e4lle v\u00e4est\u00f6lle. Esimerkik\u00adsi helle\u00adjak\u00adsot vaikut\u00adta\u00advat infek\u00adtioiden ja kuolleisu\u00adu\u00adden lis\u00e4\u00e4n\u00adtymiseen. Kolme\u00advuo\u00adtises\u00adsa Eras\u00admus+ (Euroopan Komis\u00adsio) \u2011rahoit\u00adteises\u00adsa chAnGE-han\u00adkkeessa suun\u00adnitel\u00adlaan, toteutetaan ja arvioidaan ilmas\u00adton\u00admuu\u00adtok\u00adses\u00adta ik\u00e4ih\u00admisille aiheutu\u00advien ter\u00adveysriskien ennakoimiseen ja hallintaan liit\u00adtyvi\u00e4 sosi\u00adaali- ja ter\u00adveysalan ammat\u00adti\u00adlais\u00adten ja opiske\u00adli\u00adjoiden osaamista vahvis\u00adtavia mikro-opin\u00adto\u00adjak\u00adso\u00adja. Han\u00adkkeessa on mukana korkeak\u00adoulu\u00adja, ammat\u00adtiop\u00adpi\u00adlaitok\u00adsia sek\u00e4 sote-alan organ\u00adisaa\u00adtioi\u00adta Irlan\u00adnista, It\u00e4\u00adval\u00adlas\u00adta, Kreikas\u00adta, [&hellip;]","og_url":"https:\/\/hankkeet.karelia.fi\/climate-change-and-healthy-ageing-co-creating-e-learning-for-resilience-and-adaptation\/","og_site_name":"Climate change and healthy AgeinG: co-creating E-learning for resilience and adaptation","twitter_card":"summary_large_image","twitter_misc":{"Arvioitu lukuaika":"2 minuuttia"},"schema":{"@context":"https:\/\/schema.org","@graph":[{"@type":"WebPage","@id":"https:\/\/hankkeet.karelia.fi\/climate-change-and-healthy-ageing-co-creating-e-learning-for-resilience-and-adaptation\/","url":"https:\/\/hankkeet.karelia.fi\/climate-change-and-healthy-ageing-co-creating-e-learning-for-resilience-and-adaptation\/","name":"Climate change and healthy AgeinG: co-creating E-learning for resilience and adaptation - Climate change and healthy AgeinG: co-creating E-learning for resilience and adaptation","isPartOf":{"@id":"https:\/\/hankkeet.karelia.fi\/climate-change-and-healthy-ageing-co-creating-e-learning-for-resilience-and-adaptation\/#website"},"primaryImageOfPage":{"@id":"https:\/\/hankkeet.karelia.fi\/climate-change-and-healthy-ageing-co-creating-e-learning-for-resilience-and-adaptation\/#primaryimage"},"image":{"@id":"https:\/\/hankkeet.karelia.fi\/climate-change-and-healthy-ageing-co-creating-e-learning-for-resilience-and-adaptation\/#primaryimage"},"thumbnailUrl":"https:\/\/hankkeet.karelia.fi\/climate-change-and-healthy-ageing-co-creating-e-learning-for-resilience-and-adaptation\/wp-content\/uploads\/sites\/58\/2026\/03\/ikaosaaminen-2.jpg","datePublished":"2026-03-17T12:12:19+00:00","breadcrumb":{"@id":"https:\/\/hankkeet.karelia.fi\/climate-change-and-healthy-ageing-co-creating-e-learning-for-resilience-and-adaptation\/#breadcrumb"},"inLanguage":"fi","potentialAction":[{"@type":"ReadAction","target":["https:\/\/hankkeet.karelia.fi\/climate-change-and-healthy-ageing-co-creating-e-learning-for-resilience-and-adaptation\/"]}]},{"@type":"ImageObject","inLanguage":"fi","@id":"https:\/\/hankkeet.karelia.fi\/climate-change-and-healthy-ageing-co-creating-e-learning-for-resilience-and-adaptation\/#primaryimage","url":"https:\/\/hankkeet.karelia.fi\/climate-change-and-healthy-ageing-co-creating-e-learning-for-resilience-and-adaptation\/wp-content\/uploads\/sites\/58\/2026\/03\/ikaosaaminen-2.jpg","contentUrl":"https:\/\/hankkeet.karelia.fi\/climate-change-and-healthy-ageing-co-creating-e-learning-for-resilience-and-adaptation\/wp-content\/uploads\/sites\/58\/2026\/03\/ikaosaaminen-2.jpg","width":1260,"height":642},{"@type":"BreadcrumbList","@id":"https:\/\/hankkeet.karelia.fi\/climate-change-and-healthy-ageing-co-creating-e-learning-for-resilience-and-adaptation\/#breadcrumb","itemListElement":[{"@type":"ListItem","position":1,"name":"Home","item":"https:\/\/hankkeet.karelia.fi\/climate-change-and-healthy-ageing-co-creating-e-learning-for-resilience-and-adaptation\/climate-change-and-healthy-ageing-co-creating-e-learning-for-resilience-and-adaptation\/"},{"@type":"ListItem","position":2,"name":"Climate change and healthy AgeinG: co-creating E-learning for resilience and adaptation"}]},{"@type":"WebSite","@id":"https:\/\/hankkeet.karelia.fi\/climate-change-and-healthy-ageing-co-creating-e-learning-for-resilience-and-adaptation\/#website","url":"https:\/\/hankkeet.karelia.fi\/climate-change-and-healthy-ageing-co-creating-e-learning-for-resilience-and-adaptation\/","name":"Climate change and healthy AgeinG: co-creating E-learning for resilience and adaptation","description":"","publisher":{"@id":"https:\/\/hankkeet.karelia.fi\/climate-change-and-healthy-ageing-co-creating-e-learning-for-resilience-and-adaptation\/#organization"},"potentialAction":[{"@type":"SearchAction","target":{"@type":"EntryPoint","urlTemplate":"https:\/\/hankkeet.karelia.fi\/climate-change-and-healthy-ageing-co-creating-e-learning-for-resilience-and-adaptation\/?s={search_term_string}"},"query-input":{"@type":"PropertyValueSpecification","valueRequired":true,"valueName":"search_term_string"}}],"inLanguage":"fi"},{"@type":"Organization","@id":"https:\/\/hankkeet.karelia.fi\/climate-change-and-healthy-ageing-co-creating-e-learning-for-resilience-and-adaptation\/#organization","name":"Climate change and healthy AgeinG: co-creating E-learning for resilience and adaptation","url":"https:\/\/hankkeet.karelia.fi\/climate-change-and-healthy-ageing-co-creating-e-learning-for-resilience-and-adaptation\/","logo":{"@type":"ImageObject","inLanguage":"fi","@id":"https:\/\/hankkeet.karelia.fi\/climate-change-and-healthy-ageing-co-creating-e-learning-for-resilience-and-adaptation\/#\/schema\/logo\/image\/","url":"https:\/\/hankkeet.karelia.fi\/climate-change-and-healthy-ageing-co-creating-e-learning-for-resilience-and-adaptation\/wp-content\/uploads\/sites\/58\/2026\/03\/cropped-cropped-Karelia_AMK_logo_RGB-1.png","contentUrl":"https:\/\/hankkeet.karelia.fi\/climate-change-and-healthy-ageing-co-creating-e-learning-for-resilience-and-adaptation\/wp-content\/uploads\/sites\/58\/2026\/03\/cropped-cropped-Karelia_AMK_logo_RGB-1.png","width":427,"height":116,"caption":"Climate change and healthy AgeinG: co-creating E-learning for resilience and adaptation"},"image":{"@id":"https:\/\/hankkeet.karelia.fi\/climate-change-and-healthy-ageing-co-creating-e-learning-for-resilience-and-adaptation\/#\/schema\/logo\/image\/"}}]}},"_links":{"self":[{"href":"https:\/\/hankkeet.karelia.fi\/climate-change-and-healthy-ageing-co-creating-e-learning-for-resilience-and-adaptation\/wp-json\/wp\/v2\/pages\/20","targetHints":{"allow":["GET"]}}],"collection":[{"href":"https:\/\/hankkeet.karelia.fi\/climate-change-and-healthy-ageing-co-creating-e-learning-for-resilience-and-adaptation\/wp-json\/wp\/v2\/pages"}],"about":[{"href":"https:\/\/hankkeet.karelia.fi\/climate-change-and-healthy-ageing-co-creating-e-learning-for-resilience-and-adaptation\/wp-json\/wp\/v2\/types\/page"}],"replies":[{"embeddable":true,"href":"https:\/\/hankkeet.karelia.fi\/climate-change-and-healthy-ageing-co-creating-e-learning-for-resilience-and-adaptation\/wp-json\/wp\/v2\/comments?post=20"}],"version-history":[{"count":0,"href":"https:\/\/hankkeet.karelia.fi\/climate-change-and-healthy-ageing-co-creating-e-learning-for-resilience-and-adaptation\/wp-json\/wp\/v2\/pages\/20\/revisions"}],"wp:featuredmedia":[{"embeddable":true,"href":"https:\/\/hankkeet.karelia.fi\/climate-change-and-healthy-ageing-co-creating-e-learning-for-resilience-and-adaptation\/wp-json\/wp\/v2\/media\/17"}],"wp:attachment":[{"href":"https:\/\/hankkeet.karelia.fi\/climate-change-and-healthy-ageing-co-creating-e-learning-for-resilience-and-adaptation\/wp-json\/wp\/v2\/media?parent=20"}],"curies":[{"name":"wp","href":"https:\/\/api.w.org\/{rel}","templated":true}]}}