{"version":"1.0","provider_name":"Energiak\u00f6yhyys maaseutualueilla \u2013 menetelm\u00e4t, mallit ja ratkaisut &#8211; EMA","provider_url":"https:\/\/hankkeet.karelia.fi\/energiakoyhyys-maaseutualueilla-menetelmat-mallit-ja-ratkaisut-ema","author_name":"Energiak\u00f6yhyys maaseutualueilla \u2013 menetelm\u00e4t, mallit ja ratkaisut &#8211; EMA","author_url":"https:\/\/hankkeet.karelia.fi\/energiakoyhyys-maaseutualueilla-menetelmat-mallit-ja-ratkaisut-ema","title":"Energiak\u00f6yhyys maaseutualueilla \u2013 menetelm\u00e4t, mallit ja ratkaisut &#8211; EMA - Energiak\u00f6yhyys maaseutualueilla \u2013 menetelm\u00e4t, mallit ja ratkaisut &#8211; EMA","type":"rich","width":600,"height":338,"html":"<blockquote class=\"wp-embedded-content\" data-secret=\"WMmpIemxUS\"><a href=\"https:\/\/hankkeet.karelia.fi\/energiakoyhyys-maaseutualueilla-menetelmat-mallit-ja-ratkaisut-ema\/\">Energiak\u00f6yhyys maaseutualueilla \u2013 menetelm\u00e4t, mallit ja ratkaisut \u2013 EMA<\/a><\/blockquote><iframe sandbox=\"allow-scripts\" security=\"restricted\" src=\"https:\/\/hankkeet.karelia.fi\/energiakoyhyys-maaseutualueilla-menetelmat-mallit-ja-ratkaisut-ema\/embed\/#?secret=WMmpIemxUS\" width=\"600\" height=\"338\" title=\"&#8221;Energiak\u00f6yhyys maaseutualueilla \u2013 menetelm\u00e4t, mallit ja ratkaisut \u2013 EMA&#8221; &#8212; Energiak\u00f6yhyys maaseutualueilla \u2013 menetelm\u00e4t, mallit ja ratkaisut &#8211; EMA\" data-secret=\"WMmpIemxUS\" frameborder=\"0\" marginwidth=\"0\" marginheight=\"0\" scrolling=\"no\" class=\"wp-embedded-content\"><\/iframe><script>\n\/*! This file is auto-generated *\/\n!function(d,l){\"use strict\";l.querySelector&&d.addEventListener&&\"undefined\"!=typeof URL&&(d.wp=d.wp||{},d.wp.receiveEmbedMessage||(d.wp.receiveEmbedMessage=function(e){var t=e.data;if((t||t.secret||t.message||t.value)&&!\/[^a-zA-Z0-9]\/.test(t.secret)){for(var s,r,n,a=l.querySelectorAll('iframe[data-secret=\"'+t.secret+'\"]'),o=l.querySelectorAll('blockquote[data-secret=\"'+t.secret+'\"]'),c=new RegExp(\"^https?:$\",\"i\"),i=0;i<o.length;i++)o[i].style.display=\"none\";for(i=0;i<a.length;i++)s=a[i],e.source===s.contentWindow&&(s.removeAttribute(\"style\"),\"height\"===t.message?(1e3<(r=parseInt(t.value,10))?r=1e3:~~r<200&&(r=200),s.height=r):\"link\"===t.message&&(r=new URL(s.getAttribute(\"src\")),n=new URL(t.value),c.test(n.protocol))&&n.host===r.host&&l.activeElement===s&&(d.top.location.href=t.value))}},d.addEventListener(\"message\",d.wp.receiveEmbedMessage,!1),l.addEventListener(\"DOMContentLoaded\",function(){for(var e,t,s=l.querySelectorAll(\"iframe.wp-embedded-content\"),r=0;r<s.length;r++)(t=(e=s[r]).getAttribute(\"data-secret\"))||(t=Math.random().toString(36).substring(2,12),e.src+=\"#?secret=\"+t,e.setAttribute(\"data-secret\",t)),e.contentWindow.postMessage({message:\"ready\",secret:t},\"*\")},!1)))}(window,document);\n\/\/# sourceURL=https:\/\/hankkeet.karelia.fi\/energiakoyhyys-maaseutualueilla-menetelmat-mallit-ja-ratkaisut-ema\/wp-includes\/js\/wp-embed.min.js\n<\/script>\n","thumbnail_url":"https:\/\/hankkeet.karelia.fi\/energiakoyhyys-maaseutualueilla-menetelmat-mallit-ja-ratkaisut-ema\/wp-content\/uploads\/sites\/39\/2026\/03\/kuvia-suomesta-joona-kotilainen-17-1-768x512.jpg","thumbnail_width":600,"thumbnail_height":400,"description":"Ener\u00adgiak\u00f6y\u00adhyys maaseu\u00adtu\u00adalueil\u00adla \u2014 menetelm\u00e4t, mallit ja ratkaisut (EMA) \u2011han\u00adkkeen p\u00e4\u00e4\u00adtavoit\u00adteena on kar\u00adtoit\u00adtaa ja muo\u00addostaa kokon\u00adaisku\u00adva ener\u00adgia- ja liiken\u00adnek\u00f6y\u00adhyy\u00addest\u00e4 Suomen maaseu\u00adtu\u00adalueil\u00adla. Han\u00adkkeessa tuotet\u00adta\u00adva tieto vas\u00adtaa ajanko\u00adhtaisi\u00adin tieto\u00adtarpeisi\u00adin liit\u00adtyen Ukrainan kri\u00adisin k\u00e4yn\u00adnist\u00e4m\u00e4\u00e4n ener\u00adgiakri\u00adisin, mut\u00adta han\u00adkkeessa tuotet\u00adta\u00adva tieto palvelee my\u00f6s laa\u00adjem\u00admin maaseu\u00adtupoli\u00adit\u00adtisen kokon\u00adaiso\u00adhjel\u00adman 2021\u20132027 toteut\u00adtamista. Ener\u00adgia- ja liiken\u00adnek\u00f6y\u00adhyys liit\u00adtyv\u00e4t molem\u00admat my\u00f6s alueke\u00adhi\u00adtyk\u00adseen, joten han\u00adkkeessa tuotet\u00adta\u00adva uusi tieto laa\u00adjen\u00adtaa [&hellip;]"}