{"id":20,"date":"2026-03-17T09:30:52","date_gmt":"2026-03-17T07:30:52","guid":{"rendered":"https:\/\/hankkeet.karelia.fi\/geronomiopiskelijoiden-osaamiseen-laatua-korkeakoulujen-valtakunnallisella-yhteistyolla-geros\/geronomiopiskelijoiden-osaamiseen-laatua-korkeakoulujen-valtakunnallisella-yhteistyolla-geros\/"},"modified":"2026-03-17T09:30:52","modified_gmt":"2026-03-17T07:30:52","slug":"geronomiopiskelijoiden-osaamiseen-laatua-korkeakoulujen-valtakunnallisella-yhteistyolla-geros","status":"publish","type":"page","link":"https:\/\/hankkeet.karelia.fi\/geros\/","title":{"rendered":"Geronomiopiskelijoiden osaamiseen laatua korkeakoulujen valtakunnallisella yhteisty\u00f6ll\u00e4 (GEROS)"},"content":{"rendered":"\n<figure class=\"wp-block-gallery has-nested-images columns-default is-cropped wp-block-gallery-1 is-layout-flex wp-block-gallery-is-layout-flex\">\n<figure class=\"wp-block-image size-full\"><img decoding=\"async\" data-id=\"91102\" src=\"https:\/\/hankkeet.karelia.fi\/geronomiopiskelijoiden-osaamiseen-laatua-korkeakoulujen-valtakunnallisella-yhteistyolla-geros\/wp-content\/uploads\/sites\/21\/2026\/03\/GEROS3_karelia_okm_lapin_xamk-1.png\" alt class=\"wp-image-91102\"><\/figure>\n<\/figure>\n\n\n\n<p><\/p>\n\n\n\n<h2 class=\"wp-block-heading\">Tiivistelm\u00e4 projektista<\/h2>\n\n\n\n<p>Geronomiopiske\u00adli\u00adjoiden osaamiseen laat\u00adua korkeak\u00adoulu\u00adjen val\u00adtakun\u00adnal\u00adlisel\u00adla yhteisty\u00f6l\u00adl\u00e4 \u2011han\u00adkkeen (GEROS) tarkoituk\u00adse\u00adna on edis\u00adt\u00e4\u00e4 gerono\u00admi AMK- koulu\u00adtusten sis\u00e4l\u00adl\u00f6l\u00adlist\u00e4 kehit\u00adt\u00e4mist\u00e4, ope\u00adtus\u00adsu\u00adun\u00adnitel\u00admay\u00adhteisty\u00f6t\u00e4 ja pro\u00adfiloi\u00adtu\u00admista val\u00adtakun\u00adnal\u00adlis\u00ades\u00adti. Han\u00adke t\u00e4ht\u00e4\u00e4 geronomik\u00adoulu\u00adtusten peru\u00adsopin\u00adto\u00adjen tarpeet\u00adtomien p\u00e4\u00e4llekk\u00e4isyyk\u00adsien v\u00e4hen\u00adt\u00e4miseen kehit\u00adt\u00e4m\u00e4l\u00adl\u00e4 yhteisi\u00e4 opin\u00adto\u00adsis\u00e4lt\u00f6j\u00e4. Lis\u00e4k\u00adsi han\u00adkkeessa edis\u00adtet\u00e4\u00e4n syven\u00adt\u00e4vien geronomiopin\u00adto\u00adjen tar\u00adjon\u00adnan ty\u00f6n\u00adjakoa ja pro\u00adfiloi\u00adtu\u00admista korkeak\u00adoulu\u00adjen kesken.<\/p>\n\n\n\n<p>Han\u00adkkeessa ovat mukana gerono\u00admi AMK-koulu\u00adtuk\u00adset Kaakkois-Suomen Ammat\u00adtiko\u00adrkeak\u00adoulus\u00adta, Kare\u00adlia-ammat\u00adtiko\u00adrkeak\u00adoulus\u00adta, Lapin ammat\u00adtiko\u00adrkeak\u00adoulus\u00adta, Metropo\u00adlia Ammat\u00adtiko\u00adrkeak\u00adoulus\u00adta, Satakun\u00adnan ammat\u00adtiko\u00adrkeak\u00adoulus\u00adta ja Sein\u00e4joen ammat\u00adtiko\u00adrkeak\u00adoulus\u00adta. Kare\u00adlia koordi\u00adnoi han\u00adket\u00adta.<\/p>\n\n\n\n<p>Han\u00adkkeen tavoit\u00adteina on:<br>- m\u00e4\u00e4ritel\u00adl\u00e4 geronomi\u00adtutkin\u00adnon ydi\u00adnosaami\u00adnen ope\u00adtus\u00adsu\u00adun\u00adnitel\u00admany\u00adhteisty\u00f6n ja ris\u00adti\u00adinopiskelun eli ammat\u00adtiko\u00adrkeak\u00adoulu\u00adjen v\u00e4lisen yhteis\u00adtoimin\u00adnan mah\u00addol\u00adlis\u00adtamisek\u00adsi,<br>- tuot\u00adtaa geronomi\u00adtutk\u00adin\u00adtoon kuu\u00adlu\u00advia opin\u00adto\u00adjak\u00adso\u00adja Opin.fi-alustalle, joka on val\u00adtakun\u00adnalli\u00adnen korkeak\u00adoulu\u00adjen avoimia opin\u00adto\u00adja tar\u00adjoa\u00adva palvelu, ja luo\u00adda geronomik\u00adoulu\u00adtuk\u00adsen teemoi\u00adhin liit\u00adtyvi\u00e4 pienem\u00adpi\u00e4 oppi\u00adma\u00adte\u00adri\u00adaale\u00adja,<br>- sek\u00e4 edis\u00adt\u00e4\u00e4 yhteis\u00adsu\u00adun\u00adnit\u00adtelua, mink\u00e4 avul\u00adla tuote\u00adtaan pro\u00adfiloivia t\u00e4y\u00adden\u00adt\u00e4v\u00e4n osaamisen opin\u00adtokokon\u00adaisuuk\u00adsia ammat\u00adtiko\u00adrkeak\u00adoulu\u00adjen kesken.<\/p>\n\n\n\n<p>Tuloksi\u00adna syn\u00adtyvi\u00e4 geronomiy\u00addi\u00adnosaamisen m\u00e4\u00e4rit\u00adte\u00adly\u00e4 sek\u00e4 ydi\u00adnosaamisen saavut\u00adtamista tuke\u00advia ped\u00ada\u00adgogisia, menetelm\u00e4l\u00adlisi\u00e4 ja sis\u00e4l\u00adl\u00f6l\u00adlisi\u00e4 suosi\u00adtuk\u00adsia on mah\u00addol\u00adlista hy\u00f6\u00addyn\u00adt\u00e4\u00e4 ammat\u00adtiko\u00adrkeak\u00adoulu\u00adjen v\u00e4lisen yhteisty\u00f6n toteut\u00adtamis\u00ades\u00adta, sek\u00e4 jous\u00adtavien opiskelupolku\u00adjen ja v\u00e4yl\u00e4opin\u00adtorak\u00aden\u00adtei\u00adden vahvis\u00adtamises\u00adsa. Pro\u00adfiloi\u00advat syven\u00adt\u00e4v\u00e4t opin\u00adtokokon\u00adaisu\u00adudet hy\u00f6\u00addyn\u00adt\u00e4v\u00e4t geronomik\u00adoulu\u00adtus\u00adta tar\u00adjoavien ammat\u00adtiko\u00adrkeak\u00adoulu\u00adjen profi\u00adilien vahvis\u00adtamista. T\u00e4ten voidaan vas\u00adta\u00adta entist\u00e4 parem\u00admin alueel\u00adlisi\u00adin ja val\u00adtakun\u00adnal\u00adlisi\u00adin ty\u00f6el\u00e4m\u00e4n osaamis\u00adtarpeisi\u00adin.<\/p>\n\n\n\n<p>Han\u00adkkeessa syn\u00adtyvil\u00adl\u00e4 inno\u00advati\u00adivisil\u00adla tulok\u00adsil\u00adla ja toimen\u00adpiteil\u00adl\u00e4 mah\u00addol\u00adlis\u00adte\u00adtaan nyky\u00adist\u00e4 laa\u00adjem\u00adpi geronomik\u00adoulu\u00adtus\u00adta tar\u00adjoavien korkeak\u00adoulu\u00adjen opin\u00adto\u00adtar\u00adjon\u00adnan hy\u00f6\u00addyn\u00adt\u00e4mi\u00adnen, ope\u00adtus\u00adsu\u00adun\u00adnitel\u00adma- ja ope\u00adtusy\u00adhteisty\u00f6, ris\u00adti\u00adinopiskelu ja jous\u00adta\u00advat siir\u00adto\u00adhakumenet\u00adte\u00adlyt ik\u00e4osaamisen muut\u00adtuvas\u00adsa toim\u00adintaym\u00adp\u00e4rist\u00f6ss\u00e4.<\/p>\n\n\n\n<h2 class=\"wp-block-heading\">Projektin kesto<\/h2>\n\n\n\n<p>1.1.2025 \u2014 31.12.2027<\/p>\n\n\n\n<h2 class=\"wp-block-heading\">Projektip\u00e4\u00e4llikk\u00f6<\/h2>\n\n\n\n<p><strong>Ter\u00adhi Myller<\/strong><br>terhi.myller(a)karelia.fi<\/p>\n\n\n\n<h2 class=\"wp-block-heading\">Rahoitus<\/h2>\n\n\n\n<p>Ope\u00adtus- ja kult\u00adtuuri\u00adm\u00adin\u00adis\u00adter\u00adi\u00f6n rahoi\u00adtus<\/p>\n\n\n\n<h2 class=\"wp-block-heading\">Julkaisut ja materiaalit<\/h2>\n\n\n\n<p><a href=\"https:\/\/www.karelia.fi\/wp-content\/uploads\/2026\/02\/GEROS_IOVE_opintojaksoesite_A4.pdf\" type=\"link\" id=\"https:\/\/www.karelia.fi\/wp-content\/uploads\/2026\/02\/GEROS_IOVE_opintojaksoesite_A4.pdf\">Opin\u00adto\u00adjak\u00adsoe\u00adsite syksy 2026 \u2014 kev\u00e4t 2026<\/a><\/p>\n\n\n\n<p><a href=\"https:\/\/urn.fi\/URN:NBN:fi:amk-202602122783\" type=\"link\" id=\"https:\/\/www.karelia.fi\/wp-content\/uploads\/2026\/02\/GEROS_IOVE_geros-hankeraportti_taitto.pdf\" target=\"_blank\" rel=\"noreferrer noopener\">GEROS\u2013hankkeen ydi\u00adnaine\u00adsana\u00adlyysin tulok\u00adsia ja suosi\u00adtuk\u00adsia koulu\u00adtuk\u00adsen kehit\u00adt\u00e4miseen \u2014 Yhteen\u00adve\u00adtora\u00adport\u00adti tam\u00admikuu 2026<\/a><\/p>\n\n\n\n<p><a href=\"https:\/\/www.karelia.fi\/wp-content\/uploads\/2026\/02\/GEROS_IOVE_geros-hankeraportti_tiivistelma_A4.pdf\" type=\"link\" id=\"https:\/\/www.karelia.fi\/wp-content\/uploads\/2026\/02\/GEROS_IOVE_geros-hankeraportti_tiivistelma_A4.pdf\">GEROS\u2013hankkeen ydi\u00adnaine\u00adsana\u00adlyysin tulok\u00adsia ja suosi\u00adtuk\u00adsia koulu\u00adtuk\u00adsen kehit\u00adt\u00e4miseen \u2014 Yhteen\u00adve\u00adtora\u00adport\u00adti tam\u00admikuu 2026 \u2014 Tiivis\u00adtelm\u00e4<\/a><\/p>\n\n\n\n<p><\/p>\n\n\n\n<figure class=\"wp-block-image size-full is-resized\"><img decoding=\"async\" src=\"https:\/\/hankkeet.karelia.fi\/geronomiopiskelijoiden-osaamiseen-laatua-korkeakoulujen-valtakunnallisella-yhteistyolla-geros\/wp-content\/uploads\/sites\/21\/2026\/03\/kk3417_palkki.png\" alt class=\"wp-image-77000\" style=\"width:755px;height:auto\"><\/figure>\n","protected":false},"excerpt":{"rendered":"<p>Tiivis\u00adtelm\u00e4 pro\u00adjek\u00adtista Geronomiopiske\u00adli\u00adjoiden osaamiseen laat\u00adua korkeak\u00adoulu\u00adjen val\u00adtakun\u00adnal\u00adlisel\u00adla yhteisty\u00f6l\u00adl\u00e4 \u2011han\u00adkkeen (GEROS) tarkoituk\u00adse\u00adna on edis\u00adt\u00e4\u00e4 gerono\u00admi AMK- koulu\u00adtusten sis\u00e4l\u00adl\u00f6l\u00adlist\u00e4 kehit\u00adt\u00e4mist\u00e4, ope\u00adtus\u00adsu\u00adun\u00adnitel\u00admay\u00adhteisty\u00f6t\u00e4 ja pro\u00adfiloi\u00adtu\u00admista val\u00adtakun\u00adnal\u00adlis\u00ades\u00adti. Han\u00adke t\u00e4ht\u00e4\u00e4 geronomik\u00adoulu\u00adtusten peru\u00adsopin\u00adto\u00adjen tarpeet\u00adtomien p\u00e4\u00e4llekk\u00e4isyyk\u00adsien v\u00e4hen\u00adt\u00e4miseen kehit\u00adt\u00e4m\u00e4l\u00adl\u00e4 yhteisi\u00e4 opin\u00adto\u00adsis\u00e4lt\u00f6j\u00e4. Lis\u00e4k\u00adsi han\u00adkkeessa edis\u00adtet\u00e4\u00e4n syven\u00adt\u00e4vien geronomiopin\u00adto\u00adjen tar\u00adjon\u00adnan ty\u00f6n\u00adjakoa ja pro\u00adfiloi\u00adtu\u00admista korkeak\u00adoulu\u00adjen kesken. Han\u00adkkeessa ovat mukana gerono\u00admi AMK-koulu\u00ad\u00adtuk\u00adset Kaakkois-Suomen Ammat\u00adtiko\u00adrkeak\u00adoulus\u00adta, Kare\u00adlia-ammat\u00adtiko\u00adrkeak\u00adoulus\u00ad\u00adta, Lapin ammat\u00adtiko\u00adrkeak\u00adoulus\u00adta, Metropo\u00adlia Ammat\u00adtiko\u00adrkeak\u00adoulus\u00adta, [\u2026]<\/p>\n","protected":false},"author":0,"featured_media":17,"parent":0,"menu_order":0,"comment_status":"closed","ping_status":"closed","template":"","meta":{"inline_featured_image":false,"wp_typography_post_enhancements_disabled":false,"footnotes":""},"class_list":["post-20","page","type-page","status-publish","has-post-thumbnail","hentry"],"yoast_head":"<!-- This site is optimized with the Yoast SEO plugin v27.5 - https:\/\/yoast.com\/product\/yoast-seo-wordpress\/ -->\n<title>Geronomiopiskelijoiden osaamiseen laatua korkeakoulujen valtakunnallisella yhteisty\u00f6ll\u00e4 (GEROS) - Geronomiopiskelijoiden osaamiseen laatua korkeakoulujen valtakunnallisella yhteisty\u00f6ll\u00e4 (GEROS)<\/title>\n<meta name=\"robots\" content=\"index, follow, max-snippet:-1, max-image-preview:large, max-video-preview:-1\" \/>\n<link rel=\"canonical\" href=\"https:\/\/hankkeet.karelia.fi\/geros\/\" \/>\n<meta property=\"og:locale\" content=\"fi_FI\" \/>\n<meta property=\"og:type\" content=\"article\" \/>\n<meta property=\"og:title\" content=\"Geronomiopiskelijoiden osaamiseen laatua korkeakoulujen valtakunnallisella yhteisty\u00f6ll\u00e4 (GEROS) - Geronomiopiskelijoiden osaamiseen laatua korkeakoulujen valtakunnallisella yhteisty\u00f6ll\u00e4 (GEROS)\" \/>\n<meta property=\"og:description\" content=\"Tiivistelm\u00e4 projektista Geronomiopiske\u00adli\u00adjoiden osaamiseen laat\u00adua korkeak\u00adoulu\u00adjen val\u00adtakun\u00adnal\u00adlisel\u00adla yhteisty\u00f6l\u00adl\u00e4 \u2011han\u00adkkeen (GEROS) tarkoituk\u00adse\u00adna on edis\u00adt\u00e4\u00e4 gerono\u00admi AMK- koulu\u00adtusten sis\u00e4l\u00adl\u00f6l\u00adlist\u00e4 kehit\u00adt\u00e4mist\u00e4, ope\u00adtus\u00adsu\u00adun\u00adnitel\u00admay\u00adhteisty\u00f6t\u00e4 ja pro\u00adfiloi\u00adtu\u00admista val\u00adtakun\u00adnal\u00adlis\u00ades\u00adti. Han\u00adke t\u00e4ht\u00e4\u00e4 geronomik\u00adoulu\u00adtusten peru\u00adsopin\u00adto\u00adjen tarpeet\u00adtomien p\u00e4\u00e4llekk\u00e4isyyk\u00adsien v\u00e4hen\u00adt\u00e4miseen kehit\u00adt\u00e4m\u00e4l\u00adl\u00e4 yhteisi\u00e4 opin\u00adto\u00adsis\u00e4lt\u00f6j\u00e4. Lis\u00e4k\u00adsi han\u00adkkeessa edis\u00adtet\u00e4\u00e4n syven\u00adt\u00e4vien geronomiopin\u00adto\u00adjen tar\u00adjon\u00adnan ty\u00f6n\u00adjakoa ja pro\u00adfiloi\u00adtu\u00admista korkeak\u00adoulu\u00adjen kesken. Han\u00adkkeessa ovat mukana gerono\u00admi AMK-koulu\u00adtuk\u00adset Kaakkois-Suomen Ammat\u00adtiko\u00adrkeak\u00adoulus\u00adta, Kare\u00adlia-ammat\u00adtiko\u00adrkeak\u00adoulus\u00adta, Lapin ammat\u00adtiko\u00adrkeak\u00adoulus\u00adta, Metropo\u00adlia Ammat\u00adtiko\u00adrkeak\u00adoulus\u00adta, [&hellip;]\" \/>\n<meta property=\"og:url\" content=\"https:\/\/hankkeet.karelia.fi\/geros\/\" \/>\n<meta property=\"og:site_name\" content=\"Geronomiopiskelijoiden osaamiseen laatua korkeakoulujen valtakunnallisella yhteisty\u00f6ll\u00e4 (GEROS)\" \/>\n<meta property=\"og:image\" content=\"https:\/\/hankkeet.karelia.fi\/geros\/wp-content\/uploads\/sites\/21\/2026\/03\/tno-kuva-scaled-1.jpeg\" \/>\n\t<meta property=\"og:image:width\" content=\"2560\" \/>\n\t<meta property=\"og:image:height\" content=\"1707\" \/>\n\t<meta property=\"og:image:type\" content=\"image\/jpeg\" \/>\n<meta name=\"twitter:card\" content=\"summary_large_image\" \/>\n<meta name=\"twitter:label1\" content=\"Arvioitu lukuaika\" \/>\n\t<meta name=\"twitter:data1\" content=\"1 minuutti\" \/>\n<script type=\"application\/ld+json\" class=\"yoast-schema-graph\">{\"@context\":\"https:\\\/\\\/schema.org\",\"@graph\":[{\"@type\":\"WebPage\",\"@id\":\"https:\\\/\\\/hankkeet.karelia.fi\\\/geros\\\/\",\"url\":\"https:\\\/\\\/hankkeet.karelia.fi\\\/geros\\\/\",\"name\":\"Geronomiopiskelijoiden osaamiseen laatua korkeakoulujen valtakunnallisella yhteisty\u00f6ll\u00e4 (GEROS) - Geronomiopiskelijoiden osaamiseen laatua korkeakoulujen valtakunnallisella yhteisty\u00f6ll\u00e4 (GEROS)\",\"isPartOf\":{\"@id\":\"https:\\\/\\\/hankkeet.karelia.fi\\\/geros\\\/#website\"},\"primaryImageOfPage\":{\"@id\":\"https:\\\/\\\/hankkeet.karelia.fi\\\/geros\\\/#primaryimage\"},\"image\":{\"@id\":\"https:\\\/\\\/hankkeet.karelia.fi\\\/geros\\\/#primaryimage\"},\"thumbnailUrl\":\"https:\\\/\\\/hankkeet.karelia.fi\\\/geros\\\/wp-content\\\/uploads\\\/sites\\\/21\\\/2026\\\/03\\\/tno-kuva-scaled-1.jpeg\",\"datePublished\":\"2026-03-17T07:30:52+00:00\",\"breadcrumb\":{\"@id\":\"https:\\\/\\\/hankkeet.karelia.fi\\\/geros\\\/#breadcrumb\"},\"inLanguage\":\"fi\",\"potentialAction\":[{\"@type\":\"ReadAction\",\"target\":[\"https:\\\/\\\/hankkeet.karelia.fi\\\/geros\\\/\"]}]},{\"@type\":\"ImageObject\",\"inLanguage\":\"fi\",\"@id\":\"https:\\\/\\\/hankkeet.karelia.fi\\\/geros\\\/#primaryimage\",\"url\":\"https:\\\/\\\/hankkeet.karelia.fi\\\/geros\\\/wp-content\\\/uploads\\\/sites\\\/21\\\/2026\\\/03\\\/tno-kuva-scaled-1.jpeg\",\"contentUrl\":\"https:\\\/\\\/hankkeet.karelia.fi\\\/geros\\\/wp-content\\\/uploads\\\/sites\\\/21\\\/2026\\\/03\\\/tno-kuva-scaled-1.jpeg\",\"width\":2560,\"height\":1707},{\"@type\":\"BreadcrumbList\",\"@id\":\"https:\\\/\\\/hankkeet.karelia.fi\\\/geros\\\/#breadcrumb\",\"itemListElement\":[{\"@type\":\"ListItem\",\"position\":1,\"name\":\"Home\",\"item\":\"https:\\\/\\\/hankkeet.karelia.fi\\\/geros\\\/\"},{\"@type\":\"ListItem\",\"position\":2,\"name\":\"Geronomiopiskelijoiden osaamiseen laatua korkeakoulujen valtakunnallisella yhteisty\u00f6ll\u00e4 (GEROS)\"}]},{\"@type\":\"WebSite\",\"@id\":\"https:\\\/\\\/hankkeet.karelia.fi\\\/geros\\\/#website\",\"url\":\"https:\\\/\\\/hankkeet.karelia.fi\\\/geros\\\/\",\"name\":\"Geronomiopiskelijoiden osaamiseen laatua korkeakoulujen valtakunnallisella yhteisty\u00f6ll\u00e4 (GEROS)\",\"description\":\"\",\"publisher\":{\"@id\":\"https:\\\/\\\/hankkeet.karelia.fi\\\/geros\\\/#organization\"},\"potentialAction\":[{\"@type\":\"SearchAction\",\"target\":{\"@type\":\"EntryPoint\",\"urlTemplate\":\"https:\\\/\\\/hankkeet.karelia.fi\\\/geros\\\/?s={search_term_string}\"},\"query-input\":{\"@type\":\"PropertyValueSpecification\",\"valueRequired\":true,\"valueName\":\"search_term_string\"}}],\"inLanguage\":\"fi\"},{\"@type\":\"Organization\",\"@id\":\"https:\\\/\\\/hankkeet.karelia.fi\\\/geros\\\/#organization\",\"name\":\"Geronomiopiskelijoiden osaamiseen laatua korkeakoulujen valtakunnallisella yhteisty\u00f6ll\u00e4 (GEROS)\",\"url\":\"https:\\\/\\\/hankkeet.karelia.fi\\\/geros\\\/\",\"logo\":{\"@type\":\"ImageObject\",\"inLanguage\":\"fi\",\"@id\":\"https:\\\/\\\/hankkeet.karelia.fi\\\/geros\\\/#\\\/schema\\\/logo\\\/image\\\/\",\"url\":\"https:\\\/\\\/hankkeet.karelia.fi\\\/geros\\\/wp-content\\\/uploads\\\/sites\\\/21\\\/2026\\\/03\\\/cropped-cropped-Karelia_AMK_logo_RGB-1.png\",\"contentUrl\":\"https:\\\/\\\/hankkeet.karelia.fi\\\/geros\\\/wp-content\\\/uploads\\\/sites\\\/21\\\/2026\\\/03\\\/cropped-cropped-Karelia_AMK_logo_RGB-1.png\",\"width\":427,\"height\":116,\"caption\":\"Geronomiopiskelijoiden osaamiseen laatua korkeakoulujen valtakunnallisella yhteisty\u00f6ll\u00e4 (GEROS)\"},\"image\":{\"@id\":\"https:\\\/\\\/hankkeet.karelia.fi\\\/geros\\\/#\\\/schema\\\/logo\\\/image\\\/\"}}]}<\/script>\n<!-- \/ Yoast SEO plugin. -->","yoast_head_json":{"title":"Geronomiopiskelijoiden osaamiseen laatua korkeakoulujen valtakunnallisella yhteisty\u00f6ll\u00e4 (GEROS) - Geronomiopiskelijoiden osaamiseen laatua korkeakoulujen valtakunnallisella yhteisty\u00f6ll\u00e4 (GEROS)","robots":{"index":"index","follow":"follow","max-snippet":"max-snippet:-1","max-image-preview":"max-image-preview:large","max-video-preview":"max-video-preview:-1"},"canonical":"https:\/\/hankkeet.karelia.fi\/geros\/","og_locale":"fi_FI","og_type":"article","og_title":"Geronomiopiskelijoiden osaamiseen laatua korkeakoulujen valtakunnallisella yhteisty\u00f6ll\u00e4 (GEROS) - Geronomiopiskelijoiden osaamiseen laatua korkeakoulujen valtakunnallisella yhteisty\u00f6ll\u00e4 (GEROS)","og_description":"Tiivistelm\u00e4 projektista Geronomiopiske\u00adli\u00adjoiden osaamiseen laat\u00adua korkeak\u00adoulu\u00adjen val\u00adtakun\u00adnal\u00adlisel\u00adla yhteisty\u00f6l\u00adl\u00e4 \u2011han\u00adkkeen (GEROS) tarkoituk\u00adse\u00adna on edis\u00adt\u00e4\u00e4 gerono\u00admi AMK- koulu\u00adtusten sis\u00e4l\u00adl\u00f6l\u00adlist\u00e4 kehit\u00adt\u00e4mist\u00e4, ope\u00adtus\u00adsu\u00adun\u00adnitel\u00admay\u00adhteisty\u00f6t\u00e4 ja pro\u00adfiloi\u00adtu\u00admista val\u00adtakun\u00adnal\u00adlis\u00ades\u00adti. Han\u00adke t\u00e4ht\u00e4\u00e4 geronomik\u00adoulu\u00adtusten peru\u00adsopin\u00adto\u00adjen tarpeet\u00adtomien p\u00e4\u00e4llekk\u00e4isyyk\u00adsien v\u00e4hen\u00adt\u00e4miseen kehit\u00adt\u00e4m\u00e4l\u00adl\u00e4 yhteisi\u00e4 opin\u00adto\u00adsis\u00e4lt\u00f6j\u00e4. Lis\u00e4k\u00adsi han\u00adkkeessa edis\u00adtet\u00e4\u00e4n syven\u00adt\u00e4vien geronomiopin\u00adto\u00adjen tar\u00adjon\u00adnan ty\u00f6n\u00adjakoa ja pro\u00adfiloi\u00adtu\u00admista korkeak\u00adoulu\u00adjen kesken. Han\u00adkkeessa ovat mukana gerono\u00admi AMK-koulu\u00adtuk\u00adset Kaakkois-Suomen Ammat\u00adtiko\u00adrkeak\u00adoulus\u00adta, Kare\u00adlia-ammat\u00adtiko\u00adrkeak\u00adoulus\u00adta, Lapin ammat\u00adtiko\u00adrkeak\u00adoulus\u00adta, Metropo\u00adlia Ammat\u00adtiko\u00adrkeak\u00adoulus\u00adta, [&hellip;]","og_url":"https:\/\/hankkeet.karelia.fi\/geros\/","og_site_name":"Geronomiopiskelijoiden osaamiseen laatua korkeakoulujen valtakunnallisella yhteisty\u00f6ll\u00e4 (GEROS)","og_image":[{"width":2560,"height":1707,"url":"https:\/\/hankkeet.karelia.fi\/geros\/wp-content\/uploads\/sites\/21\/2026\/03\/tno-kuva-scaled-1.jpeg","type":"image\/jpeg"}],"twitter_card":"summary_large_image","twitter_misc":{"Arvioitu lukuaika":"1 minuutti"},"schema":{"@context":"https:\/\/schema.org","@graph":[{"@type":"WebPage","@id":"https:\/\/hankkeet.karelia.fi\/geros\/","url":"https:\/\/hankkeet.karelia.fi\/geros\/","name":"Geronomiopiskelijoiden osaamiseen laatua korkeakoulujen valtakunnallisella yhteisty\u00f6ll\u00e4 (GEROS) - Geronomiopiskelijoiden osaamiseen laatua korkeakoulujen valtakunnallisella yhteisty\u00f6ll\u00e4 (GEROS)","isPartOf":{"@id":"https:\/\/hankkeet.karelia.fi\/geros\/#website"},"primaryImageOfPage":{"@id":"https:\/\/hankkeet.karelia.fi\/geros\/#primaryimage"},"image":{"@id":"https:\/\/hankkeet.karelia.fi\/geros\/#primaryimage"},"thumbnailUrl":"https:\/\/hankkeet.karelia.fi\/geros\/wp-content\/uploads\/sites\/21\/2026\/03\/tno-kuva-scaled-1.jpeg","datePublished":"2026-03-17T07:30:52+00:00","breadcrumb":{"@id":"https:\/\/hankkeet.karelia.fi\/geros\/#breadcrumb"},"inLanguage":"fi","potentialAction":[{"@type":"ReadAction","target":["https:\/\/hankkeet.karelia.fi\/geros\/"]}]},{"@type":"ImageObject","inLanguage":"fi","@id":"https:\/\/hankkeet.karelia.fi\/geros\/#primaryimage","url":"https:\/\/hankkeet.karelia.fi\/geros\/wp-content\/uploads\/sites\/21\/2026\/03\/tno-kuva-scaled-1.jpeg","contentUrl":"https:\/\/hankkeet.karelia.fi\/geros\/wp-content\/uploads\/sites\/21\/2026\/03\/tno-kuva-scaled-1.jpeg","width":2560,"height":1707},{"@type":"BreadcrumbList","@id":"https:\/\/hankkeet.karelia.fi\/geros\/#breadcrumb","itemListElement":[{"@type":"ListItem","position":1,"name":"Home","item":"https:\/\/hankkeet.karelia.fi\/geros\/"},{"@type":"ListItem","position":2,"name":"Geronomiopiskelijoiden osaamiseen laatua korkeakoulujen valtakunnallisella yhteisty\u00f6ll\u00e4 (GEROS)"}]},{"@type":"WebSite","@id":"https:\/\/hankkeet.karelia.fi\/geros\/#website","url":"https:\/\/hankkeet.karelia.fi\/geros\/","name":"Geronomiopiskelijoiden osaamiseen laatua korkeakoulujen valtakunnallisella yhteisty\u00f6ll\u00e4 (GEROS)","description":"","publisher":{"@id":"https:\/\/hankkeet.karelia.fi\/geros\/#organization"},"potentialAction":[{"@type":"SearchAction","target":{"@type":"EntryPoint","urlTemplate":"https:\/\/hankkeet.karelia.fi\/geros\/?s={search_term_string}"},"query-input":{"@type":"PropertyValueSpecification","valueRequired":true,"valueName":"search_term_string"}}],"inLanguage":"fi"},{"@type":"Organization","@id":"https:\/\/hankkeet.karelia.fi\/geros\/#organization","name":"Geronomiopiskelijoiden osaamiseen laatua korkeakoulujen valtakunnallisella yhteisty\u00f6ll\u00e4 (GEROS)","url":"https:\/\/hankkeet.karelia.fi\/geros\/","logo":{"@type":"ImageObject","inLanguage":"fi","@id":"https:\/\/hankkeet.karelia.fi\/geros\/#\/schema\/logo\/image\/","url":"https:\/\/hankkeet.karelia.fi\/geros\/wp-content\/uploads\/sites\/21\/2026\/03\/cropped-cropped-Karelia_AMK_logo_RGB-1.png","contentUrl":"https:\/\/hankkeet.karelia.fi\/geros\/wp-content\/uploads\/sites\/21\/2026\/03\/cropped-cropped-Karelia_AMK_logo_RGB-1.png","width":427,"height":116,"caption":"Geronomiopiskelijoiden osaamiseen laatua korkeakoulujen valtakunnallisella yhteisty\u00f6ll\u00e4 (GEROS)"},"image":{"@id":"https:\/\/hankkeet.karelia.fi\/geros\/#\/schema\/logo\/image\/"}}]}},"_links":{"self":[{"href":"https:\/\/hankkeet.karelia.fi\/geros\/wp-json\/wp\/v2\/pages\/20","targetHints":{"allow":["GET"]}}],"collection":[{"href":"https:\/\/hankkeet.karelia.fi\/geros\/wp-json\/wp\/v2\/pages"}],"about":[{"href":"https:\/\/hankkeet.karelia.fi\/geros\/wp-json\/wp\/v2\/types\/page"}],"replies":[{"embeddable":true,"href":"https:\/\/hankkeet.karelia.fi\/geros\/wp-json\/wp\/v2\/comments?post=20"}],"version-history":[{"count":0,"href":"https:\/\/hankkeet.karelia.fi\/geros\/wp-json\/wp\/v2\/pages\/20\/revisions"}],"wp:featuredmedia":[{"embeddable":true,"href":"https:\/\/hankkeet.karelia.fi\/geros\/wp-json\/wp\/v2\/media\/17"}],"wp:attachment":[{"href":"https:\/\/hankkeet.karelia.fi\/geros\/wp-json\/wp\/v2\/media?parent=20"}],"curies":[{"name":"wp","href":"https:\/\/api.w.org\/{rel}","templated":true}]}}