{"id":19,"date":"2026-03-17T14:04:59","date_gmt":"2026-03-17T12:04:59","guid":{"rendered":"https:\/\/hankkeet.karelia.fi\/ihku-ikamiehille-hyvinvointia-kulttuurista\/ihku-ikamiehille-hyvinvointia-kulttuurista\/"},"modified":"2026-03-17T14:04:59","modified_gmt":"2026-03-17T12:04:59","slug":"ihku-ikamiehille-hyvinvointia-kulttuurista","status":"publish","type":"page","link":"https:\/\/hankkeet.karelia.fi\/ihku-ikamiehille-hyvinvointia-kulttuurista\/","title":{"rendered":"IHKU \u2013 Ik\u00e4miehille hyvinvointia kulttuurista"},"content":{"rendered":"\n<figure class=\"wp-block-image size-full\"><img decoding=\"async\" src=\"https:\/\/hankkeet.karelia.fi\/ihku-ikamiehille-hyvinvointia-kulttuurista\/wp-content\/uploads\/sites\/57\/2026\/03\/ihku.png\" alt class=\"wp-image-81507\"><\/figure>\n\n\n\n<p>IHKU \u2013 ik\u00e4miehille hyv\u00adin\u00advoin\u00adtia kult\u00adtuurista \u2011han\u00adkkeessa tue\u00adtaan ik\u00e4mi\u00adesten hyv\u00adin\u00advoin\u00adtia kult\u00adtuurin keinoin. Han\u00adkkeen rahoit\u00adta\u00adjana on Sosi\u00adaali- ja ter\u00adveysmin\u00adis\u00adter\u00adi\u00f6. Han\u00adke on kak\u00adsivuoti\u00adnen (2023\u20132024) ja sit\u00e4 hallinnoi Pohjois-Kar\u00adjalan Sosi\u00adaal\u00adi\u00adtur\u00advay\u00adhdis\u00adtys ry. Osato\u00adteut\u00adta\u00adji\u00adna han\u00adkkeessa ovat Pohjois-Kar\u00adjalan Kansanteat\u00adteri Pok\u00adka, Kare\u00adlia Ammat\u00adtiko\u00adrkeak\u00adoulu ja Joen\u00adsu\u00adun kaupun\u00adgin kult\u00adtuuri\u00adpalve\u00adlut.<br><br>Han\u00adkkeen kohderyh\u00adm\u00e4n\u00e4:<br>Yksin asu\u00advat ja\/tai yksin\u00e4isyyt\u00adt\u00e4 koke\u00advat ik\u00e4miehet<br>Maakun\u00adnan kult\u00adtuu\u00adri\u00adtoim\u00adi\u00adjat<br>Joen\u00adsu\u00adun kaupun\u00adgin p\u00e4\u00e4t\u00adt\u00e4j\u00e4t (Jns kaupung\u00adin\u00adval\u00adtu\u00adus\u00adto, kult\u00adtuuri- ja liikun\u00adta\u00adlau\u00adtakun\u00adta, P\u2011K:n hyv\u00adin\u00advoin\u00adtialueen alue\u00adval\u00adtu\u00adus\u00adto)<br>Toim\u00adinta-alueena: Rantakyl\u00e4, Eno, Ham\u00admaslahti, Kiihtelysvaara ja Tuupo\u00advaara<br><br>Han\u00adkkeen tavoit\u00adteena:<br>Ik\u00e4mi\u00adesten koke\u00admuk\u00adsel\u00adlisen yksin\u00e4isyy\u00adden v\u00e4hen\u00ade\u00adm\u00adi\u00adnen ja el\u00e4m\u00e4n\u00adlaadun parane\u00adm\u00adi\u00adnen kult\u00adtuuri\u00adhyv\u00adin\u00advoin\u00adnin keinoin.<br>Uusien kohderyh\u00admien tavoit\u00adta\u00admi\u00adnen kult\u00adtuuri\u00adhyv\u00adin\u00advoin\u00adti\u00adtoimen\u00adpiteil\u00adl\u00e4 ja uusien keino\u00adjen kehit\u00adt\u00e4mi\u00adnen kult\u00adtuurin hy\u00f6\u00addyn\u00adt\u00e4misek\u00adsi. Kohderyh\u00admien omien koke\u00admusten tulem\u00adi\u00adnen osak\u00adsi kult\u00adtuuri\u00adhyv\u00adin\u00advoin\u00adnin tulosten ja vaiku\u00adtusten arvioin\u00adtia<br><br>Han\u00adkkeen toim\u00adinta\u00admuo\u00adtoina:<br>Jalka\u00adu\u00adtu\u00adva, etsiv\u00e4 van\u00adhus\u00adty\u00f6<br>Toimin\u00adnal\u00adliset miesten ryh\u00adm\u00e4t (Rantakyl\u00e4, Eno, Ham\u00admaslahti, Kiihtelysvaara ja Tuupo\u00advaara)<br>Ver\u00adtais\u00adtoim\u00adinta<br>Osal\u00adlis\u00adtu\u00adva arvioin\u00adti kult\u00adtuurin vaiku\u00adtuk\u00adses\u00adta ik\u00e4mi\u00adesten hyv\u00adin\u00advoin\u00adti\u00adin<br><br>Kare\u00adlia amk:n rooli osato\u00adteut\u00adta\u00adjana:<br>- Kehit\u00adt\u00e4\u00e4 osal\u00adlis\u00adtavaa arvioin\u00adtia ja uusia tapo\u00adja tuot\u00adtaa tietoa kult\u00adtuurin vaiku\u00adtuk\u00adsista haavoit\u00adtuvas\u00adsa ase\u00admas\u00adsa ole\u00advien ryh\u00admien hyv\u00adin\u00advoin\u00adti\u00adin (arvioin\u00adtiryh\u00adm\u00e4, yksil\u00f6- ja ryh\u00adm\u00e4haas\u00adtat\u00adte\u00adlut, mah\u00addol\u00adliset muut tiedonkeru\u00adun menetelm\u00e4t)<br>- Koost\u00adaa ja arvioi tiedonkeru\u00adun tulok\u00adset<br>- Laatii arvioin\u00adti\u00adt\u00adu\u00adlosten poh\u00adjal\u00adta kult\u00adtuuri\u00adhyv\u00adin\u00advoin\u00adti\u00advaiku\u00adtusten kehikon, joka toimii osana han\u00adkkeen vaiku\u00adtusten arvioin\u00adtia<br>- Tekee yhteisty\u00f6t\u00e4 sosi\u00adaali- ja ter\u00adveysalan opiske\u00adli\u00adjoiden (erit. sosiono\u00admi- ja geronomiopin\u00adnot) osaamisen kehit\u00adt\u00e4misess\u00e4 osana opin\u00adto\u00adjak\u00adso\u00adja, har\u00adjoit\u00adtelu\u00adja ja opin\u00adn\u00e4ytet\u00f6it\u00e4<\/p>\n\n\n\n<h2 class=\"wp-block-heading\">Projektin kesto<\/h2>\n\n\n\n<p>1.1.2023 \u2014 31.12.2024<\/p>\n\n\n\n<h2 class=\"wp-block-heading\">Projektip\u00e4\u00e4llikk\u00f6<\/h2>\n\n\n\n<p><strong>Anne Airaksi\u00adnen<\/strong><br>Anne.Airaksinen(a)karelia.fi<\/p>\n\n\n\n<h2 class=\"wp-block-heading\">Rahoitus<\/h2>\n\n\n\n<p>Sosi\u00adaali- ja ter\u00adveysmin\u00adis\u00adter\u00adi\u00f6n rahoi\u00adtus<\/p>\n","protected":false},"excerpt":{"rendered":"<p>IHKU \u2013 ik\u00e4miehille hyv\u00adin\u00advoin\u00adtia kult\u00adtuurista \u2011han\u00adkkeessa tue\u00adtaan ik\u00e4mi\u00adesten hyv\u00adin\u00advoin\u00adtia kult\u00adtuurin keinoin. Han\u00adkkeen rahoit\u00adta\u00adjana on Sosi\u00adaali- ja ter\u00adveysmin\u00adis\u00adter\u00adi\u00f6. Han\u00adke on kak\u00adsivuoti\u00adnen (2023\u20132024) ja sit\u00e4 hallinnoi Pohjois-Kar\u00ad\u00adjalan Sosi\u00adaal\u00adi\u00adtur\u00advay\u00adhdis\u00adtys ry. Osato\u00adteut\u00adta\u00adji\u00adna han\u00adkkeessa ovat Pohjois-Kar\u00ad\u00adjalan Kansanteat\u00adteri Pok\u00adka, Kare\u00adlia Ammat\u00adtiko\u00adrkeak\u00adoulu ja Joen\u00adsu\u00adun kaupun\u00adgin kult\u00adtuuri\u00adpalve\u00adlut. Han\u00adkkeen kohderyh\u00adm\u00e4n\u00e4:Yksin asu\u00advat ja\/tai yksin\u00e4isyyt\u00adt\u00e4 koke\u00advat ik\u00e4miehetMaakun\u00adnan kult\u00adtuu\u00adri\u00adtoim\u00adi\u00adjatJoen\u00adsu\u00adun kaupun\u00adgin p\u00e4\u00e4t\u00adt\u00e4j\u00e4t (Jns kaupung\u00adin\u00adval\u00adtu\u00adus\u00adto, kult\u00ad\u00adtu\u00aduri- ja liikun\u00adta\u00adlau\u00adtakun\u00adta, P\u2011K:n [\u2026]<\/p>\n","protected":false},"author":0,"featured_media":17,"parent":0,"menu_order":0,"comment_status":"closed","ping_status":"closed","template":"","meta":{"inline_featured_image":false,"wp_typography_post_enhancements_disabled":false,"footnotes":""},"class_list":["post-19","page","type-page","status-publish","has-post-thumbnail","hentry"],"yoast_head":"<!-- This site is optimized with the Yoast SEO plugin v27.5 - https:\/\/yoast.com\/product\/yoast-seo-wordpress\/ -->\n<title>IHKU &#8211; Ik\u00e4miehille hyvinvointia kulttuurista - IHKU &#8211; Ik\u00e4miehille hyvinvointia kulttuurista<\/title>\n<meta name=\"robots\" content=\"index, follow, max-snippet:-1, max-image-preview:large, max-video-preview:-1\" \/>\n<link rel=\"canonical\" href=\"https:\/\/hankkeet.karelia.fi\/ihku-ikamiehille-hyvinvointia-kulttuurista\/\" \/>\n<meta property=\"og:locale\" content=\"fi_FI\" \/>\n<meta property=\"og:type\" content=\"article\" \/>\n<meta property=\"og:title\" content=\"IHKU &#8211; Ik\u00e4miehille hyvinvointia kulttuurista - IHKU &#8211; Ik\u00e4miehille hyvinvointia kulttuurista\" \/>\n<meta property=\"og:description\" content=\"IHKU \u2013 ik\u00e4miehille hyv\u00adin\u00advoin\u00adtia kult\u00adtuurista \u2011han\u00adkkeessa tue\u00adtaan ik\u00e4mi\u00adesten hyv\u00adin\u00advoin\u00adtia kult\u00adtuurin keinoin. Han\u00adkkeen rahoit\u00adta\u00adjana on Sosi\u00adaali- ja ter\u00adveysmin\u00adis\u00adter\u00adi\u00f6. Han\u00adke on kak\u00adsivuoti\u00adnen (2023\u20132024) ja sit\u00e4 hallinnoi Pohjois-Kar\u00adjalan Sosi\u00adaal\u00adi\u00adtur\u00advay\u00adhdis\u00adtys ry. Osato\u00adteut\u00adta\u00adji\u00adna han\u00adkkeessa ovat Pohjois-Kar\u00adjalan Kansanteat\u00adteri Pok\u00adka, Kare\u00adlia Ammat\u00adtiko\u00adrkeak\u00adoulu ja Joen\u00adsu\u00adun kaupun\u00adgin kult\u00adtuuri\u00adpalve\u00adlut. Han\u00adkkeen kohderyh\u00adm\u00e4n\u00e4:Yksin asu\u00advat ja\/tai yksin\u00e4isyyt\u00adt\u00e4 koke\u00advat ik\u00e4miehetMaakun\u00adnan kult\u00adtuu\u00adri\u00adtoim\u00adi\u00adjatJoen\u00adsu\u00adun kaupun\u00adgin p\u00e4\u00e4t\u00adt\u00e4j\u00e4t (Jns kaupung\u00adin\u00adval\u00adtu\u00adus\u00adto, kult\u00adtuuri- ja liikun\u00adta\u00adlau\u00adtakun\u00adta, P\u2011K:n [&hellip;]\" \/>\n<meta property=\"og:url\" content=\"https:\/\/hankkeet.karelia.fi\/ihku-ikamiehille-hyvinvointia-kulttuurista\/\" \/>\n<meta property=\"og:site_name\" content=\"IHKU &#8211; Ik\u00e4miehille hyvinvointia kulttuurista\" \/>\n<meta name=\"twitter:card\" content=\"summary_large_image\" \/>\n<meta name=\"twitter:label1\" content=\"Arvioitu lukuaika\" \/>\n\t<meta name=\"twitter:data1\" content=\"1 minuutti\" \/>\n<script type=\"application\/ld+json\" class=\"yoast-schema-graph\">{\"@context\":\"https:\\\/\\\/schema.org\",\"@graph\":[{\"@type\":\"WebPage\",\"@id\":\"https:\\\/\\\/hankkeet.karelia.fi\\\/ihku-ikamiehille-hyvinvointia-kulttuurista\\\/\",\"url\":\"https:\\\/\\\/hankkeet.karelia.fi\\\/ihku-ikamiehille-hyvinvointia-kulttuurista\\\/\",\"name\":\"IHKU &#8211; Ik\u00e4miehille hyvinvointia kulttuurista - IHKU &#8211; Ik\u00e4miehille hyvinvointia kulttuurista\",\"isPartOf\":{\"@id\":\"https:\\\/\\\/hankkeet.karelia.fi\\\/ihku-ikamiehille-hyvinvointia-kulttuurista\\\/#website\"},\"primaryImageOfPage\":{\"@id\":\"https:\\\/\\\/hankkeet.karelia.fi\\\/ihku-ikamiehille-hyvinvointia-kulttuurista\\\/#primaryimage\"},\"image\":{\"@id\":\"https:\\\/\\\/hankkeet.karelia.fi\\\/ihku-ikamiehille-hyvinvointia-kulttuurista\\\/#primaryimage\"},\"thumbnailUrl\":\"https:\\\/\\\/hankkeet.karelia.fi\\\/ihku-ikamiehille-hyvinvointia-kulttuurista\\\/wp-content\\\/uploads\\\/sites\\\/57\\\/2026\\\/03\\\/rye-gd2657b8f4_1280-1-300x200-1.jpg\",\"datePublished\":\"2026-03-17T12:04:59+00:00\",\"breadcrumb\":{\"@id\":\"https:\\\/\\\/hankkeet.karelia.fi\\\/ihku-ikamiehille-hyvinvointia-kulttuurista\\\/#breadcrumb\"},\"inLanguage\":\"fi\",\"potentialAction\":[{\"@type\":\"ReadAction\",\"target\":[\"https:\\\/\\\/hankkeet.karelia.fi\\\/ihku-ikamiehille-hyvinvointia-kulttuurista\\\/\"]}]},{\"@type\":\"ImageObject\",\"inLanguage\":\"fi\",\"@id\":\"https:\\\/\\\/hankkeet.karelia.fi\\\/ihku-ikamiehille-hyvinvointia-kulttuurista\\\/#primaryimage\",\"url\":\"https:\\\/\\\/hankkeet.karelia.fi\\\/ihku-ikamiehille-hyvinvointia-kulttuurista\\\/wp-content\\\/uploads\\\/sites\\\/57\\\/2026\\\/03\\\/rye-gd2657b8f4_1280-1-300x200-1.jpg\",\"contentUrl\":\"https:\\\/\\\/hankkeet.karelia.fi\\\/ihku-ikamiehille-hyvinvointia-kulttuurista\\\/wp-content\\\/uploads\\\/sites\\\/57\\\/2026\\\/03\\\/rye-gd2657b8f4_1280-1-300x200-1.jpg\",\"width\":300,\"height\":200},{\"@type\":\"BreadcrumbList\",\"@id\":\"https:\\\/\\\/hankkeet.karelia.fi\\\/ihku-ikamiehille-hyvinvointia-kulttuurista\\\/#breadcrumb\",\"itemListElement\":[{\"@type\":\"ListItem\",\"position\":1,\"name\":\"Home\",\"item\":\"https:\\\/\\\/hankkeet.karelia.fi\\\/ihku-ikamiehille-hyvinvointia-kulttuurista\\\/ihku-ikamiehille-hyvinvointia-kulttuurista\\\/\"},{\"@type\":\"ListItem\",\"position\":2,\"name\":\"IHKU &#8211; Ik\u00e4miehille hyvinvointia kulttuurista\"}]},{\"@type\":\"WebSite\",\"@id\":\"https:\\\/\\\/hankkeet.karelia.fi\\\/ihku-ikamiehille-hyvinvointia-kulttuurista\\\/#website\",\"url\":\"https:\\\/\\\/hankkeet.karelia.fi\\\/ihku-ikamiehille-hyvinvointia-kulttuurista\\\/\",\"name\":\"IHKU &#8211; Ik\u00e4miehille hyvinvointia kulttuurista\",\"description\":\"\",\"publisher\":{\"@id\":\"https:\\\/\\\/hankkeet.karelia.fi\\\/ihku-ikamiehille-hyvinvointia-kulttuurista\\\/#organization\"},\"potentialAction\":[{\"@type\":\"SearchAction\",\"target\":{\"@type\":\"EntryPoint\",\"urlTemplate\":\"https:\\\/\\\/hankkeet.karelia.fi\\\/ihku-ikamiehille-hyvinvointia-kulttuurista\\\/?s={search_term_string}\"},\"query-input\":{\"@type\":\"PropertyValueSpecification\",\"valueRequired\":true,\"valueName\":\"search_term_string\"}}],\"inLanguage\":\"fi\"},{\"@type\":\"Organization\",\"@id\":\"https:\\\/\\\/hankkeet.karelia.fi\\\/ihku-ikamiehille-hyvinvointia-kulttuurista\\\/#organization\",\"name\":\"IHKU &#8211; Ik\u00e4miehille hyvinvointia kulttuurista\",\"url\":\"https:\\\/\\\/hankkeet.karelia.fi\\\/ihku-ikamiehille-hyvinvointia-kulttuurista\\\/\",\"logo\":{\"@type\":\"ImageObject\",\"inLanguage\":\"fi\",\"@id\":\"https:\\\/\\\/hankkeet.karelia.fi\\\/ihku-ikamiehille-hyvinvointia-kulttuurista\\\/#\\\/schema\\\/logo\\\/image\\\/\",\"url\":\"https:\\\/\\\/hankkeet.karelia.fi\\\/ihku-ikamiehille-hyvinvointia-kulttuurista\\\/wp-content\\\/uploads\\\/sites\\\/57\\\/2026\\\/03\\\/cropped-cropped-Karelia_AMK_logo_RGB-1.png\",\"contentUrl\":\"https:\\\/\\\/hankkeet.karelia.fi\\\/ihku-ikamiehille-hyvinvointia-kulttuurista\\\/wp-content\\\/uploads\\\/sites\\\/57\\\/2026\\\/03\\\/cropped-cropped-Karelia_AMK_logo_RGB-1.png\",\"width\":427,\"height\":116,\"caption\":\"IHKU &#8211; Ik\u00e4miehille hyvinvointia kulttuurista\"},\"image\":{\"@id\":\"https:\\\/\\\/hankkeet.karelia.fi\\\/ihku-ikamiehille-hyvinvointia-kulttuurista\\\/#\\\/schema\\\/logo\\\/image\\\/\"}}]}<\/script>\n<!-- \/ Yoast SEO plugin. -->","yoast_head_json":{"title":"IHKU &#8211; Ik\u00e4miehille hyvinvointia kulttuurista - IHKU &#8211; Ik\u00e4miehille hyvinvointia kulttuurista","robots":{"index":"index","follow":"follow","max-snippet":"max-snippet:-1","max-image-preview":"max-image-preview:large","max-video-preview":"max-video-preview:-1"},"canonical":"https:\/\/hankkeet.karelia.fi\/ihku-ikamiehille-hyvinvointia-kulttuurista\/","og_locale":"fi_FI","og_type":"article","og_title":"IHKU &#8211; Ik\u00e4miehille hyvinvointia kulttuurista - IHKU &#8211; Ik\u00e4miehille hyvinvointia kulttuurista","og_description":"IHKU \u2013 ik\u00e4miehille hyv\u00adin\u00advoin\u00adtia kult\u00adtuurista \u2011han\u00adkkeessa tue\u00adtaan ik\u00e4mi\u00adesten hyv\u00adin\u00advoin\u00adtia kult\u00adtuurin keinoin. Han\u00adkkeen rahoit\u00adta\u00adjana on Sosi\u00adaali- ja ter\u00adveysmin\u00adis\u00adter\u00adi\u00f6. Han\u00adke on kak\u00adsivuoti\u00adnen (2023\u20132024) ja sit\u00e4 hallinnoi Pohjois-Kar\u00adjalan Sosi\u00adaal\u00adi\u00adtur\u00advay\u00adhdis\u00adtys ry. Osato\u00adteut\u00adta\u00adji\u00adna han\u00adkkeessa ovat Pohjois-Kar\u00adjalan Kansanteat\u00adteri Pok\u00adka, Kare\u00adlia Ammat\u00adtiko\u00adrkeak\u00adoulu ja Joen\u00adsu\u00adun kaupun\u00adgin kult\u00adtuuri\u00adpalve\u00adlut. Han\u00adkkeen kohderyh\u00adm\u00e4n\u00e4:Yksin asu\u00advat ja\/tai yksin\u00e4isyyt\u00adt\u00e4 koke\u00advat ik\u00e4miehetMaakun\u00adnan kult\u00adtuu\u00adri\u00adtoim\u00adi\u00adjatJoen\u00adsu\u00adun kaupun\u00adgin p\u00e4\u00e4t\u00adt\u00e4j\u00e4t (Jns kaupung\u00adin\u00adval\u00adtu\u00adus\u00adto, kult\u00adtuuri- ja liikun\u00adta\u00adlau\u00adtakun\u00adta, P\u2011K:n [&hellip;]","og_url":"https:\/\/hankkeet.karelia.fi\/ihku-ikamiehille-hyvinvointia-kulttuurista\/","og_site_name":"IHKU &#8211; Ik\u00e4miehille hyvinvointia kulttuurista","twitter_card":"summary_large_image","twitter_misc":{"Arvioitu lukuaika":"1 minuutti"},"schema":{"@context":"https:\/\/schema.org","@graph":[{"@type":"WebPage","@id":"https:\/\/hankkeet.karelia.fi\/ihku-ikamiehille-hyvinvointia-kulttuurista\/","url":"https:\/\/hankkeet.karelia.fi\/ihku-ikamiehille-hyvinvointia-kulttuurista\/","name":"IHKU &#8211; Ik\u00e4miehille hyvinvointia kulttuurista - IHKU &#8211; Ik\u00e4miehille hyvinvointia kulttuurista","isPartOf":{"@id":"https:\/\/hankkeet.karelia.fi\/ihku-ikamiehille-hyvinvointia-kulttuurista\/#website"},"primaryImageOfPage":{"@id":"https:\/\/hankkeet.karelia.fi\/ihku-ikamiehille-hyvinvointia-kulttuurista\/#primaryimage"},"image":{"@id":"https:\/\/hankkeet.karelia.fi\/ihku-ikamiehille-hyvinvointia-kulttuurista\/#primaryimage"},"thumbnailUrl":"https:\/\/hankkeet.karelia.fi\/ihku-ikamiehille-hyvinvointia-kulttuurista\/wp-content\/uploads\/sites\/57\/2026\/03\/rye-gd2657b8f4_1280-1-300x200-1.jpg","datePublished":"2026-03-17T12:04:59+00:00","breadcrumb":{"@id":"https:\/\/hankkeet.karelia.fi\/ihku-ikamiehille-hyvinvointia-kulttuurista\/#breadcrumb"},"inLanguage":"fi","potentialAction":[{"@type":"ReadAction","target":["https:\/\/hankkeet.karelia.fi\/ihku-ikamiehille-hyvinvointia-kulttuurista\/"]}]},{"@type":"ImageObject","inLanguage":"fi","@id":"https:\/\/hankkeet.karelia.fi\/ihku-ikamiehille-hyvinvointia-kulttuurista\/#primaryimage","url":"https:\/\/hankkeet.karelia.fi\/ihku-ikamiehille-hyvinvointia-kulttuurista\/wp-content\/uploads\/sites\/57\/2026\/03\/rye-gd2657b8f4_1280-1-300x200-1.jpg","contentUrl":"https:\/\/hankkeet.karelia.fi\/ihku-ikamiehille-hyvinvointia-kulttuurista\/wp-content\/uploads\/sites\/57\/2026\/03\/rye-gd2657b8f4_1280-1-300x200-1.jpg","width":300,"height":200},{"@type":"BreadcrumbList","@id":"https:\/\/hankkeet.karelia.fi\/ihku-ikamiehille-hyvinvointia-kulttuurista\/#breadcrumb","itemListElement":[{"@type":"ListItem","position":1,"name":"Home","item":"https:\/\/hankkeet.karelia.fi\/ihku-ikamiehille-hyvinvointia-kulttuurista\/ihku-ikamiehille-hyvinvointia-kulttuurista\/"},{"@type":"ListItem","position":2,"name":"IHKU &#8211; Ik\u00e4miehille hyvinvointia kulttuurista"}]},{"@type":"WebSite","@id":"https:\/\/hankkeet.karelia.fi\/ihku-ikamiehille-hyvinvointia-kulttuurista\/#website","url":"https:\/\/hankkeet.karelia.fi\/ihku-ikamiehille-hyvinvointia-kulttuurista\/","name":"IHKU &#8211; Ik\u00e4miehille hyvinvointia kulttuurista","description":"","publisher":{"@id":"https:\/\/hankkeet.karelia.fi\/ihku-ikamiehille-hyvinvointia-kulttuurista\/#organization"},"potentialAction":[{"@type":"SearchAction","target":{"@type":"EntryPoint","urlTemplate":"https:\/\/hankkeet.karelia.fi\/ihku-ikamiehille-hyvinvointia-kulttuurista\/?s={search_term_string}"},"query-input":{"@type":"PropertyValueSpecification","valueRequired":true,"valueName":"search_term_string"}}],"inLanguage":"fi"},{"@type":"Organization","@id":"https:\/\/hankkeet.karelia.fi\/ihku-ikamiehille-hyvinvointia-kulttuurista\/#organization","name":"IHKU &#8211; Ik\u00e4miehille hyvinvointia kulttuurista","url":"https:\/\/hankkeet.karelia.fi\/ihku-ikamiehille-hyvinvointia-kulttuurista\/","logo":{"@type":"ImageObject","inLanguage":"fi","@id":"https:\/\/hankkeet.karelia.fi\/ihku-ikamiehille-hyvinvointia-kulttuurista\/#\/schema\/logo\/image\/","url":"https:\/\/hankkeet.karelia.fi\/ihku-ikamiehille-hyvinvointia-kulttuurista\/wp-content\/uploads\/sites\/57\/2026\/03\/cropped-cropped-Karelia_AMK_logo_RGB-1.png","contentUrl":"https:\/\/hankkeet.karelia.fi\/ihku-ikamiehille-hyvinvointia-kulttuurista\/wp-content\/uploads\/sites\/57\/2026\/03\/cropped-cropped-Karelia_AMK_logo_RGB-1.png","width":427,"height":116,"caption":"IHKU &#8211; Ik\u00e4miehille hyvinvointia kulttuurista"},"image":{"@id":"https:\/\/hankkeet.karelia.fi\/ihku-ikamiehille-hyvinvointia-kulttuurista\/#\/schema\/logo\/image\/"}}]}},"_links":{"self":[{"href":"https:\/\/hankkeet.karelia.fi\/ihku-ikamiehille-hyvinvointia-kulttuurista\/wp-json\/wp\/v2\/pages\/19","targetHints":{"allow":["GET"]}}],"collection":[{"href":"https:\/\/hankkeet.karelia.fi\/ihku-ikamiehille-hyvinvointia-kulttuurista\/wp-json\/wp\/v2\/pages"}],"about":[{"href":"https:\/\/hankkeet.karelia.fi\/ihku-ikamiehille-hyvinvointia-kulttuurista\/wp-json\/wp\/v2\/types\/page"}],"replies":[{"embeddable":true,"href":"https:\/\/hankkeet.karelia.fi\/ihku-ikamiehille-hyvinvointia-kulttuurista\/wp-json\/wp\/v2\/comments?post=19"}],"version-history":[{"count":0,"href":"https:\/\/hankkeet.karelia.fi\/ihku-ikamiehille-hyvinvointia-kulttuurista\/wp-json\/wp\/v2\/pages\/19\/revisions"}],"wp:featuredmedia":[{"embeddable":true,"href":"https:\/\/hankkeet.karelia.fi\/ihku-ikamiehille-hyvinvointia-kulttuurista\/wp-json\/wp\/v2\/media\/17"}],"wp:attachment":[{"href":"https:\/\/hankkeet.karelia.fi\/ihku-ikamiehille-hyvinvointia-kulttuurista\/wp-json\/wp\/v2\/media?parent=19"}],"curies":[{"name":"wp","href":"https:\/\/api.w.org\/{rel}","templated":true}]}}