{"id":19,"date":"2026-03-17T13:57:52","date_gmt":"2026-03-17T11:57:52","guid":{"rendered":"https:\/\/hankkeet.karelia.fi\/image-international-master-in-active-and-healthy-ageing\/image-international-master-in-active-and-healthy-ageing\/"},"modified":"2026-03-17T13:57:52","modified_gmt":"2026-03-17T11:57:52","slug":"image-international-master-in-active-and-healthy-ageing","status":"publish","type":"page","link":"https:\/\/hankkeet.karelia.fi\/image-international-master-in-active-and-healthy-ageing\/","title":{"rendered":"IMAGE \u2013 International Master in Active and Healthy Ageing"},"content":{"rendered":"\n<figure class=\"wp-block-image size-full\"><img decoding=\"async\" src=\"https:\/\/hankkeet.karelia.fi\/image-international-master-in-active-and-healthy-ageing\/wp-content\/uploads\/sites\/56\/2026\/03\/image.png\" alt class=\"wp-image-81505\"><\/figure>\n\n\n\n<p>IMAGE eli Inter\u00adna\u00adtion\u00adal Mas\u00adter in Active and Healthy Age\u00ading \u2011han\u00adkkeessa yhteiske\u00adhitet\u00e4\u00e4n t\u00e4ysin uuden\u00adlaiset diplo\u00admi- ja mais\u00adterik\u00adoulu\u00adtuk\u00adset Chilen yliopis\u00adton tar\u00adjon\u00adtaan. Koulu\u00adtuk\u00adsista tulee osa Chilen yliopis\u00adton tutk\u00adin\u00adto- ja t\u00e4y\u00adden\u00adnysk\u00adoulu\u00adtus\u00adtar\u00adjon\u00adtaa. Kare\u00adlia on kehit\u00adt\u00e4j\u00e4- ja toteut\u00adta\u00adjakump\u00adpani, joka spar\u00adraa ops-pros\u00ades\u00adsia ja kap\u00ada\u00adsiteetin vavhis\u00adtamista sek\u00e4 toimii koulu\u00adtuk\u00adsis\u00adsa ope\u00adtuste\u00adht\u00e4vis\u00ads\u00e4. Kare\u00adlias\u00adsa koulu\u00adtuk\u00adset tule\u00advat osak\u00adsi kv-liike\u00adtoimin\u00adnan kokon\u00adaisu\u00adut\u00adta. Kump\u00adpan\u00adit hy\u00f6y\u00adtyv\u00e4t eri\u00adlais\u00adten osaamis\u00adten ja koke\u00admusten hy\u00f6\u00addyn\u00adt\u00e4mis\u00ades\u00adt\u00e4, ja tulok\u00adset tuke\u00advat kum\u00admankin korkeak\u00adoulun strate\u00adgisia tavoit\u00adtei\u00adta.<br><br>Koulu\u00adtuk\u00adsen k\u00e4sit\u00adtelev\u00e4t moni\u00adalais\u00ades\u00adti ja moni\u00adammatil\u00adlis\u00ades\u00adti akti\u00adivisen ja hyv\u00e4n ik\u00e4\u00e4n\u00adtymisen kokon\u00adaisu\u00adut\u00adta. Tavoit\u00adteena on koulut\u00adtaa tule\u00advaisu\u00adu\u00adden osaa\u00adjia, jot\u00adka pystyv\u00e4t tuke\u00admaan Chilen kehit\u00adtymist\u00e4 ik\u00e4ys\u00adt\u00e4v\u00e4l\u00adlisek\u00adsi maak\u00adsi niin, ett\u00e4 samal\u00adla on mah\u00addol\u00adlista vas\u00adta\u00adta ik\u00e4\u00e4n\u00adtyv\u00e4n yhteiskun\u00adnan haasteisi\u00adin ja tarpeisi\u00adin maanti\u00adeteelt\u00e4\u00e4n ja sosioekono\u00admi\u00adal\u00adtaan haas\u00adtavas\u00adsa toim\u00adintaym\u00adp\u00e4rist\u00f6ss\u00e4. Han\u00adkkeen aikana tehd\u00e4\u00e4n yhteiset kom\u00adpe\u00adtenssipo\u00adh\u00adjaiset ope\u00adtus- ja toteu\u00adtus\u00adsu\u00adun\u00adnitel\u00admat, tes\u00adtataan sis\u00e4lt\u00f6j\u00e4 sek\u00e4 vahvis\u00adte\u00adtaan ope\u00adtushenkil\u00f6st\u00f6n kap\u00ada\u00adsiteet\u00adtia. Lis\u00e4k\u00adsi luo\u00addaan yhteinen temaat\u00adti\u00adnen tutkimus\u00adryh\u00adm\u00e4, joka toimii jatkoy\u00adhteisty\u00f6n moot\u00adto\u00adri\u00adna.<br><br>Chilen yliopis\u00adto on maan arvoste\u00adtu\u00adimpia ja van\u00adhimpia yliopis\u00adto\u00adja, ja sil\u00adl\u00e4 on vah\u00adva l\u00e4\u00e4keti\u00adeteelli\u00adnen tiedekun\u00adta. Kare\u00adlia puolestaan on ain\u00adoa suo\u00adma\u00adlainen ammat\u00adtiko\u00adrkeak\u00adoulu, joka tar\u00adjoaa ik\u00e4osaamisen YAMK-koulu\u00adtus\u00adta. Kump\u00adpan\u00adit ovat tehneet yhdess\u00e4 pilot\u00adti\u00adhankkeen, jos\u00adsa on kuvat\u00adtu yhteis\u00f6n roo\u00adlia hyv\u00e4n ik\u00e4\u00e4n\u00adtymisen tukemises\u00adsa sek\u00e4 koulutet\u00adtu yhteis\u00f6\u00adta\u00adson toim\u00adi\u00adjoi\u00adta akti\u00adivisen ik\u00e4\u00e4n\u00adtymisen teemoista.<\/p>\n\n\n\n<h2 class=\"wp-block-heading\">Projektin kesto<\/h2>\n\n\n\n<p>1.9.2022 \u2014 31.12.2024<\/p>\n\n\n\n<h2 class=\"wp-block-heading\">Projektip\u00e4\u00e4llikk\u00f6<\/h2>\n\n\n\n<p><strong>Liisa Tim\u00ado\u00adnen<\/strong><br>Liisa.Timonen(a)karelia.fi<\/p>\n\n\n\n<h2 class=\"wp-block-heading\">Rahoitus<\/h2>\n\n\n\n<p>Ope\u00adtushal\u00adli\u00adtus, kehit\u00adt\u00e4mis\u00adra\u00adhoi\u00adtus<\/p>\n","protected":false},"excerpt":{"rendered":"<p>IMAGE eli Inter\u00adna\u00adtion\u00adal Mas\u00adter in Active and Healthy Age\u00ading \u2011han\u00adkkeessa yhteiske\u00adhitet\u00e4\u00e4n t\u00e4ysin uuden\u00adlaiset diplo\u00ad\u00admi- ja mais\u00adterik\u00adoulu\u00adtuk\u00adset Chilen yliopis\u00adton tar\u00adjon\u00adtaan. Koulu\u00adtuk\u00adsista tulee osa Chilen yliopis\u00adton tutk\u00adin\u00ad\u00adto- ja t\u00e4y\u00adden\u00adnysk\u00adoulu\u00adtus\u00adtar\u00adjon\u00adtaa. Kare\u00adlia on kehit\u00adt\u00e4j\u00e4- ja toteut\u00adta\u00adjakump\u00adpani, joka spar\u00adraa ops-pros\u00ades\u00adsia ja kap\u00ada\u00adsiteetin vavhis\u00adtamista sek\u00e4 toimii koulu\u00adtuk\u00adsis\u00adsa ope\u00adtuste\u00adht\u00e4vis\u00ads\u00e4. Kare\u00adlias\u00adsa koulu\u00adtuk\u00adset tule\u00advat osak\u00adsi kv-liike\u00ad\u00adtoim\u00adin\u00ad\u00adnan kokon\u00adaisu\u00adut\u00adta. Kump\u00adpan\u00adit hy\u00f6y\u00adtyv\u00e4t eri\u00adlais\u00adten osaamis\u00adten ja koke\u00admusten hy\u00f6\u00addyn\u00adt\u00e4mis\u00ades\u00adt\u00e4, [\u2026]<\/p>\n","protected":false},"author":0,"featured_media":17,"parent":0,"menu_order":0,"comment_status":"closed","ping_status":"closed","template":"","meta":{"inline_featured_image":false,"wp_typography_post_enhancements_disabled":false,"footnotes":""},"class_list":["post-19","page","type-page","status-publish","has-post-thumbnail","hentry"],"yoast_head":"<!-- This site is optimized with the Yoast SEO plugin v27.5 - https:\/\/yoast.com\/product\/yoast-seo-wordpress\/ -->\n<title>IMAGE &#8211; International Master in Active and Healthy Ageing - IMAGE &#8211; International Master in Active and Healthy Ageing<\/title>\n<meta name=\"robots\" content=\"index, follow, max-snippet:-1, max-image-preview:large, max-video-preview:-1\" \/>\n<link rel=\"canonical\" href=\"https:\/\/hankkeet.karelia.fi\/image-international-master-in-active-and-healthy-ageing\/\" \/>\n<meta property=\"og:locale\" content=\"fi_FI\" \/>\n<meta property=\"og:type\" content=\"article\" \/>\n<meta property=\"og:title\" content=\"IMAGE &#8211; International Master in Active and Healthy Ageing - IMAGE &#8211; International Master in Active and Healthy Ageing\" \/>\n<meta property=\"og:description\" content=\"IMAGE eli Inter\u00adna\u00adtion\u00adal Mas\u00adter in Active and Healthy Age\u00ading \u2011han\u00adkkeessa yhteiske\u00adhitet\u00e4\u00e4n t\u00e4ysin uuden\u00adlaiset diplo\u00admi- ja mais\u00adterik\u00adoulu\u00adtuk\u00adset Chilen yliopis\u00adton tar\u00adjon\u00adtaan. Koulu\u00adtuk\u00adsista tulee osa Chilen yliopis\u00adton tutk\u00adin\u00adto- ja t\u00e4y\u00adden\u00adnysk\u00adoulu\u00adtus\u00adtar\u00adjon\u00adtaa. Kare\u00adlia on kehit\u00adt\u00e4j\u00e4- ja toteut\u00adta\u00adjakump\u00adpani, joka spar\u00adraa ops-pros\u00ades\u00adsia ja kap\u00ada\u00adsiteetin vavhis\u00adtamista sek\u00e4 toimii koulu\u00adtuk\u00adsis\u00adsa ope\u00adtuste\u00adht\u00e4vis\u00ads\u00e4. Kare\u00adlias\u00adsa koulu\u00adtuk\u00adset tule\u00advat osak\u00adsi kv-liike\u00adtoimin\u00adnan kokon\u00adaisu\u00adut\u00adta. Kump\u00adpan\u00adit hy\u00f6y\u00adtyv\u00e4t eri\u00adlais\u00adten osaamis\u00adten ja koke\u00admusten hy\u00f6\u00addyn\u00adt\u00e4mis\u00ades\u00adt\u00e4, [&hellip;]\" \/>\n<meta property=\"og:url\" content=\"https:\/\/hankkeet.karelia.fi\/image-international-master-in-active-and-healthy-ageing\/\" \/>\n<meta property=\"og:site_name\" content=\"IMAGE &#8211; International Master in Active and Healthy Ageing\" \/>\n<meta name=\"twitter:card\" content=\"summary_large_image\" \/>\n<meta name=\"twitter:label1\" content=\"Arvioitu lukuaika\" \/>\n\t<meta name=\"twitter:data1\" content=\"1 minuutti\" \/>\n<script type=\"application\/ld+json\" class=\"yoast-schema-graph\">{\"@context\":\"https:\\\/\\\/schema.org\",\"@graph\":[{\"@type\":\"WebPage\",\"@id\":\"https:\\\/\\\/hankkeet.karelia.fi\\\/image-international-master-in-active-and-healthy-ageing\\\/\",\"url\":\"https:\\\/\\\/hankkeet.karelia.fi\\\/image-international-master-in-active-and-healthy-ageing\\\/\",\"name\":\"IMAGE &#8211; International Master in Active and Healthy Ageing - IMAGE &#8211; International Master in Active and Healthy Ageing\",\"isPartOf\":{\"@id\":\"https:\\\/\\\/hankkeet.karelia.fi\\\/image-international-master-in-active-and-healthy-ageing\\\/#website\"},\"primaryImageOfPage\":{\"@id\":\"https:\\\/\\\/hankkeet.karelia.fi\\\/image-international-master-in-active-and-healthy-ageing\\\/#primaryimage\"},\"image\":{\"@id\":\"https:\\\/\\\/hankkeet.karelia.fi\\\/image-international-master-in-active-and-healthy-ageing\\\/#primaryimage\"},\"thumbnailUrl\":\"https:\\\/\\\/hankkeet.karelia.fi\\\/image-international-master-in-active-and-healthy-ageing\\\/wp-content\\\/uploads\\\/sites\\\/56\\\/2026\\\/03\\\/rye-gd2657b8f4_1280-1-300x200-1.jpg\",\"datePublished\":\"2026-03-17T11:57:52+00:00\",\"breadcrumb\":{\"@id\":\"https:\\\/\\\/hankkeet.karelia.fi\\\/image-international-master-in-active-and-healthy-ageing\\\/#breadcrumb\"},\"inLanguage\":\"fi\",\"potentialAction\":[{\"@type\":\"ReadAction\",\"target\":[\"https:\\\/\\\/hankkeet.karelia.fi\\\/image-international-master-in-active-and-healthy-ageing\\\/\"]}]},{\"@type\":\"ImageObject\",\"inLanguage\":\"fi\",\"@id\":\"https:\\\/\\\/hankkeet.karelia.fi\\\/image-international-master-in-active-and-healthy-ageing\\\/#primaryimage\",\"url\":\"https:\\\/\\\/hankkeet.karelia.fi\\\/image-international-master-in-active-and-healthy-ageing\\\/wp-content\\\/uploads\\\/sites\\\/56\\\/2026\\\/03\\\/rye-gd2657b8f4_1280-1-300x200-1.jpg\",\"contentUrl\":\"https:\\\/\\\/hankkeet.karelia.fi\\\/image-international-master-in-active-and-healthy-ageing\\\/wp-content\\\/uploads\\\/sites\\\/56\\\/2026\\\/03\\\/rye-gd2657b8f4_1280-1-300x200-1.jpg\",\"width\":300,\"height\":200},{\"@type\":\"BreadcrumbList\",\"@id\":\"https:\\\/\\\/hankkeet.karelia.fi\\\/image-international-master-in-active-and-healthy-ageing\\\/#breadcrumb\",\"itemListElement\":[{\"@type\":\"ListItem\",\"position\":1,\"name\":\"Home\",\"item\":\"https:\\\/\\\/hankkeet.karelia.fi\\\/image-international-master-in-active-and-healthy-ageing\\\/image-international-master-in-active-and-healthy-ageing\\\/\"},{\"@type\":\"ListItem\",\"position\":2,\"name\":\"IMAGE &#8211; International Master in Active and Healthy Ageing\"}]},{\"@type\":\"WebSite\",\"@id\":\"https:\\\/\\\/hankkeet.karelia.fi\\\/image-international-master-in-active-and-healthy-ageing\\\/#website\",\"url\":\"https:\\\/\\\/hankkeet.karelia.fi\\\/image-international-master-in-active-and-healthy-ageing\\\/\",\"name\":\"IMAGE &#8211; International Master in Active and Healthy Ageing\",\"description\":\"\",\"publisher\":{\"@id\":\"https:\\\/\\\/hankkeet.karelia.fi\\\/image-international-master-in-active-and-healthy-ageing\\\/#organization\"},\"potentialAction\":[{\"@type\":\"SearchAction\",\"target\":{\"@type\":\"EntryPoint\",\"urlTemplate\":\"https:\\\/\\\/hankkeet.karelia.fi\\\/image-international-master-in-active-and-healthy-ageing\\\/?s={search_term_string}\"},\"query-input\":{\"@type\":\"PropertyValueSpecification\",\"valueRequired\":true,\"valueName\":\"search_term_string\"}}],\"inLanguage\":\"fi\"},{\"@type\":\"Organization\",\"@id\":\"https:\\\/\\\/hankkeet.karelia.fi\\\/image-international-master-in-active-and-healthy-ageing\\\/#organization\",\"name\":\"IMAGE &#8211; International Master in Active and Healthy Ageing\",\"url\":\"https:\\\/\\\/hankkeet.karelia.fi\\\/image-international-master-in-active-and-healthy-ageing\\\/\",\"logo\":{\"@type\":\"ImageObject\",\"inLanguage\":\"fi\",\"@id\":\"https:\\\/\\\/hankkeet.karelia.fi\\\/image-international-master-in-active-and-healthy-ageing\\\/#\\\/schema\\\/logo\\\/image\\\/\",\"url\":\"https:\\\/\\\/hankkeet.karelia.fi\\\/image-international-master-in-active-and-healthy-ageing\\\/wp-content\\\/uploads\\\/sites\\\/56\\\/2026\\\/03\\\/cropped-cropped-Karelia_AMK_logo_RGB-1.png\",\"contentUrl\":\"https:\\\/\\\/hankkeet.karelia.fi\\\/image-international-master-in-active-and-healthy-ageing\\\/wp-content\\\/uploads\\\/sites\\\/56\\\/2026\\\/03\\\/cropped-cropped-Karelia_AMK_logo_RGB-1.png\",\"width\":427,\"height\":116,\"caption\":\"IMAGE &#8211; International Master in Active and Healthy Ageing\"},\"image\":{\"@id\":\"https:\\\/\\\/hankkeet.karelia.fi\\\/image-international-master-in-active-and-healthy-ageing\\\/#\\\/schema\\\/logo\\\/image\\\/\"}}]}<\/script>\n<!-- \/ Yoast SEO plugin. -->","yoast_head_json":{"title":"IMAGE &#8211; International Master in Active and Healthy Ageing - IMAGE &#8211; International Master in Active and Healthy Ageing","robots":{"index":"index","follow":"follow","max-snippet":"max-snippet:-1","max-image-preview":"max-image-preview:large","max-video-preview":"max-video-preview:-1"},"canonical":"https:\/\/hankkeet.karelia.fi\/image-international-master-in-active-and-healthy-ageing\/","og_locale":"fi_FI","og_type":"article","og_title":"IMAGE &#8211; International Master in Active and Healthy Ageing - IMAGE &#8211; International Master in Active and Healthy Ageing","og_description":"IMAGE eli Inter\u00adna\u00adtion\u00adal Mas\u00adter in Active and Healthy Age\u00ading \u2011han\u00adkkeessa yhteiske\u00adhitet\u00e4\u00e4n t\u00e4ysin uuden\u00adlaiset diplo\u00admi- ja mais\u00adterik\u00adoulu\u00adtuk\u00adset Chilen yliopis\u00adton tar\u00adjon\u00adtaan. Koulu\u00adtuk\u00adsista tulee osa Chilen yliopis\u00adton tutk\u00adin\u00adto- ja t\u00e4y\u00adden\u00adnysk\u00adoulu\u00adtus\u00adtar\u00adjon\u00adtaa. Kare\u00adlia on kehit\u00adt\u00e4j\u00e4- ja toteut\u00adta\u00adjakump\u00adpani, joka spar\u00adraa ops-pros\u00ades\u00adsia ja kap\u00ada\u00adsiteetin vavhis\u00adtamista sek\u00e4 toimii koulu\u00adtuk\u00adsis\u00adsa ope\u00adtuste\u00adht\u00e4vis\u00ads\u00e4. Kare\u00adlias\u00adsa koulu\u00adtuk\u00adset tule\u00advat osak\u00adsi kv-liike\u00adtoimin\u00adnan kokon\u00adaisu\u00adut\u00adta. Kump\u00adpan\u00adit hy\u00f6y\u00adtyv\u00e4t eri\u00adlais\u00adten osaamis\u00adten ja koke\u00admusten hy\u00f6\u00addyn\u00adt\u00e4mis\u00ades\u00adt\u00e4, [&hellip;]","og_url":"https:\/\/hankkeet.karelia.fi\/image-international-master-in-active-and-healthy-ageing\/","og_site_name":"IMAGE &#8211; International Master in Active and Healthy Ageing","twitter_card":"summary_large_image","twitter_misc":{"Arvioitu lukuaika":"1 minuutti"},"schema":{"@context":"https:\/\/schema.org","@graph":[{"@type":"WebPage","@id":"https:\/\/hankkeet.karelia.fi\/image-international-master-in-active-and-healthy-ageing\/","url":"https:\/\/hankkeet.karelia.fi\/image-international-master-in-active-and-healthy-ageing\/","name":"IMAGE &#8211; International Master in Active and Healthy Ageing - IMAGE &#8211; International Master in Active and Healthy Ageing","isPartOf":{"@id":"https:\/\/hankkeet.karelia.fi\/image-international-master-in-active-and-healthy-ageing\/#website"},"primaryImageOfPage":{"@id":"https:\/\/hankkeet.karelia.fi\/image-international-master-in-active-and-healthy-ageing\/#primaryimage"},"image":{"@id":"https:\/\/hankkeet.karelia.fi\/image-international-master-in-active-and-healthy-ageing\/#primaryimage"},"thumbnailUrl":"https:\/\/hankkeet.karelia.fi\/image-international-master-in-active-and-healthy-ageing\/wp-content\/uploads\/sites\/56\/2026\/03\/rye-gd2657b8f4_1280-1-300x200-1.jpg","datePublished":"2026-03-17T11:57:52+00:00","breadcrumb":{"@id":"https:\/\/hankkeet.karelia.fi\/image-international-master-in-active-and-healthy-ageing\/#breadcrumb"},"inLanguage":"fi","potentialAction":[{"@type":"ReadAction","target":["https:\/\/hankkeet.karelia.fi\/image-international-master-in-active-and-healthy-ageing\/"]}]},{"@type":"ImageObject","inLanguage":"fi","@id":"https:\/\/hankkeet.karelia.fi\/image-international-master-in-active-and-healthy-ageing\/#primaryimage","url":"https:\/\/hankkeet.karelia.fi\/image-international-master-in-active-and-healthy-ageing\/wp-content\/uploads\/sites\/56\/2026\/03\/rye-gd2657b8f4_1280-1-300x200-1.jpg","contentUrl":"https:\/\/hankkeet.karelia.fi\/image-international-master-in-active-and-healthy-ageing\/wp-content\/uploads\/sites\/56\/2026\/03\/rye-gd2657b8f4_1280-1-300x200-1.jpg","width":300,"height":200},{"@type":"BreadcrumbList","@id":"https:\/\/hankkeet.karelia.fi\/image-international-master-in-active-and-healthy-ageing\/#breadcrumb","itemListElement":[{"@type":"ListItem","position":1,"name":"Home","item":"https:\/\/hankkeet.karelia.fi\/image-international-master-in-active-and-healthy-ageing\/image-international-master-in-active-and-healthy-ageing\/"},{"@type":"ListItem","position":2,"name":"IMAGE &#8211; International Master in Active and Healthy Ageing"}]},{"@type":"WebSite","@id":"https:\/\/hankkeet.karelia.fi\/image-international-master-in-active-and-healthy-ageing\/#website","url":"https:\/\/hankkeet.karelia.fi\/image-international-master-in-active-and-healthy-ageing\/","name":"IMAGE &#8211; International Master in Active and Healthy Ageing","description":"","publisher":{"@id":"https:\/\/hankkeet.karelia.fi\/image-international-master-in-active-and-healthy-ageing\/#organization"},"potentialAction":[{"@type":"SearchAction","target":{"@type":"EntryPoint","urlTemplate":"https:\/\/hankkeet.karelia.fi\/image-international-master-in-active-and-healthy-ageing\/?s={search_term_string}"},"query-input":{"@type":"PropertyValueSpecification","valueRequired":true,"valueName":"search_term_string"}}],"inLanguage":"fi"},{"@type":"Organization","@id":"https:\/\/hankkeet.karelia.fi\/image-international-master-in-active-and-healthy-ageing\/#organization","name":"IMAGE &#8211; International Master in Active and Healthy Ageing","url":"https:\/\/hankkeet.karelia.fi\/image-international-master-in-active-and-healthy-ageing\/","logo":{"@type":"ImageObject","inLanguage":"fi","@id":"https:\/\/hankkeet.karelia.fi\/image-international-master-in-active-and-healthy-ageing\/#\/schema\/logo\/image\/","url":"https:\/\/hankkeet.karelia.fi\/image-international-master-in-active-and-healthy-ageing\/wp-content\/uploads\/sites\/56\/2026\/03\/cropped-cropped-Karelia_AMK_logo_RGB-1.png","contentUrl":"https:\/\/hankkeet.karelia.fi\/image-international-master-in-active-and-healthy-ageing\/wp-content\/uploads\/sites\/56\/2026\/03\/cropped-cropped-Karelia_AMK_logo_RGB-1.png","width":427,"height":116,"caption":"IMAGE &#8211; International Master in Active and Healthy Ageing"},"image":{"@id":"https:\/\/hankkeet.karelia.fi\/image-international-master-in-active-and-healthy-ageing\/#\/schema\/logo\/image\/"}}]}},"_links":{"self":[{"href":"https:\/\/hankkeet.karelia.fi\/image-international-master-in-active-and-healthy-ageing\/wp-json\/wp\/v2\/pages\/19","targetHints":{"allow":["GET"]}}],"collection":[{"href":"https:\/\/hankkeet.karelia.fi\/image-international-master-in-active-and-healthy-ageing\/wp-json\/wp\/v2\/pages"}],"about":[{"href":"https:\/\/hankkeet.karelia.fi\/image-international-master-in-active-and-healthy-ageing\/wp-json\/wp\/v2\/types\/page"}],"replies":[{"embeddable":true,"href":"https:\/\/hankkeet.karelia.fi\/image-international-master-in-active-and-healthy-ageing\/wp-json\/wp\/v2\/comments?post=19"}],"version-history":[{"count":0,"href":"https:\/\/hankkeet.karelia.fi\/image-international-master-in-active-and-healthy-ageing\/wp-json\/wp\/v2\/pages\/19\/revisions"}],"wp:featuredmedia":[{"embeddable":true,"href":"https:\/\/hankkeet.karelia.fi\/image-international-master-in-active-and-healthy-ageing\/wp-json\/wp\/v2\/media\/17"}],"wp:attachment":[{"href":"https:\/\/hankkeet.karelia.fi\/image-international-master-in-active-and-healthy-ageing\/wp-json\/wp\/v2\/media?parent=19"}],"curies":[{"name":"wp","href":"https:\/\/api.w.org\/{rel}","templated":true}]}}