{"id":20,"date":"2026-03-17T13:43:15","date_gmt":"2026-03-17T11:43:15","guid":{"rendered":"https:\/\/hankkeet.karelia.fi\/innokaupunki-joensuu\/innokaupunki-joensuu\/"},"modified":"2026-03-17T13:43:15","modified_gmt":"2026-03-17T11:43:15","slug":"innokaupunki-joensuu","status":"publish","type":"page","link":"https:\/\/hankkeet.karelia.fi\/innokaupunki-joensuu\/","title":{"rendered":"Innokaupunki Joensuu"},"content":{"rendered":"\n<figure class=\"wp-block-image size-large is-resized\"><img decoding=\"async\" src=\"https:\/\/hankkeet.karelia.fi\/innokaupunki-joensuu\/wp-content\/uploads\/sites\/54\/2026\/03\/innokaupunki-logot-2-1024x191-1.jpg\" alt=\"Innokaupunki-hankkeen rahoittajien logot\" class=\"wp-image-69137\" style=\"width:830px;height:auto\"><\/figure>\n\n\n\n<p>Innokaupun\u00adki Joen\u00adsuu on Busi\u00adness Joen\u00adsuu Oy:n johdol\u00adla ja koordi\u00adnoimana toteutet\u00adta\u00adva ryh\u00adm\u00e4hanke, jon\u00adka osato\u00adteut\u00adta\u00adji\u00adna ovat It\u00e4-Suomen yliopis\u00adto, Kare\u00adlia Ammat\u00adtiko\u00adrkeak\u00adoulu Oy,Luonnonvarakeskus ja Joen\u00adsu\u00adun kaupun\u00adki. Ryh\u00adm\u00e4hankkeel\u00adla toteutetaan Joen\u00adsu\u00adun kaupun\u00adgin ja val\u00adtion v\u00e4lille vuon\u00adna 2021 laa\u00addit\u00adtua ja allekir\u00adjoitet\u00adtua Inno\u00advaa\u00adtiotoimin\u00adnan ekosys\u00adteemisopimus\u00adta 2021 \u2013 2027. Val\u00adi\u00adtut pain\u00adopis\u00adteet perus\u00adtu\u00advat Joen\u00adsu\u00adun seudun elinkeinos\u00adtrate\u00adgiaan,&nbsp;tki \u2011toim\u00adi\u00adjoiden strate\u00adgisi\u00adin fokusa\u00adloi\u00adhin, sek\u00e4 toimi\u00advak\u00adsi todet\u00adtuun yhteisty\u00f6h\u00f6n pain\u00adopis\u00adtealoil\u00adla.<\/p>\n\n\n\n<p>Kare\u00adlia-ammat\u00adtiko\u00adrkeak\u00adoulu on mukana kah\u00adden ty\u00f6\u00adpaket\u00adtikokon\u00adaisu\u00adu\u00adden toteu\u00adtuk\u00adses\u00adsa seu\u00adraavasti<\/p>\n\n\n\n<p>1. Innokaupun\u00adki Joen\u00adsuu han\u00adkkeessa Kare\u00adlian konetekni\u00adikan koulu\u00adtu\u00adso\u00adhjel\u00adman alla toimi\u00adva tarkku\u00adustekni\u00adikan tutkimusym\u00adp\u00e4rist\u00f6 osal\u00adlis\u00adtuu fotoni\u00adik\u00adka toimi\u00adalan ty\u00f6\u00adpaket\u00adtien toteu\u00adtuk\u00adseen&nbsp;(TP2): fotoni\u00adikan ja tarkku\u00adustekni\u00adikan toim\u00adintaym\u00adp\u00e4rist\u00f6n kehit\u00adt\u00e4mi\u00adnen (tek\u00adnol\u00ado\u00adgiset selvi\u00adtyk\u00adset, klinikkap\u00e4iv\u00e4t, kan\u00adsain\u00adv\u00e4lisen osaamisen siir\u00adto), osaa\u00adjat fotoni\u00adik\u00adka alan yri\u00adtyk\u00adsi\u00adin (yhteisty\u00f6 UEF:n ja kan\u00adsain\u00adv\u00e4lis\u00adten korkeak\u00adoulu\u00adjen kanssa) ja fotoni\u00adikan&nbsp;ekosys\u00adteemin arvoverkos\u00adto\u00adjen kehit\u00adt\u00e4mi\u00adnen (palvelu\u00adjen toteut\u00adta\u00admi\u00adnen yhteisty\u00f6ss\u00e4, yhteistapah\u00adtu\u00admat).<\/p>\n\n\n\n<p>Kare\u00adlian ty\u00f6\u00adpaketin toteu\u00adtuk\u00adsen tavoit\u00adteina ovat<\/p>\n\n\n\n<ul class=\"wp-block-list\">\n<li>kehit\u00adt\u00e4\u00e4 tarkku\u00adustekni\u00adikan toim\u00adinta\u00admallia tuke\u00admaan fotoni\u00adikan ja tarkku\u00adus\u00advalmis\u00adtuk\u00adseen ekosys\u00adteemi\u00e4 ja ekosys\u00adteemin yhteist\u00e4 palvelumallia<\/li>\n\n\n\n<li>tukea fotoni\u00adikkaan ja tarkku\u00adus\u00advalmis\u00adtuk\u00adseen ori\u00aden\u00adtoitunei\u00adta yri\u00adtyk\u00adsi\u00e4 (kan\u00adsain\u00adv\u00e4listymisess\u00e4, osaamisen kehit\u00adt\u00e4misess\u00e4 ja tuoteke\u00adhi\u00adtyk\u00adsess\u00e4)<\/li>\n\n\n\n<li>nopeut\u00adtaa fotoni\u00adikan ja tarkku\u00adus\u00advalmis\u00adtuk\u00adseen ori\u00aden\u00adtoitunei\u00adden tuote- ja tuotan\u00adnonke\u00adhi\u00adtyssyk\u00adle\u00adj\u00e4, tar\u00adjo\u00adta ja etsi\u00e4 fotoni\u00adikkaan ja tarkku\u00adus\u00advalmis\u00adtuk\u00adseen ori\u00aden\u00adtoituneille yri\u00adtyk\u00adsille&nbsp;uus\u00adin\u00adta alan tietoa- kehit\u00adt\u00e4\u00e4 kan\u00adsain\u00adv\u00e4list\u00e4 yhteisty\u00f6t\u00e4 tarkku\u00adustekni\u00adikan koulu\u00adtuk\u00adses\u00adsa ja tuoteke\u00adhi\u00adtysy\u00adhteisty\u00f6ss\u00e4<\/li>\n\n\n\n<li>kehit\u00adt\u00e4\u00e4 Kare\u00adlian ja yri\u00adtys\u00adten v\u00e4list\u00e4 tuoteke\u00adhi\u00adtyk\u00adsen ja osaamisen siir\u00adron PDP-mallia (Prod\u00aduct Devel\u00adop\u00adment Part\u00adner\u00adship) sek\u00e4<\/li>\n\n\n\n<li>koordi\u00adnoi\u00adda Kare\u00adlian laite\u00adin\u00adfra\u00adstruk\u00adtu\u00adurin kehit\u00adt\u00e4mist\u00e4<\/li>\n<\/ul>\n\n\n\n<p>2. Innokaupun\u00adki Joen\u00adsuu han\u00adkkeessa rakennus\u2011, talo\u2011, ener\u00adgia- ja ymp\u00e4rist\u00f6tekni\u00adikan koulu\u00adtusa\u00adlo\u00adjen rooli liit\u00adtyy Met\u00ads\u00e4bio- ja kier\u00adto\u00adtalous \u2011ty\u00f6\u00adpaket\u00adti\u00adin (TP3) ilmas\u00adtovi\u00adisaan rak\u00aden\u00adtamisen&nbsp;teemas\u00adsa. Tavoit\u00adteena on tukea yrit\u00adt\u00e4ji\u00e4 ja Joen\u00adsu\u00adun kaupunkia rak\u00aden\u00adtamisen v\u00e4h\u00e4hi\u00adilis\u00adten pros\u00adessien osaamisen kehit\u00adt\u00e4misess\u00e4 ja edis\u00adt\u00e4\u00e4 niiden k\u00e4yt\u00adt\u00f6\u00f6not\u00adtoa Pk-yri\u00adtyk\u00adsis\u00ads\u00e4. Lis\u00e4k\u00adsi vahvis\u00adte\u00adtaan v\u00e4h\u00e4hi\u00adiliseen rak\u00aden\u00adtamiseen liit\u00adtyv\u00e4\u00e4 mate\u00adri\u00adaaliosaamista.<\/p>\n\n\n\n<p>Kare\u00adlian ty\u00f6\u00adpaketin toteu\u00adtuk\u00adsen tavoit\u00adteena on<\/p>\n\n\n\n<ul class=\"wp-block-list\">\n<li>Ilmas\u00adtovi\u00adisaan rak\u00aden\u00adtamisen klus\u00adter\u00adi\u00adtoimin\u00adnan ja palve\u00adlu\u00adtar\u00adjon\u00adnan strate\u00adgi\u00adnen kehit\u00adt\u00e4mi\u00adnen. Klus\u00adterin koos\u00adt\u00aduu rak\u00aden\u00adtamisen toimi\u00adalan, rak\u00aden\u00adtamisen tuot\u00adtei\u00adta valmis\u00adtavista sek\u00e4&nbsp;uusi\u00adu\u00adtu\u00advan ener\u00adgian sek\u00adtorin start\u00adup- ja Pk-yri\u00adtyk\u00adsist\u00e4. Luo\u00addaan toimen\u00adpidesu\u00adun\u00adnitel\u00adma ilmas\u00adtovi\u00adisaan rak\u00aden\u00adtamisen klus\u00adterin toimin\u00adnan k\u00e4yn\u00adnist\u00e4misek\u00adsi ja palve\u00adlu\u00adtar\u00adjon\u00adnan kehit\u00adt\u00e4misek\u00adsi<\/li>\n\n\n\n<li>Ilmas\u00adtovi\u00adisaan rak\u00aden\u00adtamisen tapah\u00adtu\u00admi\u00adin osal\u00adlis\u00adtu\u00admi\u00adnen ja akti\u00adivi\u00adnen toim\u00adimi\u00adnen niis\u00ads\u00e4 (TP5), j\u00e4r\u00adjestet\u00e4\u00e4n kan\u00adsain\u00adv\u00e4\u00adli\u00adnen Dri\u00advers for Wood Con\u00adstruc\u00adtion 2023 \u2011tapah\u00adtu\u00adma Joen\u00adsu\u00adus\u00adsa.<\/li>\n\n\n\n<li>Suun\u00adnitel\u00adlaan Vihre\u00e4n siir\u00adtym\u00e4n osaamiskeskuk\u00adsen toim\u00adinta ja palve\u00adlu\u00adtar\u00adjon\u00adta (W\u00e4rt\u00adsil\u00e4 kam\u00adpuk\u00adsen laboratoriot\/ tutkimuskokon\u00adaisu\u00adus).<\/li>\n\n\n\n<li>tutkimuk\u00adses\u00adta liike\u00adtoim\u00adintaa pilot\u00adtei\u00adhin osal\u00adlis\u00adtu\u00admi\u00adnen (TP4) ml. yri\u00adtys\u00adten kan\u00adsain\u00adv\u00e4\u00adli\u00adnen osaamisen vien\u00adti<\/li>\n<\/ul>\n\n\n\n<h2 class=\"wp-block-heading\">Projektin kesto<\/h2>\n\n\n\n<p>1.1.2023 \u2014 31.5.2024<\/p>\n\n\n\n<h2 class=\"wp-block-heading\">Projektip\u00e4\u00e4llikk\u00f6<\/h2>\n\n\n\n<p><strong>Mari\u00adka Turkia<\/strong><br>Marika.Turkia(a)karelia.fi<\/p>\n\n\n\n<h2 class=\"wp-block-heading\">Rahoitus<\/h2>\n\n\n\n<p>EAKR-ohjel\u00adma<\/p>\n\n\n\n<div class=\"wp-block-buttons is-layout-flex wp-block-buttons-is-layout-flex\">\n<div class=\"wp-block-button is-style-outline is-style-outline--1\"><a class=\"wp-block-button__link wp-element-button\" href=\"https:\/\/www.joensuu.fi\/innokaupunki\">joensuu.fi\/innokaupunki<\/a><\/div>\n<\/div>\n\n\n\n<figure class=\"wp-block-image size-full\"><img decoding=\"async\" src=\"https:\/\/hankkeet.karelia.fi\/innokaupunki-joensuu\/wp-content\/uploads\/sites\/54\/2026\/03\/kk9_palkki.jpg\" alt class=\"wp-image-81546\"><\/figure>\n","protected":false},"excerpt":{"rendered":"<p>Innokaupun\u00adki Joen\u00adsuu on Busi\u00adness Joen\u00adsuu Oy:n johdol\u00adla ja koordi\u00adnoimana toteutet\u00adta\u00adva ryh\u00adm\u00e4hanke, jon\u00adka osato\u00adteut\u00adta\u00adji\u00adna ovat It\u00e4-Suomen yliopis\u00adto, Kare\u00adlia Ammat\u00adtiko\u00adrkeak\u00adoulu Oy,Luonnonvarakeskus ja Joen\u00adsu\u00adun kaupun\u00adki. Ryh\u00adm\u00e4hankkeel\u00adla toteutetaan Joen\u00adsu\u00adun kaupun\u00adgin ja val\u00adtion v\u00e4lille vuon\u00adna 2021 laa\u00addit\u00adtua ja allekir\u00adjoitet\u00adtua Inno\u00advaa\u00adtiotoimin\u00adnan ekosys\u00adteemisopimus\u00adta 2021 \u2013 2027. Val\u00adi\u00adtut pain\u00adopis\u00adteet perus\u00adtu\u00advat Joen\u00adsu\u00adun seudun elinkeinos\u00adtrate\u00adgiaan,&nbsp;tki \u2011toim\u00adi\u00adjoiden strate\u00adgisi\u00adin fokusa\u00adloi\u00adhin, sek\u00e4 toimi\u00advak\u00adsi todet\u00adtuun yhteisty\u00f6h\u00f6n pain\u00adopis\u00adtealoil\u00adla. Kare\u00adlia-ammat\u00adtiko\u00adrkeak\u00adoulu on [\u2026]<\/p>\n","protected":false},"author":0,"featured_media":17,"parent":0,"menu_order":0,"comment_status":"closed","ping_status":"closed","template":"","meta":{"inline_featured_image":false,"wp_typography_post_enhancements_disabled":false,"footnotes":""},"class_list":["post-20","page","type-page","status-publish","has-post-thumbnail","hentry"],"yoast_head":"<!-- This site is optimized with the Yoast SEO plugin v27.5 - https:\/\/yoast.com\/product\/yoast-seo-wordpress\/ -->\n<title>Innokaupunki Joensuu - Innokaupunki Joensuu<\/title>\n<meta name=\"robots\" content=\"index, follow, max-snippet:-1, max-image-preview:large, max-video-preview:-1\" \/>\n<link rel=\"canonical\" href=\"https:\/\/hankkeet.karelia.fi\/innokaupunki-joensuu\/\" \/>\n<meta property=\"og:locale\" content=\"fi_FI\" \/>\n<meta property=\"og:type\" content=\"article\" \/>\n<meta property=\"og:title\" content=\"Innokaupunki Joensuu - Innokaupunki Joensuu\" \/>\n<meta property=\"og:description\" content=\"Innokaupun\u00adki Joen\u00adsuu on Busi\u00adness Joen\u00adsuu Oy:n johdol\u00adla ja koordi\u00adnoimana toteutet\u00adta\u00adva ryh\u00adm\u00e4hanke, jon\u00adka osato\u00adteut\u00adta\u00adji\u00adna ovat It\u00e4-Suomen yliopis\u00adto, Kare\u00adlia Ammat\u00adtiko\u00adrkeak\u00adoulu Oy,Luonnonvarakeskus ja Joen\u00adsu\u00adun kaupun\u00adki. Ryh\u00adm\u00e4hankkeel\u00adla toteutetaan Joen\u00adsu\u00adun kaupun\u00adgin ja val\u00adtion v\u00e4lille vuon\u00adna 2021 laa\u00addit\u00adtua ja allekir\u00adjoitet\u00adtua Inno\u00advaa\u00adtiotoimin\u00adnan ekosys\u00adteemisopimus\u00adta 2021 \u2013 2027. Val\u00adi\u00adtut pain\u00adopis\u00adteet perus\u00adtu\u00advat Joen\u00adsu\u00adun seudun elinkeinos\u00adtrate\u00adgiaan,&nbsp;tki \u2011toim\u00adi\u00adjoiden strate\u00adgisi\u00adin fokusa\u00adloi\u00adhin, sek\u00e4 toimi\u00advak\u00adsi todet\u00adtuun yhteisty\u00f6h\u00f6n pain\u00adopis\u00adtealoil\u00adla. Kare\u00adlia-ammat\u00adtiko\u00adrkeak\u00adoulu on [&hellip;]\" \/>\n<meta property=\"og:url\" content=\"https:\/\/hankkeet.karelia.fi\/innokaupunki-joensuu\/\" \/>\n<meta property=\"og:site_name\" content=\"Innokaupunki Joensuu\" \/>\n<meta name=\"twitter:card\" content=\"summary_large_image\" \/>\n<meta name=\"twitter:label1\" content=\"Arvioitu lukuaika\" \/>\n\t<meta name=\"twitter:data1\" content=\"2 minuuttia\" \/>\n<script type=\"application\/ld+json\" class=\"yoast-schema-graph\">{\"@context\":\"https:\\\/\\\/schema.org\",\"@graph\":[{\"@type\":\"WebPage\",\"@id\":\"https:\\\/\\\/hankkeet.karelia.fi\\\/innokaupunki-joensuu\\\/\",\"url\":\"https:\\\/\\\/hankkeet.karelia.fi\\\/innokaupunki-joensuu\\\/\",\"name\":\"Innokaupunki Joensuu - Innokaupunki Joensuu\",\"isPartOf\":{\"@id\":\"https:\\\/\\\/hankkeet.karelia.fi\\\/innokaupunki-joensuu\\\/#website\"},\"primaryImageOfPage\":{\"@id\":\"https:\\\/\\\/hankkeet.karelia.fi\\\/innokaupunki-joensuu\\\/#primaryimage\"},\"image\":{\"@id\":\"https:\\\/\\\/hankkeet.karelia.fi\\\/innokaupunki-joensuu\\\/#primaryimage\"},\"thumbnailUrl\":\"https:\\\/\\\/hankkeet.karelia.fi\\\/innokaupunki-joensuu\\\/wp-content\\\/uploads\\\/sites\\\/54\\\/2026\\\/03\\\/Kesa-Joensuu-Karelia-2021-by-Jarno-Artika-2-2.jpg\",\"datePublished\":\"2026-03-17T11:43:15+00:00\",\"breadcrumb\":{\"@id\":\"https:\\\/\\\/hankkeet.karelia.fi\\\/innokaupunki-joensuu\\\/#breadcrumb\"},\"inLanguage\":\"fi\",\"potentialAction\":[{\"@type\":\"ReadAction\",\"target\":[\"https:\\\/\\\/hankkeet.karelia.fi\\\/innokaupunki-joensuu\\\/\"]}]},{\"@type\":\"ImageObject\",\"inLanguage\":\"fi\",\"@id\":\"https:\\\/\\\/hankkeet.karelia.fi\\\/innokaupunki-joensuu\\\/#primaryimage\",\"url\":\"https:\\\/\\\/hankkeet.karelia.fi\\\/innokaupunki-joensuu\\\/wp-content\\\/uploads\\\/sites\\\/54\\\/2026\\\/03\\\/Kesa-Joensuu-Karelia-2021-by-Jarno-Artika-2-2.jpg\",\"contentUrl\":\"https:\\\/\\\/hankkeet.karelia.fi\\\/innokaupunki-joensuu\\\/wp-content\\\/uploads\\\/sites\\\/54\\\/2026\\\/03\\\/Kesa-Joensuu-Karelia-2021-by-Jarno-Artika-2-2.jpg\",\"width\":2048,\"height\":1364},{\"@type\":\"BreadcrumbList\",\"@id\":\"https:\\\/\\\/hankkeet.karelia.fi\\\/innokaupunki-joensuu\\\/#breadcrumb\",\"itemListElement\":[{\"@type\":\"ListItem\",\"position\":1,\"name\":\"Home\",\"item\":\"https:\\\/\\\/hankkeet.karelia.fi\\\/innokaupunki-joensuu\\\/innokaupunki-joensuu\\\/\"},{\"@type\":\"ListItem\",\"position\":2,\"name\":\"Innokaupunki Joensuu\"}]},{\"@type\":\"WebSite\",\"@id\":\"https:\\\/\\\/hankkeet.karelia.fi\\\/innokaupunki-joensuu\\\/#website\",\"url\":\"https:\\\/\\\/hankkeet.karelia.fi\\\/innokaupunki-joensuu\\\/\",\"name\":\"Innokaupunki Joensuu\",\"description\":\"\",\"publisher\":{\"@id\":\"https:\\\/\\\/hankkeet.karelia.fi\\\/innokaupunki-joensuu\\\/#organization\"},\"potentialAction\":[{\"@type\":\"SearchAction\",\"target\":{\"@type\":\"EntryPoint\",\"urlTemplate\":\"https:\\\/\\\/hankkeet.karelia.fi\\\/innokaupunki-joensuu\\\/?s={search_term_string}\"},\"query-input\":{\"@type\":\"PropertyValueSpecification\",\"valueRequired\":true,\"valueName\":\"search_term_string\"}}],\"inLanguage\":\"fi\"},{\"@type\":\"Organization\",\"@id\":\"https:\\\/\\\/hankkeet.karelia.fi\\\/innokaupunki-joensuu\\\/#organization\",\"name\":\"Innokaupunki Joensuu\",\"url\":\"https:\\\/\\\/hankkeet.karelia.fi\\\/innokaupunki-joensuu\\\/\",\"logo\":{\"@type\":\"ImageObject\",\"inLanguage\":\"fi\",\"@id\":\"https:\\\/\\\/hankkeet.karelia.fi\\\/innokaupunki-joensuu\\\/#\\\/schema\\\/logo\\\/image\\\/\",\"url\":\"https:\\\/\\\/hankkeet.karelia.fi\\\/innokaupunki-joensuu\\\/wp-content\\\/uploads\\\/sites\\\/54\\\/2026\\\/03\\\/cropped-cropped-Karelia_AMK_logo_RGB-1.png\",\"contentUrl\":\"https:\\\/\\\/hankkeet.karelia.fi\\\/innokaupunki-joensuu\\\/wp-content\\\/uploads\\\/sites\\\/54\\\/2026\\\/03\\\/cropped-cropped-Karelia_AMK_logo_RGB-1.png\",\"width\":427,\"height\":116,\"caption\":\"Innokaupunki Joensuu\"},\"image\":{\"@id\":\"https:\\\/\\\/hankkeet.karelia.fi\\\/innokaupunki-joensuu\\\/#\\\/schema\\\/logo\\\/image\\\/\"}}]}<\/script>\n<!-- \/ Yoast SEO plugin. -->","yoast_head_json":{"title":"Innokaupunki Joensuu - Innokaupunki Joensuu","robots":{"index":"index","follow":"follow","max-snippet":"max-snippet:-1","max-image-preview":"max-image-preview:large","max-video-preview":"max-video-preview:-1"},"canonical":"https:\/\/hankkeet.karelia.fi\/innokaupunki-joensuu\/","og_locale":"fi_FI","og_type":"article","og_title":"Innokaupunki Joensuu - Innokaupunki Joensuu","og_description":"Innokaupun\u00adki Joen\u00adsuu on Busi\u00adness Joen\u00adsuu Oy:n johdol\u00adla ja koordi\u00adnoimana toteutet\u00adta\u00adva ryh\u00adm\u00e4hanke, jon\u00adka osato\u00adteut\u00adta\u00adji\u00adna ovat It\u00e4-Suomen yliopis\u00adto, Kare\u00adlia Ammat\u00adtiko\u00adrkeak\u00adoulu Oy,Luonnonvarakeskus ja Joen\u00adsu\u00adun kaupun\u00adki. Ryh\u00adm\u00e4hankkeel\u00adla toteutetaan Joen\u00adsu\u00adun kaupun\u00adgin ja val\u00adtion v\u00e4lille vuon\u00adna 2021 laa\u00addit\u00adtua ja allekir\u00adjoitet\u00adtua Inno\u00advaa\u00adtiotoimin\u00adnan ekosys\u00adteemisopimus\u00adta 2021 \u2013 2027. Val\u00adi\u00adtut pain\u00adopis\u00adteet perus\u00adtu\u00advat Joen\u00adsu\u00adun seudun elinkeinos\u00adtrate\u00adgiaan,&nbsp;tki \u2011toim\u00adi\u00adjoiden strate\u00adgisi\u00adin fokusa\u00adloi\u00adhin, sek\u00e4 toimi\u00advak\u00adsi todet\u00adtuun yhteisty\u00f6h\u00f6n pain\u00adopis\u00adtealoil\u00adla. Kare\u00adlia-ammat\u00adtiko\u00adrkeak\u00adoulu on [&hellip;]","og_url":"https:\/\/hankkeet.karelia.fi\/innokaupunki-joensuu\/","og_site_name":"Innokaupunki Joensuu","twitter_card":"summary_large_image","twitter_misc":{"Arvioitu lukuaika":"2 minuuttia"},"schema":{"@context":"https:\/\/schema.org","@graph":[{"@type":"WebPage","@id":"https:\/\/hankkeet.karelia.fi\/innokaupunki-joensuu\/","url":"https:\/\/hankkeet.karelia.fi\/innokaupunki-joensuu\/","name":"Innokaupunki Joensuu - Innokaupunki Joensuu","isPartOf":{"@id":"https:\/\/hankkeet.karelia.fi\/innokaupunki-joensuu\/#website"},"primaryImageOfPage":{"@id":"https:\/\/hankkeet.karelia.fi\/innokaupunki-joensuu\/#primaryimage"},"image":{"@id":"https:\/\/hankkeet.karelia.fi\/innokaupunki-joensuu\/#primaryimage"},"thumbnailUrl":"https:\/\/hankkeet.karelia.fi\/innokaupunki-joensuu\/wp-content\/uploads\/sites\/54\/2026\/03\/Kesa-Joensuu-Karelia-2021-by-Jarno-Artika-2-2.jpg","datePublished":"2026-03-17T11:43:15+00:00","breadcrumb":{"@id":"https:\/\/hankkeet.karelia.fi\/innokaupunki-joensuu\/#breadcrumb"},"inLanguage":"fi","potentialAction":[{"@type":"ReadAction","target":["https:\/\/hankkeet.karelia.fi\/innokaupunki-joensuu\/"]}]},{"@type":"ImageObject","inLanguage":"fi","@id":"https:\/\/hankkeet.karelia.fi\/innokaupunki-joensuu\/#primaryimage","url":"https:\/\/hankkeet.karelia.fi\/innokaupunki-joensuu\/wp-content\/uploads\/sites\/54\/2026\/03\/Kesa-Joensuu-Karelia-2021-by-Jarno-Artika-2-2.jpg","contentUrl":"https:\/\/hankkeet.karelia.fi\/innokaupunki-joensuu\/wp-content\/uploads\/sites\/54\/2026\/03\/Kesa-Joensuu-Karelia-2021-by-Jarno-Artika-2-2.jpg","width":2048,"height":1364},{"@type":"BreadcrumbList","@id":"https:\/\/hankkeet.karelia.fi\/innokaupunki-joensuu\/#breadcrumb","itemListElement":[{"@type":"ListItem","position":1,"name":"Home","item":"https:\/\/hankkeet.karelia.fi\/innokaupunki-joensuu\/innokaupunki-joensuu\/"},{"@type":"ListItem","position":2,"name":"Innokaupunki Joensuu"}]},{"@type":"WebSite","@id":"https:\/\/hankkeet.karelia.fi\/innokaupunki-joensuu\/#website","url":"https:\/\/hankkeet.karelia.fi\/innokaupunki-joensuu\/","name":"Innokaupunki Joensuu","description":"","publisher":{"@id":"https:\/\/hankkeet.karelia.fi\/innokaupunki-joensuu\/#organization"},"potentialAction":[{"@type":"SearchAction","target":{"@type":"EntryPoint","urlTemplate":"https:\/\/hankkeet.karelia.fi\/innokaupunki-joensuu\/?s={search_term_string}"},"query-input":{"@type":"PropertyValueSpecification","valueRequired":true,"valueName":"search_term_string"}}],"inLanguage":"fi"},{"@type":"Organization","@id":"https:\/\/hankkeet.karelia.fi\/innokaupunki-joensuu\/#organization","name":"Innokaupunki Joensuu","url":"https:\/\/hankkeet.karelia.fi\/innokaupunki-joensuu\/","logo":{"@type":"ImageObject","inLanguage":"fi","@id":"https:\/\/hankkeet.karelia.fi\/innokaupunki-joensuu\/#\/schema\/logo\/image\/","url":"https:\/\/hankkeet.karelia.fi\/innokaupunki-joensuu\/wp-content\/uploads\/sites\/54\/2026\/03\/cropped-cropped-Karelia_AMK_logo_RGB-1.png","contentUrl":"https:\/\/hankkeet.karelia.fi\/innokaupunki-joensuu\/wp-content\/uploads\/sites\/54\/2026\/03\/cropped-cropped-Karelia_AMK_logo_RGB-1.png","width":427,"height":116,"caption":"Innokaupunki Joensuu"},"image":{"@id":"https:\/\/hankkeet.karelia.fi\/innokaupunki-joensuu\/#\/schema\/logo\/image\/"}}]}},"_links":{"self":[{"href":"https:\/\/hankkeet.karelia.fi\/innokaupunki-joensuu\/wp-json\/wp\/v2\/pages\/20","targetHints":{"allow":["GET"]}}],"collection":[{"href":"https:\/\/hankkeet.karelia.fi\/innokaupunki-joensuu\/wp-json\/wp\/v2\/pages"}],"about":[{"href":"https:\/\/hankkeet.karelia.fi\/innokaupunki-joensuu\/wp-json\/wp\/v2\/types\/page"}],"replies":[{"embeddable":true,"href":"https:\/\/hankkeet.karelia.fi\/innokaupunki-joensuu\/wp-json\/wp\/v2\/comments?post=20"}],"version-history":[{"count":0,"href":"https:\/\/hankkeet.karelia.fi\/innokaupunki-joensuu\/wp-json\/wp\/v2\/pages\/20\/revisions"}],"wp:featuredmedia":[{"embeddable":true,"href":"https:\/\/hankkeet.karelia.fi\/innokaupunki-joensuu\/wp-json\/wp\/v2\/media\/17"}],"wp:attachment":[{"href":"https:\/\/hankkeet.karelia.fi\/innokaupunki-joensuu\/wp-json\/wp\/v2\/media?parent=20"}],"curies":[{"name":"wp","href":"https:\/\/api.w.org\/{rel}","templated":true}]}}