{"id":19,"date":"2026-03-17T14:41:17","date_gmt":"2026-03-17T12:41:17","guid":{"rendered":"https:\/\/hankkeet.karelia.fi\/kestavan-korjausrakentamisen-osaaja-taydennyskoulutusta-tyoelaman-tarpeisiin\/kestavan-korjausrakentamisen-osaaja-taydennyskoulutusta-tyoelaman-tarpeisiin\/"},"modified":"2026-03-17T14:41:17","modified_gmt":"2026-03-17T12:41:17","slug":"kestavan-korjausrakentamisen-osaaja-taydennyskoulutusta-tyoelaman-tarpeisiin","status":"publish","type":"page","link":"https:\/\/hankkeet.karelia.fi\/kestavan-korjausrakentamisen-osaaja-taydennyskoulutusta-tyoelaman-tarpeisiin\/","title":{"rendered":"Kest\u00e4v\u00e4n korjausrakentamisen osaaja \u2013 t\u00e4ydennyskoulutusta ty\u00f6el\u00e4m\u00e4n tarpeisiin"},"content":{"rendered":"\n<figure class=\"wp-block-image size-full\"><img decoding=\"async\" src=\"https:\/\/hankkeet.karelia.fi\/kestavan-korjausrakentamisen-osaaja-taydennyskoulutusta-tyoelaman-tarpeisiin\/wp-content\/uploads\/sites\/62\/2026\/03\/kestavankorjausrakentamisen.png\" alt class=\"wp-image-81509\"><\/figure>\n\n\n\n<p>Uud\u00adis\u00adtu\u00adva rak\u00aden\u00adtamisen lain\u00ads\u00e4\u00e4d\u00e4n\u00adt\u00f6, kuten vuo\u00adden 2025 alus\u00adta voimaan tule\u00advat kansalli\u00adnen raken\u00adnus\u00adla\u00adki ja Uud\u00adis\u00adtet\u00adtu ener\u00adgiate\u00adhokku\u00adus\u00addi\u00adrek\u00adti\u00adivi (EPBD) aset\u00adta\u00advat uusia vaa\u00adtimuk\u00adsia kor\u00adjaus\u00adrak\u00aden\u00adtamiselle ja siihen liit\u00adtyv\u00e4lle osaamisen p\u00e4ivit\u00adt\u00e4miselle. N\u00e4it\u00e4 uusia vaa\u00adtimuk\u00adsia ovat mm. ilmas\u00adto\u00adselvi\u00adtys, mate\u00adri\u00adaaliseloste sek\u00e4 purku\u00adma\u00adte\u00adri\u00adaali- ja raken\u00adnusj\u00e4te\u00adselvi\u00adtys.<\/p>\n\n\n\n<p>Han\u00adkkeen p\u00e4\u00e4\u00adtavoit\u00adteena on edis\u00adt\u00e4\u00e4 kor\u00adjaus\u00adrak\u00aden\u00adtamiseen liit\u00adtyv\u00e4\u00e4 osaamista, eri\u00adtyis\u00ades\u00adti uud\u00adis\u00adtu\u00advan rak\u00aden\u00adtamisen lain\u00ads\u00e4\u00e4d\u00e4n\u00adn\u00f6n kaut\u00adta syn\u00adtyvien osaamis\u00adtarpei\u00adden n\u00e4k\u00f6kul\u00admas\u00adta. Han\u00adkkeessa toteutet\u00adta\u00adva osaamis\u00adpalvelu palvelee eri\u00adtyis\u00ades\u00adti raken\u00adnut\u00adta\u00adjien, suun\u00adnit\u00adtelijoiden, raken\u00adnus- ja purku-urakoit\u00adsi\u00adjoiden osaamis\u00adtarpei\u00adta. Osaamis\u00adpalvelun tavoite on tar\u00adjo\u00adta jous\u00adtavia tapo\u00adja toteut\u00adtaa opin\u00adto\u00adja osal\u00adlis\u00adtu\u00adjien henkil\u00f6ko\u00adhtais\u00adten oppimis\u00adtavoit\u00adtei\u00adden ja ajank\u00e4yt\u00f6n puit\u00adteis\u00adsa.&nbsp;<\/p>\n\n\n\n<h2 class=\"wp-block-heading\">Kest\u00e4v\u00e4n korjausrakentamisen osaaja \u2011osaamispalvelu<\/h2>\n\n\n\n<p>Osaamis\u00adpalvelu pyrkii anta\u00admaan kokon\u00adaisku\u00advan nykyaikaisen kor\u00adjaus\u00adrak\u00aden\u00adtamisen vaa\u00adtimuk\u00adsista ja menetelmist\u00e4, jot\u00adka vas\u00adtaa\u00advat v\u00e4h\u00e4hi\u00adilisen rak\u00aden\u00adtamisen ymp\u00e4rist\u00f6n tavoit\u00adteisi\u00adin. Oppi\u00adja voi vali\u00adta suoritet\u00adta\u00advat opin\u00adto\u00adjak\u00adsot opin\u00adto\u00adtar\u00adjot\u00adtimelta, jos\u00adsa valit\u00adta\u00advana 1 opin\u00adtopis\u00adteen opin\u00adto\u00adjak\u00adso\u00adja. Kokon\u00adaisu\u00adudessa tar\u00adjon\u00adnan laa\u00adju\u00adus on n. 15 opin\u00adtopis\u00adtet\u00adt\u00e4. Opin\u00adto\u00adjak\u00adsot toteutetaan verkko-opin\u00adtoina aikaan ja paikkaan sit\u00ado\u00admat\u00adtomasti.&nbsp;<\/p>\n\n\n\n<p>Oppi\u00adjoille tar\u00adjo\u00adtaan lis\u00e4k\u00adsi mah\u00addol\u00adlisu\u00adus osal\u00adlis\u00adtua joko et\u00e4y\u00adhtey\u00addel\u00adl\u00e4 tai l\u00e4s\u00adn\u00e4 alueel\u00adlisi\u00adin (Helsin\u00adki, Oulu, Joen\u00adsuu) aloi\u00adtusti\u00adlaisuuk\u00adsi\u00adin sek\u00e4 ty\u00f6\u00admaa- ja kohde\u00advierailui\u00adhin. Ty\u00f6\u00admaa- ja kohde\u00advierailu\u00adiden yhtey\u00addess\u00e4 pilo\u00adtoidaan vir\u00adtu\u00adaal\u00adi\u00adto\u00adteu\u00adtus\u00adta, hy\u00f6\u00addyn\u00adt\u00e4en mm. 360-kuvaus\u00adta, joka mah\u00addol\u00adlis\u00adtaa my\u00f6s et\u00e4os\u00adal\u00adlis\u00adtu\u00admisen. Lis\u00e4k\u00adsi opiske\u00adli\u00adjoille tar\u00adjo\u00adtaan verkos\u00adtoi\u00adtu\u00admis\u00admah\u00addol\u00adlisuuk\u00adsia sek\u00e4 tuki- ja ohjaus\u00adpalvelui\u00adta.<\/p>\n\n\n\n<p>Koulu\u00adtus\u00adtar\u00adjon\u00adta koos\u00adt\u00aduu seu\u00adraav\u00adista opin\u00adnoista:<\/p>\n\n\n\n<ul class=\"wp-block-list\">\n<li>Johdan\u00adto kest\u00e4v\u00e4\u00e4n kor\u00adjaus\u00adrak\u00aden\u00adtamiseen<\/li>\n\n\n\n<li>Ilmas\u00adton\u00admuu\u00adtok\u00adsen vaiku\u00adtuk\u00adset rak\u00aden\u00adtamiseen<\/li>\n\n\n\n<li>Kor\u00adjaus\u00adrak\u00aden\u00adtamisen ymp\u00e4rist\u00f6\u00advaiku\u00adtuk\u00adset<\/li>\n\n\n\n<li>Raken\u00adnuk\u00adsen LCA-lasken\u00adnan perus\u00adteet<\/li>\n\n\n\n<li>Raken\u00adnus\u00adtuot\u00adtei\u00adden ymp\u00e4rist\u00f6selosteet<\/li>\n\n\n\n<li>P\u00e4\u00e4st\u00f6\u00adjen pienen\u00adt\u00e4misen keinot kor\u00adjaus\u00adrak\u00aden\u00adtamises\u00adsa<\/li>\n\n\n\n<li>Kor\u00adjaus\u00adrak\u00aden\u00adtamisen asi\u00adakir\u00adjat ja piirus\u00adtus\u00admerkin\u00adn\u00e4t<\/li>\n\n\n\n<li>Kor\u00adjaus\u00adrak\u00aden\u00adtamiseen johta\u00advat syyt<\/li>\n\n\n\n<li>Ener\u00adgiate\u00adhokku\u00adu\u00adden paran\u00adt\u00ada\u00admi\u00adnen kor\u00adjaus\u00adrak\u00aden\u00adtamises\u00adsa<\/li>\n\n\n\n<li>Tietoma\u00adllint\u00ada\u00admi\u00adnen kor\u00adjaus\u00adrak\u00aden\u00adtamises\u00adsa<\/li>\n\n\n\n<li>Puret\u00adtavien raken\u00adnu\u00adsosien ja mate\u00adri\u00adaalien tun\u00adnist\u00ada\u00admi\u00adnen<\/li>\n\n\n\n<li>Rak\u00aden\u00adtamisen kier\u00adto\u00adtalous<\/li>\n\n\n\n<li>Kor\u00adjaus\u00adrak\u00aden\u00adtamisen kun\u00adto\u00adtutkimus<\/li>\n\n\n\n<li>Kor\u00adjaushankkeet<\/li>\n\n\n\n<li>Kor\u00adjaushankkei\u00adden han\u00adke\u00adsu\u00adun\u00adnit\u00adte\u00adlut<\/li>\n\n\n\n<li>Kor\u00adjaus\u00adrak\u00aden\u00adtamisen raken\u00adner\u00adatkaisut ja raken\u00adnus\u00adma\u00adte\u00adri\u00adaalit<\/li>\n<\/ul>\n\n\n\n<p>Opin\u00adtopalvelun yhtey\u00addess\u00e4 tar\u00adjol\u00adla on mah\u00addol\u00adlisu\u00adus osaamis\u00admerkin suorit\u00adtamiseen.<\/p>\n\n\n\n<p>Opiske\u00adli\u00adjal\u00adla on my\u00f6s k\u00e4ytet\u00adt\u00e4vis\u00ads\u00e4 koko palvelun ajan sen toteut\u00adta\u00adjien tar\u00adjoa\u00admat ohjaus\u00adpalve\u00adlut, liit\u00adtyen ty\u00f6el\u00e4m\u00e4\u2011, ura- ja opin\u00adto-ohjauk\u00adseen. N\u00e4it\u00e4 palvelui\u00adta tar\u00adjo\u00adtaan kolmelta paikkakun\u00adnal\u00adla (Joen\u00adsuu, Helsin\u00adki, Oulu).<\/p>\n\n\n\n<p>Osana opin\u00adto\u00adtar\u00adjon\u00adtaa tar\u00adjo\u00adtaan mah\u00addol\u00adlisu\u00adus t\u00e4y\u00adden\u00adt\u00e4\u00e4 osaamista opiske\u00adlu\u00adtaito\u00adjen ja ura\u00adsu\u00adun\u00adnit\u00adtelun osalta:<\/p>\n\n\n\n<ul class=\"wp-block-list\">\n<li>Opiskelu- ja dig\u00adi\u00adtaidot korkeak\u00adoulus\u00adsa, 3 op<\/li>\n\n\n\n<li>Ura\u00adsu\u00adun\u00adnit\u00adtelul\u00adla uut\u00adta suun\u00adtaa el\u00e4m\u00e4\u00e4n, 1 op<\/li>\n<\/ul>\n\n\n\n<p>Han\u00adkkeen toteut\u00adta\u00adjat: Kare\u00adlia-ammat\u00adtiko\u00adrkeak\u00adoulu, Metropo\u00adlia-ammat\u00adtiko\u00adrkeak\u00adoulu, Oulun ammat\u00adtiko\u00adrkeak\u00adoulu<\/p>\n\n\n\n<p>Han\u00adke toteutetaan yhteisty\u00f6ss\u00e4 yhteisty\u00f6kump\u00adpanei\u00adden kanssa (mm. Raken\u00adnusinsin\u00f6\u00f6rit ja \u2011arkkite\u00adhdit RIA ry, Raken\u00adnusmes\u00adtar\u00adit ja \u2011insin\u00f6\u00f6rit AMK RKL ry, Suomen Raken\u00adnusinsin\u00f6\u00f6rien Liit\u00adto RIL ry, Raken\u00adnus\u00adte\u00adol\u00adlisu\u00adus RT ja KIRA kasvuo\u00adhjel\u00adma).<\/p>\n\n\n\n<p>Kest\u00e4v\u00e4n kor\u00adjaus\u00adrak\u00aden\u00adtamisen osaa\u00adja \u2011han\u00adkkeen rajoit\u00adta\u00adjana toimii JOTPA Jatku\u00advan oppimisen ja ty\u00f6l\u00adlisyy\u00adden palvelukeskus. Han\u00adkkeen opin\u00adnot k\u00e4yn\u00adnistyiv\u00e4t eloku\u00adus\u00adsa 2024 ja p\u00e4\u00e4t\u00adtyiv\u00e4t toukoku\u00adus\u00adsa 2025. Syksyl\u00adl\u00e4 2025 luvas\u00adsa webi\u00adnaaris\u00adar\u00adja sek\u00e4 vir\u00adtu\u00adaa\u00adli\u00adnen ty\u00f6\u00admaakier\u00adros.<\/p>\n\n\n\n<p>Koulu\u00adtus on rahoitet\u00adtu Euroopan union\u00adin elpymis- ja palau\u00adtu\u00admis\u00adtukiv\u00e4\u00adli\u00adneel\u00adl\u00e4 (RRF), joka on EU:n elpymisv\u00e4\u00adli\u00adneen (Next Gen\u00ader\u00ada\u00adtion EU) suurin ohjel\u00adma. Rahoituk\u00adsen on my\u00f6n\u00adt\u00e4nyt Jatku\u00advan oppimisen ja ty\u00f6l\u00adlisyy\u00adden palvelukeskus. Palvelukeskus edis\u00adt\u00e4\u00e4 ty\u00f6ik\u00e4is\u00adten osaamisen kehit\u00adt\u00e4mist\u00e4 ja osaa\u00advan ty\u00f6voiman saatavu\u00adut\u00adta. Palvelukeskuk\u00adsen toim\u00adintaa ohjaa\u00advat ope\u00adtus- ja kult\u00adtuuri\u00adm\u00adin\u00adis\u00adter\u00adi\u00f6 sek\u00e4 ty\u00f6- ja elinkeino\u00admin\u00adis\u00adter\u00adi\u00f6.<\/p>\n\n\n\n<h2 class=\"wp-block-heading\">Hankkeen toteutusaika<\/h2>\n\n\n\n<p>15.4.2024\u201331.12.2025.<\/p>\n\n\n\n<h2 class=\"wp-block-heading\">Lis\u00e4tiedot<\/h2>\n\n\n\n<p>Tan\u00adja Rimpil\u00e4, Senior project man\u00adag\u00ader<\/p>\n\n\n\n<p>tanja.rimpila(at)karelia.fi<\/p>\n\n\n\n<p>050 337 9287<\/p>\n","protected":false},"excerpt":{"rendered":"<p>Uud\u00adis\u00adtu\u00adva rak\u00aden\u00adtamisen lain\u00ads\u00e4\u00e4d\u00e4n\u00adt\u00f6, kuten vuo\u00adden 2025 alus\u00adta voimaan tule\u00advat kansalli\u00adnen raken\u00adnus\u00adla\u00adki ja Uud\u00adis\u00adtet\u00adtu ener\u00adgiate\u00adhokku\u00adus\u00addi\u00adrek\u00adti\u00adivi (EPBD) aset\u00adta\u00advat uusia vaa\u00adtimuk\u00adsia kor\u00adjaus\u00adrak\u00aden\u00adtamiselle ja siihen liit\u00adtyv\u00e4lle osaamisen p\u00e4ivit\u00adt\u00e4miselle. N\u00e4it\u00e4 uusia vaa\u00adtimuk\u00adsia ovat mm. ilmas\u00adto\u00adselvi\u00adtys, mate\u00adri\u00adaaliseloste sek\u00e4 purku\u00ad\u00adma\u00adte\u00adri\u00adaali- ja raken\u00adnusj\u00e4te\u00adselvi\u00adtys. Han\u00adkkeen p\u00e4\u00e4\u00adtavoit\u00adteena on edis\u00adt\u00e4\u00e4 kor\u00adjaus\u00adrak\u00aden\u00adtamiseen liit\u00adtyv\u00e4\u00e4 osaamista, eri\u00adtyis\u00ades\u00adti uud\u00adis\u00adtu\u00advan rak\u00aden\u00adtamisen lain\u00ads\u00e4\u00e4d\u00e4n\u00adn\u00f6n kaut\u00adta syn\u00adtyvien osaamis\u00adtarpei\u00adden n\u00e4k\u00f6kul\u00admas\u00adta. Han\u00adkkeessa toteutet\u00adta\u00adva osaamis\u00adpalvelu palvelee eri\u00adtyis\u00ades\u00adti [\u2026]<\/p>\n","protected":false},"author":0,"featured_media":17,"parent":0,"menu_order":0,"comment_status":"closed","ping_status":"closed","template":"","meta":{"inline_featured_image":false,"wp_typography_post_enhancements_disabled":false,"footnotes":""},"class_list":["post-19","page","type-page","status-publish","has-post-thumbnail","hentry"],"yoast_head":"<!-- This site is optimized with the Yoast SEO plugin v27.5 - https:\/\/yoast.com\/product\/yoast-seo-wordpress\/ -->\n<title>Kest\u00e4v\u00e4n korjausrakentamisen osaaja \u2013 t\u00e4ydennyskoulutusta ty\u00f6el\u00e4m\u00e4n tarpeisiin - Kest\u00e4v\u00e4n korjausrakentamisen osaaja \u2013 t\u00e4ydennyskoulutusta ty\u00f6el\u00e4m\u00e4n tarpeisiin<\/title>\n<meta name=\"robots\" content=\"index, follow, max-snippet:-1, max-image-preview:large, max-video-preview:-1\" \/>\n<link rel=\"canonical\" href=\"https:\/\/hankkeet.karelia.fi\/kestavan-korjausrakentamisen-osaaja-taydennyskoulutusta-tyoelaman-tarpeisiin\/\" \/>\n<meta property=\"og:locale\" content=\"fi_FI\" \/>\n<meta property=\"og:type\" content=\"article\" \/>\n<meta property=\"og:title\" content=\"Kest\u00e4v\u00e4n korjausrakentamisen osaaja \u2013 t\u00e4ydennyskoulutusta ty\u00f6el\u00e4m\u00e4n tarpeisiin - Kest\u00e4v\u00e4n korjausrakentamisen osaaja \u2013 t\u00e4ydennyskoulutusta ty\u00f6el\u00e4m\u00e4n tarpeisiin\" \/>\n<meta property=\"og:description\" content=\"Uud\u00adis\u00adtu\u00adva rak\u00aden\u00adtamisen lain\u00ads\u00e4\u00e4d\u00e4n\u00adt\u00f6, kuten vuo\u00adden 2025 alus\u00adta voimaan tule\u00advat kansalli\u00adnen raken\u00adnus\u00adla\u00adki ja Uud\u00adis\u00adtet\u00adtu ener\u00adgiate\u00adhokku\u00adus\u00addi\u00adrek\u00adti\u00adivi (EPBD) aset\u00adta\u00advat uusia vaa\u00adtimuk\u00adsia kor\u00adjaus\u00adrak\u00aden\u00adtamiselle ja siihen liit\u00adtyv\u00e4lle osaamisen p\u00e4ivit\u00adt\u00e4miselle. N\u00e4it\u00e4 uusia vaa\u00adtimuk\u00adsia ovat mm. ilmas\u00adto\u00adselvi\u00adtys, mate\u00adri\u00adaaliseloste sek\u00e4 purku\u00adma\u00adte\u00adri\u00adaali- ja raken\u00adnusj\u00e4te\u00adselvi\u00adtys. Han\u00adkkeen p\u00e4\u00e4\u00adtavoit\u00adteena on edis\u00adt\u00e4\u00e4 kor\u00adjaus\u00adrak\u00aden\u00adtamiseen liit\u00adtyv\u00e4\u00e4 osaamista, eri\u00adtyis\u00ades\u00adti uud\u00adis\u00adtu\u00advan rak\u00aden\u00adtamisen lain\u00ads\u00e4\u00e4d\u00e4n\u00adn\u00f6n kaut\u00adta syn\u00adtyvien osaamis\u00adtarpei\u00adden n\u00e4k\u00f6kul\u00admas\u00adta. Han\u00adkkeessa toteutet\u00adta\u00adva osaamis\u00adpalvelu palvelee eri\u00adtyis\u00ades\u00adti [&hellip;]\" \/>\n<meta property=\"og:url\" content=\"https:\/\/hankkeet.karelia.fi\/kestavan-korjausrakentamisen-osaaja-taydennyskoulutusta-tyoelaman-tarpeisiin\/\" \/>\n<meta property=\"og:site_name\" content=\"Kest\u00e4v\u00e4n korjausrakentamisen osaaja \u2013 t\u00e4ydennyskoulutusta ty\u00f6el\u00e4m\u00e4n tarpeisiin\" \/>\n<meta name=\"twitter:card\" content=\"summary_large_image\" \/>\n<meta name=\"twitter:label1\" content=\"Arvioitu lukuaika\" \/>\n\t<meta name=\"twitter:data1\" content=\"2 minuuttia\" \/>\n<script type=\"application\/ld+json\" class=\"yoast-schema-graph\">{\"@context\":\"https:\\\/\\\/schema.org\",\"@graph\":[{\"@type\":\"WebPage\",\"@id\":\"https:\\\/\\\/hankkeet.karelia.fi\\\/kestavan-korjausrakentamisen-osaaja-taydennyskoulutusta-tyoelaman-tarpeisiin\\\/\",\"url\":\"https:\\\/\\\/hankkeet.karelia.fi\\\/kestavan-korjausrakentamisen-osaaja-taydennyskoulutusta-tyoelaman-tarpeisiin\\\/\",\"name\":\"Kest\u00e4v\u00e4n korjausrakentamisen osaaja \u2013 t\u00e4ydennyskoulutusta ty\u00f6el\u00e4m\u00e4n tarpeisiin - Kest\u00e4v\u00e4n korjausrakentamisen osaaja \u2013 t\u00e4ydennyskoulutusta ty\u00f6el\u00e4m\u00e4n tarpeisiin\",\"isPartOf\":{\"@id\":\"https:\\\/\\\/hankkeet.karelia.fi\\\/kestavan-korjausrakentamisen-osaaja-taydennyskoulutusta-tyoelaman-tarpeisiin\\\/#website\"},\"primaryImageOfPage\":{\"@id\":\"https:\\\/\\\/hankkeet.karelia.fi\\\/kestavan-korjausrakentamisen-osaaja-taydennyskoulutusta-tyoelaman-tarpeisiin\\\/#primaryimage\"},\"image\":{\"@id\":\"https:\\\/\\\/hankkeet.karelia.fi\\\/kestavan-korjausrakentamisen-osaaja-taydennyskoulutusta-tyoelaman-tarpeisiin\\\/#primaryimage\"},\"thumbnailUrl\":\"https:\\\/\\\/hankkeet.karelia.fi\\\/kestavan-korjausrakentamisen-osaaja-taydennyskoulutusta-tyoelaman-tarpeisiin\\\/wp-content\\\/uploads\\\/sites\\\/62\\\/2026\\\/03\\\/WEB-Lighthouse-Joensuu-rakennusvaiheet-by-Artika-3409.jpg\",\"datePublished\":\"2026-03-17T12:41:17+00:00\",\"breadcrumb\":{\"@id\":\"https:\\\/\\\/hankkeet.karelia.fi\\\/kestavan-korjausrakentamisen-osaaja-taydennyskoulutusta-tyoelaman-tarpeisiin\\\/#breadcrumb\"},\"inLanguage\":\"fi\",\"potentialAction\":[{\"@type\":\"ReadAction\",\"target\":[\"https:\\\/\\\/hankkeet.karelia.fi\\\/kestavan-korjausrakentamisen-osaaja-taydennyskoulutusta-tyoelaman-tarpeisiin\\\/\"]}]},{\"@type\":\"ImageObject\",\"inLanguage\":\"fi\",\"@id\":\"https:\\\/\\\/hankkeet.karelia.fi\\\/kestavan-korjausrakentamisen-osaaja-taydennyskoulutusta-tyoelaman-tarpeisiin\\\/#primaryimage\",\"url\":\"https:\\\/\\\/hankkeet.karelia.fi\\\/kestavan-korjausrakentamisen-osaaja-taydennyskoulutusta-tyoelaman-tarpeisiin\\\/wp-content\\\/uploads\\\/sites\\\/62\\\/2026\\\/03\\\/WEB-Lighthouse-Joensuu-rakennusvaiheet-by-Artika-3409.jpg\",\"contentUrl\":\"https:\\\/\\\/hankkeet.karelia.fi\\\/kestavan-korjausrakentamisen-osaaja-taydennyskoulutusta-tyoelaman-tarpeisiin\\\/wp-content\\\/uploads\\\/sites\\\/62\\\/2026\\\/03\\\/WEB-Lighthouse-Joensuu-rakennusvaiheet-by-Artika-3409.jpg\",\"width\":1500,\"height\":1000},{\"@type\":\"BreadcrumbList\",\"@id\":\"https:\\\/\\\/hankkeet.karelia.fi\\\/kestavan-korjausrakentamisen-osaaja-taydennyskoulutusta-tyoelaman-tarpeisiin\\\/#breadcrumb\",\"itemListElement\":[{\"@type\":\"ListItem\",\"position\":1,\"name\":\"Home\",\"item\":\"https:\\\/\\\/hankkeet.karelia.fi\\\/kestavan-korjausrakentamisen-osaaja-taydennyskoulutusta-tyoelaman-tarpeisiin\\\/kestavan-korjausrakentamisen-osaaja-taydennyskoulutusta-tyoelaman-tarpeisiin\\\/\"},{\"@type\":\"ListItem\",\"position\":2,\"name\":\"Kest\u00e4v\u00e4n korjausrakentamisen osaaja \u2013 t\u00e4ydennyskoulutusta ty\u00f6el\u00e4m\u00e4n tarpeisiin\"}]},{\"@type\":\"WebSite\",\"@id\":\"https:\\\/\\\/hankkeet.karelia.fi\\\/kestavan-korjausrakentamisen-osaaja-taydennyskoulutusta-tyoelaman-tarpeisiin\\\/#website\",\"url\":\"https:\\\/\\\/hankkeet.karelia.fi\\\/kestavan-korjausrakentamisen-osaaja-taydennyskoulutusta-tyoelaman-tarpeisiin\\\/\",\"name\":\"Kest\u00e4v\u00e4n korjausrakentamisen osaaja \u2013 t\u00e4ydennyskoulutusta ty\u00f6el\u00e4m\u00e4n tarpeisiin\",\"description\":\"\",\"publisher\":{\"@id\":\"https:\\\/\\\/hankkeet.karelia.fi\\\/kestavan-korjausrakentamisen-osaaja-taydennyskoulutusta-tyoelaman-tarpeisiin\\\/#organization\"},\"potentialAction\":[{\"@type\":\"SearchAction\",\"target\":{\"@type\":\"EntryPoint\",\"urlTemplate\":\"https:\\\/\\\/hankkeet.karelia.fi\\\/kestavan-korjausrakentamisen-osaaja-taydennyskoulutusta-tyoelaman-tarpeisiin\\\/?s={search_term_string}\"},\"query-input\":{\"@type\":\"PropertyValueSpecification\",\"valueRequired\":true,\"valueName\":\"search_term_string\"}}],\"inLanguage\":\"fi\"},{\"@type\":\"Organization\",\"@id\":\"https:\\\/\\\/hankkeet.karelia.fi\\\/kestavan-korjausrakentamisen-osaaja-taydennyskoulutusta-tyoelaman-tarpeisiin\\\/#organization\",\"name\":\"Kest\u00e4v\u00e4n korjausrakentamisen osaaja \u2013 t\u00e4ydennyskoulutusta ty\u00f6el\u00e4m\u00e4n tarpeisiin\",\"url\":\"https:\\\/\\\/hankkeet.karelia.fi\\\/kestavan-korjausrakentamisen-osaaja-taydennyskoulutusta-tyoelaman-tarpeisiin\\\/\",\"logo\":{\"@type\":\"ImageObject\",\"inLanguage\":\"fi\",\"@id\":\"https:\\\/\\\/hankkeet.karelia.fi\\\/kestavan-korjausrakentamisen-osaaja-taydennyskoulutusta-tyoelaman-tarpeisiin\\\/#\\\/schema\\\/logo\\\/image\\\/\",\"url\":\"https:\\\/\\\/hankkeet.karelia.fi\\\/kestavan-korjausrakentamisen-osaaja-taydennyskoulutusta-tyoelaman-tarpeisiin\\\/wp-content\\\/uploads\\\/sites\\\/62\\\/2026\\\/03\\\/cropped-cropped-Karelia_AMK_logo_RGB-1.png\",\"contentUrl\":\"https:\\\/\\\/hankkeet.karelia.fi\\\/kestavan-korjausrakentamisen-osaaja-taydennyskoulutusta-tyoelaman-tarpeisiin\\\/wp-content\\\/uploads\\\/sites\\\/62\\\/2026\\\/03\\\/cropped-cropped-Karelia_AMK_logo_RGB-1.png\",\"width\":427,\"height\":116,\"caption\":\"Kest\u00e4v\u00e4n korjausrakentamisen osaaja \u2013 t\u00e4ydennyskoulutusta ty\u00f6el\u00e4m\u00e4n tarpeisiin\"},\"image\":{\"@id\":\"https:\\\/\\\/hankkeet.karelia.fi\\\/kestavan-korjausrakentamisen-osaaja-taydennyskoulutusta-tyoelaman-tarpeisiin\\\/#\\\/schema\\\/logo\\\/image\\\/\"}}]}<\/script>\n<!-- \/ Yoast SEO plugin. -->","yoast_head_json":{"title":"Kest\u00e4v\u00e4n korjausrakentamisen osaaja \u2013 t\u00e4ydennyskoulutusta ty\u00f6el\u00e4m\u00e4n tarpeisiin - Kest\u00e4v\u00e4n korjausrakentamisen osaaja \u2013 t\u00e4ydennyskoulutusta ty\u00f6el\u00e4m\u00e4n tarpeisiin","robots":{"index":"index","follow":"follow","max-snippet":"max-snippet:-1","max-image-preview":"max-image-preview:large","max-video-preview":"max-video-preview:-1"},"canonical":"https:\/\/hankkeet.karelia.fi\/kestavan-korjausrakentamisen-osaaja-taydennyskoulutusta-tyoelaman-tarpeisiin\/","og_locale":"fi_FI","og_type":"article","og_title":"Kest\u00e4v\u00e4n korjausrakentamisen osaaja \u2013 t\u00e4ydennyskoulutusta ty\u00f6el\u00e4m\u00e4n tarpeisiin - Kest\u00e4v\u00e4n korjausrakentamisen osaaja \u2013 t\u00e4ydennyskoulutusta ty\u00f6el\u00e4m\u00e4n tarpeisiin","og_description":"Uud\u00adis\u00adtu\u00adva rak\u00aden\u00adtamisen lain\u00ads\u00e4\u00e4d\u00e4n\u00adt\u00f6, kuten vuo\u00adden 2025 alus\u00adta voimaan tule\u00advat kansalli\u00adnen raken\u00adnus\u00adla\u00adki ja Uud\u00adis\u00adtet\u00adtu ener\u00adgiate\u00adhokku\u00adus\u00addi\u00adrek\u00adti\u00adivi (EPBD) aset\u00adta\u00advat uusia vaa\u00adtimuk\u00adsia kor\u00adjaus\u00adrak\u00aden\u00adtamiselle ja siihen liit\u00adtyv\u00e4lle osaamisen p\u00e4ivit\u00adt\u00e4miselle. N\u00e4it\u00e4 uusia vaa\u00adtimuk\u00adsia ovat mm. ilmas\u00adto\u00adselvi\u00adtys, mate\u00adri\u00adaaliseloste sek\u00e4 purku\u00adma\u00adte\u00adri\u00adaali- ja raken\u00adnusj\u00e4te\u00adselvi\u00adtys. Han\u00adkkeen p\u00e4\u00e4\u00adtavoit\u00adteena on edis\u00adt\u00e4\u00e4 kor\u00adjaus\u00adrak\u00aden\u00adtamiseen liit\u00adtyv\u00e4\u00e4 osaamista, eri\u00adtyis\u00ades\u00adti uud\u00adis\u00adtu\u00advan rak\u00aden\u00adtamisen lain\u00ads\u00e4\u00e4d\u00e4n\u00adn\u00f6n kaut\u00adta syn\u00adtyvien osaamis\u00adtarpei\u00adden n\u00e4k\u00f6kul\u00admas\u00adta. Han\u00adkkeessa toteutet\u00adta\u00adva osaamis\u00adpalvelu palvelee eri\u00adtyis\u00ades\u00adti [&hellip;]","og_url":"https:\/\/hankkeet.karelia.fi\/kestavan-korjausrakentamisen-osaaja-taydennyskoulutusta-tyoelaman-tarpeisiin\/","og_site_name":"Kest\u00e4v\u00e4n korjausrakentamisen osaaja \u2013 t\u00e4ydennyskoulutusta ty\u00f6el\u00e4m\u00e4n tarpeisiin","twitter_card":"summary_large_image","twitter_misc":{"Arvioitu lukuaika":"2 minuuttia"},"schema":{"@context":"https:\/\/schema.org","@graph":[{"@type":"WebPage","@id":"https:\/\/hankkeet.karelia.fi\/kestavan-korjausrakentamisen-osaaja-taydennyskoulutusta-tyoelaman-tarpeisiin\/","url":"https:\/\/hankkeet.karelia.fi\/kestavan-korjausrakentamisen-osaaja-taydennyskoulutusta-tyoelaman-tarpeisiin\/","name":"Kest\u00e4v\u00e4n korjausrakentamisen osaaja \u2013 t\u00e4ydennyskoulutusta ty\u00f6el\u00e4m\u00e4n tarpeisiin - Kest\u00e4v\u00e4n korjausrakentamisen osaaja \u2013 t\u00e4ydennyskoulutusta ty\u00f6el\u00e4m\u00e4n tarpeisiin","isPartOf":{"@id":"https:\/\/hankkeet.karelia.fi\/kestavan-korjausrakentamisen-osaaja-taydennyskoulutusta-tyoelaman-tarpeisiin\/#website"},"primaryImageOfPage":{"@id":"https:\/\/hankkeet.karelia.fi\/kestavan-korjausrakentamisen-osaaja-taydennyskoulutusta-tyoelaman-tarpeisiin\/#primaryimage"},"image":{"@id":"https:\/\/hankkeet.karelia.fi\/kestavan-korjausrakentamisen-osaaja-taydennyskoulutusta-tyoelaman-tarpeisiin\/#primaryimage"},"thumbnailUrl":"https:\/\/hankkeet.karelia.fi\/kestavan-korjausrakentamisen-osaaja-taydennyskoulutusta-tyoelaman-tarpeisiin\/wp-content\/uploads\/sites\/62\/2026\/03\/WEB-Lighthouse-Joensuu-rakennusvaiheet-by-Artika-3409.jpg","datePublished":"2026-03-17T12:41:17+00:00","breadcrumb":{"@id":"https:\/\/hankkeet.karelia.fi\/kestavan-korjausrakentamisen-osaaja-taydennyskoulutusta-tyoelaman-tarpeisiin\/#breadcrumb"},"inLanguage":"fi","potentialAction":[{"@type":"ReadAction","target":["https:\/\/hankkeet.karelia.fi\/kestavan-korjausrakentamisen-osaaja-taydennyskoulutusta-tyoelaman-tarpeisiin\/"]}]},{"@type":"ImageObject","inLanguage":"fi","@id":"https:\/\/hankkeet.karelia.fi\/kestavan-korjausrakentamisen-osaaja-taydennyskoulutusta-tyoelaman-tarpeisiin\/#primaryimage","url":"https:\/\/hankkeet.karelia.fi\/kestavan-korjausrakentamisen-osaaja-taydennyskoulutusta-tyoelaman-tarpeisiin\/wp-content\/uploads\/sites\/62\/2026\/03\/WEB-Lighthouse-Joensuu-rakennusvaiheet-by-Artika-3409.jpg","contentUrl":"https:\/\/hankkeet.karelia.fi\/kestavan-korjausrakentamisen-osaaja-taydennyskoulutusta-tyoelaman-tarpeisiin\/wp-content\/uploads\/sites\/62\/2026\/03\/WEB-Lighthouse-Joensuu-rakennusvaiheet-by-Artika-3409.jpg","width":1500,"height":1000},{"@type":"BreadcrumbList","@id":"https:\/\/hankkeet.karelia.fi\/kestavan-korjausrakentamisen-osaaja-taydennyskoulutusta-tyoelaman-tarpeisiin\/#breadcrumb","itemListElement":[{"@type":"ListItem","position":1,"name":"Home","item":"https:\/\/hankkeet.karelia.fi\/kestavan-korjausrakentamisen-osaaja-taydennyskoulutusta-tyoelaman-tarpeisiin\/kestavan-korjausrakentamisen-osaaja-taydennyskoulutusta-tyoelaman-tarpeisiin\/"},{"@type":"ListItem","position":2,"name":"Kest\u00e4v\u00e4n korjausrakentamisen osaaja \u2013 t\u00e4ydennyskoulutusta ty\u00f6el\u00e4m\u00e4n tarpeisiin"}]},{"@type":"WebSite","@id":"https:\/\/hankkeet.karelia.fi\/kestavan-korjausrakentamisen-osaaja-taydennyskoulutusta-tyoelaman-tarpeisiin\/#website","url":"https:\/\/hankkeet.karelia.fi\/kestavan-korjausrakentamisen-osaaja-taydennyskoulutusta-tyoelaman-tarpeisiin\/","name":"Kest\u00e4v\u00e4n korjausrakentamisen osaaja \u2013 t\u00e4ydennyskoulutusta ty\u00f6el\u00e4m\u00e4n tarpeisiin","description":"","publisher":{"@id":"https:\/\/hankkeet.karelia.fi\/kestavan-korjausrakentamisen-osaaja-taydennyskoulutusta-tyoelaman-tarpeisiin\/#organization"},"potentialAction":[{"@type":"SearchAction","target":{"@type":"EntryPoint","urlTemplate":"https:\/\/hankkeet.karelia.fi\/kestavan-korjausrakentamisen-osaaja-taydennyskoulutusta-tyoelaman-tarpeisiin\/?s={search_term_string}"},"query-input":{"@type":"PropertyValueSpecification","valueRequired":true,"valueName":"search_term_string"}}],"inLanguage":"fi"},{"@type":"Organization","@id":"https:\/\/hankkeet.karelia.fi\/kestavan-korjausrakentamisen-osaaja-taydennyskoulutusta-tyoelaman-tarpeisiin\/#organization","name":"Kest\u00e4v\u00e4n korjausrakentamisen osaaja \u2013 t\u00e4ydennyskoulutusta ty\u00f6el\u00e4m\u00e4n tarpeisiin","url":"https:\/\/hankkeet.karelia.fi\/kestavan-korjausrakentamisen-osaaja-taydennyskoulutusta-tyoelaman-tarpeisiin\/","logo":{"@type":"ImageObject","inLanguage":"fi","@id":"https:\/\/hankkeet.karelia.fi\/kestavan-korjausrakentamisen-osaaja-taydennyskoulutusta-tyoelaman-tarpeisiin\/#\/schema\/logo\/image\/","url":"https:\/\/hankkeet.karelia.fi\/kestavan-korjausrakentamisen-osaaja-taydennyskoulutusta-tyoelaman-tarpeisiin\/wp-content\/uploads\/sites\/62\/2026\/03\/cropped-cropped-Karelia_AMK_logo_RGB-1.png","contentUrl":"https:\/\/hankkeet.karelia.fi\/kestavan-korjausrakentamisen-osaaja-taydennyskoulutusta-tyoelaman-tarpeisiin\/wp-content\/uploads\/sites\/62\/2026\/03\/cropped-cropped-Karelia_AMK_logo_RGB-1.png","width":427,"height":116,"caption":"Kest\u00e4v\u00e4n korjausrakentamisen osaaja \u2013 t\u00e4ydennyskoulutusta ty\u00f6el\u00e4m\u00e4n tarpeisiin"},"image":{"@id":"https:\/\/hankkeet.karelia.fi\/kestavan-korjausrakentamisen-osaaja-taydennyskoulutusta-tyoelaman-tarpeisiin\/#\/schema\/logo\/image\/"}}]}},"_links":{"self":[{"href":"https:\/\/hankkeet.karelia.fi\/kestavan-korjausrakentamisen-osaaja-taydennyskoulutusta-tyoelaman-tarpeisiin\/wp-json\/wp\/v2\/pages\/19","targetHints":{"allow":["GET"]}}],"collection":[{"href":"https:\/\/hankkeet.karelia.fi\/kestavan-korjausrakentamisen-osaaja-taydennyskoulutusta-tyoelaman-tarpeisiin\/wp-json\/wp\/v2\/pages"}],"about":[{"href":"https:\/\/hankkeet.karelia.fi\/kestavan-korjausrakentamisen-osaaja-taydennyskoulutusta-tyoelaman-tarpeisiin\/wp-json\/wp\/v2\/types\/page"}],"replies":[{"embeddable":true,"href":"https:\/\/hankkeet.karelia.fi\/kestavan-korjausrakentamisen-osaaja-taydennyskoulutusta-tyoelaman-tarpeisiin\/wp-json\/wp\/v2\/comments?post=19"}],"version-history":[{"count":0,"href":"https:\/\/hankkeet.karelia.fi\/kestavan-korjausrakentamisen-osaaja-taydennyskoulutusta-tyoelaman-tarpeisiin\/wp-json\/wp\/v2\/pages\/19\/revisions"}],"wp:featuredmedia":[{"embeddable":true,"href":"https:\/\/hankkeet.karelia.fi\/kestavan-korjausrakentamisen-osaaja-taydennyskoulutusta-tyoelaman-tarpeisiin\/wp-json\/wp\/v2\/media\/17"}],"wp:attachment":[{"href":"https:\/\/hankkeet.karelia.fi\/kestavan-korjausrakentamisen-osaaja-taydennyskoulutusta-tyoelaman-tarpeisiin\/wp-json\/wp\/v2\/media?parent=19"}],"curies":[{"name":"wp","href":"https:\/\/api.w.org\/{rel}","templated":true}]}}