{"id":20,"date":"2026-03-17T15:11:21","date_gmt":"2026-03-17T13:11:21","guid":{"rendered":"https:\/\/hankkeet.karelia.fi\/komio-maankayttosektorin-ilmasto-osaamisen-koulutusyhteistyo\/komio-maankayttosektorin-ilmasto-osaamisen-koulutusyhteistyo\/"},"modified":"2026-03-17T15:11:21","modified_gmt":"2026-03-17T13:11:21","slug":"komio-maankayttosektorin-ilmasto-osaamisen-koulutusyhteistyo","status":"publish","type":"page","link":"https:\/\/hankkeet.karelia.fi\/komio-maankayttosektorin-ilmasto-osaamisen-koulutusyhteistyo\/","title":{"rendered":"KOMIO Maank\u00e4ytt\u00f6sektorin ilmasto-osaamisen koulutusyhteisty\u00f6"},"content":{"rendered":"\n<figure class=\"wp-block-image size-large is-resized\"><img decoding=\"async\" src=\"https:\/\/hankkeet.karelia.fi\/komio-maankayttosektorin-ilmasto-osaamisen-koulutusyhteistyo\/wp-content\/uploads\/sites\/66\/2026\/03\/nappaa-1024x222-1.jpg\" alt class=\"wp-image-67682\" style=\"aspect-ratio:4.612612612612613;width:475px;height:auto\"><\/figure>\n\n\n\n<p>KOMIO \u2014 Ammat\u00adtiko\u00adrkeak\u00adoulu\u00adjen yhteisty\u00f6verkos\u00adtossa vahvis\u00adte\u00adtaan maank\u00e4yt\u00adt\u00f6sek\u00adtorin ilmas\u00adto-osaamista.<\/p>\n\n\n\n<h2 class=\"wp-block-heading\">Hankkeen tavoite<\/h2>\n\n\n\n<ul class=\"wp-block-list\">\n<li>Han\u00adkkeen tavoit\u00adteena on maank\u00e4yt\u00adt\u00f6sek\u00adtorin ilmas\u00adto-osaamisen vahvis\u00adt\u00ada\u00admi\u00adnen eri\u00adtyis\u00ades\u00adti seu\u00adraavis\u00adsa kohderyh\u00admis\u00ads\u00e4: maa- ja met\u00ads\u00e4\u00adtalousyrit\u00adt\u00e4j\u00e4t, neu\u00advo\u00adjat, opet\u00adta\u00adjat, luon\u00adnon\u00adva\u00adra-alan opiske\u00adli\u00adjat ja muut teemas\u00adta kiin\u00adnos\u00adtuneet kohderyh\u00adm\u00e4t<\/li>\n<\/ul>\n\n\n\n<h3 class=\"wp-block-heading\">Miten tavoitteeseen p\u00e4\u00e4st\u00e4\u00e4n<\/h3>\n\n\n\n<ul class=\"wp-block-list\">\n<li>Han\u00adkkeessa kootaan ja jalka\u00adute\u00adtaan maank\u00e4yt\u00adt\u00f6sek\u00adtorin han\u00adkkei\u00adden (Hiilest\u00e4 kiin\u00adni \u2011han\u00adkkei\u00adden sek\u00e4 muiden maa- ja met\u00ads\u00e4\u00adtalouden maaper\u00e4kysymyk\u00adsi\u00adin liit\u00adtyvien TKI-han\u00adkkei\u00adden) tulok\u00adsia laa\u00adjem\u00admalle joukolle maa- ja met\u00ads\u00e4\u00adtalousyrit\u00adt\u00e4ji\u00e4 ja neu\u00advo\u00adjia sek\u00e4 ammat\u00adtiko\u00adrkeak\u00adoulu\u00adjen opetuk\u00adseen<\/li>\n\n\n\n<li>Han\u00adkkeel\u00adla varmis\u00adte\u00adtaan, ett\u00e4 maank\u00e4yt\u00adt\u00f6sek\u00adtorin opin\u00adto\u00adtar\u00adjon\u00adta on ajan\u00admukaista&nbsp;<\/li>\n\n\n\n<li>Han\u00adkkeen toim\u00adinta vahvis\u00adtaa luon\u00adnon\u00adva\u00adra-alan ammat\u00adtiko\u00adrkeak\u00adoulu\u00adjen yhteisty\u00f6t\u00e4 ja edis\u00adt\u00e4\u00e4 ammat\u00adtiko\u00adrkeak\u00adoulu\u00adjen mah\u00addol\u00adlisuuk\u00adsia pro\u00adfiloi\u00adtu\u00admiseen.<\/li>\n\n\n\n<li>Han\u00adkkeessa vahvis\u00adte\u00adtaan Agri\u00adhub \u2013 s\u00e4hk\u00f6isen tiedonv\u00e4l\u00adi\u00adtysalus\u00adtan roo\u00adlia tiedon jakamises\u00adsa, eri\u00adtyis\u00ades\u00adti ammat\u00adtiko\u00adrkeak\u00adoulu\u00adjen luon\u00adnon\u00adva\u00adra-alaan linkit\u00adtyvien han\u00adke\u00adtoim\u00adi\u00adjoiden, ope\u00adtushenkil\u00f6st\u00f6n ja opiske\u00adli\u00adjoiden kesku\u00adudessa.<\/li>\n<\/ul>\n\n\n\n<h2 class=\"wp-block-heading\">Tulokset<\/h2>\n\n\n\n<p>Maank\u00e4yt\u00adt\u00f6sek\u00adtorin toim\u00adi\u00adjoiden ilmas\u00adto-osaamisen lis\u00e4\u00e4n\u00adtymi\u00adnen edis\u00adt\u00e4\u00e4 maa- ja met\u00ads\u00e4\u00adtalouden ilmas\u00adto\u00adtoimia. Han\u00adkkeen koost\u00ada\u00admat k\u00e4yt\u00e4n\u00adn\u00f6n esimerk\u00adit opetuk\u00adseen ja neu\u00advon\u00adtaan tuo\u00advat esimerkke\u00adj\u00e4 siit\u00e4, miten hiilen\u00adsi\u00add\u00adon\u00adta maaper\u00e4\u00e4n tehos\u00adtuu. Tehokkaat ja oikein val\u00adi\u00adtut toimen\u00adpiteet paran\u00adta\u00advat maa- ja met\u00ads\u00e4\u00adtalouden kan\u00adnat\u00adtavu\u00adut\u00adta sek\u00e4 edis\u00adt\u00e4v\u00e4t ilmas\u00adto\u00adtoimia. Hiilen\u00adsi\u00add\u00adon\u00adta lis\u00e4\u00e4n\u00adtyy ja maa- ja met\u00ads\u00e4\u00adtalouden syn\u00adnyt\u00adt\u00e4m\u00e4n kasvi\u00adhuonep\u00e4\u00e4st\u00f6t v\u00e4henev\u00e4t. My\u00f6s maa- ja met\u00ads\u00e4\u00adtalouden sopeu\u00adtu\u00admi\u00adnen ilmas\u00adton\u00admuu\u00adtok\u00adseen para\u00adnee kas\u00adva\u00adneen osaamisen my\u00f6t\u00e4.<\/p>\n\n\n\n<h2 class=\"wp-block-heading\">Toimijat<\/h2>\n\n\n\n<p>Han\u00adke toteutetaan Sein\u00e4joen (SeAMK), Savon\u00adian, Kaakkois-Suomen (XAMK), H\u00e4meen (HAMK), Kare\u00adlian, Oulun (OAMK), Nov\u00adian, Jyv\u00e4skyl\u00e4n (JAMK) ja Lapin ammat\u00adtiko\u00adrkeak\u00adoulun yhteisty\u00f6n\u00e4.<\/p>\n\n\n\n<figure class=\"wp-block-image size-large\"><img decoding=\"async\" src=\"https:\/\/hankkeet.karelia.fi\/komio-maankayttosektorin-ilmasto-osaamisen-koulutusyhteistyo\/wp-content\/uploads\/sites\/66\/2026\/03\/komio-logot2-1024x500-1.jpg\" alt class=\"wp-image-67677\"><\/figure>\n","protected":false},"excerpt":{"rendered":"<p>KOMIO \u2014 Ammat\u00adtiko\u00adrkeak\u00adoulu\u00adjen yhteisty\u00f6verkos\u00adtossa vahvis\u00adte\u00adtaan maank\u00e4yt\u00adt\u00f6sek\u00adtorin ilmas\u00ad\u00adto-osaamista. Han\u00adkkeen tavoite Miten tavoit\u00adteeseen p\u00e4\u00e4st\u00e4\u00e4n Tulok\u00adset Maank\u00e4yt\u00adt\u00f6sek\u00adtorin toim\u00adi\u00adjoiden ilmas\u00ad\u00adto-osaamisen lis\u00e4\u00e4n\u00adtymi\u00adnen edis\u00adt\u00e4\u00e4 maa- ja met\u00ads\u00e4\u00adtalouden ilmas\u00adto\u00adtoimia. Han\u00adkkeen koost\u00ada\u00admat k\u00e4yt\u00e4n\u00adn\u00f6n esimerk\u00adit opetuk\u00adseen ja neu\u00advon\u00adtaan tuo\u00advat esimerkke\u00adj\u00e4 siit\u00e4, miten hiilen\u00adsi\u00add\u00adon\u00adta maaper\u00e4\u00e4n tehos\u00adtuu. Tehokkaat ja oikein val\u00adi\u00adtut toimen\u00adpiteet paran\u00adta\u00advat maa- ja met\u00ads\u00e4\u00adtalouden kan\u00adnat\u00adtavu\u00adut\u00adta sek\u00e4 edis\u00adt\u00e4v\u00e4t ilmas\u00adto\u00adtoimia. Hiilen\u00adsi\u00add\u00adon\u00adta lis\u00e4\u00e4n\u00adtyy ja maa- ja met\u00ads\u00e4\u00adtalouden [\u2026]<\/p>\n","protected":false},"author":0,"featured_media":17,"parent":0,"menu_order":0,"comment_status":"closed","ping_status":"closed","template":"","meta":{"inline_featured_image":false,"wp_typography_post_enhancements_disabled":false,"footnotes":""},"class_list":["post-20","page","type-page","status-publish","has-post-thumbnail","hentry"],"yoast_head":"<!-- This site is optimized with the Yoast SEO plugin v27.5 - https:\/\/yoast.com\/product\/yoast-seo-wordpress\/ -->\n<title>KOMIO Maank\u00e4ytt\u00f6sektorin ilmasto-osaamisen koulutusyhteisty\u00f6 - KOMIO Maank\u00e4ytt\u00f6sektorin ilmasto-osaamisen koulutusyhteisty\u00f6<\/title>\n<meta name=\"robots\" content=\"index, follow, max-snippet:-1, max-image-preview:large, max-video-preview:-1\" \/>\n<link rel=\"canonical\" href=\"https:\/\/hankkeet.karelia.fi\/komio-maankayttosektorin-ilmasto-osaamisen-koulutusyhteistyo\/\" \/>\n<meta property=\"og:locale\" content=\"fi_FI\" \/>\n<meta property=\"og:type\" content=\"article\" \/>\n<meta property=\"og:title\" content=\"KOMIO Maank\u00e4ytt\u00f6sektorin ilmasto-osaamisen koulutusyhteisty\u00f6 - KOMIO Maank\u00e4ytt\u00f6sektorin ilmasto-osaamisen koulutusyhteisty\u00f6\" \/>\n<meta property=\"og:description\" content=\"KOMIO \u2014 Ammat\u00adtiko\u00adrkeak\u00adoulu\u00adjen yhteisty\u00f6verkos\u00adtossa vahvis\u00adte\u00adtaan maank\u00e4yt\u00adt\u00f6sek\u00adtorin ilmas\u00adto-osaamista. Hankkeen tavoite Miten tavoitteeseen p\u00e4\u00e4st\u00e4\u00e4n Tulokset Maank\u00e4yt\u00adt\u00f6sek\u00adtorin toim\u00adi\u00adjoiden ilmas\u00adto-osaamisen lis\u00e4\u00e4n\u00adtymi\u00adnen edis\u00adt\u00e4\u00e4 maa- ja met\u00ads\u00e4\u00adtalouden ilmas\u00adto\u00adtoimia. Han\u00adkkeen koost\u00ada\u00admat k\u00e4yt\u00e4n\u00adn\u00f6n esimerk\u00adit opetuk\u00adseen ja neu\u00advon\u00adtaan tuo\u00advat esimerkke\u00adj\u00e4 siit\u00e4, miten hiilen\u00adsi\u00add\u00adon\u00adta maaper\u00e4\u00e4n tehos\u00adtuu. Tehokkaat ja oikein val\u00adi\u00adtut toimen\u00adpiteet paran\u00adta\u00advat maa- ja met\u00ads\u00e4\u00adtalouden kan\u00adnat\u00adtavu\u00adut\u00adta sek\u00e4 edis\u00adt\u00e4v\u00e4t ilmas\u00adto\u00adtoimia. Hiilen\u00adsi\u00add\u00adon\u00adta lis\u00e4\u00e4n\u00adtyy ja maa- ja met\u00ads\u00e4\u00adtalouden [&hellip;]\" \/>\n<meta property=\"og:url\" content=\"https:\/\/hankkeet.karelia.fi\/komio-maankayttosektorin-ilmasto-osaamisen-koulutusyhteistyo\/\" \/>\n<meta property=\"og:site_name\" content=\"KOMIO Maank\u00e4ytt\u00f6sektorin ilmasto-osaamisen koulutusyhteisty\u00f6\" \/>\n<meta name=\"twitter:card\" content=\"summary_large_image\" \/>\n<meta name=\"twitter:label1\" content=\"Arvioitu lukuaika\" \/>\n\t<meta name=\"twitter:data1\" content=\"1 minuutti\" \/>\n<script type=\"application\/ld+json\" class=\"yoast-schema-graph\">{\"@context\":\"https:\\\/\\\/schema.org\",\"@graph\":[{\"@type\":\"WebPage\",\"@id\":\"https:\\\/\\\/hankkeet.karelia.fi\\\/komio-maankayttosektorin-ilmasto-osaamisen-koulutusyhteistyo\\\/\",\"url\":\"https:\\\/\\\/hankkeet.karelia.fi\\\/komio-maankayttosektorin-ilmasto-osaamisen-koulutusyhteistyo\\\/\",\"name\":\"KOMIO Maank\u00e4ytt\u00f6sektorin ilmasto-osaamisen koulutusyhteisty\u00f6 - KOMIO Maank\u00e4ytt\u00f6sektorin ilmasto-osaamisen koulutusyhteisty\u00f6\",\"isPartOf\":{\"@id\":\"https:\\\/\\\/hankkeet.karelia.fi\\\/komio-maankayttosektorin-ilmasto-osaamisen-koulutusyhteistyo\\\/#website\"},\"primaryImageOfPage\":{\"@id\":\"https:\\\/\\\/hankkeet.karelia.fi\\\/komio-maankayttosektorin-ilmasto-osaamisen-koulutusyhteistyo\\\/#primaryimage\"},\"image\":{\"@id\":\"https:\\\/\\\/hankkeet.karelia.fi\\\/komio-maankayttosektorin-ilmasto-osaamisen-koulutusyhteistyo\\\/#primaryimage\"},\"thumbnailUrl\":\"https:\\\/\\\/hankkeet.karelia.fi\\\/komio-maankayttosektorin-ilmasto-osaamisen-koulutusyhteistyo\\\/wp-content\\\/uploads\\\/sites\\\/66\\\/2026\\\/03\\\/kuvia-suomesta-joona-kotilainen-17-1.jpg\",\"datePublished\":\"2026-03-17T13:11:21+00:00\",\"breadcrumb\":{\"@id\":\"https:\\\/\\\/hankkeet.karelia.fi\\\/komio-maankayttosektorin-ilmasto-osaamisen-koulutusyhteistyo\\\/#breadcrumb\"},\"inLanguage\":\"fi\",\"potentialAction\":[{\"@type\":\"ReadAction\",\"target\":[\"https:\\\/\\\/hankkeet.karelia.fi\\\/komio-maankayttosektorin-ilmasto-osaamisen-koulutusyhteistyo\\\/\"]}]},{\"@type\":\"ImageObject\",\"inLanguage\":\"fi\",\"@id\":\"https:\\\/\\\/hankkeet.karelia.fi\\\/komio-maankayttosektorin-ilmasto-osaamisen-koulutusyhteistyo\\\/#primaryimage\",\"url\":\"https:\\\/\\\/hankkeet.karelia.fi\\\/komio-maankayttosektorin-ilmasto-osaamisen-koulutusyhteistyo\\\/wp-content\\\/uploads\\\/sites\\\/66\\\/2026\\\/03\\\/kuvia-suomesta-joona-kotilainen-17-1.jpg\",\"contentUrl\":\"https:\\\/\\\/hankkeet.karelia.fi\\\/komio-maankayttosektorin-ilmasto-osaamisen-koulutusyhteistyo\\\/wp-content\\\/uploads\\\/sites\\\/66\\\/2026\\\/03\\\/kuvia-suomesta-joona-kotilainen-17-1.jpg\",\"width\":2000,\"height\":1334},{\"@type\":\"BreadcrumbList\",\"@id\":\"https:\\\/\\\/hankkeet.karelia.fi\\\/komio-maankayttosektorin-ilmasto-osaamisen-koulutusyhteistyo\\\/#breadcrumb\",\"itemListElement\":[{\"@type\":\"ListItem\",\"position\":1,\"name\":\"Home\",\"item\":\"https:\\\/\\\/hankkeet.karelia.fi\\\/komio-maankayttosektorin-ilmasto-osaamisen-koulutusyhteistyo\\\/komio-maankayttosektorin-ilmasto-osaamisen-koulutusyhteistyo\\\/\"},{\"@type\":\"ListItem\",\"position\":2,\"name\":\"KOMIO Maank\u00e4ytt\u00f6sektorin ilmasto-osaamisen koulutusyhteisty\u00f6\"}]},{\"@type\":\"WebSite\",\"@id\":\"https:\\\/\\\/hankkeet.karelia.fi\\\/komio-maankayttosektorin-ilmasto-osaamisen-koulutusyhteistyo\\\/#website\",\"url\":\"https:\\\/\\\/hankkeet.karelia.fi\\\/komio-maankayttosektorin-ilmasto-osaamisen-koulutusyhteistyo\\\/\",\"name\":\"KOMIO Maank\u00e4ytt\u00f6sektorin ilmasto-osaamisen koulutusyhteisty\u00f6\",\"description\":\"\",\"publisher\":{\"@id\":\"https:\\\/\\\/hankkeet.karelia.fi\\\/komio-maankayttosektorin-ilmasto-osaamisen-koulutusyhteistyo\\\/#organization\"},\"potentialAction\":[{\"@type\":\"SearchAction\",\"target\":{\"@type\":\"EntryPoint\",\"urlTemplate\":\"https:\\\/\\\/hankkeet.karelia.fi\\\/komio-maankayttosektorin-ilmasto-osaamisen-koulutusyhteistyo\\\/?s={search_term_string}\"},\"query-input\":{\"@type\":\"PropertyValueSpecification\",\"valueRequired\":true,\"valueName\":\"search_term_string\"}}],\"inLanguage\":\"fi\"},{\"@type\":\"Organization\",\"@id\":\"https:\\\/\\\/hankkeet.karelia.fi\\\/komio-maankayttosektorin-ilmasto-osaamisen-koulutusyhteistyo\\\/#organization\",\"name\":\"KOMIO Maank\u00e4ytt\u00f6sektorin ilmasto-osaamisen koulutusyhteisty\u00f6\",\"url\":\"https:\\\/\\\/hankkeet.karelia.fi\\\/komio-maankayttosektorin-ilmasto-osaamisen-koulutusyhteistyo\\\/\",\"logo\":{\"@type\":\"ImageObject\",\"inLanguage\":\"fi\",\"@id\":\"https:\\\/\\\/hankkeet.karelia.fi\\\/komio-maankayttosektorin-ilmasto-osaamisen-koulutusyhteistyo\\\/#\\\/schema\\\/logo\\\/image\\\/\",\"url\":\"https:\\\/\\\/hankkeet.karelia.fi\\\/komio-maankayttosektorin-ilmasto-osaamisen-koulutusyhteistyo\\\/wp-content\\\/uploads\\\/sites\\\/66\\\/2026\\\/03\\\/cropped-cropped-Karelia_AMK_logo_RGB-1.png\",\"contentUrl\":\"https:\\\/\\\/hankkeet.karelia.fi\\\/komio-maankayttosektorin-ilmasto-osaamisen-koulutusyhteistyo\\\/wp-content\\\/uploads\\\/sites\\\/66\\\/2026\\\/03\\\/cropped-cropped-Karelia_AMK_logo_RGB-1.png\",\"width\":427,\"height\":116,\"caption\":\"KOMIO Maank\u00e4ytt\u00f6sektorin ilmasto-osaamisen koulutusyhteisty\u00f6\"},\"image\":{\"@id\":\"https:\\\/\\\/hankkeet.karelia.fi\\\/komio-maankayttosektorin-ilmasto-osaamisen-koulutusyhteistyo\\\/#\\\/schema\\\/logo\\\/image\\\/\"}}]}<\/script>\n<!-- \/ Yoast SEO plugin. -->","yoast_head_json":{"title":"KOMIO Maank\u00e4ytt\u00f6sektorin ilmasto-osaamisen koulutusyhteisty\u00f6 - KOMIO Maank\u00e4ytt\u00f6sektorin ilmasto-osaamisen koulutusyhteisty\u00f6","robots":{"index":"index","follow":"follow","max-snippet":"max-snippet:-1","max-image-preview":"max-image-preview:large","max-video-preview":"max-video-preview:-1"},"canonical":"https:\/\/hankkeet.karelia.fi\/komio-maankayttosektorin-ilmasto-osaamisen-koulutusyhteistyo\/","og_locale":"fi_FI","og_type":"article","og_title":"KOMIO Maank\u00e4ytt\u00f6sektorin ilmasto-osaamisen koulutusyhteisty\u00f6 - KOMIO Maank\u00e4ytt\u00f6sektorin ilmasto-osaamisen koulutusyhteisty\u00f6","og_description":"KOMIO \u2014 Ammat\u00adtiko\u00adrkeak\u00adoulu\u00adjen yhteisty\u00f6verkos\u00adtossa vahvis\u00adte\u00adtaan maank\u00e4yt\u00adt\u00f6sek\u00adtorin ilmas\u00adto-osaamista. Hankkeen tavoite Miten tavoitteeseen p\u00e4\u00e4st\u00e4\u00e4n Tulokset Maank\u00e4yt\u00adt\u00f6sek\u00adtorin toim\u00adi\u00adjoiden ilmas\u00adto-osaamisen lis\u00e4\u00e4n\u00adtymi\u00adnen edis\u00adt\u00e4\u00e4 maa- ja met\u00ads\u00e4\u00adtalouden ilmas\u00adto\u00adtoimia. Han\u00adkkeen koost\u00ada\u00admat k\u00e4yt\u00e4n\u00adn\u00f6n esimerk\u00adit opetuk\u00adseen ja neu\u00advon\u00adtaan tuo\u00advat esimerkke\u00adj\u00e4 siit\u00e4, miten hiilen\u00adsi\u00add\u00adon\u00adta maaper\u00e4\u00e4n tehos\u00adtuu. Tehokkaat ja oikein val\u00adi\u00adtut toimen\u00adpiteet paran\u00adta\u00advat maa- ja met\u00ads\u00e4\u00adtalouden kan\u00adnat\u00adtavu\u00adut\u00adta sek\u00e4 edis\u00adt\u00e4v\u00e4t ilmas\u00adto\u00adtoimia. Hiilen\u00adsi\u00add\u00adon\u00adta lis\u00e4\u00e4n\u00adtyy ja maa- ja met\u00ads\u00e4\u00adtalouden [&hellip;]","og_url":"https:\/\/hankkeet.karelia.fi\/komio-maankayttosektorin-ilmasto-osaamisen-koulutusyhteistyo\/","og_site_name":"KOMIO Maank\u00e4ytt\u00f6sektorin ilmasto-osaamisen koulutusyhteisty\u00f6","twitter_card":"summary_large_image","twitter_misc":{"Arvioitu lukuaika":"1 minuutti"},"schema":{"@context":"https:\/\/schema.org","@graph":[{"@type":"WebPage","@id":"https:\/\/hankkeet.karelia.fi\/komio-maankayttosektorin-ilmasto-osaamisen-koulutusyhteistyo\/","url":"https:\/\/hankkeet.karelia.fi\/komio-maankayttosektorin-ilmasto-osaamisen-koulutusyhteistyo\/","name":"KOMIO Maank\u00e4ytt\u00f6sektorin ilmasto-osaamisen koulutusyhteisty\u00f6 - KOMIO Maank\u00e4ytt\u00f6sektorin ilmasto-osaamisen koulutusyhteisty\u00f6","isPartOf":{"@id":"https:\/\/hankkeet.karelia.fi\/komio-maankayttosektorin-ilmasto-osaamisen-koulutusyhteistyo\/#website"},"primaryImageOfPage":{"@id":"https:\/\/hankkeet.karelia.fi\/komio-maankayttosektorin-ilmasto-osaamisen-koulutusyhteistyo\/#primaryimage"},"image":{"@id":"https:\/\/hankkeet.karelia.fi\/komio-maankayttosektorin-ilmasto-osaamisen-koulutusyhteistyo\/#primaryimage"},"thumbnailUrl":"https:\/\/hankkeet.karelia.fi\/komio-maankayttosektorin-ilmasto-osaamisen-koulutusyhteistyo\/wp-content\/uploads\/sites\/66\/2026\/03\/kuvia-suomesta-joona-kotilainen-17-1.jpg","datePublished":"2026-03-17T13:11:21+00:00","breadcrumb":{"@id":"https:\/\/hankkeet.karelia.fi\/komio-maankayttosektorin-ilmasto-osaamisen-koulutusyhteistyo\/#breadcrumb"},"inLanguage":"fi","potentialAction":[{"@type":"ReadAction","target":["https:\/\/hankkeet.karelia.fi\/komio-maankayttosektorin-ilmasto-osaamisen-koulutusyhteistyo\/"]}]},{"@type":"ImageObject","inLanguage":"fi","@id":"https:\/\/hankkeet.karelia.fi\/komio-maankayttosektorin-ilmasto-osaamisen-koulutusyhteistyo\/#primaryimage","url":"https:\/\/hankkeet.karelia.fi\/komio-maankayttosektorin-ilmasto-osaamisen-koulutusyhteistyo\/wp-content\/uploads\/sites\/66\/2026\/03\/kuvia-suomesta-joona-kotilainen-17-1.jpg","contentUrl":"https:\/\/hankkeet.karelia.fi\/komio-maankayttosektorin-ilmasto-osaamisen-koulutusyhteistyo\/wp-content\/uploads\/sites\/66\/2026\/03\/kuvia-suomesta-joona-kotilainen-17-1.jpg","width":2000,"height":1334},{"@type":"BreadcrumbList","@id":"https:\/\/hankkeet.karelia.fi\/komio-maankayttosektorin-ilmasto-osaamisen-koulutusyhteistyo\/#breadcrumb","itemListElement":[{"@type":"ListItem","position":1,"name":"Home","item":"https:\/\/hankkeet.karelia.fi\/komio-maankayttosektorin-ilmasto-osaamisen-koulutusyhteistyo\/komio-maankayttosektorin-ilmasto-osaamisen-koulutusyhteistyo\/"},{"@type":"ListItem","position":2,"name":"KOMIO Maank\u00e4ytt\u00f6sektorin ilmasto-osaamisen koulutusyhteisty\u00f6"}]},{"@type":"WebSite","@id":"https:\/\/hankkeet.karelia.fi\/komio-maankayttosektorin-ilmasto-osaamisen-koulutusyhteistyo\/#website","url":"https:\/\/hankkeet.karelia.fi\/komio-maankayttosektorin-ilmasto-osaamisen-koulutusyhteistyo\/","name":"KOMIO Maank\u00e4ytt\u00f6sektorin ilmasto-osaamisen koulutusyhteisty\u00f6","description":"","publisher":{"@id":"https:\/\/hankkeet.karelia.fi\/komio-maankayttosektorin-ilmasto-osaamisen-koulutusyhteistyo\/#organization"},"potentialAction":[{"@type":"SearchAction","target":{"@type":"EntryPoint","urlTemplate":"https:\/\/hankkeet.karelia.fi\/komio-maankayttosektorin-ilmasto-osaamisen-koulutusyhteistyo\/?s={search_term_string}"},"query-input":{"@type":"PropertyValueSpecification","valueRequired":true,"valueName":"search_term_string"}}],"inLanguage":"fi"},{"@type":"Organization","@id":"https:\/\/hankkeet.karelia.fi\/komio-maankayttosektorin-ilmasto-osaamisen-koulutusyhteistyo\/#organization","name":"KOMIO Maank\u00e4ytt\u00f6sektorin ilmasto-osaamisen koulutusyhteisty\u00f6","url":"https:\/\/hankkeet.karelia.fi\/komio-maankayttosektorin-ilmasto-osaamisen-koulutusyhteistyo\/","logo":{"@type":"ImageObject","inLanguage":"fi","@id":"https:\/\/hankkeet.karelia.fi\/komio-maankayttosektorin-ilmasto-osaamisen-koulutusyhteistyo\/#\/schema\/logo\/image\/","url":"https:\/\/hankkeet.karelia.fi\/komio-maankayttosektorin-ilmasto-osaamisen-koulutusyhteistyo\/wp-content\/uploads\/sites\/66\/2026\/03\/cropped-cropped-Karelia_AMK_logo_RGB-1.png","contentUrl":"https:\/\/hankkeet.karelia.fi\/komio-maankayttosektorin-ilmasto-osaamisen-koulutusyhteistyo\/wp-content\/uploads\/sites\/66\/2026\/03\/cropped-cropped-Karelia_AMK_logo_RGB-1.png","width":427,"height":116,"caption":"KOMIO Maank\u00e4ytt\u00f6sektorin ilmasto-osaamisen koulutusyhteisty\u00f6"},"image":{"@id":"https:\/\/hankkeet.karelia.fi\/komio-maankayttosektorin-ilmasto-osaamisen-koulutusyhteistyo\/#\/schema\/logo\/image\/"}}]}},"_links":{"self":[{"href":"https:\/\/hankkeet.karelia.fi\/komio-maankayttosektorin-ilmasto-osaamisen-koulutusyhteistyo\/wp-json\/wp\/v2\/pages\/20","targetHints":{"allow":["GET"]}}],"collection":[{"href":"https:\/\/hankkeet.karelia.fi\/komio-maankayttosektorin-ilmasto-osaamisen-koulutusyhteistyo\/wp-json\/wp\/v2\/pages"}],"about":[{"href":"https:\/\/hankkeet.karelia.fi\/komio-maankayttosektorin-ilmasto-osaamisen-koulutusyhteistyo\/wp-json\/wp\/v2\/types\/page"}],"replies":[{"embeddable":true,"href":"https:\/\/hankkeet.karelia.fi\/komio-maankayttosektorin-ilmasto-osaamisen-koulutusyhteistyo\/wp-json\/wp\/v2\/comments?post=20"}],"version-history":[{"count":0,"href":"https:\/\/hankkeet.karelia.fi\/komio-maankayttosektorin-ilmasto-osaamisen-koulutusyhteistyo\/wp-json\/wp\/v2\/pages\/20\/revisions"}],"wp:featuredmedia":[{"embeddable":true,"href":"https:\/\/hankkeet.karelia.fi\/komio-maankayttosektorin-ilmasto-osaamisen-koulutusyhteistyo\/wp-json\/wp\/v2\/media\/17"}],"wp:attachment":[{"href":"https:\/\/hankkeet.karelia.fi\/komio-maankayttosektorin-ilmasto-osaamisen-koulutusyhteistyo\/wp-json\/wp\/v2\/media?parent=20"}],"curies":[{"name":"wp","href":"https:\/\/api.w.org\/{rel}","templated":true}]}}