{"id":20,"date":"2026-03-17T13:35:37","date_gmt":"2026-03-17T11:35:37","guid":{"rendered":"https:\/\/hankkeet.karelia.fi\/kuntouttavan-tyotoiminnan-maakunnallinen-kehittaminen\/kuntouttavan-tyotoiminnan-maakunnallinen-kehittaminen\/"},"modified":"2026-03-17T13:35:37","modified_gmt":"2026-03-17T11:35:37","slug":"kuntouttavan-tyotoiminnan-maakunnallinen-kehittaminen","status":"publish","type":"page","link":"https:\/\/hankkeet.karelia.fi\/kuntouttavan-tyotoiminnan-maakunnallinen-kehittaminen\/","title":{"rendered":"Kuntouttavan ty\u00f6toiminnan maakunnallinen kehitt\u00e4minen"},"content":{"rendered":"\n<figure class=\"wp-block-image size-full is-resized\"><img decoding=\"async\" src=\"https:\/\/hankkeet.karelia.fi\/kuntouttavan-tyotoiminnan-maakunnallinen-kehittaminen\/wp-content\/uploads\/sites\/53\/2026\/03\/kuntouttava.jpg\" alt class=\"wp-image-90123\" style=\"aspect-ratio:5.9541056123859555;width:928px;height:auto\"><\/figure>\n\n\n\n<p>Ty\u00f6el\u00e4m\u00e4n muu\u00adtok\u00adset, ty\u00f6voiman saatavu\u00adu\u00adden heikken\u00ade\u00adm\u00adi\u00adnen sek\u00e4 palvelu\u00adjen j\u00e4r\u00adjest\u00e4mistapaan tulleet muu\u00adtok\u00adset ovat luoneet tarpeen l\u00e4hte\u00e4 kehit\u00adt\u00e4m\u00e4\u00e4n kuntout\u00adta\u00advan ty\u00f6\u00adtoimin\u00adnan sis\u00e4lt\u00f6\u00e4 Pohjois-Kar\u00adjalan alueel\u00adla. N\u00e4i\u00adden muu\u00adtosten my\u00f6t\u00e4 Pohjois-Kar\u00adjalan hyv\u00adin\u00advoin\u00adtialue Siun sote on hak\u00adenut yhteisty\u00f6ss\u00e4 Kare\u00adlia ammat\u00adtiko\u00adrkeak\u00adoulun kanssa nelj\u00e4n vuo\u00adden han\u00adket\u00adta kuntout\u00adta\u00advan ty\u00f6\u00adtoimin\u00adnan kehit\u00adt\u00e4miseen maakun\u00adnal\u00adlis\u00ades\u00adti.<br><br>Han\u00adkkeessa tavoitel\u00adlaan uuden\u00adlaista, asi\u00adakkaiden ja ty\u00f6el\u00e4m\u00e4n tarpeisi\u00adin vas\u00adtaavaa tapaa toteut\u00adtaa kuntout\u00adta\u00advan ty\u00f6\u00adtoimin\u00adnan paja\u00adtoim\u00adintaa Pohjois-Kar\u00adjalan hyv\u00adin\u00advoin\u00adtialueel\u00adla. Kuntout\u00adta\u00advan ty\u00f6\u00adtoimin\u00adnan palvelun kehit\u00adt\u00e4misess\u00e4 kokeil\u00adlaan uuden\u00adlaisia asi\u00adakasl\u00e4ht\u00f6isi\u00e4 toim\u00adinta\u00admalle\u00adja ja sis\u00e4lt\u00f6j\u00e4, kuten dig\u00adi\u00adtaal\u00adisia ja liikku\u00advia palvelu\u00adja kuntout\u00adta\u00advan ty\u00f6\u00adtoimin\u00adnan paja\u00adtoimin\u00adnan kivi\u00adjalkatoimin\u00adnan lis\u00e4n\u00e4. Huomio\u00adta kiin\u00adnitet\u00e4\u00e4n my\u00f6s asi\u00adakkaiden osal\u00adlisu\u00adu\u00adteen toimin\u00adnan kehit\u00adt\u00e4misess\u00e4, mis\u00ads\u00e4 apuna k\u00e4ytet\u00e4\u00e4n asi\u00adakas\u00adraati- ja koke\u00admusasiantun\u00adti\u00adja\u00adtoim\u00adintaa. Lis\u00e4k\u00adsi han\u00adkkeen aikana pilo\u00adtoidaan ja ote\u00adtaan k\u00e4yt\u00adt\u00f6\u00f6n ty\u00f6- ja toim\u00adintakyvyn arvioin\u00adnin v\u00e4line.<\/p>\n\n\n\n<p>Han\u00adkkeessa yhteiske\u00adhit\u00adt\u00e4misen mal\u00adli\u00adna toimii k\u00e4yt\u00adt\u00e4j\u00e4l\u00e4ht\u00f6i\u00adnen palvelu\u00admuo\u00adtoilu, jon\u00adka avul\u00adla yhdess\u00e4 eri toim\u00adi\u00adjata\u00adho\u00adjen kanssa suun\u00adnitel\u00adlaan ja kokeile\u00admal\u00adla l\u00f6y\u00adde\u00adt\u00e4\u00e4n toimivim\u00admat ratkaisut kuntout\u00adtavaan ty\u00f6\u00adtoim\u00adintaan. Palvelu\u00admuo\u00adtoilu\u00adval\u00admen\u00adnus k\u00e4yn\u00adnistyy syksyl\u00adl\u00e4 2024.<\/p>\n\n\n\n<p>Han\u00adke toteu\u00adtuu ryh\u00adm\u00e4hankkeena Pohjois-Kar\u00adjalan hyv\u00adin\u00advoin\u00adtialueen Siun soten ja Kare\u00adlia ammat\u00adtiko\u00adrkeak\u00adoulun kesken. Han\u00adkkeen yhteisel\u00adl\u00e4 toteu\u00adtuk\u00adsel\u00adla saadaan han\u00adkkeen tulok\u00adse\u00adna suurem\u00adpi vaikut\u00adtavu\u00adus, kun pro\u00adjek\u00adtin toimin\u00adnot vaikut\u00adta\u00advat Siun Soten kaut\u00adta koko maakun\u00adnan alueel\u00adla. Ty\u00f6el\u00e4m\u00e4n ja oppi\u00adlaitok\u00adsen nykyisen pis\u00adtem\u00e4isen yhteisty\u00f6-toim\u00adinta\u00admallin sijaan han\u00adkkeen aikana syn\u00adtyy sys\u00adtemaat\u00adtisem\u00adpi yhteisty\u00f6 opiske\u00adli\u00adjoiden kiin\u00adnit\u00adtymisess\u00e4 ty\u00f6el\u00e4m\u00e4\u00e4n ja etenkin toimi\u00adalueeseen, jos\u00adsa on ty\u00f6voima\u00adpu\u00adlaa. Sote-opiske\u00adli\u00adjoille han\u00adke mah\u00addol\u00adlis\u00adtaa uuden oppimisym\u00adp\u00e4rist\u00f6n ty\u00f6ik\u00e4is\u00adten palveluis\u00adsa. Keskeisen\u00e4 tee\u00adm\u00adana ovat ty\u00f6- ja toim\u00adintakyvyn kokon\u00adais\u00adval\u00adtainen tukem\u00adi\u00adnen ja edis\u00adt\u00e4mi\u00adnen sek\u00e4 moni\u00adammatill\u00adi\u00adnen toim\u00adinta.&nbsp;<\/p>\n\n\n\n<p>Han\u00adke on EU:n osara\u00adhoit\u00adta\u00adma ja sen toim\u00adinta-aika on 1.1.2024\u201331.12.2027. Ryh\u00adm\u00e4hankkeen hallinnoi\u00adjana toimii Pohjois-Kar\u00adjalan hyv\u00adin\u00advoin\u00adtialue Siun sote, ja Kare\u00adlia-ammat\u00adtiko\u00adrkeak\u00adoulu on osato\u00adteut\u00adta\u00adja.<\/p>\n\n\n\n<h2 class=\"wp-block-heading\"><strong>Artikkelit ja Uutiset<\/strong><\/h2>\n\n\n\n<ul class=\"wp-block-list\">\n<li><a href=\"https:\/\/www.siunsote.fi\/2025\/12\/kuntouttava-tyotoiminta-murroksessa-miksi-kehittaminen-on-nyt-tarkeampaa-kuin-koskaan\/\">Kuntout\u00adta\u00adva ty\u00f6\u00adtoim\u00adinta mur\u00adrokses\u00adsa \u2014 mik\u00adsi kehit\u00adt\u00e4mi\u00adnen on nyt t\u00e4rke\u00e4m\u00adp\u00e4\u00e4 kuin koskaan?<\/a>&nbsp;(Julka\u00adisu Pohjois-Kar\u00adjalan hyv\u00adin\u00advoin\u00adtialue Siun soten blog\u00aditek\u00adstin\u00e4 18.12.2025)<\/li>\n\n\n\n<li><a href=\"https:\/\/www.karelia.fi\/2025\/12\/yhteiskehittamista-yhteisovaikuttavuuden-periaattein\/\">Yhteiske\u00adhit\u00adt\u00e4mist\u00e4 yhteis\u00f6\u00advaikut\u00adtavu\u00adu\u00adden peri\u00adaat\u00adtein<\/a>&nbsp;(Julka\u00adisu Pulssi\u00adpor\u00adtaalis\u00adsa 11.12.2025)<\/li>\n\n\n\n<li><a href=\"https:\/\/www.karelia.fi\/2024\/12\/siltoja-rakentamassa-tyoelaman-ja-koulutuksen-onnistunut-kumppanuus\/\">Sil\u00adto\u00adja rak\u00aden\u00adta\u00admas\u00adsa: ty\u00f6el\u00e4m\u00e4n ja koulu\u00adtuk\u00adsen onnis\u00adtunut kump\u00adpanu\u00adus<\/a>&nbsp;(Julka\u00adisu Pulssi\u00adpor\u00adtaalis\u00adsa 17.12.2024)<\/li>\n\n\n\n<li><a href=\"https:\/\/www.karelia.fi\/2024\/12\/koulutuksen-nakokulmia-tyoelamayhteistyohon-haasteita-ja-hyvia-kaytanteita\/\">Koulu\u00adtuk\u00adsen n\u00e4k\u00f6kul\u00admia ty\u00f6el\u00e4m\u00e4y\u00adhteisty\u00f6h\u00f6n \u2013 haastei\u00adta ja hyvi\u00e4 k\u00e4yt\u00e4n\u00adteit\u00e4<\/a>&nbsp;(Julka\u00adisu Pulssi\u00adpor\u00adtaalis\u00adsa 19.12.2024)<\/li>\n\n\n\n<li><a href=\"https:\/\/www.karelia.fi\/2024\/02\/uuden-oppimista-tyoelamassa-tyottomien-tyonhakijoiden-parissa-tiiviimpaa-tyoelamayhteistyota-siun-soten-kuntouttavaan-tyotoimintaan\/\">Uuden oppimista ty\u00f6el\u00e4m\u00e4ss\u00e4 ty\u00f6t\u00adt\u00f6mien ty\u00f6n\u00adhak\u00adi\u00adjoiden paris\u00adsa \u2013 tiivi\u00adim\u00adp\u00e4\u00e4 ty\u00f6el\u00e4m\u00e4y\u00adhteisty\u00f6t\u00e4 Siun soten kuntout\u00adtavaan ty\u00f6\u00adtoim\u00adintaan<\/a>&nbsp;(Julka\u00adisu Pulssi\u00adpor\u00adtaalis\u00adsa 28.2.2024)<\/li>\n\n\n\n<li><a href=\"https:\/\/www.karelia.fi\/2024\/02\/siun-sotessa-kehitetaan-kuntouttavaa-tyotoimintaa-tavoitteena-yhtenaisemmat-palvelut-koko-maakuntaan\/\">Siun sotes\u00adsa kehitet\u00e4\u00e4n kuntout\u00adtavaa ty\u00f6\u00adtoim\u00adintaa tavoit\u00adteena yht\u00aden\u00e4isem\u00adm\u00e4t palve\u00adlut koko maakun\u00adtaan<\/a>&nbsp;(Kare\u00adlia Uuti\u00adnen 7.2.2024)<\/li>\n<\/ul>\n\n\n\n<h2 class=\"wp-block-heading\"><strong>Podcastit<\/strong><\/h2>\n\n\n\n<ul class=\"wp-block-list\">\n<li><strong>Dig\u00adi\u00adtaito\u00adja kuntout\u00adtavas\u00adsa ty\u00f6\u00adtoimin\u00adnas\u00adsa<\/strong> \u2011pod\u00adcastis\u00adsa keskustelemme ja jaamme koke\u00admuk\u00adsi\u00adamme dig\u00adi\u00adtaidoista ja et\u00e4\u00adtoimin\u00adnas\u00adta kuntout\u00adta\u00advan ty\u00f6\u00adtoimin\u00adnan kon\u00adtek\u00adstis\u00adsa.<\/li>\n\n\n\n<li>Ota&nbsp;<a href=\"https:\/\/open.spotify.com\/playlist\/3NBoaJN18xEJJZ4JBmxFHA?si=YWCVJbDQTZ6FRd6z-lO0Lw\">soit\u00adtolista<\/a>&nbsp;kuun\u00adtelu\u00adun.<\/li>\n\n\n\n<li>1. jak\u00adso: <a href=\"https:\/\/open.spotify.com\/episode\/173fWCApAVcEmF0Kzngiuo?si=0suKuqJWRrq_ZAJsZOFZaw\">Koke\u00admuk\u00adsia et\u00e4ryh\u00adm\u00e4\u00adtoimin\u00adnas\u00adta<\/a> (4.2.2025)<\/li>\n\n\n\n<li>2. jak\u00adso: <a href=\"https:\/\/open.spotify.com\/episode\/3J6rofBoFzMEzyluk1ownl?si=NEjsea4JShC4xOsGoahoRQ\">Dig\u00adi\u00adtaidot kansalais\u00adtaitoina<\/a> (14.3.2025)<\/li>\n\n\n\n<li>3. jak\u00adso: <a href=\"https:\/\/open.spotify.com\/episode\/2WyUi7w1WxgZ1jSKCenSi2\">Askelei\u00adta digi\u00adin asi\u00adakkaiden \u00e4\u00e4n\u00adt\u00e4 kuun\u00adnellen<\/a> (10.6.2025)<\/li>\n\n\n\n<li><strong><strong>Askelei\u00adta eteen\u00adp\u00e4in \u2013 ty\u00f6v\u00e4\u00adlineit\u00e4 ja toim\u00adintat\u00adapo\u00adja kuntout\u00adtavaan ty\u00f6\u00adtoim\u00adintaan<\/strong><\/strong> \u2011pod\u00adcastis\u00adsa jaamme yhteiske\u00adhit\u00adt\u00e4misemme tulok\u00adsia. Nos\u00adtamme esi\u00adin kehitet\u00adtyj\u00e4 toim\u00adintat\u00adapo\u00adja ja ty\u00f6v\u00e4\u00adlineit\u00e4, jot\u00adka tuke\u00advat asi\u00adakkaiden osal\u00adlisu\u00adut\u00adta ja ty\u00f6l\u00adlistymisen edel\u00adly\u00adtyk\u00adsi\u00e4.<\/li>\n\n\n\n<li>Ota&nbsp;<a href=\"https:\/\/open.spotify.com\/playlist\/4TNBLC1XfrhWXLrVf86pgY?si=8gu-sld0Rm-aBrnY-hbjmA\">soit\u00adtolista<\/a>&nbsp;kuun\u00adtelu\u00adun<\/li>\n\n\n\n<li>Askelei\u00adta eteen\u00adp\u00e4in -<\/li>\n\n\n\n<li>1. Jak\u00adso:&nbsp;<a href=\"https:\/\/open.spotify.com\/episode\/6DrLjzYtXL8qhvWd8IvlRc?si=pRGK1APaQBqp0w5-SuExMw\">Ty\u00f6- ja toim\u00adintakyvyn havain\u00adnoin\u00adti ja kar\u00adtoit\u00adta\u00admi\u00adnen<\/a>&nbsp;(15.12.2025)<\/li>\n<\/ul>\n\n\n\n<h2 class=\"wp-block-heading\"><strong>Hankekuulumisia kuntouttavasta ty\u00f6toiminnasta ja ty\u00f6kyvyn tuen palveluista<\/strong><\/h2>\n\n\n\n<ul class=\"wp-block-list\">\n<li>Han\u00adkkeen uutiskir\u00adje ilmestyy kol\u00admesti vuodessa. Tilaa han\u00adkkeen uutiskir\u00adje <a href=\"https:\/\/pohjoiskarjalansotehanke.creamailer.fi\/subscribe\/QwYlgqbS08weF\">t\u00e4st\u00e4<\/a>.<\/li>\n\n\n\n<li>Uutiskir\u00adjeen julkaisee Pohjois-Kar\u00adjalan hyv\u00adin\u00advoin\u00adtialue Siun sote, link\u00adki Siun soten <a href=\"https:\/\/www.siunsote.fi\/ajankohtaista\/uutiskirjeet\/\">Uutiskir\u00adje-sivuille<\/a>.<\/li>\n<\/ul>\n\n\n\n<h2 class=\"wp-block-heading\"><strong>Muuta materiaalia<\/strong><\/h2>\n\n\n\n<ul class=\"wp-block-list\">\n<li>Pedafo\u00adrum 2025: <a href=\"https:\/\/kareliauas-my.sharepoint.com\/:v:\/g\/personal\/katja_sorjonen_karelia_fi\/Ef0r4-nEEXBAuRjeTPGIkUcBlyeTbbycKS3YUnXU3KQaHQ?nav=eyJyZWZlcnJhbEluZm8iOnsicmVmZXJyYWxBcHAiOiJPbmVEcml2ZUZvckJ1c2luZXNzIiwicmVmZXJyYWxBcHBQbGF0Zm9ybSI6IldlYiIsInJlZmVycmFsTW9kZSI6InZpZXciLCJyZWZlcnJhbFZpZXciOiJNeUZpbGVzTGlua0NvcHkifX0&amp;e=uEy6iu\">&nbsp;Moni\u00adammatil\u00adlista yhteisty\u00f6t\u00e4 pitk\u00e4aikaisty\u00f6t\u00adt\u00f6mien pari\u00adin<\/a> \u2011video<\/li>\n\n\n\n<li>Kare\u00adlia-ammat\u00adtiko\u00adrkeak\u00adoulu: <a href=\"https:\/\/karelia.cloud.panopto.eu\/Panopto\/Pages\/Viewer.aspx?id=d7b02fb9-8b34-4ced-99de-b1ee00a9da3c\">Opin\u00adn\u00e4yte\u00adty\u00f6ideoita Kuntout\u00adta\u00advan ty\u00f6\u00adtoimin\u00adnan maakun\u00adnalli\u00adnen kehit\u00adt\u00e4mi\u00adnen \u2011han\u00adkkeessa<\/a>&nbsp;(tal\u00adlenne)<\/li>\n\n\n\n<li><a href=\"https:\/\/www.karelia.fi\/wp-content\/uploads\/2025\/08\/Pedaforum-Posteri.pdf\">Moni\u00adammatil\u00adlista yhteisty\u00f6t\u00e4 pitk\u00e4aikaisty\u00f6t\u00adt\u00f6mien pari\u00adin \u2011pos\u00adteri <\/a>(ei t\u00e4yt\u00e4 saavutet\u00adtavu\u00adus\u00advaa\u00adtimuk\u00adsia)<\/li>\n<\/ul>\n\n\n\n<h2 class=\"wp-block-heading\"><strong>Yhteystiedot<\/strong><\/h2>\n\n\n\n<ul class=\"wp-block-list\">\n<li>pro\u00adjek\u00adtip\u00e4\u00e4l\u00adlikk\u00f6 Kat\u00adja Sor\u00adjo\u00adnenKare\u00adlia-ammat\u00adtiko\u00adrkeak\u00adoulu,&nbsp;<a href=\"mailto:katja.sorjonen@karelia.fi\">katja.sorjonen@karelia.fi<\/a><\/li>\n\n\n\n<li>pro\u00adjek\u00adtip\u00e4\u00e4l\u00adlikk\u00f6 Tiia Rauti\u00adainen Pohjois-Kar\u00adjalan hyv\u00adin\u00advoin\u00adtialue Siun sote,&nbsp;<a href=\"mailto:tiia.rautiainen@karelia.fi\">tiia.rautiainen@karelia.fi<\/a><\/li>\n\n\n\n<li>kehitt\u00e4j\u00e4\/ty\u00f6el\u00e4m\u00e4opettaja San\u00adna Tiainen Kare\u00adlia-ammat\u00adtiko\u00adrkeak\u00adoulu, <a href=\"mailto:sanna.papunen@karelia.fi\">sanna.tiainen@karelia.fi<\/a> 1.8.2025\u201331.7.2026<\/li>\n<\/ul>\n\n\n\n<h2 class=\"wp-block-heading\">Projektin kesto<\/h2>\n\n\n\n<p>1.1.2024 \u2014 31.12.2027<\/p>\n\n\n\n<h2 class=\"wp-block-heading\">Rahoitus<\/h2>\n\n\n\n<p>Han\u00adke on Euroopan union\u00adin osara\u00adhoit\u00adta\u00adma.<\/p>\n\n\n\n<p>Kare\u00adlian osato\u00adteu\u00adtuk\u00adsen bud\u00adjet\u00adti on 233 577 euroa, jos\u00adta Euroopan union\u00adin tuen osu\u00adus on 186 862 euroa.<br>Koko ryh\u00adm\u00e4hankkeen kokon\u00adaiskus\u00adtan\u00adnuk\u00adset ovat 2&nbsp;131&nbsp;274 euroa, jos\u00adta Euroopan union\u00adin tuen osu\u00adus on 1&nbsp;705&nbsp;018 euroa.<\/p>\n\n\n\n<figure class=\"wp-block-image size-full\"><img decoding=\"async\" src=\"https:\/\/hankkeet.karelia.fi\/kuntouttavan-tyotoiminnan-maakunnallinen-kehittaminen\/wp-content\/uploads\/sites\/53\/2026\/03\/kk3_palkki.png\" alt class=\"wp-image-81544\"><\/figure>\n","protected":false},"excerpt":{"rendered":"<p>Ty\u00f6el\u00e4m\u00e4n muu\u00adtok\u00adset, ty\u00f6voiman saatavu\u00adu\u00adden heikken\u00ade\u00adm\u00adi\u00adnen sek\u00e4 palvelu\u00adjen j\u00e4r\u00adjest\u00e4mistapaan tulleet muu\u00adtok\u00adset ovat luoneet tarpeen l\u00e4hte\u00e4 kehit\u00adt\u00e4m\u00e4\u00e4n kuntout\u00adta\u00advan ty\u00f6\u00adtoimin\u00adnan sis\u00e4lt\u00f6\u00e4 Pohjois-Kar\u00ad\u00adjalan alueel\u00adla. N\u00e4i\u00adden muu\u00adtosten my\u00f6t\u00e4 Pohjois-Kar\u00ad\u00adjalan hyv\u00adin\u00advoin\u00adtialue Siun sote on hak\u00adenut yhteisty\u00f6ss\u00e4 Kare\u00adlia ammat\u00adtiko\u00adrkeak\u00adoulun kanssa nelj\u00e4n vuo\u00adden han\u00adket\u00adta kuntout\u00adta\u00advan ty\u00f6\u00adtoimin\u00adnan kehit\u00adt\u00e4miseen maakun\u00adnal\u00adlis\u00ades\u00adti. Han\u00adkkeessa tavoitel\u00adlaan uuden\u00adlaista, asi\u00adakkaiden ja ty\u00f6el\u00e4m\u00e4n tarpeisi\u00adin vas\u00adtaavaa tapaa toteut\u00adtaa kuntout\u00adta\u00advan ty\u00f6\u00adtoimin\u00adnan paja\u00adtoim\u00adintaa Pohjois-Kar\u00ad\u00adjalan hyv\u00adin\u00advoin\u00adtialueel\u00adla. [\u2026]<\/p>\n","protected":false},"author":0,"featured_media":17,"parent":0,"menu_order":0,"comment_status":"closed","ping_status":"closed","template":"","meta":{"inline_featured_image":false,"wp_typography_post_enhancements_disabled":false,"footnotes":""},"class_list":["post-20","page","type-page","status-publish","has-post-thumbnail","hentry"],"yoast_head":"<!-- This site is optimized with the Yoast SEO plugin v27.5 - https:\/\/yoast.com\/product\/yoast-seo-wordpress\/ -->\n<title>Kuntouttavan ty\u00f6toiminnan maakunnallinen kehitt\u00e4minen - Kuntouttavan ty\u00f6toiminnan maakunnallinen kehitt\u00e4minen<\/title>\n<meta name=\"robots\" content=\"index, follow, max-snippet:-1, max-image-preview:large, max-video-preview:-1\" \/>\n<link rel=\"canonical\" href=\"https:\/\/hankkeet.karelia.fi\/kuntouttavan-tyotoiminnan-maakunnallinen-kehittaminen\/\" \/>\n<meta property=\"og:locale\" content=\"fi_FI\" \/>\n<meta property=\"og:type\" content=\"article\" \/>\n<meta property=\"og:title\" content=\"Kuntouttavan ty\u00f6toiminnan maakunnallinen kehitt\u00e4minen - Kuntouttavan ty\u00f6toiminnan maakunnallinen kehitt\u00e4minen\" \/>\n<meta property=\"og:description\" content=\"Ty\u00f6el\u00e4m\u00e4n muu\u00adtok\u00adset, ty\u00f6voiman saatavu\u00adu\u00adden heikken\u00ade\u00adm\u00adi\u00adnen sek\u00e4 palvelu\u00adjen j\u00e4r\u00adjest\u00e4mistapaan tulleet muu\u00adtok\u00adset ovat luoneet tarpeen l\u00e4hte\u00e4 kehit\u00adt\u00e4m\u00e4\u00e4n kuntout\u00adta\u00advan ty\u00f6\u00adtoimin\u00adnan sis\u00e4lt\u00f6\u00e4 Pohjois-Kar\u00adjalan alueel\u00adla. N\u00e4i\u00adden muu\u00adtosten my\u00f6t\u00e4 Pohjois-Kar\u00adjalan hyv\u00adin\u00advoin\u00adtialue Siun sote on hak\u00adenut yhteisty\u00f6ss\u00e4 Kare\u00adlia ammat\u00adtiko\u00adrkeak\u00adoulun kanssa nelj\u00e4n vuo\u00adden han\u00adket\u00adta kuntout\u00adta\u00advan ty\u00f6\u00adtoimin\u00adnan kehit\u00adt\u00e4miseen maakun\u00adnal\u00adlis\u00ades\u00adti. Han\u00adkkeessa tavoitel\u00adlaan uuden\u00adlaista, asi\u00adakkaiden ja ty\u00f6el\u00e4m\u00e4n tarpeisi\u00adin vas\u00adtaavaa tapaa toteut\u00adtaa kuntout\u00adta\u00advan ty\u00f6\u00adtoimin\u00adnan paja\u00adtoim\u00adintaa Pohjois-Kar\u00adjalan hyv\u00adin\u00advoin\u00adtialueel\u00adla. [&hellip;]\" \/>\n<meta property=\"og:url\" content=\"https:\/\/hankkeet.karelia.fi\/kuntouttavan-tyotoiminnan-maakunnallinen-kehittaminen\/\" \/>\n<meta property=\"og:site_name\" content=\"Kuntouttavan ty\u00f6toiminnan maakunnallinen kehitt\u00e4minen\" \/>\n<meta name=\"twitter:card\" content=\"summary_large_image\" \/>\n<meta name=\"twitter:label1\" content=\"Arvioitu lukuaika\" \/>\n\t<meta name=\"twitter:data1\" content=\"3 minuuttia\" \/>\n<script type=\"application\/ld+json\" class=\"yoast-schema-graph\">{\"@context\":\"https:\\\/\\\/schema.org\",\"@graph\":[{\"@type\":\"WebPage\",\"@id\":\"https:\\\/\\\/hankkeet.karelia.fi\\\/kuntouttavan-tyotoiminnan-maakunnallinen-kehittaminen\\\/\",\"url\":\"https:\\\/\\\/hankkeet.karelia.fi\\\/kuntouttavan-tyotoiminnan-maakunnallinen-kehittaminen\\\/\",\"name\":\"Kuntouttavan ty\u00f6toiminnan maakunnallinen kehitt\u00e4minen - Kuntouttavan ty\u00f6toiminnan maakunnallinen kehitt\u00e4minen\",\"isPartOf\":{\"@id\":\"https:\\\/\\\/hankkeet.karelia.fi\\\/kuntouttavan-tyotoiminnan-maakunnallinen-kehittaminen\\\/#website\"},\"primaryImageOfPage\":{\"@id\":\"https:\\\/\\\/hankkeet.karelia.fi\\\/kuntouttavan-tyotoiminnan-maakunnallinen-kehittaminen\\\/#primaryimage\"},\"image\":{\"@id\":\"https:\\\/\\\/hankkeet.karelia.fi\\\/kuntouttavan-tyotoiminnan-maakunnallinen-kehittaminen\\\/#primaryimage\"},\"thumbnailUrl\":\"https:\\\/\\\/hankkeet.karelia.fi\\\/kuntouttavan-tyotoiminnan-maakunnallinen-kehittaminen\\\/wp-content\\\/uploads\\\/sites\\\/53\\\/2026\\\/03\\\/kuty-hanke.jpg\",\"datePublished\":\"2026-03-17T11:35:37+00:00\",\"breadcrumb\":{\"@id\":\"https:\\\/\\\/hankkeet.karelia.fi\\\/kuntouttavan-tyotoiminnan-maakunnallinen-kehittaminen\\\/#breadcrumb\"},\"inLanguage\":\"fi\",\"potentialAction\":[{\"@type\":\"ReadAction\",\"target\":[\"https:\\\/\\\/hankkeet.karelia.fi\\\/kuntouttavan-tyotoiminnan-maakunnallinen-kehittaminen\\\/\"]}]},{\"@type\":\"ImageObject\",\"inLanguage\":\"fi\",\"@id\":\"https:\\\/\\\/hankkeet.karelia.fi\\\/kuntouttavan-tyotoiminnan-maakunnallinen-kehittaminen\\\/#primaryimage\",\"url\":\"https:\\\/\\\/hankkeet.karelia.fi\\\/kuntouttavan-tyotoiminnan-maakunnallinen-kehittaminen\\\/wp-content\\\/uploads\\\/sites\\\/53\\\/2026\\\/03\\\/kuty-hanke.jpg\",\"contentUrl\":\"https:\\\/\\\/hankkeet.karelia.fi\\\/kuntouttavan-tyotoiminnan-maakunnallinen-kehittaminen\\\/wp-content\\\/uploads\\\/sites\\\/53\\\/2026\\\/03\\\/kuty-hanke.jpg\",\"width\":1181,\"height\":587},{\"@type\":\"BreadcrumbList\",\"@id\":\"https:\\\/\\\/hankkeet.karelia.fi\\\/kuntouttavan-tyotoiminnan-maakunnallinen-kehittaminen\\\/#breadcrumb\",\"itemListElement\":[{\"@type\":\"ListItem\",\"position\":1,\"name\":\"Home\",\"item\":\"https:\\\/\\\/hankkeet.karelia.fi\\\/kuntouttavan-tyotoiminnan-maakunnallinen-kehittaminen\\\/kuntouttavan-tyotoiminnan-maakunnallinen-kehittaminen\\\/\"},{\"@type\":\"ListItem\",\"position\":2,\"name\":\"Kuntouttavan ty\u00f6toiminnan maakunnallinen kehitt\u00e4minen\"}]},{\"@type\":\"WebSite\",\"@id\":\"https:\\\/\\\/hankkeet.karelia.fi\\\/kuntouttavan-tyotoiminnan-maakunnallinen-kehittaminen\\\/#website\",\"url\":\"https:\\\/\\\/hankkeet.karelia.fi\\\/kuntouttavan-tyotoiminnan-maakunnallinen-kehittaminen\\\/\",\"name\":\"Kuntouttavan ty\u00f6toiminnan maakunnallinen kehitt\u00e4minen\",\"description\":\"\",\"publisher\":{\"@id\":\"https:\\\/\\\/hankkeet.karelia.fi\\\/kuntouttavan-tyotoiminnan-maakunnallinen-kehittaminen\\\/#organization\"},\"potentialAction\":[{\"@type\":\"SearchAction\",\"target\":{\"@type\":\"EntryPoint\",\"urlTemplate\":\"https:\\\/\\\/hankkeet.karelia.fi\\\/kuntouttavan-tyotoiminnan-maakunnallinen-kehittaminen\\\/?s={search_term_string}\"},\"query-input\":{\"@type\":\"PropertyValueSpecification\",\"valueRequired\":true,\"valueName\":\"search_term_string\"}}],\"inLanguage\":\"fi\"},{\"@type\":\"Organization\",\"@id\":\"https:\\\/\\\/hankkeet.karelia.fi\\\/kuntouttavan-tyotoiminnan-maakunnallinen-kehittaminen\\\/#organization\",\"name\":\"Kuntouttavan ty\u00f6toiminnan maakunnallinen kehitt\u00e4minen\",\"url\":\"https:\\\/\\\/hankkeet.karelia.fi\\\/kuntouttavan-tyotoiminnan-maakunnallinen-kehittaminen\\\/\",\"logo\":{\"@type\":\"ImageObject\",\"inLanguage\":\"fi\",\"@id\":\"https:\\\/\\\/hankkeet.karelia.fi\\\/kuntouttavan-tyotoiminnan-maakunnallinen-kehittaminen\\\/#\\\/schema\\\/logo\\\/image\\\/\",\"url\":\"https:\\\/\\\/hankkeet.karelia.fi\\\/kuntouttavan-tyotoiminnan-maakunnallinen-kehittaminen\\\/wp-content\\\/uploads\\\/sites\\\/53\\\/2026\\\/03\\\/cropped-cropped-Karelia_AMK_logo_RGB-1.png\",\"contentUrl\":\"https:\\\/\\\/hankkeet.karelia.fi\\\/kuntouttavan-tyotoiminnan-maakunnallinen-kehittaminen\\\/wp-content\\\/uploads\\\/sites\\\/53\\\/2026\\\/03\\\/cropped-cropped-Karelia_AMK_logo_RGB-1.png\",\"width\":427,\"height\":116,\"caption\":\"Kuntouttavan ty\u00f6toiminnan maakunnallinen kehitt\u00e4minen\"},\"image\":{\"@id\":\"https:\\\/\\\/hankkeet.karelia.fi\\\/kuntouttavan-tyotoiminnan-maakunnallinen-kehittaminen\\\/#\\\/schema\\\/logo\\\/image\\\/\"}}]}<\/script>\n<!-- \/ Yoast SEO plugin. -->","yoast_head_json":{"title":"Kuntouttavan ty\u00f6toiminnan maakunnallinen kehitt\u00e4minen - Kuntouttavan ty\u00f6toiminnan maakunnallinen kehitt\u00e4minen","robots":{"index":"index","follow":"follow","max-snippet":"max-snippet:-1","max-image-preview":"max-image-preview:large","max-video-preview":"max-video-preview:-1"},"canonical":"https:\/\/hankkeet.karelia.fi\/kuntouttavan-tyotoiminnan-maakunnallinen-kehittaminen\/","og_locale":"fi_FI","og_type":"article","og_title":"Kuntouttavan ty\u00f6toiminnan maakunnallinen kehitt\u00e4minen - Kuntouttavan ty\u00f6toiminnan maakunnallinen kehitt\u00e4minen","og_description":"Ty\u00f6el\u00e4m\u00e4n muu\u00adtok\u00adset, ty\u00f6voiman saatavu\u00adu\u00adden heikken\u00ade\u00adm\u00adi\u00adnen sek\u00e4 palvelu\u00adjen j\u00e4r\u00adjest\u00e4mistapaan tulleet muu\u00adtok\u00adset ovat luoneet tarpeen l\u00e4hte\u00e4 kehit\u00adt\u00e4m\u00e4\u00e4n kuntout\u00adta\u00advan ty\u00f6\u00adtoimin\u00adnan sis\u00e4lt\u00f6\u00e4 Pohjois-Kar\u00adjalan alueel\u00adla. N\u00e4i\u00adden muu\u00adtosten my\u00f6t\u00e4 Pohjois-Kar\u00adjalan hyv\u00adin\u00advoin\u00adtialue Siun sote on hak\u00adenut yhteisty\u00f6ss\u00e4 Kare\u00adlia ammat\u00adtiko\u00adrkeak\u00adoulun kanssa nelj\u00e4n vuo\u00adden han\u00adket\u00adta kuntout\u00adta\u00advan ty\u00f6\u00adtoimin\u00adnan kehit\u00adt\u00e4miseen maakun\u00adnal\u00adlis\u00ades\u00adti. Han\u00adkkeessa tavoitel\u00adlaan uuden\u00adlaista, asi\u00adakkaiden ja ty\u00f6el\u00e4m\u00e4n tarpeisi\u00adin vas\u00adtaavaa tapaa toteut\u00adtaa kuntout\u00adta\u00advan ty\u00f6\u00adtoimin\u00adnan paja\u00adtoim\u00adintaa Pohjois-Kar\u00adjalan hyv\u00adin\u00advoin\u00adtialueel\u00adla. [&hellip;]","og_url":"https:\/\/hankkeet.karelia.fi\/kuntouttavan-tyotoiminnan-maakunnallinen-kehittaminen\/","og_site_name":"Kuntouttavan ty\u00f6toiminnan maakunnallinen kehitt\u00e4minen","twitter_card":"summary_large_image","twitter_misc":{"Arvioitu lukuaika":"3 minuuttia"},"schema":{"@context":"https:\/\/schema.org","@graph":[{"@type":"WebPage","@id":"https:\/\/hankkeet.karelia.fi\/kuntouttavan-tyotoiminnan-maakunnallinen-kehittaminen\/","url":"https:\/\/hankkeet.karelia.fi\/kuntouttavan-tyotoiminnan-maakunnallinen-kehittaminen\/","name":"Kuntouttavan ty\u00f6toiminnan maakunnallinen kehitt\u00e4minen - Kuntouttavan ty\u00f6toiminnan maakunnallinen kehitt\u00e4minen","isPartOf":{"@id":"https:\/\/hankkeet.karelia.fi\/kuntouttavan-tyotoiminnan-maakunnallinen-kehittaminen\/#website"},"primaryImageOfPage":{"@id":"https:\/\/hankkeet.karelia.fi\/kuntouttavan-tyotoiminnan-maakunnallinen-kehittaminen\/#primaryimage"},"image":{"@id":"https:\/\/hankkeet.karelia.fi\/kuntouttavan-tyotoiminnan-maakunnallinen-kehittaminen\/#primaryimage"},"thumbnailUrl":"https:\/\/hankkeet.karelia.fi\/kuntouttavan-tyotoiminnan-maakunnallinen-kehittaminen\/wp-content\/uploads\/sites\/53\/2026\/03\/kuty-hanke.jpg","datePublished":"2026-03-17T11:35:37+00:00","breadcrumb":{"@id":"https:\/\/hankkeet.karelia.fi\/kuntouttavan-tyotoiminnan-maakunnallinen-kehittaminen\/#breadcrumb"},"inLanguage":"fi","potentialAction":[{"@type":"ReadAction","target":["https:\/\/hankkeet.karelia.fi\/kuntouttavan-tyotoiminnan-maakunnallinen-kehittaminen\/"]}]},{"@type":"ImageObject","inLanguage":"fi","@id":"https:\/\/hankkeet.karelia.fi\/kuntouttavan-tyotoiminnan-maakunnallinen-kehittaminen\/#primaryimage","url":"https:\/\/hankkeet.karelia.fi\/kuntouttavan-tyotoiminnan-maakunnallinen-kehittaminen\/wp-content\/uploads\/sites\/53\/2026\/03\/kuty-hanke.jpg","contentUrl":"https:\/\/hankkeet.karelia.fi\/kuntouttavan-tyotoiminnan-maakunnallinen-kehittaminen\/wp-content\/uploads\/sites\/53\/2026\/03\/kuty-hanke.jpg","width":1181,"height":587},{"@type":"BreadcrumbList","@id":"https:\/\/hankkeet.karelia.fi\/kuntouttavan-tyotoiminnan-maakunnallinen-kehittaminen\/#breadcrumb","itemListElement":[{"@type":"ListItem","position":1,"name":"Home","item":"https:\/\/hankkeet.karelia.fi\/kuntouttavan-tyotoiminnan-maakunnallinen-kehittaminen\/kuntouttavan-tyotoiminnan-maakunnallinen-kehittaminen\/"},{"@type":"ListItem","position":2,"name":"Kuntouttavan ty\u00f6toiminnan maakunnallinen kehitt\u00e4minen"}]},{"@type":"WebSite","@id":"https:\/\/hankkeet.karelia.fi\/kuntouttavan-tyotoiminnan-maakunnallinen-kehittaminen\/#website","url":"https:\/\/hankkeet.karelia.fi\/kuntouttavan-tyotoiminnan-maakunnallinen-kehittaminen\/","name":"Kuntouttavan ty\u00f6toiminnan maakunnallinen kehitt\u00e4minen","description":"","publisher":{"@id":"https:\/\/hankkeet.karelia.fi\/kuntouttavan-tyotoiminnan-maakunnallinen-kehittaminen\/#organization"},"potentialAction":[{"@type":"SearchAction","target":{"@type":"EntryPoint","urlTemplate":"https:\/\/hankkeet.karelia.fi\/kuntouttavan-tyotoiminnan-maakunnallinen-kehittaminen\/?s={search_term_string}"},"query-input":{"@type":"PropertyValueSpecification","valueRequired":true,"valueName":"search_term_string"}}],"inLanguage":"fi"},{"@type":"Organization","@id":"https:\/\/hankkeet.karelia.fi\/kuntouttavan-tyotoiminnan-maakunnallinen-kehittaminen\/#organization","name":"Kuntouttavan ty\u00f6toiminnan maakunnallinen kehitt\u00e4minen","url":"https:\/\/hankkeet.karelia.fi\/kuntouttavan-tyotoiminnan-maakunnallinen-kehittaminen\/","logo":{"@type":"ImageObject","inLanguage":"fi","@id":"https:\/\/hankkeet.karelia.fi\/kuntouttavan-tyotoiminnan-maakunnallinen-kehittaminen\/#\/schema\/logo\/image\/","url":"https:\/\/hankkeet.karelia.fi\/kuntouttavan-tyotoiminnan-maakunnallinen-kehittaminen\/wp-content\/uploads\/sites\/53\/2026\/03\/cropped-cropped-Karelia_AMK_logo_RGB-1.png","contentUrl":"https:\/\/hankkeet.karelia.fi\/kuntouttavan-tyotoiminnan-maakunnallinen-kehittaminen\/wp-content\/uploads\/sites\/53\/2026\/03\/cropped-cropped-Karelia_AMK_logo_RGB-1.png","width":427,"height":116,"caption":"Kuntouttavan ty\u00f6toiminnan maakunnallinen kehitt\u00e4minen"},"image":{"@id":"https:\/\/hankkeet.karelia.fi\/kuntouttavan-tyotoiminnan-maakunnallinen-kehittaminen\/#\/schema\/logo\/image\/"}}]}},"_links":{"self":[{"href":"https:\/\/hankkeet.karelia.fi\/kuntouttavan-tyotoiminnan-maakunnallinen-kehittaminen\/wp-json\/wp\/v2\/pages\/20","targetHints":{"allow":["GET"]}}],"collection":[{"href":"https:\/\/hankkeet.karelia.fi\/kuntouttavan-tyotoiminnan-maakunnallinen-kehittaminen\/wp-json\/wp\/v2\/pages"}],"about":[{"href":"https:\/\/hankkeet.karelia.fi\/kuntouttavan-tyotoiminnan-maakunnallinen-kehittaminen\/wp-json\/wp\/v2\/types\/page"}],"replies":[{"embeddable":true,"href":"https:\/\/hankkeet.karelia.fi\/kuntouttavan-tyotoiminnan-maakunnallinen-kehittaminen\/wp-json\/wp\/v2\/comments?post=20"}],"version-history":[{"count":0,"href":"https:\/\/hankkeet.karelia.fi\/kuntouttavan-tyotoiminnan-maakunnallinen-kehittaminen\/wp-json\/wp\/v2\/pages\/20\/revisions"}],"wp:featuredmedia":[{"embeddable":true,"href":"https:\/\/hankkeet.karelia.fi\/kuntouttavan-tyotoiminnan-maakunnallinen-kehittaminen\/wp-json\/wp\/v2\/media\/17"}],"wp:attachment":[{"href":"https:\/\/hankkeet.karelia.fi\/kuntouttavan-tyotoiminnan-maakunnallinen-kehittaminen\/wp-json\/wp\/v2\/media?parent=20"}],"curies":[{"name":"wp","href":"https:\/\/api.w.org\/{rel}","templated":true}]}}