{"version":"1.0","provider_name":"Neuromoninaiset ty\u00f6el\u00e4m\u00e4ss\u00e4 &#8211; Kohti kest\u00e4v\u00e4\u00e4 ty\u00f6kyky\u00e4","provider_url":"https:\/\/hankkeet.karelia.fi\/neuromoninaiset-tyoelamassa-kohti-kestavaa-tyokykya","author_name":"kaisavaris","author_url":"https:\/\/hankkeet.karelia.fi\/neuromoninaiset-tyoelamassa-kohti-kestavaa-tyokykya\/author\/kaisavaris\/","title":"Neuromoninaiset ty\u00f6el\u00e4m\u00e4ss\u00e4 &#8211; Kohti kest\u00e4v\u00e4\u00e4 ty\u00f6kyky\u00e4 - Neuromoninaiset ty\u00f6el\u00e4m\u00e4ss\u00e4 &#8211; Kohti kest\u00e4v\u00e4\u00e4 ty\u00f6kyky\u00e4","type":"rich","width":600,"height":338,"html":"<blockquote class=\"wp-embedded-content\" data-secret=\"TQmp0zBkKS\"><a href=\"https:\/\/hankkeet.karelia.fi\/neuromoninaiset-tyoelamassa-kohti-kestavaa-tyokykya\/\">Neuromoninaiset ty\u00f6el\u00e4m\u00e4ss\u00e4 \u2013 Kohti kest\u00e4v\u00e4\u00e4 ty\u00f6kyky\u00e4<\/a><\/blockquote><iframe sandbox=\"allow-scripts\" security=\"restricted\" src=\"https:\/\/hankkeet.karelia.fi\/neuromoninaiset-tyoelamassa-kohti-kestavaa-tyokykya\/embed\/#?secret=TQmp0zBkKS\" width=\"600\" height=\"338\" title=\"&#8221;Neuromoninaiset ty\u00f6el\u00e4m\u00e4ss\u00e4 \u2013 Kohti kest\u00e4v\u00e4\u00e4 ty\u00f6kyky\u00e4&#8221; &#8212; Neuromoninaiset ty\u00f6el\u00e4m\u00e4ss\u00e4 &#8211; Kohti kest\u00e4v\u00e4\u00e4 ty\u00f6kyky\u00e4\" data-secret=\"TQmp0zBkKS\" frameborder=\"0\" marginwidth=\"0\" marginheight=\"0\" scrolling=\"no\" class=\"wp-embedded-content\"><\/iframe><script>\n\/*! This file is auto-generated *\/\n!function(d,l){\"use strict\";l.querySelector&&d.addEventListener&&\"undefined\"!=typeof URL&&(d.wp=d.wp||{},d.wp.receiveEmbedMessage||(d.wp.receiveEmbedMessage=function(e){var t=e.data;if((t||t.secret||t.message||t.value)&&!\/[^a-zA-Z0-9]\/.test(t.secret)){for(var s,r,n,a=l.querySelectorAll('iframe[data-secret=\"'+t.secret+'\"]'),o=l.querySelectorAll('blockquote[data-secret=\"'+t.secret+'\"]'),c=new RegExp(\"^https?:$\",\"i\"),i=0;i<o.length;i++)o[i].style.display=\"none\";for(i=0;i<a.length;i++)s=a[i],e.source===s.contentWindow&&(s.removeAttribute(\"style\"),\"height\"===t.message?(1e3<(r=parseInt(t.value,10))?r=1e3:~~r<200&&(r=200),s.height=r):\"link\"===t.message&&(r=new URL(s.getAttribute(\"src\")),n=new URL(t.value),c.test(n.protocol))&&n.host===r.host&&l.activeElement===s&&(d.top.location.href=t.value))}},d.addEventListener(\"message\",d.wp.receiveEmbedMessage,!1),l.addEventListener(\"DOMContentLoaded\",function(){for(var e,t,s=l.querySelectorAll(\"iframe.wp-embedded-content\"),r=0;r<s.length;r++)(t=(e=s[r]).getAttribute(\"data-secret\"))||(t=Math.random().toString(36).substring(2,12),e.src+=\"#?secret=\"+t,e.setAttribute(\"data-secret\",t)),e.contentWindow.postMessage({message:\"ready\",secret:t},\"*\")},!1)))}(window,document);\n\/\/# sourceURL=https:\/\/hankkeet.karelia.fi\/neuromoninaiset-tyoelamassa-kohti-kestavaa-tyokykya\/wp-includes\/js\/wp-embed.min.js\n<\/script>\n","thumbnail_url":"https:\/\/hankkeet.karelia.fi\/neuromoninaiset-tyoelamassa-kohti-kestavaa-tyokykya\/wp-content\/uploads\/sites\/9\/2026\/03\/NEUKO_hero.png","thumbnail_width":2025,"thumbnail_height":1445,"description":"Neu\u00adromon\u00adi\u00adnaiset ty\u00f6el\u00e4m\u00e4ss\u00e4 \u2013 Kohti kest\u00e4v\u00e4\u00e4 ty\u00f6kyky\u00e4 (NEUKO) \u2011han\u00adkkeessa kehitet\u00e4\u00e4n ty\u00f6y\u00adhteis\u00f6n toim\u00adinta\u00admalle\u00adja ja ty\u00f6kalu\u00adja, jot\u00adka huomioi\u00advat neu\u00adromon\u00adi\u00adnaisu\u00adu\u00adden vaiku\u00adtuk\u00adset ty\u00f6kykyyn. Han\u00adke toteutetaan Kare\u00adlia-ammat\u00adtiko\u00adrkeak\u00adoulun sis\u00e4isen\u00e4 kehit\u00adt\u00e4mis\u00adpro\u00adjek\u00adti\u00adna ajal\u00adla 1.1.\u201331.12.2026. Han\u00adkkeen kohderyh\u00adm\u00e4n\u00e4 ovat sek\u00e4 neu\u00adroep\u00e4\u00adtyyp\u00adil\u00adliset ja neu\u00adrotyyp\u00adil\u00adliset ty\u00f6n\u00adtek\u00adi\u00adj\u00e4t ett\u00e4 esi\u00adhenkil\u00f6t ja HR-toim\u00adi\u00adjat. Han\u00adket\u00adta rahoit\u00adtaa Keva. Neu\u00adromon\u00adi\u00adnaisu\u00adus merk\u00adit\u00adsee neu\u00adrol\u00ado\u00adgista mon\u00adi\u00adnaisu\u00adut\u00adta, joka voi ilmet\u00e4 esimerkik\u00adsi eroina ajat\u00adte\u00adlu\u00adtavois\u00adsa, tiedonk\u00e4sit\u00adtelyss\u00e4, tarkkaavaisu\u00adudessa ja ais\u00adti\u00adhavain\u00adto\u00adjen tulkin\u00adnas\u00adsa. [&hellip;]"}