{"id":20,"date":"2026-03-17T07:36:15","date_gmt":"2026-03-17T05:36:15","guid":{"rendered":"https:\/\/hankkeet.karelia.fi\/pohjois-karjala-projekti-2-0-kohti-toimintakykyisempaa-suomea\/pohjois-karjala-projekti-2-0-kohti-toimintakykyisempaa-suomea\/"},"modified":"2026-03-23T14:09:25","modified_gmt":"2026-03-23T12:09:25","slug":"pohjois-karjala-projekti-2-0-kohti-toimintakykyisempaa-suomea","status":"publish","type":"page","link":"https:\/\/hankkeet.karelia.fi\/pohjois-karjala-projekti-2-0-kohti-toimintakykyisempaa-suomea\/","title":{"rendered":"Pohjois-Karjala projekti 2.0 \u2013 Kohti toimintakykyisemp\u00e4\u00e4 Suomea"},"content":{"rendered":"\n<figure class=\"wp-block-image size-large\"><img decoding=\"async\" src=\"https:\/\/hankkeet.karelia.fi\/pohjois-karjala-projekti-2-0-kohti-toimintakykyisempaa-suomea\/wp-content\/uploads\/sites\/6\/2026\/03\/Logot-2048x127-1.png\" alt class=\"wp-image-91363\"><\/figure>\n\n\n\n<h2 class=\"wp-block-heading\">Projektin nimilyhenne<\/h2>\n\n\n\n<p>Pohjois-Kar\u00adjala pro\u00adjek\u00adti 2.0<\/p>\n\n\n\n<h2 class=\"wp-block-heading\">Tiivistelm\u00e4 projektista<\/h2>\n\n\n\n<p>Tohtori Pekka Puskan johta\u00adma Pohjois-Kar\u00adjala- pro\u00adjek\u00adti (1972\u20131997) oli uraau\u00adur\u00adta\u00adva ja kun\u00adni\u00adan\u00adhi\u00admoinen ter\u00advey\u00adden edis\u00adt\u00e4misen han\u00adke, joka sai paljon my\u00f6s kan\u00adsain\u00adv\u00e4list\u00e4 huomio\u00adta. Kansan\u00adter\u00adveysty\u00f6n ja neu\u00advon\u00adnan seu\u00adrauk\u00adse\u00adna alueemme ihmis\u00adten syd\u00e4n\u00adtau\u00adtikuolleisu\u00adus v\u00e4heni ja elinik\u00e4 piteni.<\/p>\n\n\n\n<p>Syd\u00e4n- ja verenkier\u00adtoe\u00adlim\u00adist\u00f6n sairaudet sek\u00e4 2. tyypin dia\u00adbetes ovat suo\u00adma\u00adlaises\u00adsa v\u00e4est\u00f6ss\u00e4 edelleen suuri ter\u00adveyshaaste. Vaik\u00adka riskitek\u00adi\u00adj\u00f6ist\u00e4 koles\u00adteroli- ja veren\u00adpaine\u00adta\u00adsot ovat laske\u00adneet vuosikym\u00adme\u00adnien kulues\u00adsa, kehi\u00adtys on hidas\u00adtunut merkit\u00adt\u00e4v\u00e4sti viimeisen 10 vuo\u00adden aikana, ja samal\u00adla lihavu\u00adus on yleistynyt huolestut\u00adtavasti. Pohjois-Kar\u00adjalan hyv\u00adin\u00advoin\u00adnin ongel\u00admako\u00adhti\u00adna ovat elin\u00adta\u00adpa\u00adhaastei\u00adden kasautu\u00admi\u00adnen ja korkea sairas\u00adtavu\u00adus. Liikku\u00admisen suh\u00adteen yli puo\u00adlet pohjoiskar\u00adjalai\u00adsista ei liiku viikoit\u00adtain s\u00e4\u00e4n\u00adn\u00f6l\u00adlis\u00ades\u00adti ter\u00adveysli\u00adikun\u00adta\u00adsu\u00adosi\u00adtusten mukaises\u00adti ja hie\u00adman alle viidennes ilmoit\u00adtaa nukku\u00advansa riit\u00adt\u00e4m\u00e4t\u00adt\u00f6m\u00e4sti. Sairas\u00adtavu\u00adus (sy\u00f6p\u00e4, sepel\u00adval\u00adti\u00admo\u00adtau\u00adti, aivoverisuon\u00adi\u00adsairaudet, tuki- ja liikun\u00adtaelin\u00adsairaudet, mie\u00adlen\u00adter\u00advey\u00adden ongel\u00admat, tap\u00adatur\u00admat ja demen\u00adtia) on Pohjois-Kar\u00adjalas\u00adsa muu\u00adta maa\u00adta yleisem\u00adp\u00e4\u00e4.<\/p>\n\n\n\n<p>Pohjois-Kar\u00adjala pro\u00adjek\u00adti 2.0\u2011hankkeen tavoit\u00adteena on edis\u00adt\u00e4\u00e4 ty\u00f6ik\u00e4is\u00adten ter\u00adveyt\u00adt\u00e4 ja hyv\u00adin\u00advoin\u00adtia sek\u00e4 ehk\u00e4ist\u00e4 kansan\u00adsairauk\u00adsia. Kohderyh\u00adm\u00e4\u00e4 ovat eri\u00adtyis\u00ades\u00adti 18\u201365-vuotiaat, tyypin 2 dia\u00adbetes- ja\/tai syd\u00e4n- ja val\u00adti\u00admo\u00adtau\u00adtiriskiss\u00e4 ole\u00advat pohjoiskar\u00adjalaiset. Elin\u00adta\u00adpao\u00adh\u00adjauk\u00adsen palve\u00adlut ovat nyt tar\u00adjol\u00adla Ihmis\u00adten huoltoase\u00admal\u00adla kaup\u00adpareis\u00adsun yhtey\u00addess\u00e4 Joen\u00adsu\u00adun Pris\u00admal\u00adla ja dig\u00adi\u00adtaalis\u00ades\u00adti 24\/7 k\u00e4n\u00adnyk\u00e4l\u00adl\u00e4 tai tietokoneel\u00adla. Ihmis\u00adten huoltoase\u00adma on Pohjois-Kar\u00adjala pro\u00adjek\u00adtin uusi tulem\u00adi\u00adnen 2020-luvun keinoin. Han\u00adkkeessa keskeist\u00e4 onkin elin\u00adta\u00adpao\u00adh\u00adjauk\u00adsen ja \u2011tiedon tuomi\u00adnen l\u00e4helle ihmis\u00adten arkea, sek\u00e4 saavutet\u00adtavu\u00adu\u00adden edis\u00adt\u00e4mi\u00adnen dig\u00adi\u00adtaal\u00adisia palvelu\u00adja hy\u00f6\u00addyn\u00adt\u00e4en.<\/p>\n\n\n\n<p>Pohjois-Kar\u00adjala pro\u00adjek\u00adti 2.0\u2011hanketta toteutetaan laa\u00adja-alaises\u00adsa yhteisty\u00f6ss\u00e4. Han\u00adkkeessa toteutetaan lis\u00e4k\u00adsi 2 kuu\u00adden kuukau\u00adden mit\u00adtaista elin\u00adta\u00adpao\u00adh\u00adjauk\u00adsen pilot\u00adtia, jois\u00adsa yhdis\u00adtet\u00e4\u00e4n dig\u00adi\u00adtaal\u00adisia ja kohtaavia menetelmi\u00e4. Toim\u00adinta\u00admallin vaiku\u00adtuk\u00adsia arvioidaan It\u00e4-Suomen yliopis\u00adton ja Suomen Syd\u00e4n\u00adli\u00aditon vaikut\u00adtavu\u00adus\u00adtutkimuk\u00adsel\u00adla.<\/p>\n\n\n\n<h2 class=\"wp-block-heading\">Projektin kesto<\/h2>\n\n\n\n<p>10.6.2025 \u2014 31.3.2027<\/p>\n\n\n\n<h2 class=\"wp-block-heading\">Projektip\u00e4\u00e4llikk\u00f6<\/h2>\n\n\n\n<p><strong>Jen\u00adni Massi\u00adnen<\/strong><br>jenni.massinen(a)karelia.fi<\/p>\n\n\n\n<h2 class=\"wp-block-heading\">Rahoitus<\/h2>\n\n\n\n<p>Sosi\u00adaali- ja ter\u00adveysmin\u00adis\u00adter\u00adi\u00f6n rahoi\u00adtus<\/p>\n\n\n\n<figure class=\"wp-block-image size-full is-resized\"><img decoding=\"async\" src=\"https:\/\/hankkeet.karelia.fi\/pohjois-karjala-projekti-2-0-kohti-toimintakykyisempaa-suomea\/wp-content\/uploads\/sites\/6\/2026\/03\/kk3_13_17_palkki.png\" alt class=\"wp-image-91366\" style=\"width:850px;height:auto\"><\/figure>\n\n\n\n<p><\/p>\n","protected":false},"excerpt":{"rendered":"<p>Pro\u00adjek\u00adtin nim\u00adi\u00adly\u00adhenne Pohjois-Kar\u00ad\u00adjala pro\u00adjek\u00adti 2.0 Tiivis\u00adtelm\u00e4 pro\u00adjek\u00adtista Tohtori Pekka Puskan johta\u00adma Pohjois-Kar\u00ad\u00adjala- pro\u00adjek\u00adti (1972\u20131997) oli uraau\u00adur\u00adta\u00adva ja kun\u00adni\u00adan\u00adhi\u00admoinen ter\u00advey\u00adden edis\u00adt\u00e4misen han\u00adke, joka sai paljon my\u00f6s kan\u00adsain\u00adv\u00e4list\u00e4 huomio\u00adta. Kansan\u00adter\u00adveysty\u00f6n ja neu\u00advon\u00adnan seu\u00adrauk\u00adse\u00adna alueemme ihmis\u00adten syd\u00e4n\u00adtau\u00adtikuolleisu\u00adus v\u00e4heni ja elinik\u00e4 piteni. Syd\u00e4n- ja verenkier\u00adtoe\u00adlim\u00adist\u00f6n sairaudet sek\u00e4 2. tyypin dia\u00adbetes ovat suo\u00adma\u00adlaises\u00adsa v\u00e4est\u00f6ss\u00e4 edelleen suuri ter\u00adveyshaaste. Vaik\u00adka riskitek\u00adi\u00adj\u00f6ist\u00e4 koles\u00adteroli- [\u2026]<\/p>\n","protected":false},"author":7,"featured_media":17,"parent":0,"menu_order":0,"comment_status":"closed","ping_status":"closed","template":"","meta":{"inline_featured_image":false,"wp_typography_post_enhancements_disabled":false,"footnotes":""},"class_list":["post-20","page","type-page","status-publish","has-post-thumbnail","hentry"],"yoast_head":"<!-- This site is optimized with the Yoast SEO plugin v27.5 - https:\/\/yoast.com\/product\/yoast-seo-wordpress\/ -->\n<title>Pohjois-Karjala projekti 2.0 \u2013 Kohti toimintakykyisemp\u00e4\u00e4 Suomea - Pohjois-Karjala projekti 2.0 &#8211; Kohti toimintakykyisemp\u00e4\u00e4 Suomea<\/title>\n<meta name=\"robots\" content=\"index, follow, max-snippet:-1, max-image-preview:large, max-video-preview:-1\" \/>\n<link rel=\"canonical\" href=\"https:\/\/hankkeet.karelia.fi\/pohjois-karjala-projekti-2-0-kohti-toimintakykyisempaa-suomea\/\" \/>\n<meta property=\"og:locale\" content=\"fi_FI\" \/>\n<meta property=\"og:type\" content=\"article\" \/>\n<meta property=\"og:title\" content=\"Pohjois-Karjala projekti 2.0 \u2013 Kohti toimintakykyisemp\u00e4\u00e4 Suomea - Pohjois-Karjala projekti 2.0 &#8211; Kohti toimintakykyisemp\u00e4\u00e4 Suomea\" \/>\n<meta property=\"og:description\" content=\"Projektin nimilyhenne Pohjois-Kar\u00adjala pro\u00adjek\u00adti 2.0 Tiivistelm\u00e4 projektista Tohtori Pekka Puskan johta\u00adma Pohjois-Kar\u00adjala- pro\u00adjek\u00adti (1972\u20131997) oli uraau\u00adur\u00adta\u00adva ja kun\u00adni\u00adan\u00adhi\u00admoinen ter\u00advey\u00adden edis\u00adt\u00e4misen han\u00adke, joka sai paljon my\u00f6s kan\u00adsain\u00adv\u00e4list\u00e4 huomio\u00adta. Kansan\u00adter\u00adveysty\u00f6n ja neu\u00advon\u00adnan seu\u00adrauk\u00adse\u00adna alueemme ihmis\u00adten syd\u00e4n\u00adtau\u00adtikuolleisu\u00adus v\u00e4heni ja elinik\u00e4 piteni. Syd\u00e4n- ja verenkier\u00adtoe\u00adlim\u00adist\u00f6n sairaudet sek\u00e4 2. tyypin dia\u00adbetes ovat suo\u00adma\u00adlaises\u00adsa v\u00e4est\u00f6ss\u00e4 edelleen suuri ter\u00adveyshaaste. Vaik\u00adka riskitek\u00adi\u00adj\u00f6ist\u00e4 koles\u00adteroli- [&hellip;]\" \/>\n<meta property=\"og:url\" content=\"https:\/\/hankkeet.karelia.fi\/pohjois-karjala-projekti-2-0-kohti-toimintakykyisempaa-suomea\/\" \/>\n<meta property=\"og:site_name\" content=\"Pohjois-Karjala projekti 2.0 &#8211; Kohti toimintakykyisemp\u00e4\u00e4 Suomea\" \/>\n<meta property=\"article:modified_time\" content=\"2026-03-23T12:09:25+00:00\" \/>\n<meta property=\"og:image\" content=\"https:\/\/hankkeet.karelia.fi\/pohjois-karjala-projekti-2-0-kohti-toimintakykyisempaa-suomea\/wp-content\/uploads\/sites\/6\/2026\/03\/Ihmisten-huoltoasema.jpg\" \/>\n\t<meta property=\"og:image:width\" content=\"1024\" \/>\n\t<meta property=\"og:image:height\" content=\"768\" \/>\n\t<meta property=\"og:image:type\" content=\"image\/jpeg\" \/>\n<meta name=\"twitter:card\" content=\"summary_large_image\" \/>\n<meta name=\"twitter:label1\" content=\"Arvioitu lukuaika\" \/>\n\t<meta name=\"twitter:data1\" content=\"1 minuutti\" \/>\n<script type=\"application\/ld+json\" class=\"yoast-schema-graph\">{\"@context\":\"https:\\\/\\\/schema.org\",\"@graph\":[{\"@type\":\"WebPage\",\"@id\":\"https:\\\/\\\/hankkeet.karelia.fi\\\/pohjois-karjala-projekti-2-0-kohti-toimintakykyisempaa-suomea\\\/\",\"url\":\"https:\\\/\\\/hankkeet.karelia.fi\\\/pohjois-karjala-projekti-2-0-kohti-toimintakykyisempaa-suomea\\\/\",\"name\":\"Pohjois-Karjala projekti 2.0 \u2013 Kohti toimintakykyisemp\u00e4\u00e4 Suomea - Pohjois-Karjala projekti 2.0 &#8211; Kohti toimintakykyisemp\u00e4\u00e4 Suomea\",\"isPartOf\":{\"@id\":\"https:\\\/\\\/hankkeet.karelia.fi\\\/pohjois-karjala-projekti-2-0-kohti-toimintakykyisempaa-suomea\\\/#website\"},\"primaryImageOfPage\":{\"@id\":\"https:\\\/\\\/hankkeet.karelia.fi\\\/pohjois-karjala-projekti-2-0-kohti-toimintakykyisempaa-suomea\\\/#primaryimage\"},\"image\":{\"@id\":\"https:\\\/\\\/hankkeet.karelia.fi\\\/pohjois-karjala-projekti-2-0-kohti-toimintakykyisempaa-suomea\\\/#primaryimage\"},\"thumbnailUrl\":\"https:\\\/\\\/hankkeet.karelia.fi\\\/pohjois-karjala-projekti-2-0-kohti-toimintakykyisempaa-suomea\\\/wp-content\\\/uploads\\\/sites\\\/6\\\/2026\\\/03\\\/Ihmisten-huoltoasema.jpg\",\"datePublished\":\"2026-03-17T05:36:15+00:00\",\"dateModified\":\"2026-03-23T12:09:25+00:00\",\"breadcrumb\":{\"@id\":\"https:\\\/\\\/hankkeet.karelia.fi\\\/pohjois-karjala-projekti-2-0-kohti-toimintakykyisempaa-suomea\\\/#breadcrumb\"},\"inLanguage\":\"fi\",\"potentialAction\":[{\"@type\":\"ReadAction\",\"target\":[\"https:\\\/\\\/hankkeet.karelia.fi\\\/pohjois-karjala-projekti-2-0-kohti-toimintakykyisempaa-suomea\\\/\"]}]},{\"@type\":\"ImageObject\",\"inLanguage\":\"fi\",\"@id\":\"https:\\\/\\\/hankkeet.karelia.fi\\\/pohjois-karjala-projekti-2-0-kohti-toimintakykyisempaa-suomea\\\/#primaryimage\",\"url\":\"https:\\\/\\\/hankkeet.karelia.fi\\\/pohjois-karjala-projekti-2-0-kohti-toimintakykyisempaa-suomea\\\/wp-content\\\/uploads\\\/sites\\\/6\\\/2026\\\/03\\\/Ihmisten-huoltoasema.jpg\",\"contentUrl\":\"https:\\\/\\\/hankkeet.karelia.fi\\\/pohjois-karjala-projekti-2-0-kohti-toimintakykyisempaa-suomea\\\/wp-content\\\/uploads\\\/sites\\\/6\\\/2026\\\/03\\\/Ihmisten-huoltoasema.jpg\",\"width\":1024,\"height\":768},{\"@type\":\"BreadcrumbList\",\"@id\":\"https:\\\/\\\/hankkeet.karelia.fi\\\/pohjois-karjala-projekti-2-0-kohti-toimintakykyisempaa-suomea\\\/#breadcrumb\",\"itemListElement\":[{\"@type\":\"ListItem\",\"position\":1,\"name\":\"Home\",\"item\":\"https:\\\/\\\/hankkeet.karelia.fi\\\/pohjois-karjala-projekti-2-0-kohti-toimintakykyisempaa-suomea\\\/\"},{\"@type\":\"ListItem\",\"position\":2,\"name\":\"Pohjois-Karjala projekti 2.0 \u2013 Kohti toimintakykyisemp\u00e4\u00e4 Suomea\"}]},{\"@type\":\"WebSite\",\"@id\":\"https:\\\/\\\/hankkeet.karelia.fi\\\/pohjois-karjala-projekti-2-0-kohti-toimintakykyisempaa-suomea\\\/#website\",\"url\":\"https:\\\/\\\/hankkeet.karelia.fi\\\/pohjois-karjala-projekti-2-0-kohti-toimintakykyisempaa-suomea\\\/\",\"name\":\"Pohjois-Karjala projekti 2.0 &#8211; Kohti toimintakykyisemp\u00e4\u00e4 Suomea\",\"description\":\"\",\"publisher\":{\"@id\":\"https:\\\/\\\/hankkeet.karelia.fi\\\/pohjois-karjala-projekti-2-0-kohti-toimintakykyisempaa-suomea\\\/#organization\"},\"potentialAction\":[{\"@type\":\"SearchAction\",\"target\":{\"@type\":\"EntryPoint\",\"urlTemplate\":\"https:\\\/\\\/hankkeet.karelia.fi\\\/pohjois-karjala-projekti-2-0-kohti-toimintakykyisempaa-suomea\\\/?s={search_term_string}\"},\"query-input\":{\"@type\":\"PropertyValueSpecification\",\"valueRequired\":true,\"valueName\":\"search_term_string\"}}],\"inLanguage\":\"fi\"},{\"@type\":\"Organization\",\"@id\":\"https:\\\/\\\/hankkeet.karelia.fi\\\/pohjois-karjala-projekti-2-0-kohti-toimintakykyisempaa-suomea\\\/#organization\",\"name\":\"Pohjois-Karjala projekti 2.0 &#8211; Kohti toimintakykyisemp\u00e4\u00e4 Suomea\",\"url\":\"https:\\\/\\\/hankkeet.karelia.fi\\\/pohjois-karjala-projekti-2-0-kohti-toimintakykyisempaa-suomea\\\/\",\"logo\":{\"@type\":\"ImageObject\",\"inLanguage\":\"fi\",\"@id\":\"https:\\\/\\\/hankkeet.karelia.fi\\\/pohjois-karjala-projekti-2-0-kohti-toimintakykyisempaa-suomea\\\/#\\\/schema\\\/logo\\\/image\\\/\",\"url\":\"https:\\\/\\\/hankkeet.karelia.fi\\\/pohjois-karjala-projekti-2-0-kohti-toimintakykyisempaa-suomea\\\/wp-content\\\/uploads\\\/sites\\\/6\\\/2026\\\/03\\\/cropped-cropped-Karelia_AMK_logo_RGB-1.png\",\"contentUrl\":\"https:\\\/\\\/hankkeet.karelia.fi\\\/pohjois-karjala-projekti-2-0-kohti-toimintakykyisempaa-suomea\\\/wp-content\\\/uploads\\\/sites\\\/6\\\/2026\\\/03\\\/cropped-cropped-Karelia_AMK_logo_RGB-1.png\",\"width\":427,\"height\":116,\"caption\":\"Pohjois-Karjala projekti 2.0 &#8211; Kohti toimintakykyisemp\u00e4\u00e4 Suomea\"},\"image\":{\"@id\":\"https:\\\/\\\/hankkeet.karelia.fi\\\/pohjois-karjala-projekti-2-0-kohti-toimintakykyisempaa-suomea\\\/#\\\/schema\\\/logo\\\/image\\\/\"}}]}<\/script>\n<!-- \/ Yoast SEO plugin. -->","yoast_head_json":{"title":"Pohjois-Karjala projekti 2.0 \u2013 Kohti toimintakykyisemp\u00e4\u00e4 Suomea - Pohjois-Karjala projekti 2.0 &#8211; Kohti toimintakykyisemp\u00e4\u00e4 Suomea","robots":{"index":"index","follow":"follow","max-snippet":"max-snippet:-1","max-image-preview":"max-image-preview:large","max-video-preview":"max-video-preview:-1"},"canonical":"https:\/\/hankkeet.karelia.fi\/pohjois-karjala-projekti-2-0-kohti-toimintakykyisempaa-suomea\/","og_locale":"fi_FI","og_type":"article","og_title":"Pohjois-Karjala projekti 2.0 \u2013 Kohti toimintakykyisemp\u00e4\u00e4 Suomea - Pohjois-Karjala projekti 2.0 &#8211; Kohti toimintakykyisemp\u00e4\u00e4 Suomea","og_description":"Projektin nimilyhenne Pohjois-Kar\u00adjala pro\u00adjek\u00adti 2.0 Tiivistelm\u00e4 projektista Tohtori Pekka Puskan johta\u00adma Pohjois-Kar\u00adjala- pro\u00adjek\u00adti (1972\u20131997) oli uraau\u00adur\u00adta\u00adva ja kun\u00adni\u00adan\u00adhi\u00admoinen ter\u00advey\u00adden edis\u00adt\u00e4misen han\u00adke, joka sai paljon my\u00f6s kan\u00adsain\u00adv\u00e4list\u00e4 huomio\u00adta. Kansan\u00adter\u00adveysty\u00f6n ja neu\u00advon\u00adnan seu\u00adrauk\u00adse\u00adna alueemme ihmis\u00adten syd\u00e4n\u00adtau\u00adtikuolleisu\u00adus v\u00e4heni ja elinik\u00e4 piteni. Syd\u00e4n- ja verenkier\u00adtoe\u00adlim\u00adist\u00f6n sairaudet sek\u00e4 2. tyypin dia\u00adbetes ovat suo\u00adma\u00adlaises\u00adsa v\u00e4est\u00f6ss\u00e4 edelleen suuri ter\u00adveyshaaste. Vaik\u00adka riskitek\u00adi\u00adj\u00f6ist\u00e4 koles\u00adteroli- [&hellip;]","og_url":"https:\/\/hankkeet.karelia.fi\/pohjois-karjala-projekti-2-0-kohti-toimintakykyisempaa-suomea\/","og_site_name":"Pohjois-Karjala projekti 2.0 &#8211; Kohti toimintakykyisemp\u00e4\u00e4 Suomea","article_modified_time":"2026-03-23T12:09:25+00:00","og_image":[{"width":1024,"height":768,"url":"https:\/\/hankkeet.karelia.fi\/pohjois-karjala-projekti-2-0-kohti-toimintakykyisempaa-suomea\/wp-content\/uploads\/sites\/6\/2026\/03\/Ihmisten-huoltoasema.jpg","type":"image\/jpeg"}],"twitter_card":"summary_large_image","twitter_misc":{"Arvioitu lukuaika":"1 minuutti"},"schema":{"@context":"https:\/\/schema.org","@graph":[{"@type":"WebPage","@id":"https:\/\/hankkeet.karelia.fi\/pohjois-karjala-projekti-2-0-kohti-toimintakykyisempaa-suomea\/","url":"https:\/\/hankkeet.karelia.fi\/pohjois-karjala-projekti-2-0-kohti-toimintakykyisempaa-suomea\/","name":"Pohjois-Karjala projekti 2.0 \u2013 Kohti toimintakykyisemp\u00e4\u00e4 Suomea - Pohjois-Karjala projekti 2.0 &#8211; Kohti toimintakykyisemp\u00e4\u00e4 Suomea","isPartOf":{"@id":"https:\/\/hankkeet.karelia.fi\/pohjois-karjala-projekti-2-0-kohti-toimintakykyisempaa-suomea\/#website"},"primaryImageOfPage":{"@id":"https:\/\/hankkeet.karelia.fi\/pohjois-karjala-projekti-2-0-kohti-toimintakykyisempaa-suomea\/#primaryimage"},"image":{"@id":"https:\/\/hankkeet.karelia.fi\/pohjois-karjala-projekti-2-0-kohti-toimintakykyisempaa-suomea\/#primaryimage"},"thumbnailUrl":"https:\/\/hankkeet.karelia.fi\/pohjois-karjala-projekti-2-0-kohti-toimintakykyisempaa-suomea\/wp-content\/uploads\/sites\/6\/2026\/03\/Ihmisten-huoltoasema.jpg","datePublished":"2026-03-17T05:36:15+00:00","dateModified":"2026-03-23T12:09:25+00:00","breadcrumb":{"@id":"https:\/\/hankkeet.karelia.fi\/pohjois-karjala-projekti-2-0-kohti-toimintakykyisempaa-suomea\/#breadcrumb"},"inLanguage":"fi","potentialAction":[{"@type":"ReadAction","target":["https:\/\/hankkeet.karelia.fi\/pohjois-karjala-projekti-2-0-kohti-toimintakykyisempaa-suomea\/"]}]},{"@type":"ImageObject","inLanguage":"fi","@id":"https:\/\/hankkeet.karelia.fi\/pohjois-karjala-projekti-2-0-kohti-toimintakykyisempaa-suomea\/#primaryimage","url":"https:\/\/hankkeet.karelia.fi\/pohjois-karjala-projekti-2-0-kohti-toimintakykyisempaa-suomea\/wp-content\/uploads\/sites\/6\/2026\/03\/Ihmisten-huoltoasema.jpg","contentUrl":"https:\/\/hankkeet.karelia.fi\/pohjois-karjala-projekti-2-0-kohti-toimintakykyisempaa-suomea\/wp-content\/uploads\/sites\/6\/2026\/03\/Ihmisten-huoltoasema.jpg","width":1024,"height":768},{"@type":"BreadcrumbList","@id":"https:\/\/hankkeet.karelia.fi\/pohjois-karjala-projekti-2-0-kohti-toimintakykyisempaa-suomea\/#breadcrumb","itemListElement":[{"@type":"ListItem","position":1,"name":"Home","item":"https:\/\/hankkeet.karelia.fi\/pohjois-karjala-projekti-2-0-kohti-toimintakykyisempaa-suomea\/"},{"@type":"ListItem","position":2,"name":"Pohjois-Karjala projekti 2.0 \u2013 Kohti toimintakykyisemp\u00e4\u00e4 Suomea"}]},{"@type":"WebSite","@id":"https:\/\/hankkeet.karelia.fi\/pohjois-karjala-projekti-2-0-kohti-toimintakykyisempaa-suomea\/#website","url":"https:\/\/hankkeet.karelia.fi\/pohjois-karjala-projekti-2-0-kohti-toimintakykyisempaa-suomea\/","name":"Pohjois-Karjala projekti 2.0 &#8211; Kohti toimintakykyisemp\u00e4\u00e4 Suomea","description":"","publisher":{"@id":"https:\/\/hankkeet.karelia.fi\/pohjois-karjala-projekti-2-0-kohti-toimintakykyisempaa-suomea\/#organization"},"potentialAction":[{"@type":"SearchAction","target":{"@type":"EntryPoint","urlTemplate":"https:\/\/hankkeet.karelia.fi\/pohjois-karjala-projekti-2-0-kohti-toimintakykyisempaa-suomea\/?s={search_term_string}"},"query-input":{"@type":"PropertyValueSpecification","valueRequired":true,"valueName":"search_term_string"}}],"inLanguage":"fi"},{"@type":"Organization","@id":"https:\/\/hankkeet.karelia.fi\/pohjois-karjala-projekti-2-0-kohti-toimintakykyisempaa-suomea\/#organization","name":"Pohjois-Karjala projekti 2.0 &#8211; Kohti toimintakykyisemp\u00e4\u00e4 Suomea","url":"https:\/\/hankkeet.karelia.fi\/pohjois-karjala-projekti-2-0-kohti-toimintakykyisempaa-suomea\/","logo":{"@type":"ImageObject","inLanguage":"fi","@id":"https:\/\/hankkeet.karelia.fi\/pohjois-karjala-projekti-2-0-kohti-toimintakykyisempaa-suomea\/#\/schema\/logo\/image\/","url":"https:\/\/hankkeet.karelia.fi\/pohjois-karjala-projekti-2-0-kohti-toimintakykyisempaa-suomea\/wp-content\/uploads\/sites\/6\/2026\/03\/cropped-cropped-Karelia_AMK_logo_RGB-1.png","contentUrl":"https:\/\/hankkeet.karelia.fi\/pohjois-karjala-projekti-2-0-kohti-toimintakykyisempaa-suomea\/wp-content\/uploads\/sites\/6\/2026\/03\/cropped-cropped-Karelia_AMK_logo_RGB-1.png","width":427,"height":116,"caption":"Pohjois-Karjala projekti 2.0 &#8211; Kohti toimintakykyisemp\u00e4\u00e4 Suomea"},"image":{"@id":"https:\/\/hankkeet.karelia.fi\/pohjois-karjala-projekti-2-0-kohti-toimintakykyisempaa-suomea\/#\/schema\/logo\/image\/"}}]}},"_links":{"self":[{"href":"https:\/\/hankkeet.karelia.fi\/pohjois-karjala-projekti-2-0-kohti-toimintakykyisempaa-suomea\/wp-json\/wp\/v2\/pages\/20","targetHints":{"allow":["GET"]}}],"collection":[{"href":"https:\/\/hankkeet.karelia.fi\/pohjois-karjala-projekti-2-0-kohti-toimintakykyisempaa-suomea\/wp-json\/wp\/v2\/pages"}],"about":[{"href":"https:\/\/hankkeet.karelia.fi\/pohjois-karjala-projekti-2-0-kohti-toimintakykyisempaa-suomea\/wp-json\/wp\/v2\/types\/page"}],"author":[{"embeddable":true,"href":"https:\/\/hankkeet.karelia.fi\/pohjois-karjala-projekti-2-0-kohti-toimintakykyisempaa-suomea\/wp-json\/wp\/v2\/users\/7"}],"replies":[{"embeddable":true,"href":"https:\/\/hankkeet.karelia.fi\/pohjois-karjala-projekti-2-0-kohti-toimintakykyisempaa-suomea\/wp-json\/wp\/v2\/comments?post=20"}],"version-history":[{"count":2,"href":"https:\/\/hankkeet.karelia.fi\/pohjois-karjala-projekti-2-0-kohti-toimintakykyisempaa-suomea\/wp-json\/wp\/v2\/pages\/20\/revisions"}],"predecessor-version":[{"id":28,"href":"https:\/\/hankkeet.karelia.fi\/pohjois-karjala-projekti-2-0-kohti-toimintakykyisempaa-suomea\/wp-json\/wp\/v2\/pages\/20\/revisions\/28"}],"wp:featuredmedia":[{"embeddable":true,"href":"https:\/\/hankkeet.karelia.fi\/pohjois-karjala-projekti-2-0-kohti-toimintakykyisempaa-suomea\/wp-json\/wp\/v2\/media\/17"}],"wp:attachment":[{"href":"https:\/\/hankkeet.karelia.fi\/pohjois-karjala-projekti-2-0-kohti-toimintakykyisempaa-suomea\/wp-json\/wp\/v2\/media?parent=20"}],"curies":[{"name":"wp","href":"https:\/\/api.w.org\/{rel}","templated":true}]}}