{"id":20,"date":"2026-03-17T13:20:23","date_gmt":"2026-03-17T11:20:23","guid":{"rendered":"https:\/\/hankkeet.karelia.fi\/sairaanhoitajaksi-pohjois-karjalaan\/sairaanhoitajaksi-pohjois-karjalaan\/"},"modified":"2026-03-17T13:20:23","modified_gmt":"2026-03-17T11:20:23","slug":"sairaanhoitajaksi-pohjois-karjalaan","status":"publish","type":"page","link":"https:\/\/hankkeet.karelia.fi\/sairaanhoitajaksi-pohjois-karjalaan\/","title":{"rendered":"Sairaanhoitajaksi Pohjois-Karjalaan"},"content":{"rendered":"\n<figure class=\"wp-block-image size-large is-resized\"><img decoding=\"async\" src=\"https:\/\/hankkeet.karelia.fi\/sairaanhoitajaksi-pohjois-karjalaan\/wp-content\/uploads\/sites\/51\/2026\/03\/sh-p-karjala-1024x213-1.jpg\" alt class=\"wp-image-69582\" style=\"width:360px;height:auto\"><\/figure>\n\n\n\n<p>Sairaan\u00adhoita\u00adjak\u00adsi Pohjois-Kar\u00adjalaan \u2014 han\u00adke toteu\u00adtuu ajal\u00adla 1.1.2024\u201331.12.2027, ja se toteutetaan Kare\u00adlia-ammat\u00adtiko\u00adrkeak\u00adoulun ja Siun soten tiivi\u00adin\u00e4 yhteisty\u00f6n\u00e4. Han\u00adket\u00adta rahoit\u00adtaa Euroopan sosi\u00adaali\u00adra\u00adhas\u00adto +.<br>Han\u00adke etsii kokeil\u00ade\u00advan kehit\u00adt\u00e4misen kaut\u00adta ratkaisu\u00adja Pohjois-Kar\u00adjalan kas\u00advavaan osaa\u00adjapu\u00adlaan, edis\u00adt\u00e4\u00e4 alueen kan\u00adsain\u00adv\u00e4listymist\u00e4 ja nopeut\u00adtaa ulko\u00admaalais\u00adtaus\u00adtais\u00adten koulu\u00adtus- ja ty\u00f6l\u00adlistymis\u00adpolku\u00adja.<\/p>\n\n\n\n<p>Han\u00adkkeel\u00adla on kolme tavoitet\u00adta:<br>1) Kehit\u00adt\u00e4\u00e4, mallintaa ja kokeil\u00adla uut\u00adta ty\u00f6\u00adnan\u00adta\u00adjal\u00e4ht\u00f6ist\u00e4 rekrytointi\u2011, toteut\u00adtamis- ja ty\u00f6l\u00adlistymis\u00admall\u00adia sote-alal\u00adla<br>2) Kehit\u00adt\u00e4\u00e4 vierask\u00adielisille sopi\u00adva suomenkieli\u00adnen sairaan\u00adhoita\u00adjatutk\u00adin\u00adto<br>3) Kehit\u00adt\u00e4\u00e4 tutkin\u00adnon toteut\u00adtamiseen tarvit\u00adta\u00adva pros\u00ades\u00adsi- ja tuki\u00adrakenne ja edis\u00adt\u00e4\u00e4 sek\u00e4 ty\u00f6\u00adnan\u00adta\u00adjan ett\u00e4 oppi\u00adlaitok\u00adsen kan\u00adsain\u00adv\u00e4listymist\u00e4 ja kotikan\u00adsain\u00adv\u00e4listymist\u00e4.<\/p>\n\n\n\n<p>Sairaan\u00adhoita\u00adjak\u00adoulu\u00adtus on tarkoitet\u00adtu henkil\u00f6ille, jot\u00adka puhu\u00advat \u00e4idinkie\u00adlen tasol\u00adla ven\u00e4j\u00e4\u00e4, asu\u00advat Suomes\u00adsa ja joiden suomen kie\u00adlen taito\u00adta\u00adso (A2.2) ei riit\u00e4 suomenkieliseen sairaan\u00adhoita\u00adjatutk\u00adin\u00adtoon. Koulu\u00adtus toteutetaan suomek\u00adsi, ven\u00e4j\u00e4n kielel\u00adl\u00e4 tuet\u00adtuna. Koulu\u00adtuk\u00adsen j\u00e4l\u00adkeen pystyy ty\u00f6sken\u00adtelem\u00e4\u00e4n suomen kielel\u00adl\u00e4 lail\u00adlis\u00adtet\u00adtuna sairaan\u00adhoita\u00adjana. Koulu\u00adtuk\u00adsen aikana on mah\u00addol\u00adlista ty\u00f6sken\u00adnel\u00adl\u00e4 Pohjois-Kar\u00adjalan hyv\u00adin\u00advoin\u00adtialueel\u00adla Siun soten yksik\u00f6is\u00ads\u00e4. Koulu\u00adtus kest\u00e4\u00e4 3,5 vuot\u00adta.<\/p>\n\n\n\n<p>Yhteystiedot:<\/p>\n\n\n\n<p>Tuu\u00adlia Sunikka<br>Pro\u00adjek\u00adtip\u00e4\u00e4l\u00adlikk\u00f6<br>tuulia.sunikka@karelia.fi<br>050 344 83 87<\/p>\n\n\n\n<h2 class=\"wp-block-heading\">Projektin kesto<\/h2>\n\n\n\n<p>1.1.2024 \u2014 31.12.2027<\/p>\n\n\n\n<h2 class=\"wp-block-heading\">Projektip\u00e4\u00e4llikk\u00f6<\/h2>\n\n\n\n<p><strong>Tuu\u00adlia Sunikka<\/strong><br>Tuulia.Sunikka(a)karelia.fi<\/p>\n\n\n\n<h2 class=\"wp-block-heading\">Rahoitus<\/h2>\n\n\n\n<p>ESR-ohjel\u00adma<\/p>\n\n\n\n<h2 class=\"wp-block-heading\">Julkaisut<\/h2>\n\n\n\n<p>Pulssi-artikke\u00adlit:<\/p>\n\n\n\n<figure class=\"wp-block-embed is-type-wp-embed is-provider-karelia-ammattikorkeakoulu wp-block-embed-karelia-ammattikorkeakoulu\"><div class=\"wp-block-embed__wrapper\">\n<blockquote class=\"wp-embedded-content\" data-secret=\"z98p4yxYgU\"><a href=\"https:\/\/www.karelia.fi\/2025\/12\/oppitunnilla-tapahtuu-hoitotyon-opettajien-kokemuksia-kielituetusta-opetuksesta\/\">Oppitun\u00adnil\u00adla tapah\u00adtuu \u2013 hoito\u00adty\u00f6n opet\u00adta\u00adjien koke\u00admuk\u00adsia kielitue\u00adtus\u00adta opetuk\u00adses\u00adta<\/a><\/blockquote><iframe loading=\"lazy\" class=\"wp-embedded-content\" sandbox=\"allow-scripts\" security=\"restricted\" style=\"position: absolute; visibility: hidden;\" title=\"\u201dOppitunnilla tapahtuu \u2013 hoitoty\u00f6n opettajien kokemuksia kielituetusta opetuksesta\u201d \u2014 Karelia-ammattikorkeakoulu\" src=\"https:\/\/www.karelia.fi\/2025\/12\/oppitunnilla-tapahtuu-hoitotyon-opettajien-kokemuksia-kielituetusta-opetuksesta\/embed\/#?secret=Gl8J1YGrW7#?secret=z98p4yxYgU\" data-secret=\"z98p4yxYgU\" width=\"500\" height=\"282\" frameborder=\"0\" marginwidth=\"0\" marginheight=\"0\" scrolling=\"no\"><\/iframe>\n<\/div><\/figure>\n\n\n\n<figure class=\"wp-block-embed is-type-wp-embed is-provider-karelia-ammattikorkeakoulu wp-block-embed-karelia-ammattikorkeakoulu\"><div class=\"wp-block-embed__wrapper\">\n<blockquote class=\"wp-embedded-content\" data-secret=\"KzLAlFhpaR\"><a href=\"https:\/\/www.karelia.fi\/2025\/05\/opintojakson-suunnitteluprosessin-mallintaminen\/\">Opin\u00adto\u00adjak\u00adson suun\u00adnit\u00adtelupros\u00adessin mallint\u00ada\u00admi\u00adnen<\/a><\/blockquote><iframe loading=\"lazy\" class=\"wp-embedded-content\" sandbox=\"allow-scripts\" security=\"restricted\" style=\"position: absolute; visibility: hidden;\" title=\"\u201dOpintojakson suunnitteluprosessin mallintaminen\u201d \u2014 Karelia-ammattikorkeakoulu\" src=\"https:\/\/www.karelia.fi\/2025\/05\/opintojakson-suunnitteluprosessin-mallintaminen\/embed\/#?secret=AKOJ2AZVdm#?secret=KzLAlFhpaR\" data-secret=\"KzLAlFhpaR\" width=\"500\" height=\"282\" frameborder=\"0\" marginwidth=\"0\" marginheight=\"0\" scrolling=\"no\"><\/iframe>\n<\/div><\/figure>\n\n\n\n<figure class=\"wp-block-embed is-type-wp-embed is-provider-karelia-ammattikorkeakoulu wp-block-embed-karelia-ammattikorkeakoulu\"><div class=\"wp-block-embed__wrapper\">\n<blockquote class=\"wp-embedded-content\" data-secret=\"9WFkESLOxY\"><a href=\"https:\/\/www.karelia.fi\/2025\/12\/kokemuksia-opintojakson-rakentamisen-mallista-kielituetussa-sairaanhoitajakoulutuksessa\/\">Koke\u00admuk\u00adsia opin\u00adto\u00adjak\u00adson rak\u00aden\u00adtamisen mallista kielitue\u00adtus\u00adsa sairaan\u00adhoita\u00adjak\u00adoulu\u00adtuk\u00adses\u00adsa<\/a><\/blockquote><iframe loading=\"lazy\" class=\"wp-embedded-content\" sandbox=\"allow-scripts\" security=\"restricted\" style=\"position: absolute; visibility: hidden;\" title=\"\u201dKokemuksia opintojakson rakentamisen mallista kielituetussa sairaanhoitajakoulutuksessa\u201d \u2014 Karelia-ammattikorkeakoulu\" src=\"https:\/\/www.karelia.fi\/2025\/12\/kokemuksia-opintojakson-rakentamisen-mallista-kielituetussa-sairaanhoitajakoulutuksessa\/embed\/#?secret=3Jsz5HLvdC#?secret=9WFkESLOxY\" data-secret=\"9WFkESLOxY\" width=\"500\" height=\"282\" frameborder=\"0\" marginwidth=\"0\" marginheight=\"0\" scrolling=\"no\"><\/iframe>\n<\/div><\/figure>\n\n\n\n<figure class=\"wp-block-embed is-type-wp-embed is-provider-karelia-ammattikorkeakoulu wp-block-embed-karelia-ammattikorkeakoulu\"><div class=\"wp-block-embed__wrapper\">\n<blockquote class=\"wp-embedded-content\" data-secret=\"3Hd2Yfk6Vs\"><a href=\"https:\/\/www.karelia.fi\/2025\/12\/kielituetussa-koulutuksessa-toimitaan-kehittyvalla-kielitaidolla-seka-opinnoissa-etta-harjoittelussa\/\">Kielitue\u00adtus\u00adsa koulu\u00adtuk\u00adses\u00adsa toim\u00adi\u00adtaan kehit\u00adtyv\u00e4l\u00adl\u00e4 kieli\u00adtaidol\u00adla sek\u00e4 opin\u00adnois\u00adsa ett\u00e4 har\u00adjoit\u00adtelus\u00adsa<\/a><\/blockquote><iframe loading=\"lazy\" class=\"wp-embedded-content\" sandbox=\"allow-scripts\" security=\"restricted\" style=\"position: absolute; visibility: hidden;\" title=\"\u201dKielituetussa koulutuksessa toimitaan kehittyv\u00e4ll\u00e4 kielitaidolla sek\u00e4 opinnoissa ett\u00e4 harjoittelussa\u201d \u2014 Karelia-ammattikorkeakoulu\" src=\"https:\/\/www.karelia.fi\/2025\/12\/kielituetussa-koulutuksessa-toimitaan-kehittyvalla-kielitaidolla-seka-opinnoissa-etta-harjoittelussa\/embed\/#?secret=LWMaKhI4ar#?secret=3Hd2Yfk6Vs\" data-secret=\"3Hd2Yfk6Vs\" width=\"500\" height=\"282\" frameborder=\"0\" marginwidth=\"0\" marginheight=\"0\" scrolling=\"no\"><\/iframe>\n<\/div><\/figure>\n\n\n\n<figure class=\"wp-block-embed is-type-wp-embed is-provider-karelia-ammattikorkeakoulu wp-block-embed-karelia-ammattikorkeakoulu\"><div class=\"wp-block-embed__wrapper\">\n<blockquote class=\"wp-embedded-content\" data-secret=\"4Derz4NrsO\"><a href=\"https:\/\/www.karelia.fi\/2024\/02\/venajan-kielella-tuettu-sairaanhoitajatutkinto-alkaa-kareliassa-syksylla-2024\/\">Ven\u00e4j\u00e4n kielel\u00adl\u00e4 tuet\u00adtu sairaan\u00adhoita\u00adjatutk\u00adin\u00adto alkaa Kare\u00adlias\u00adsa syksyl\u00adl\u00e4 2024<\/a><\/blockquote><iframe loading=\"lazy\" class=\"wp-embedded-content\" sandbox=\"allow-scripts\" security=\"restricted\" style=\"position: absolute; visibility: hidden;\" title=\"\u201dVen\u00e4j\u00e4n kielell\u00e4 tuettu sairaanhoitajatutkinto alkaa Kareliassa syksyll\u00e4 2024\u201d \u2014 Karelia-ammattikorkeakoulu\" src=\"https:\/\/www.karelia.fi\/2024\/02\/venajan-kielella-tuettu-sairaanhoitajatutkinto-alkaa-kareliassa-syksylla-2024\/embed\/#?secret=MILwfRX2FD#?secret=4Derz4NrsO\" data-secret=\"4Derz4NrsO\" width=\"500\" height=\"282\" frameborder=\"0\" marginwidth=\"0\" marginheight=\"0\" scrolling=\"no\"><\/iframe>\n<\/div><\/figure>\n\n\n\n<p>Muut artikke\u00adlit ja julka\u00adisut:<\/p>\n\n\n\n<p><a href=\"https:\/\/yle.fi\/a\/74-20129825\">Hoita\u00adjatuon\u00adnille kek\u00adsit\u00adti\u00adin vai\u00adh\u00adtoe\u00adhto Pohjois-Kar\u00adjalas\u00adsa \u2013 maa\u00adhan\u00admuut\u00adta\u00adjat oppi\u00advat yht\u00e4 aikaa kie\u00adlen ja ammatin | Koti\u00admaa | Yle<\/a><\/p>\n\n\n\n<p><a href=\"https:\/\/www.theseus.fi\/handle\/10024\/872297\">Select\u00aded Per\u00adspec\u00adtives on Inter\u00adna\u00adtion\u00adal\u00adi\u00adsa\u00adtion and Applied Edu\u00adca\u00adtion and Research 2024 \u2014 Ilvo\u00adnen, Anne; Malvela, Pekka; Tim\u00ado\u00adnen, Liisa; Varis, Kaisa (2024)<\/a><\/p>\n\n\n\n<p>Han\u00adkkeen insta\u00adgram:<\/p>\n\n\n\n<p><a href=\"https:\/\/www.instagram.com\/karelia_kielituettush\">https:\/\/www.instagram.com\/karelia_kielituettush<\/a><\/p>\n\n\n\n<figure class=\"wp-block-image size-full\"><img decoding=\"async\" src=\"https:\/\/hankkeet.karelia.fi\/sairaanhoitajaksi-pohjois-karjalaan\/wp-content\/uploads\/sites\/51\/2026\/03\/kk3ja4.png\" alt class=\"wp-image-81540\"><\/figure>\n\n\n\n<p><\/p>\n","protected":false},"excerpt":{"rendered":"<p>Sairaan\u00adhoita\u00adjak\u00adsi Pohjois-Kar\u00ad\u00adjalaan \u2014 han\u00adke toteu\u00adtuu ajal\u00adla 1.1.2024\u201331.12.2027, ja se toteutetaan Kare\u00adlia-ammat\u00adtiko\u00adrkeak\u00adoulun ja Siun soten tiivi\u00adin\u00e4 yhteisty\u00f6n\u00e4. Han\u00adket\u00adta rahoit\u00adtaa Euroopan sosi\u00adaali\u00adra\u00adhas\u00adto +.Han\u00adke etsii kokeil\u00ade\u00advan kehit\u00adt\u00e4misen kaut\u00adta ratkaisu\u00adja Pohjois-Kar\u00ad\u00adjalan kas\u00advavaan osaa\u00adjapu\u00adlaan, edis\u00adt\u00e4\u00e4 alueen kan\u00adsain\u00adv\u00e4listymist\u00e4 ja nopeut\u00adtaa ulko\u00admaalais\u00adtaus\u00adtais\u00adten koulu\u00ad\u00adtus- ja ty\u00f6l\u00adlistymis\u00adpolku\u00adja. Han\u00adkkeel\u00adla on kolme tavoitet\u00adta:1) Kehit\u00adt\u00e4\u00e4, mallintaa ja kokeil\u00adla uut\u00adta ty\u00f6\u00adnan\u00adta\u00adjal\u00e4ht\u00f6ist\u00e4 rekrytointi\u2011, toteut\u00ad\u00adtamis- ja ty\u00f6l\u00adlistymis\u00admall\u00adia sote-alal\u00adla2) Kehit\u00adt\u00e4\u00e4 vierask\u00adielisille [\u2026]<\/p>\n","protected":false},"author":0,"featured_media":17,"parent":0,"menu_order":0,"comment_status":"closed","ping_status":"closed","template":"","meta":{"inline_featured_image":false,"wp_typography_post_enhancements_disabled":false,"footnotes":""},"class_list":["post-20","page","type-page","status-publish","has-post-thumbnail","hentry"],"yoast_head":"<!-- This site is optimized with the Yoast SEO plugin v27.5 - https:\/\/yoast.com\/product\/yoast-seo-wordpress\/ -->\n<title>Sairaanhoitajaksi Pohjois-Karjalaan - Sairaanhoitajaksi Pohjois-Karjalaan<\/title>\n<meta name=\"robots\" content=\"index, follow, max-snippet:-1, max-image-preview:large, max-video-preview:-1\" \/>\n<link rel=\"canonical\" href=\"https:\/\/hankkeet.karelia.fi\/sairaanhoitajaksi-pohjois-karjalaan\/\" \/>\n<meta property=\"og:locale\" content=\"fi_FI\" \/>\n<meta property=\"og:type\" content=\"article\" \/>\n<meta property=\"og:title\" content=\"Sairaanhoitajaksi Pohjois-Karjalaan - Sairaanhoitajaksi Pohjois-Karjalaan\" \/>\n<meta property=\"og:description\" content=\"Sairaan\u00adhoita\u00adjak\u00adsi Pohjois-Kar\u00adjalaan \u2014 han\u00adke toteu\u00adtuu ajal\u00adla 1.1.2024\u201331.12.2027, ja se toteutetaan Kare\u00adlia-ammat\u00adtiko\u00adrkeak\u00adoulun ja Siun soten tiivi\u00adin\u00e4 yhteisty\u00f6n\u00e4. Han\u00adket\u00adta rahoit\u00adtaa Euroopan sosi\u00adaali\u00adra\u00adhas\u00adto +.Han\u00adke etsii kokeil\u00ade\u00advan kehit\u00adt\u00e4misen kaut\u00adta ratkaisu\u00adja Pohjois-Kar\u00adjalan kas\u00advavaan osaa\u00adjapu\u00adlaan, edis\u00adt\u00e4\u00e4 alueen kan\u00adsain\u00adv\u00e4listymist\u00e4 ja nopeut\u00adtaa ulko\u00admaalais\u00adtaus\u00adtais\u00adten koulu\u00adtus- ja ty\u00f6l\u00adlistymis\u00adpolku\u00adja. Han\u00adkkeel\u00adla on kolme tavoitet\u00adta:1) Kehit\u00adt\u00e4\u00e4, mallintaa ja kokeil\u00adla uut\u00adta ty\u00f6\u00adnan\u00adta\u00adjal\u00e4ht\u00f6ist\u00e4 rekrytointi\u2011, toteut\u00adtamis- ja ty\u00f6l\u00adlistymis\u00admall\u00adia sote-alal\u00adla2) Kehit\u00adt\u00e4\u00e4 vierask\u00adielisille [&hellip;]\" \/>\n<meta property=\"og:url\" content=\"https:\/\/hankkeet.karelia.fi\/sairaanhoitajaksi-pohjois-karjalaan\/\" \/>\n<meta property=\"og:site_name\" content=\"Sairaanhoitajaksi Pohjois-Karjalaan\" \/>\n<meta name=\"twitter:card\" content=\"summary_large_image\" \/>\n<meta name=\"twitter:label1\" content=\"Arvioitu lukuaika\" \/>\n\t<meta name=\"twitter:data1\" content=\"1 minuutti\" \/>\n<script type=\"application\/ld+json\" class=\"yoast-schema-graph\">{\"@context\":\"https:\\\/\\\/schema.org\",\"@graph\":[{\"@type\":\"WebPage\",\"@id\":\"https:\\\/\\\/hankkeet.karelia.fi\\\/sairaanhoitajaksi-pohjois-karjalaan\\\/\",\"url\":\"https:\\\/\\\/hankkeet.karelia.fi\\\/sairaanhoitajaksi-pohjois-karjalaan\\\/\",\"name\":\"Sairaanhoitajaksi Pohjois-Karjalaan - Sairaanhoitajaksi Pohjois-Karjalaan\",\"isPartOf\":{\"@id\":\"https:\\\/\\\/hankkeet.karelia.fi\\\/sairaanhoitajaksi-pohjois-karjalaan\\\/#website\"},\"primaryImageOfPage\":{\"@id\":\"https:\\\/\\\/hankkeet.karelia.fi\\\/sairaanhoitajaksi-pohjois-karjalaan\\\/#primaryimage\"},\"image\":{\"@id\":\"https:\\\/\\\/hankkeet.karelia.fi\\\/sairaanhoitajaksi-pohjois-karjalaan\\\/#primaryimage\"},\"thumbnailUrl\":\"https:\\\/\\\/hankkeet.karelia.fi\\\/sairaanhoitajaksi-pohjois-karjalaan\\\/wp-content\\\/uploads\\\/sites\\\/51\\\/2026\\\/03\\\/innovative-nurse2.jpg\",\"datePublished\":\"2026-03-17T11:20:23+00:00\",\"breadcrumb\":{\"@id\":\"https:\\\/\\\/hankkeet.karelia.fi\\\/sairaanhoitajaksi-pohjois-karjalaan\\\/#breadcrumb\"},\"inLanguage\":\"fi\",\"potentialAction\":[{\"@type\":\"ReadAction\",\"target\":[\"https:\\\/\\\/hankkeet.karelia.fi\\\/sairaanhoitajaksi-pohjois-karjalaan\\\/\"]}]},{\"@type\":\"ImageObject\",\"inLanguage\":\"fi\",\"@id\":\"https:\\\/\\\/hankkeet.karelia.fi\\\/sairaanhoitajaksi-pohjois-karjalaan\\\/#primaryimage\",\"url\":\"https:\\\/\\\/hankkeet.karelia.fi\\\/sairaanhoitajaksi-pohjois-karjalaan\\\/wp-content\\\/uploads\\\/sites\\\/51\\\/2026\\\/03\\\/innovative-nurse2.jpg\",\"contentUrl\":\"https:\\\/\\\/hankkeet.karelia.fi\\\/sairaanhoitajaksi-pohjois-karjalaan\\\/wp-content\\\/uploads\\\/sites\\\/51\\\/2026\\\/03\\\/innovative-nurse2.jpg\",\"width\":562,\"height\":350},{\"@type\":\"BreadcrumbList\",\"@id\":\"https:\\\/\\\/hankkeet.karelia.fi\\\/sairaanhoitajaksi-pohjois-karjalaan\\\/#breadcrumb\",\"itemListElement\":[{\"@type\":\"ListItem\",\"position\":1,\"name\":\"Home\",\"item\":\"https:\\\/\\\/hankkeet.karelia.fi\\\/sairaanhoitajaksi-pohjois-karjalaan\\\/sairaanhoitajaksi-pohjois-karjalaan\\\/\"},{\"@type\":\"ListItem\",\"position\":2,\"name\":\"Sairaanhoitajaksi Pohjois-Karjalaan\"}]},{\"@type\":\"WebSite\",\"@id\":\"https:\\\/\\\/hankkeet.karelia.fi\\\/sairaanhoitajaksi-pohjois-karjalaan\\\/#website\",\"url\":\"https:\\\/\\\/hankkeet.karelia.fi\\\/sairaanhoitajaksi-pohjois-karjalaan\\\/\",\"name\":\"Sairaanhoitajaksi Pohjois-Karjalaan\",\"description\":\"\",\"publisher\":{\"@id\":\"https:\\\/\\\/hankkeet.karelia.fi\\\/sairaanhoitajaksi-pohjois-karjalaan\\\/#organization\"},\"potentialAction\":[{\"@type\":\"SearchAction\",\"target\":{\"@type\":\"EntryPoint\",\"urlTemplate\":\"https:\\\/\\\/hankkeet.karelia.fi\\\/sairaanhoitajaksi-pohjois-karjalaan\\\/?s={search_term_string}\"},\"query-input\":{\"@type\":\"PropertyValueSpecification\",\"valueRequired\":true,\"valueName\":\"search_term_string\"}}],\"inLanguage\":\"fi\"},{\"@type\":\"Organization\",\"@id\":\"https:\\\/\\\/hankkeet.karelia.fi\\\/sairaanhoitajaksi-pohjois-karjalaan\\\/#organization\",\"name\":\"Sairaanhoitajaksi Pohjois-Karjalaan\",\"url\":\"https:\\\/\\\/hankkeet.karelia.fi\\\/sairaanhoitajaksi-pohjois-karjalaan\\\/\",\"logo\":{\"@type\":\"ImageObject\",\"inLanguage\":\"fi\",\"@id\":\"https:\\\/\\\/hankkeet.karelia.fi\\\/sairaanhoitajaksi-pohjois-karjalaan\\\/#\\\/schema\\\/logo\\\/image\\\/\",\"url\":\"https:\\\/\\\/hankkeet.karelia.fi\\\/sairaanhoitajaksi-pohjois-karjalaan\\\/wp-content\\\/uploads\\\/sites\\\/51\\\/2026\\\/03\\\/cropped-cropped-Karelia_AMK_logo_RGB-1.png\",\"contentUrl\":\"https:\\\/\\\/hankkeet.karelia.fi\\\/sairaanhoitajaksi-pohjois-karjalaan\\\/wp-content\\\/uploads\\\/sites\\\/51\\\/2026\\\/03\\\/cropped-cropped-Karelia_AMK_logo_RGB-1.png\",\"width\":427,\"height\":116,\"caption\":\"Sairaanhoitajaksi Pohjois-Karjalaan\"},\"image\":{\"@id\":\"https:\\\/\\\/hankkeet.karelia.fi\\\/sairaanhoitajaksi-pohjois-karjalaan\\\/#\\\/schema\\\/logo\\\/image\\\/\"}}]}<\/script>\n<!-- \/ Yoast SEO plugin. -->","yoast_head_json":{"title":"Sairaanhoitajaksi Pohjois-Karjalaan - Sairaanhoitajaksi Pohjois-Karjalaan","robots":{"index":"index","follow":"follow","max-snippet":"max-snippet:-1","max-image-preview":"max-image-preview:large","max-video-preview":"max-video-preview:-1"},"canonical":"https:\/\/hankkeet.karelia.fi\/sairaanhoitajaksi-pohjois-karjalaan\/","og_locale":"fi_FI","og_type":"article","og_title":"Sairaanhoitajaksi Pohjois-Karjalaan - Sairaanhoitajaksi Pohjois-Karjalaan","og_description":"Sairaan\u00adhoita\u00adjak\u00adsi Pohjois-Kar\u00adjalaan \u2014 han\u00adke toteu\u00adtuu ajal\u00adla 1.1.2024\u201331.12.2027, ja se toteutetaan Kare\u00adlia-ammat\u00adtiko\u00adrkeak\u00adoulun ja Siun soten tiivi\u00adin\u00e4 yhteisty\u00f6n\u00e4. Han\u00adket\u00adta rahoit\u00adtaa Euroopan sosi\u00adaali\u00adra\u00adhas\u00adto +.Han\u00adke etsii kokeil\u00ade\u00advan kehit\u00adt\u00e4misen kaut\u00adta ratkaisu\u00adja Pohjois-Kar\u00adjalan kas\u00advavaan osaa\u00adjapu\u00adlaan, edis\u00adt\u00e4\u00e4 alueen kan\u00adsain\u00adv\u00e4listymist\u00e4 ja nopeut\u00adtaa ulko\u00admaalais\u00adtaus\u00adtais\u00adten koulu\u00adtus- ja ty\u00f6l\u00adlistymis\u00adpolku\u00adja. Han\u00adkkeel\u00adla on kolme tavoitet\u00adta:1) Kehit\u00adt\u00e4\u00e4, mallintaa ja kokeil\u00adla uut\u00adta ty\u00f6\u00adnan\u00adta\u00adjal\u00e4ht\u00f6ist\u00e4 rekrytointi\u2011, toteut\u00adtamis- ja ty\u00f6l\u00adlistymis\u00admall\u00adia sote-alal\u00adla2) Kehit\u00adt\u00e4\u00e4 vierask\u00adielisille [&hellip;]","og_url":"https:\/\/hankkeet.karelia.fi\/sairaanhoitajaksi-pohjois-karjalaan\/","og_site_name":"Sairaanhoitajaksi Pohjois-Karjalaan","twitter_card":"summary_large_image","twitter_misc":{"Arvioitu lukuaika":"1 minuutti"},"schema":{"@context":"https:\/\/schema.org","@graph":[{"@type":"WebPage","@id":"https:\/\/hankkeet.karelia.fi\/sairaanhoitajaksi-pohjois-karjalaan\/","url":"https:\/\/hankkeet.karelia.fi\/sairaanhoitajaksi-pohjois-karjalaan\/","name":"Sairaanhoitajaksi Pohjois-Karjalaan - Sairaanhoitajaksi Pohjois-Karjalaan","isPartOf":{"@id":"https:\/\/hankkeet.karelia.fi\/sairaanhoitajaksi-pohjois-karjalaan\/#website"},"primaryImageOfPage":{"@id":"https:\/\/hankkeet.karelia.fi\/sairaanhoitajaksi-pohjois-karjalaan\/#primaryimage"},"image":{"@id":"https:\/\/hankkeet.karelia.fi\/sairaanhoitajaksi-pohjois-karjalaan\/#primaryimage"},"thumbnailUrl":"https:\/\/hankkeet.karelia.fi\/sairaanhoitajaksi-pohjois-karjalaan\/wp-content\/uploads\/sites\/51\/2026\/03\/innovative-nurse2.jpg","datePublished":"2026-03-17T11:20:23+00:00","breadcrumb":{"@id":"https:\/\/hankkeet.karelia.fi\/sairaanhoitajaksi-pohjois-karjalaan\/#breadcrumb"},"inLanguage":"fi","potentialAction":[{"@type":"ReadAction","target":["https:\/\/hankkeet.karelia.fi\/sairaanhoitajaksi-pohjois-karjalaan\/"]}]},{"@type":"ImageObject","inLanguage":"fi","@id":"https:\/\/hankkeet.karelia.fi\/sairaanhoitajaksi-pohjois-karjalaan\/#primaryimage","url":"https:\/\/hankkeet.karelia.fi\/sairaanhoitajaksi-pohjois-karjalaan\/wp-content\/uploads\/sites\/51\/2026\/03\/innovative-nurse2.jpg","contentUrl":"https:\/\/hankkeet.karelia.fi\/sairaanhoitajaksi-pohjois-karjalaan\/wp-content\/uploads\/sites\/51\/2026\/03\/innovative-nurse2.jpg","width":562,"height":350},{"@type":"BreadcrumbList","@id":"https:\/\/hankkeet.karelia.fi\/sairaanhoitajaksi-pohjois-karjalaan\/#breadcrumb","itemListElement":[{"@type":"ListItem","position":1,"name":"Home","item":"https:\/\/hankkeet.karelia.fi\/sairaanhoitajaksi-pohjois-karjalaan\/sairaanhoitajaksi-pohjois-karjalaan\/"},{"@type":"ListItem","position":2,"name":"Sairaanhoitajaksi Pohjois-Karjalaan"}]},{"@type":"WebSite","@id":"https:\/\/hankkeet.karelia.fi\/sairaanhoitajaksi-pohjois-karjalaan\/#website","url":"https:\/\/hankkeet.karelia.fi\/sairaanhoitajaksi-pohjois-karjalaan\/","name":"Sairaanhoitajaksi Pohjois-Karjalaan","description":"","publisher":{"@id":"https:\/\/hankkeet.karelia.fi\/sairaanhoitajaksi-pohjois-karjalaan\/#organization"},"potentialAction":[{"@type":"SearchAction","target":{"@type":"EntryPoint","urlTemplate":"https:\/\/hankkeet.karelia.fi\/sairaanhoitajaksi-pohjois-karjalaan\/?s={search_term_string}"},"query-input":{"@type":"PropertyValueSpecification","valueRequired":true,"valueName":"search_term_string"}}],"inLanguage":"fi"},{"@type":"Organization","@id":"https:\/\/hankkeet.karelia.fi\/sairaanhoitajaksi-pohjois-karjalaan\/#organization","name":"Sairaanhoitajaksi Pohjois-Karjalaan","url":"https:\/\/hankkeet.karelia.fi\/sairaanhoitajaksi-pohjois-karjalaan\/","logo":{"@type":"ImageObject","inLanguage":"fi","@id":"https:\/\/hankkeet.karelia.fi\/sairaanhoitajaksi-pohjois-karjalaan\/#\/schema\/logo\/image\/","url":"https:\/\/hankkeet.karelia.fi\/sairaanhoitajaksi-pohjois-karjalaan\/wp-content\/uploads\/sites\/51\/2026\/03\/cropped-cropped-Karelia_AMK_logo_RGB-1.png","contentUrl":"https:\/\/hankkeet.karelia.fi\/sairaanhoitajaksi-pohjois-karjalaan\/wp-content\/uploads\/sites\/51\/2026\/03\/cropped-cropped-Karelia_AMK_logo_RGB-1.png","width":427,"height":116,"caption":"Sairaanhoitajaksi Pohjois-Karjalaan"},"image":{"@id":"https:\/\/hankkeet.karelia.fi\/sairaanhoitajaksi-pohjois-karjalaan\/#\/schema\/logo\/image\/"}}]}},"_links":{"self":[{"href":"https:\/\/hankkeet.karelia.fi\/sairaanhoitajaksi-pohjois-karjalaan\/wp-json\/wp\/v2\/pages\/20","targetHints":{"allow":["GET"]}}],"collection":[{"href":"https:\/\/hankkeet.karelia.fi\/sairaanhoitajaksi-pohjois-karjalaan\/wp-json\/wp\/v2\/pages"}],"about":[{"href":"https:\/\/hankkeet.karelia.fi\/sairaanhoitajaksi-pohjois-karjalaan\/wp-json\/wp\/v2\/types\/page"}],"replies":[{"embeddable":true,"href":"https:\/\/hankkeet.karelia.fi\/sairaanhoitajaksi-pohjois-karjalaan\/wp-json\/wp\/v2\/comments?post=20"}],"version-history":[{"count":0,"href":"https:\/\/hankkeet.karelia.fi\/sairaanhoitajaksi-pohjois-karjalaan\/wp-json\/wp\/v2\/pages\/20\/revisions"}],"wp:featuredmedia":[{"embeddable":true,"href":"https:\/\/hankkeet.karelia.fi\/sairaanhoitajaksi-pohjois-karjalaan\/wp-json\/wp\/v2\/media\/17"}],"wp:attachment":[{"href":"https:\/\/hankkeet.karelia.fi\/sairaanhoitajaksi-pohjois-karjalaan\/wp-json\/wp\/v2\/media?parent=20"}],"curies":[{"name":"wp","href":"https:\/\/api.w.org\/{rel}","templated":true}]}}