{"id":23,"date":"2026-03-17T15:40:21","date_gmt":"2026-03-17T13:40:21","guid":{"rendered":"https:\/\/hankkeet.karelia.fi\/talent-hub-eastern-finland\/talent-hub-eastern-finland\/"},"modified":"2026-04-28T15:19:41","modified_gmt":"2026-04-28T12:19:41","slug":"talent-hub-eastern-finland","status":"publish","type":"page","link":"https:\/\/hankkeet.karelia.fi\/talent-hub-eastern-finland\/","title":{"rendered":"Talent Hub Eastern Finland"},"content":{"rendered":"\n<figure class=\"wp-block-image size-full is-resized\"><img decoding=\"async\" src=\"https:\/\/hankkeet.karelia.fi\/talent-hub-eastern-finland\/wp-content\/uploads\/sites\/69\/2026\/03\/talenthub.png\" alt class=\"wp-image-81515\" style=\"width:795px;height:auto\"><\/figure>\n\n\n\n<p><a href=\"https:\/\/www.karelia.fi\/en\/talent-hub-eastern-finland-eng\/\"><strong>Are you look\u00ading for an Eng\u00adlish project page?<\/strong><\/a><\/p>\n\n\n\n<p>Tal\u00adent Hub East\u00adern Fin\u00adland on ESR+ rahoitet\u00adtu ryh\u00adm\u00e4hanke, jota toteutetaan kuu\u00adden oppi\u00adlaitok\u00adsen yhteisty\u00f6n\u00e4 eri koulu\u00adtusasteil\u00adta Pohjois-Kar\u00adjalan ja Pohjois-Savon alueil\u00adla. Han\u00adkkeeseen osal\u00adlis\u00adtu\u00advat Kare\u00adlia-ammat\u00adtiko\u00adrkeak\u00adoulun lis\u00e4k\u00adsi <a href=\"https:\/\/uefconnect.uef.fi\/talent-hub-eastern-finland\/\">It\u00e4-Suomen yliopis\u00adto<\/a>, <a href=\"https:\/\/talenthubeasternfinland.savonia.fi\/\">Savo\u00adnia-ammat\u00adtiko\u00adrkeak\u00adoulu<\/a>, <a href=\"https:\/\/riveria.fi\/riveria\/kansainvalisyys\/talent-hub-eastern-finland\/\">Pohjois-Kar\u00adjalan koulu\u00adtuskun\u00adtay\u00adhtym\u00e4 Rive\u00adria<\/a>, <a href=\"https:\/\/sakky.fi\/fi\/talent-hub-eastern-finland-savon-ammattiopisto\">Savon ammat\u00adtiopis\u00adto<\/a> ja <a href=\"https:\/\/ysao.fi\/2023\/12\/22\/talent-hub-eastern-finland\/\">Yl\u00e4-Savon ammat\u00adtiopis\u00adto<\/a>.<\/p>\n\n\n\n<p>Oppi\u00adlaitosten yhteisen\u00e4 tavoit\u00adteena on lis\u00e4t\u00e4 kan\u00adsain\u00adv\u00e4lis\u00adten opiske\u00adli\u00adjoiden ty\u00f6l\u00adlistymist\u00e4 alueel\u00adla valmis\u00adtu\u00admisen j\u00e4l\u00adkeen eri\u00adtyis\u00ades\u00adti ty\u00f6voima\u00adpu\u00adlas\u00adta k\u00e4r\u00adsiville aloille. Yrit\u00adt\u00e4jyys on yksi mah\u00addol\u00adli\u00adsista ty\u00f6l\u00adlistymisen keinoista. Han\u00adkkeessa on nelj\u00e4 ty\u00f6\u00adpaket\u00adtia, joi\u00adta oppi\u00adlaitok\u00adset toteut\u00adta\u00advat omis\u00adsa osa\u00adhankkeis\u00adsaan tehden oppi\u00adlaitosten v\u00e4list\u00e4 yhteisty\u00f6t\u00e4.<\/p>\n\n\n\n<p>Tal\u00adent Hub East\u00adern Fin\u00adland \u2011han\u00adkkeessa on tuotet\u00adtu ratkaisu\u00adja, jot\u00adka edis\u00adt\u00e4v\u00e4t kan\u00adsain\u00adv\u00e4list\u00e4 opiske\u00adli\u00adjaa kehit\u00adt\u00e4m\u00e4\u00e4n ty\u00f6l\u00adlistymisen kannal\u00adta merkit\u00adt\u00e4v\u00e4\u00e4 osaamis\u00adtaan. Tar\u00adjol\u00adla on my\u00f6s yri\u00adtyk\u00adsille suun\u00adnat\u00adtu\u00adja toim\u00adinta\u00admalle\u00adja, jot\u00adka aut\u00adta\u00advat yri\u00adtyk\u00adsi\u00e4 tun\u00adnista\u00admaan kan\u00adsain\u00adv\u00e4liset opiske\u00adli\u00adjat mah\u00addol\u00adlise\u00adna ty\u00f6voimana sek\u00e4 vahvis\u00adta\u00admaan verkos\u00adto\u00adja korkeak\u00adouluy\u00adhteis\u00f6n kanssa<\/p>\n\n\n\n<p>Kare\u00adlia-ammat\u00adtiko\u00adrkeak\u00adoulun toimen\u00adpiteet han\u00adkkeessa edis\u00adt\u00e4v\u00e4t Kare\u00adlian strate\u00adgiaan kir\u00adjat\u00adtua pain\u00adopis\u00adtet\u00adt\u00e4 \u201cKoulu\u00adtus\u00adper\u00e4ist\u00e4 maa\u00adhan\u00admuut\u00adtoa\u201d sek\u00e4 ty\u00f6- ja elinkeino\u00admin\u00adis\u00adter\u00adi\u00f6n yhdess\u00e4 ope\u00adtus- ja kult\u00adtuuri\u00adm\u00adin\u00adis\u00adter\u00adi\u00f6n koordi\u00adnoimaa Tal\u00adent Boost \u2011ohjel\u00admaa.<\/p>\n\n\n\n<p>Han\u00adkkeen toteu\u00adtu\u00adsai\u00adka Kare\u00adlia-ammat\u00adtiko\u00adrkeak\u00adoulus\u00adsa on 1.10.2023\u201331.12.2027.<\/p>\n\n\n\n<div class=\"wp-block-group is-nowrap is-layout-flex wp-container-core-group-is-layout-6c531013 wp-block-group-is-layout-flex\">\n<div class=\"wp-block-buttons is-layout-flex wp-block-buttons-is-layout-flex\">\n<div class=\"wp-block-button is-style-outline is-style-outline--1\"><a class=\"wp-block-button__link wp-element-button\" href=\"https:\/\/www.karelia.fi\/talent-hub-yrityksille\/\">Palve\u00adlut yri\u00adtyk\u00adsille<\/a><\/div>\n<\/div>\n<\/div>\n\n\n\n<p><strong>Yhteystiedot:<\/strong><\/p>\n\n\n\n<p class=\"has-black-color has-text-color\"><strong>San\u00adna Jeska\u00adnen<br><\/strong>Pro\u00adjek\u00adtip\u00e4\u00e4l\u00adlikk\u00f6<br><a href=\"mailto:sanna.jeskanen@karelia.fi\">sanna.jeskanen@karelia.fi<\/a><br>050 462 2478<\/p>\n\n\n\n<p>Vas\u00adtu\u00adualue: kokon\u00adais\u00advas\u00adtuu han\u00adkkeesta, hallinnol\u00adliset asi\u00adat, tiedol\u00adla joht\u00ada\u00admi\u00adnen, viestin\u00adt\u00e4 ja asen\u00adneilmapi\u00adiri\u00adin vaikut\u00adta\u00admi\u00adnen<\/p>\n\n\n\n<p><strong>Paa\u00advo Raap\u00adpana<\/strong><br>Pro\u00adjek\u00adti\u00adasiantun\u00adti\u00adja<br><a href=\"mailto:paavo.raappana@karelia.fi\">paavo.raappana@karelia.fi<\/a> <br>050 465 9027<\/p>\n\n\n\n<p>Vas\u00adtu\u00adualue: yri\u00adtys- ja opiske\u00adli\u00adjay\u00adhteisty\u00f6, osap\u00e4iv\u00e4- ja kes\u00e4\u00adty\u00f6t<\/p>\n\n\n\n<p><strong>Aino Korho\u00adnen<\/strong><br>Pro\u00adjek\u00adti\u00adasiantun\u00adti\u00adja<br><a href=\"mailto:aino.korhonen@karelia.fi\">aino.korhonen@karelia.fi<\/a><br>050 477 6450<br><br>Vas\u00adtu\u00adualue: yri\u00adtys- ja opiske\u00adli\u00adjay\u00adhteisty\u00f6<\/p>\n\n\n\n<p><strong>Olli Hatak\u00adka<\/strong><br>Pro\u00adjek\u00adti\u00adasiantun\u00adti\u00adja<br>olli.hatakka@karelia.fi <br>013 260 6299<\/p>\n\n\n\n<p>Vas\u00adtu\u00adualue: yrit\u00adt\u00e4jyys<\/p>\n\n\n\n<p><strong>Daniel B\u00e5ge\u00adberg<\/strong><br>Pro\u00adjek\u00adti\u00adasiantun\u00adti\u00adja<br><a href=\"mailto:daniel.b\u00e5geberg@karelia.fi\">daniel.b\u00e5geberg@karelia.fi<\/a>  <br>013 260 6164<\/p>\n\n\n\n<p>Vas\u00adtu\u00adualue: yrit\u00adt\u00e4jyys<\/p>\n\n\n\n<p><strong>Outi San\u00adtanie\u00admi<\/strong><br>Pro\u00adjek\u00adtiko\u00ador\u00addi\u00adnaat\u00adtori<br><a href=\"mailto:outi.santaniemi@karelia.fi\">outi.santaniemi@karelia.fi<\/a>  <br>050 599 9145<\/p>\n\n\n\n<p>Vas\u00adtu\u00adualue: alum\u00adni\u00adtoimin\u00adnan kehit\u00adt\u00e4mi\u00adnen<\/p>\n\n\n\n<p><\/p>\n\n\n\n<p><\/p>\n\n\n\n<div class=\"wp-block-columns is-layout-flex wp-container-core-columns-is-layout-28f84493 wp-block-columns-is-layout-flex\">\n<div class=\"wp-block-column is-layout-flow wp-block-column-is-layout-flow\">\n<figure class=\"wp-block-image size-large\"><img decoding=\"async\" src=\"https:\/\/hankkeet.karelia.fi\/talent-hub-eastern-finland\/wp-content\/uploads\/sites\/69\/2026\/03\/Talent_Hub_Logo_Vaaka_Musta-1024x193-1.jpg\" alt class=\"wp-image-66240\"><\/figure>\n<\/div>\n\n\n\n<div class=\"wp-block-column is-layout-flow wp-block-column-is-layout-flow\">\n<figure class=\"wp-block-image size-large\"><img decoding=\"async\" src=\"https:\/\/hankkeet.karelia.fi\/talent-hub-eastern-finland\/wp-content\/uploads\/sites\/69\/2026\/03\/FI-Euroopan-unionin-osarahoittama_POS-1024x215-1.jpg\" alt class=\"wp-image-66241\"><\/figure>\n<\/div>\n<\/div>\n\n\n\n<figure class=\"wp-block-image size-large\"><img decoding=\"async\" src=\"https:\/\/hankkeet.karelia.fi\/talent-hub-eastern-finland\/wp-content\/uploads\/sites\/69\/2026\/03\/image-2-1024x130-1.png\" alt class=\"wp-image-66242\"><\/figure>\n\n\n\n<figure class=\"wp-block-image size-full\"><img decoding=\"async\" src=\"https:\/\/hankkeet.karelia.fi\/talent-hub-eastern-finland\/wp-content\/uploads\/sites\/69\/2026\/03\/kk8_palkki.png\" alt class=\"wp-image-81517\"><\/figure>\n","protected":false},"excerpt":{"rendered":"<p>Are you look\u00ading for an Eng\u00adlish project page? Tal\u00adent Hub East\u00adern Fin\u00adland on ESR+ rahoitet\u00adtu ryh\u00adm\u00e4hanke, jota toteutetaan kuu\u00adden oppi\u00adlaitok\u00adsen yhteisty\u00f6n\u00e4 eri koulu\u00adtusasteil\u00adta Pohjois-Kar\u00ad\u00adjalan ja Pohjois-Savon alueil\u00adla. Han\u00adkkeeseen osal\u00adlis\u00adtu\u00advat Kare\u00adlia-ammat\u00adtiko\u00adrkeak\u00adoulun lis\u00e4k\u00adsi It\u00e4-Suomen yliopis\u00adto, Savo\u00ad\u00adnia-ammat\u00adtiko\u00adrkeak\u00adoulu, Pohjois-Kar\u00ad\u00adjalan koulu\u00adtuskun\u00adtay\u00adhtym\u00e4 Rive\u00adria, Savon ammat\u00adtiopis\u00adto ja Yl\u00e4-Savon ammat\u00adtiopis\u00adto. Oppi\u00adlaitosten yhteisen\u00e4 tavoit\u00adteena on lis\u00e4t\u00e4 kan\u00adsain\u00adv\u00e4lis\u00adten opiske\u00adli\u00adjoiden ty\u00f6l\u00adlistymist\u00e4 alueel\u00adla valmis\u00adtu\u00admisen j\u00e4l\u00adkeen eri\u00adtyis\u00ades\u00adti ty\u00f6voima\u00adpu\u00adlas\u00adta [\u2026]<\/p>\n","protected":false},"author":10,"featured_media":17,"parent":0,"menu_order":0,"comment_status":"closed","ping_status":"closed","template":"","meta":{"inline_featured_image":false,"wp_typography_post_enhancements_disabled":false,"footnotes":""},"class_list":["post-23","page","type-page","status-publish","has-post-thumbnail","hentry"],"yoast_head":"<!-- This site is optimized with the Yoast SEO plugin v27.5 - https:\/\/yoast.com\/product\/yoast-seo-wordpress\/ -->\n<title>Talent Hub Eastern Finland - Talent Hub Eastern Finland<\/title>\n<meta name=\"robots\" content=\"index, follow, max-snippet:-1, max-image-preview:large, max-video-preview:-1\" \/>\n<link rel=\"canonical\" href=\"https:\/\/hankkeet.karelia.fi\/talent-hub-eastern-finland\/\" \/>\n<meta property=\"og:locale\" content=\"fi_FI\" \/>\n<meta property=\"og:type\" content=\"article\" \/>\n<meta property=\"og:title\" content=\"Talent Hub Eastern Finland - Talent Hub Eastern Finland\" \/>\n<meta property=\"og:description\" content=\"Are you look\u00ading for an Eng\u00adlish project page? Tal\u00adent Hub East\u00adern Fin\u00adland on ESR+ rahoitet\u00adtu ryh\u00adm\u00e4hanke, jota toteutetaan kuu\u00adden oppi\u00adlaitok\u00adsen yhteisty\u00f6n\u00e4 eri koulu\u00adtusasteil\u00adta Pohjois-Kar\u00adjalan ja Pohjois-Savon alueil\u00adla. Han\u00adkkeeseen osal\u00adlis\u00adtu\u00advat Kare\u00adlia-ammat\u00adtiko\u00adrkeak\u00adoulun lis\u00e4k\u00adsi It\u00e4-Suomen yliopis\u00adto, Savo\u00adnia-ammat\u00adtiko\u00adrkeak\u00adoulu, Pohjois-Kar\u00adjalan koulu\u00adtuskun\u00adtay\u00adhtym\u00e4 Rive\u00adria, Savon ammat\u00adtiopis\u00adto ja Yl\u00e4-Savon ammat\u00adtiopis\u00adto. Oppi\u00adlaitosten yhteisen\u00e4 tavoit\u00adteena on lis\u00e4t\u00e4 kan\u00adsain\u00adv\u00e4lis\u00adten opiske\u00adli\u00adjoiden ty\u00f6l\u00adlistymist\u00e4 alueel\u00adla valmis\u00adtu\u00admisen j\u00e4l\u00adkeen eri\u00adtyis\u00ades\u00adti ty\u00f6voima\u00adpu\u00adlas\u00adta [&hellip;]\" \/>\n<meta property=\"og:url\" content=\"https:\/\/hankkeet.karelia.fi\/talent-hub-eastern-finland\/\" \/>\n<meta property=\"og:site_name\" content=\"Talent Hub Eastern Finland\" \/>\n<meta property=\"article:modified_time\" content=\"2026-04-28T12:19:41+00:00\" \/>\n<meta property=\"og:image\" content=\"https:\/\/hankkeet.karelia.fi\/talent-hub-eastern-finland\/wp-content\/uploads\/sites\/69\/2026\/03\/Talent_Hub_Grand_Opening_Ohjelma_Joensuu-1-scaled-1.jpg\" \/>\n\t<meta property=\"og:image:width\" content=\"2560\" \/>\n\t<meta property=\"og:image:height\" content=\"1207\" \/>\n\t<meta property=\"og:image:type\" content=\"image\/jpeg\" \/>\n<meta name=\"twitter:card\" content=\"summary_large_image\" \/>\n<meta name=\"twitter:label1\" content=\"Arvioitu lukuaika\" \/>\n\t<meta name=\"twitter:data1\" content=\"3 minuuttia\" \/>\n<script type=\"application\/ld+json\" class=\"yoast-schema-graph\">{\"@context\":\"https:\\\/\\\/schema.org\",\"@graph\":[{\"@type\":\"WebPage\",\"@id\":\"https:\\\/\\\/hankkeet.karelia.fi\\\/talent-hub-eastern-finland\\\/\",\"url\":\"https:\\\/\\\/hankkeet.karelia.fi\\\/talent-hub-eastern-finland\\\/\",\"name\":\"Talent Hub Eastern Finland - Talent Hub Eastern Finland\",\"isPartOf\":{\"@id\":\"https:\\\/\\\/hankkeet.karelia.fi\\\/talent-hub-eastern-finland\\\/#website\"},\"primaryImageOfPage\":{\"@id\":\"https:\\\/\\\/hankkeet.karelia.fi\\\/talent-hub-eastern-finland\\\/#primaryimage\"},\"image\":{\"@id\":\"https:\\\/\\\/hankkeet.karelia.fi\\\/talent-hub-eastern-finland\\\/#primaryimage\"},\"thumbnailUrl\":\"https:\\\/\\\/hankkeet.karelia.fi\\\/talent-hub-eastern-finland\\\/wp-content\\\/uploads\\\/sites\\\/69\\\/2026\\\/03\\\/Talent_Hub_Grand_Opening_Ohjelma_Joensuu-1-scaled-1.jpg\",\"datePublished\":\"2026-03-17T13:40:21+00:00\",\"dateModified\":\"2026-04-28T12:19:41+00:00\",\"breadcrumb\":{\"@id\":\"https:\\\/\\\/hankkeet.karelia.fi\\\/talent-hub-eastern-finland\\\/#breadcrumb\"},\"inLanguage\":\"fi\",\"potentialAction\":[{\"@type\":\"ReadAction\",\"target\":[\"https:\\\/\\\/hankkeet.karelia.fi\\\/talent-hub-eastern-finland\\\/\"]}]},{\"@type\":\"ImageObject\",\"inLanguage\":\"fi\",\"@id\":\"https:\\\/\\\/hankkeet.karelia.fi\\\/talent-hub-eastern-finland\\\/#primaryimage\",\"url\":\"https:\\\/\\\/hankkeet.karelia.fi\\\/talent-hub-eastern-finland\\\/wp-content\\\/uploads\\\/sites\\\/69\\\/2026\\\/03\\\/Talent_Hub_Grand_Opening_Ohjelma_Joensuu-1-scaled-1.jpg\",\"contentUrl\":\"https:\\\/\\\/hankkeet.karelia.fi\\\/talent-hub-eastern-finland\\\/wp-content\\\/uploads\\\/sites\\\/69\\\/2026\\\/03\\\/Talent_Hub_Grand_Opening_Ohjelma_Joensuu-1-scaled-1.jpg\",\"width\":2560,\"height\":1207},{\"@type\":\"BreadcrumbList\",\"@id\":\"https:\\\/\\\/hankkeet.karelia.fi\\\/talent-hub-eastern-finland\\\/#breadcrumb\",\"itemListElement\":[{\"@type\":\"ListItem\",\"position\":1,\"name\":\"Home\",\"item\":\"https:\\\/\\\/hankkeet.karelia.fi\\\/talent-hub-eastern-finland\\\/\"},{\"@type\":\"ListItem\",\"position\":2,\"name\":\"Talent Hub Eastern Finland\"}]},{\"@type\":\"WebSite\",\"@id\":\"https:\\\/\\\/hankkeet.karelia.fi\\\/talent-hub-eastern-finland\\\/#website\",\"url\":\"https:\\\/\\\/hankkeet.karelia.fi\\\/talent-hub-eastern-finland\\\/\",\"name\":\"Talent Hub Eastern Finland\",\"description\":\"\",\"publisher\":{\"@id\":\"https:\\\/\\\/hankkeet.karelia.fi\\\/talent-hub-eastern-finland\\\/#organization\"},\"potentialAction\":[{\"@type\":\"SearchAction\",\"target\":{\"@type\":\"EntryPoint\",\"urlTemplate\":\"https:\\\/\\\/hankkeet.karelia.fi\\\/talent-hub-eastern-finland\\\/?s={search_term_string}\"},\"query-input\":{\"@type\":\"PropertyValueSpecification\",\"valueRequired\":true,\"valueName\":\"search_term_string\"}}],\"inLanguage\":\"fi\"},{\"@type\":\"Organization\",\"@id\":\"https:\\\/\\\/hankkeet.karelia.fi\\\/talent-hub-eastern-finland\\\/#organization\",\"name\":\"Talent Hub Eastern Finland\",\"url\":\"https:\\\/\\\/hankkeet.karelia.fi\\\/talent-hub-eastern-finland\\\/\",\"logo\":{\"@type\":\"ImageObject\",\"inLanguage\":\"fi\",\"@id\":\"https:\\\/\\\/hankkeet.karelia.fi\\\/talent-hub-eastern-finland\\\/#\\\/schema\\\/logo\\\/image\\\/\",\"url\":\"https:\\\/\\\/hankkeet.karelia.fi\\\/talent-hub-eastern-finland\\\/wp-content\\\/uploads\\\/sites\\\/69\\\/2026\\\/03\\\/cropped-cropped-Karelia_AMK_logo_RGB-1.png\",\"contentUrl\":\"https:\\\/\\\/hankkeet.karelia.fi\\\/talent-hub-eastern-finland\\\/wp-content\\\/uploads\\\/sites\\\/69\\\/2026\\\/03\\\/cropped-cropped-Karelia_AMK_logo_RGB-1.png\",\"width\":427,\"height\":116,\"caption\":\"Talent Hub Eastern Finland\"},\"image\":{\"@id\":\"https:\\\/\\\/hankkeet.karelia.fi\\\/talent-hub-eastern-finland\\\/#\\\/schema\\\/logo\\\/image\\\/\"}}]}<\/script>\n<!-- \/ Yoast SEO plugin. -->","yoast_head_json":{"title":"Talent Hub Eastern Finland - Talent Hub Eastern Finland","robots":{"index":"index","follow":"follow","max-snippet":"max-snippet:-1","max-image-preview":"max-image-preview:large","max-video-preview":"max-video-preview:-1"},"canonical":"https:\/\/hankkeet.karelia.fi\/talent-hub-eastern-finland\/","og_locale":"fi_FI","og_type":"article","og_title":"Talent Hub Eastern Finland - Talent Hub Eastern Finland","og_description":"Are you look\u00ading for an Eng\u00adlish project page? Tal\u00adent Hub East\u00adern Fin\u00adland on ESR+ rahoitet\u00adtu ryh\u00adm\u00e4hanke, jota toteutetaan kuu\u00adden oppi\u00adlaitok\u00adsen yhteisty\u00f6n\u00e4 eri koulu\u00adtusasteil\u00adta Pohjois-Kar\u00adjalan ja Pohjois-Savon alueil\u00adla. Han\u00adkkeeseen osal\u00adlis\u00adtu\u00advat Kare\u00adlia-ammat\u00adtiko\u00adrkeak\u00adoulun lis\u00e4k\u00adsi It\u00e4-Suomen yliopis\u00adto, Savo\u00adnia-ammat\u00adtiko\u00adrkeak\u00adoulu, Pohjois-Kar\u00adjalan koulu\u00adtuskun\u00adtay\u00adhtym\u00e4 Rive\u00adria, Savon ammat\u00adtiopis\u00adto ja Yl\u00e4-Savon ammat\u00adtiopis\u00adto. Oppi\u00adlaitosten yhteisen\u00e4 tavoit\u00adteena on lis\u00e4t\u00e4 kan\u00adsain\u00adv\u00e4lis\u00adten opiske\u00adli\u00adjoiden ty\u00f6l\u00adlistymist\u00e4 alueel\u00adla valmis\u00adtu\u00admisen j\u00e4l\u00adkeen eri\u00adtyis\u00ades\u00adti ty\u00f6voima\u00adpu\u00adlas\u00adta [&hellip;]","og_url":"https:\/\/hankkeet.karelia.fi\/talent-hub-eastern-finland\/","og_site_name":"Talent Hub Eastern Finland","article_modified_time":"2026-04-28T12:19:41+00:00","og_image":[{"width":2560,"height":1207,"url":"https:\/\/hankkeet.karelia.fi\/talent-hub-eastern-finland\/wp-content\/uploads\/sites\/69\/2026\/03\/Talent_Hub_Grand_Opening_Ohjelma_Joensuu-1-scaled-1.jpg","type":"image\/jpeg"}],"twitter_card":"summary_large_image","twitter_misc":{"Arvioitu lukuaika":"3 minuuttia"},"schema":{"@context":"https:\/\/schema.org","@graph":[{"@type":"WebPage","@id":"https:\/\/hankkeet.karelia.fi\/talent-hub-eastern-finland\/","url":"https:\/\/hankkeet.karelia.fi\/talent-hub-eastern-finland\/","name":"Talent Hub Eastern Finland - Talent Hub Eastern Finland","isPartOf":{"@id":"https:\/\/hankkeet.karelia.fi\/talent-hub-eastern-finland\/#website"},"primaryImageOfPage":{"@id":"https:\/\/hankkeet.karelia.fi\/talent-hub-eastern-finland\/#primaryimage"},"image":{"@id":"https:\/\/hankkeet.karelia.fi\/talent-hub-eastern-finland\/#primaryimage"},"thumbnailUrl":"https:\/\/hankkeet.karelia.fi\/talent-hub-eastern-finland\/wp-content\/uploads\/sites\/69\/2026\/03\/Talent_Hub_Grand_Opening_Ohjelma_Joensuu-1-scaled-1.jpg","datePublished":"2026-03-17T13:40:21+00:00","dateModified":"2026-04-28T12:19:41+00:00","breadcrumb":{"@id":"https:\/\/hankkeet.karelia.fi\/talent-hub-eastern-finland\/#breadcrumb"},"inLanguage":"fi","potentialAction":[{"@type":"ReadAction","target":["https:\/\/hankkeet.karelia.fi\/talent-hub-eastern-finland\/"]}]},{"@type":"ImageObject","inLanguage":"fi","@id":"https:\/\/hankkeet.karelia.fi\/talent-hub-eastern-finland\/#primaryimage","url":"https:\/\/hankkeet.karelia.fi\/talent-hub-eastern-finland\/wp-content\/uploads\/sites\/69\/2026\/03\/Talent_Hub_Grand_Opening_Ohjelma_Joensuu-1-scaled-1.jpg","contentUrl":"https:\/\/hankkeet.karelia.fi\/talent-hub-eastern-finland\/wp-content\/uploads\/sites\/69\/2026\/03\/Talent_Hub_Grand_Opening_Ohjelma_Joensuu-1-scaled-1.jpg","width":2560,"height":1207},{"@type":"BreadcrumbList","@id":"https:\/\/hankkeet.karelia.fi\/talent-hub-eastern-finland\/#breadcrumb","itemListElement":[{"@type":"ListItem","position":1,"name":"Home","item":"https:\/\/hankkeet.karelia.fi\/talent-hub-eastern-finland\/"},{"@type":"ListItem","position":2,"name":"Talent Hub Eastern Finland"}]},{"@type":"WebSite","@id":"https:\/\/hankkeet.karelia.fi\/talent-hub-eastern-finland\/#website","url":"https:\/\/hankkeet.karelia.fi\/talent-hub-eastern-finland\/","name":"Talent Hub Eastern Finland","description":"","publisher":{"@id":"https:\/\/hankkeet.karelia.fi\/talent-hub-eastern-finland\/#organization"},"potentialAction":[{"@type":"SearchAction","target":{"@type":"EntryPoint","urlTemplate":"https:\/\/hankkeet.karelia.fi\/talent-hub-eastern-finland\/?s={search_term_string}"},"query-input":{"@type":"PropertyValueSpecification","valueRequired":true,"valueName":"search_term_string"}}],"inLanguage":"fi"},{"@type":"Organization","@id":"https:\/\/hankkeet.karelia.fi\/talent-hub-eastern-finland\/#organization","name":"Talent Hub Eastern Finland","url":"https:\/\/hankkeet.karelia.fi\/talent-hub-eastern-finland\/","logo":{"@type":"ImageObject","inLanguage":"fi","@id":"https:\/\/hankkeet.karelia.fi\/talent-hub-eastern-finland\/#\/schema\/logo\/image\/","url":"https:\/\/hankkeet.karelia.fi\/talent-hub-eastern-finland\/wp-content\/uploads\/sites\/69\/2026\/03\/cropped-cropped-Karelia_AMK_logo_RGB-1.png","contentUrl":"https:\/\/hankkeet.karelia.fi\/talent-hub-eastern-finland\/wp-content\/uploads\/sites\/69\/2026\/03\/cropped-cropped-Karelia_AMK_logo_RGB-1.png","width":427,"height":116,"caption":"Talent Hub Eastern Finland"},"image":{"@id":"https:\/\/hankkeet.karelia.fi\/talent-hub-eastern-finland\/#\/schema\/logo\/image\/"}}]}},"_links":{"self":[{"href":"https:\/\/hankkeet.karelia.fi\/talent-hub-eastern-finland\/wp-json\/wp\/v2\/pages\/23","targetHints":{"allow":["GET"]}}],"collection":[{"href":"https:\/\/hankkeet.karelia.fi\/talent-hub-eastern-finland\/wp-json\/wp\/v2\/pages"}],"about":[{"href":"https:\/\/hankkeet.karelia.fi\/talent-hub-eastern-finland\/wp-json\/wp\/v2\/types\/page"}],"author":[{"embeddable":true,"href":"https:\/\/hankkeet.karelia.fi\/talent-hub-eastern-finland\/wp-json\/wp\/v2\/users\/10"}],"replies":[{"embeddable":true,"href":"https:\/\/hankkeet.karelia.fi\/talent-hub-eastern-finland\/wp-json\/wp\/v2\/comments?post=23"}],"version-history":[{"count":2,"href":"https:\/\/hankkeet.karelia.fi\/talent-hub-eastern-finland\/wp-json\/wp\/v2\/pages\/23\/revisions"}],"predecessor-version":[{"id":92,"href":"https:\/\/hankkeet.karelia.fi\/talent-hub-eastern-finland\/wp-json\/wp\/v2\/pages\/23\/revisions\/92"}],"wp:featuredmedia":[{"embeddable":true,"href":"https:\/\/hankkeet.karelia.fi\/talent-hub-eastern-finland\/wp-json\/wp\/v2\/media\/17"}],"wp:attachment":[{"href":"https:\/\/hankkeet.karelia.fi\/talent-hub-eastern-finland\/wp-json\/wp\/v2\/media?parent=23"}],"curies":[{"name":"wp","href":"https:\/\/api.w.org\/{rel}","templated":true}]}}