{"id":21,"date":"2026-03-17T10:17:18","date_gmt":"2026-03-17T08:17:18","guid":{"rendered":"https:\/\/hankkeet.karelia.fi\/teachphen\/reaching-education-5-0-via-further-teachers-training-on-upgrading-green-and-digital-competences-of-students-with-disabilities-and-special-needs-via-integrated-phenomenon-based-learning-approach\/"},"modified":"2026-03-17T10:17:18","modified_gmt":"2026-03-17T08:17:18","slug":"reaching-education-5-0-via-further-teachers-training-on-upgrading-green-and-digital-competences-of-students-with-disabilities-and-special-needs-via-integrated-phenomenon-based-learning-approach","status":"publish","type":"page","link":"https:\/\/hankkeet.karelia.fi\/teachphen\/","title":{"rendered":"Reaching Education 5.0 via further teachers\u2019 training on upgrading green and digital competences of students with disabilities and special needs via integrated phenomenon-based learning approach"},"content":{"rendered":"\n<figure class=\"wp-block-image size-full is-resized\"><img decoding=\"async\" src=\"https:\/\/hankkeet.karelia.fi\/teachphen\/wp-content\/uploads\/sites\/27\/2026\/03\/teachphen_palkki.jpg\" alt class=\"wp-image-75966\" style=\"width:784px;height:auto\"><\/figure>\n\n\n\n<p>TEACH\u00adPHEN-pro\u00adjek\u00adti pyrkii kehit\u00adt\u00e4m\u00e4\u00e4n opet\u00adta\u00adjien ja opet\u00adta\u00adjaopiske\u00adli\u00adjoiden ammatil\u00adlista osaamista Suomes\u00adsa, Bul\u00adgar\u00adi\u00adas\u00adsa ja Espan\u00adjas\u00adsa ilmi\u00f6po\u00adh\u00adjaisen oppimisen menetelm\u00e4n avul\u00adla ja t\u00e4t\u00e4 kaut\u00adta edis\u00adt\u00e4m\u00e4\u00e4n eri\u00adty\u00adisope\u00adtus\u00adta tarvit\u00adse\u00advien opiske\u00adli\u00adjoiden kest\u00e4v\u00e4n kehi\u00adtyk\u00adsen ja dig\u00adi\u00adtaal\u00adis\u00adten taito\u00adjen oppimista.<\/p>\n\n\n\n<p>Pro\u00adjek\u00adtin tavoit\u00adteena on kehit\u00adt\u00e4\u00e4 opet\u00adta\u00adjien ilmi\u00f6po\u00adh\u00adjaiseen oppimiseen liit\u00adtyv\u00e4\u00e4 menetelm\u00e4osaamista, jon\u00adka avul\u00adla he voivat k\u00e4sitel\u00adl\u00e4 opetuk\u00adses\u00adsaan aikamme keskeisi\u00e4 ongelmia yhdis\u00adtelem\u00e4l\u00adl\u00e4 eri oppi\u00adainei\u00adta (luon\u00adnon\u00adti\u00adeteet, matem\u00adati\u00adik\u00adka ja his\u00adto\u00adria). <\/p>\n\n\n\n<p>Keskeisi\u00e4 pro\u00adjek\u00adtin tavoit\u00adtei\u00adta ovat opet\u00adta\u00adjien tuki\u00adma\u00adte\u00adri\u00adaalien kehit\u00adt\u00e4mi\u00adnen, verkkokurssin luomi\u00adnen eri\u00adty\u00adist\u00e4 tukea tarvit\u00adseville opiske\u00adli\u00adjoille sek\u00e4 e\u2011oppimisalustan kehit\u00adt\u00e4misty\u00f6 et\u00e4opetuk\u00adsen helpot\u00adtamisek\u00adsi. Pro\u00adjek\u00adti pyrkii edis\u00adt\u00e4m\u00e4\u00e4n oppimisym\u00adp\u00e4rist\u00f6\u00adjen osal\u00adlis\u00adtavu\u00adut\u00adta, mink\u00e4 tavoit\u00adteena on motivoi\u00adda sek\u00e4 opet\u00adta\u00adjia ett\u00e4 opiske\u00adli\u00adjoi\u00adta akti\u00adivis\u00ades\u00adti ratkaise\u00admaan ajanko\u00adhtaisia globaale\u00adja haastei\u00adta eri\u00adtyis\u00ades\u00adti ilmas\u00adton\u00admuu\u00adtok\u00adseen liit\u00adtyen.<\/p>\n\n\n\n<h2 class=\"wp-block-heading\">Projektin kesto<\/h2>\n\n\n\n<p>1.11.2024 \u2014 30.4.2027<\/p>\n\n\n\n<h2 class=\"wp-block-heading\">Projektip\u00e4\u00e4llikk\u00f6<\/h2>\n\n\n\n<p><strong>Tiina Muho\u00adnen<\/strong><br>tiina.muhonen(a)karelia.fi<\/p>\n\n\n\n<h2 class=\"wp-block-heading\">Rahoitus<\/h2>\n\n\n\n<p>Eras\u00admus+<\/p>\n\n\n\n<p><a href=\"https:\/\/teach-phen.eu\">https:\/\/teach-phen.eu<\/a><\/p>\n\n\n\n<figure class=\"wp-block-image size-full is-resized\"><img decoding=\"async\" src=\"https:\/\/hankkeet.karelia.fi\/teachphen\/wp-content\/uploads\/sites\/27\/2026\/03\/teachphen_logot2.jpg\" alt class=\"wp-image-77447\" style=\"width:806px;height:auto\"><\/figure>\n\n\n\n<figure class=\"wp-block-image size-full is-resized\"><img decoding=\"async\" src=\"https:\/\/hankkeet.karelia.fi\/teachphen\/wp-content\/uploads\/sites\/27\/2026\/03\/kk_palkki_4.jpg\" alt class=\"wp-image-75967\" style=\"width:854px;height:auto\"><\/figure>\n","protected":false},"excerpt":{"rendered":"<p>TEACH\u00adPHEN-pro\u00ad\u00adjek\u00adti pyrkii kehit\u00adt\u00e4m\u00e4\u00e4n opet\u00adta\u00adjien ja opet\u00adta\u00adjaopiske\u00adli\u00adjoiden ammatil\u00adlista osaamista Suomes\u00adsa, Bul\u00adgar\u00adi\u00adas\u00adsa ja Espan\u00adjas\u00adsa ilmi\u00f6po\u00adh\u00adjaisen oppimisen menetelm\u00e4n avul\u00adla ja t\u00e4t\u00e4 kaut\u00adta edis\u00adt\u00e4m\u00e4\u00e4n eri\u00adty\u00adisope\u00adtus\u00adta tarvit\u00adse\u00advien opiske\u00adli\u00adjoiden kest\u00e4v\u00e4n kehi\u00adtyk\u00adsen ja dig\u00adi\u00adtaal\u00adis\u00adten taito\u00adjen oppimista. Pro\u00adjek\u00adtin tavoit\u00adteena on kehit\u00adt\u00e4\u00e4 opet\u00adta\u00adjien ilmi\u00f6po\u00adh\u00adjaiseen oppimiseen liit\u00adtyv\u00e4\u00e4 menetelm\u00e4osaamista, jon\u00adka avul\u00adla he voivat k\u00e4sitel\u00adl\u00e4 opetuk\u00adses\u00adsaan aikamme keskeisi\u00e4 ongelmia yhdis\u00adtelem\u00e4l\u00adl\u00e4 eri oppi\u00adainei\u00adta (luon\u00adnon\u00adti\u00adeteet, matem\u00adati\u00adik\u00adka ja his\u00adto\u00adria). Keskeisi\u00e4 [\u2026]<\/p>\n","protected":false},"author":0,"featured_media":17,"parent":0,"menu_order":0,"comment_status":"closed","ping_status":"closed","template":"","meta":{"inline_featured_image":false,"wp_typography_post_enhancements_disabled":false,"footnotes":""},"class_list":["post-21","page","type-page","status-publish","has-post-thumbnail","hentry"],"yoast_head":"<!-- This site is optimized with the Yoast SEO plugin v27.5 - https:\/\/yoast.com\/product\/yoast-seo-wordpress\/ -->\n<title>Reaching Education 5.0 via further teachers&#8217; training on upgrading green and digital competences of students with disabilities and special needs via integrated phenomenon-based learning approach - Reaching Education 5.0 via further teachers&#8217; training on upgrading green and digital competences of students with disabilities and special needs via integrated phenomenon-based learning approach<\/title>\n<meta name=\"robots\" content=\"index, follow, max-snippet:-1, max-image-preview:large, max-video-preview:-1\" \/>\n<link rel=\"canonical\" href=\"https:\/\/hankkeet.karelia.fi\/teachphen\/\" \/>\n<meta property=\"og:locale\" content=\"fi_FI\" \/>\n<meta property=\"og:type\" content=\"article\" \/>\n<meta property=\"og:title\" content=\"Reaching Education 5.0 via further teachers&#8217; training on upgrading green and digital competences of students with disabilities and special needs via integrated phenomenon-based learning approach - Reaching Education 5.0 via further teachers&#8217; training on upgrading green and digital competences of students with disabilities and special needs via integrated phenomenon-based learning approach\" \/>\n<meta property=\"og:description\" content=\"TEACH\u00adPHEN-pro\u00adjek\u00adti pyrkii kehit\u00adt\u00e4m\u00e4\u00e4n opet\u00adta\u00adjien ja opet\u00adta\u00adjaopiske\u00adli\u00adjoiden ammatil\u00adlista osaamista Suomes\u00adsa, Bul\u00adgar\u00adi\u00adas\u00adsa ja Espan\u00adjas\u00adsa ilmi\u00f6po\u00adh\u00adjaisen oppimisen menetelm\u00e4n avul\u00adla ja t\u00e4t\u00e4 kaut\u00adta edis\u00adt\u00e4m\u00e4\u00e4n eri\u00adty\u00adisope\u00adtus\u00adta tarvit\u00adse\u00advien opiske\u00adli\u00adjoiden kest\u00e4v\u00e4n kehi\u00adtyk\u00adsen ja dig\u00adi\u00adtaal\u00adis\u00adten taito\u00adjen oppimista. Pro\u00adjek\u00adtin tavoit\u00adteena on kehit\u00adt\u00e4\u00e4 opet\u00adta\u00adjien ilmi\u00f6po\u00adh\u00adjaiseen oppimiseen liit\u00adtyv\u00e4\u00e4 menetelm\u00e4osaamista, jon\u00adka avul\u00adla he voivat k\u00e4sitel\u00adl\u00e4 opetuk\u00adses\u00adsaan aikamme keskeisi\u00e4 ongelmia yhdis\u00adtelem\u00e4l\u00adl\u00e4 eri oppi\u00adainei\u00adta (luon\u00adnon\u00adti\u00adeteet, matem\u00adati\u00adik\u00adka ja his\u00adto\u00adria). Keskeisi\u00e4 [&hellip;]\" \/>\n<meta property=\"og:url\" content=\"https:\/\/hankkeet.karelia.fi\/teachphen\/\" \/>\n<meta property=\"og:site_name\" content=\"Reaching Education 5.0 via further teachers&#8217; training on upgrading green and digital competences of students with disabilities and special needs via integrated phenomenon-based learning approach\" \/>\n<meta name=\"twitter:card\" content=\"summary_large_image\" \/>\n<meta name=\"twitter:label1\" content=\"Arvioitu lukuaika\" \/>\n\t<meta name=\"twitter:data1\" content=\"1 minuutti\" \/>\n<script type=\"application\/ld+json\" class=\"yoast-schema-graph\">{\"@context\":\"https:\\\/\\\/schema.org\",\"@graph\":[{\"@type\":\"WebPage\",\"@id\":\"https:\\\/\\\/hankkeet.karelia.fi\\\/teachphen\\\/\",\"url\":\"https:\\\/\\\/hankkeet.karelia.fi\\\/teachphen\\\/\",\"name\":\"Reaching Education 5.0 via further teachers&#8217; training on upgrading green and digital competences of students with disabilities and special needs via integrated phenomenon-based learning approach - Reaching Education 5.0 via further teachers&#8217; training on upgrading green and digital competences of students with disabilities and special needs via integrated phenomenon-based learning approach\",\"isPartOf\":{\"@id\":\"https:\\\/\\\/hankkeet.karelia.fi\\\/teachphen\\\/#website\"},\"primaryImageOfPage\":{\"@id\":\"https:\\\/\\\/hankkeet.karelia.fi\\\/teachphen\\\/#primaryimage\"},\"image\":{\"@id\":\"https:\\\/\\\/hankkeet.karelia.fi\\\/teachphen\\\/#primaryimage\"},\"thumbnailUrl\":\"https:\\\/\\\/hankkeet.karelia.fi\\\/teachphen\\\/wp-content\\\/uploads\\\/sites\\\/27\\\/2026\\\/03\\\/DSC07174-scaled-e1713851648518.jpg\",\"datePublished\":\"2026-03-17T08:17:18+00:00\",\"breadcrumb\":{\"@id\":\"https:\\\/\\\/hankkeet.karelia.fi\\\/teachphen\\\/#breadcrumb\"},\"inLanguage\":\"fi\",\"potentialAction\":[{\"@type\":\"ReadAction\",\"target\":[\"https:\\\/\\\/hankkeet.karelia.fi\\\/teachphen\\\/\"]}]},{\"@type\":\"ImageObject\",\"inLanguage\":\"fi\",\"@id\":\"https:\\\/\\\/hankkeet.karelia.fi\\\/teachphen\\\/#primaryimage\",\"url\":\"https:\\\/\\\/hankkeet.karelia.fi\\\/teachphen\\\/wp-content\\\/uploads\\\/sites\\\/27\\\/2026\\\/03\\\/DSC07174-scaled-e1713851648518.jpg\",\"contentUrl\":\"https:\\\/\\\/hankkeet.karelia.fi\\\/teachphen\\\/wp-content\\\/uploads\\\/sites\\\/27\\\/2026\\\/03\\\/DSC07174-scaled-e1713851648518.jpg\",\"width\":2560,\"height\":938},{\"@type\":\"BreadcrumbList\",\"@id\":\"https:\\\/\\\/hankkeet.karelia.fi\\\/teachphen\\\/#breadcrumb\",\"itemListElement\":[{\"@type\":\"ListItem\",\"position\":1,\"name\":\"Home\",\"item\":\"https:\\\/\\\/hankkeet.karelia.fi\\\/teachphen\\\/reaching-education-5-0-via-further-teachers-training-on-upgrading-green-and-digital-competences-of-students-with-disabilities-and-special-needs-via-integrated-phenomenon-based-learning-approach\\\/\"},{\"@type\":\"ListItem\",\"position\":2,\"name\":\"Reaching Education 5.0 via further teachers&#8217; training on upgrading green and digital competences of students with disabilities and special needs via integrated phenomenon-based learning approach\"}]},{\"@type\":\"WebSite\",\"@id\":\"https:\\\/\\\/hankkeet.karelia.fi\\\/teachphen\\\/#website\",\"url\":\"https:\\\/\\\/hankkeet.karelia.fi\\\/teachphen\\\/\",\"name\":\"Reaching Education 5.0 via further teachers&#8217; training on upgrading green and digital competences of students with disabilities and special needs via integrated phenomenon-based learning approach\",\"description\":\"\",\"publisher\":{\"@id\":\"https:\\\/\\\/hankkeet.karelia.fi\\\/teachphen\\\/#organization\"},\"potentialAction\":[{\"@type\":\"SearchAction\",\"target\":{\"@type\":\"EntryPoint\",\"urlTemplate\":\"https:\\\/\\\/hankkeet.karelia.fi\\\/teachphen\\\/?s={search_term_string}\"},\"query-input\":{\"@type\":\"PropertyValueSpecification\",\"valueRequired\":true,\"valueName\":\"search_term_string\"}}],\"inLanguage\":\"fi\"},{\"@type\":\"Organization\",\"@id\":\"https:\\\/\\\/hankkeet.karelia.fi\\\/teachphen\\\/#organization\",\"name\":\"Reaching Education 5.0 via further teachers&#8217; training on upgrading green and digital competences of students with disabilities and special needs via integrated phenomenon-based learning approach\",\"url\":\"https:\\\/\\\/hankkeet.karelia.fi\\\/teachphen\\\/\",\"logo\":{\"@type\":\"ImageObject\",\"inLanguage\":\"fi\",\"@id\":\"https:\\\/\\\/hankkeet.karelia.fi\\\/teachphen\\\/#\\\/schema\\\/logo\\\/image\\\/\",\"url\":\"https:\\\/\\\/hankkeet.karelia.fi\\\/teachphen\\\/wp-content\\\/uploads\\\/sites\\\/27\\\/2026\\\/03\\\/cropped-cropped-Karelia_AMK_logo_RGB-1.png\",\"contentUrl\":\"https:\\\/\\\/hankkeet.karelia.fi\\\/teachphen\\\/wp-content\\\/uploads\\\/sites\\\/27\\\/2026\\\/03\\\/cropped-cropped-Karelia_AMK_logo_RGB-1.png\",\"width\":427,\"height\":116,\"caption\":\"Reaching Education 5.0 via further teachers&#8217; training on upgrading green and digital competences of students with disabilities and special needs via integrated phenomenon-based learning approach\"},\"image\":{\"@id\":\"https:\\\/\\\/hankkeet.karelia.fi\\\/teachphen\\\/#\\\/schema\\\/logo\\\/image\\\/\"}}]}<\/script>\n<!-- \/ Yoast SEO plugin. -->","yoast_head_json":{"title":"Reaching Education 5.0 via further teachers&#8217; training on upgrading green and digital competences of students with disabilities and special needs via integrated phenomenon-based learning approach - Reaching Education 5.0 via further teachers&#8217; training on upgrading green and digital competences of students with disabilities and special needs via integrated phenomenon-based learning approach","robots":{"index":"index","follow":"follow","max-snippet":"max-snippet:-1","max-image-preview":"max-image-preview:large","max-video-preview":"max-video-preview:-1"},"canonical":"https:\/\/hankkeet.karelia.fi\/teachphen\/","og_locale":"fi_FI","og_type":"article","og_title":"Reaching Education 5.0 via further teachers&#8217; training on upgrading green and digital competences of students with disabilities and special needs via integrated phenomenon-based learning approach - Reaching Education 5.0 via further teachers&#8217; training on upgrading green and digital competences of students with disabilities and special needs via integrated phenomenon-based learning approach","og_description":"TEACH\u00adPHEN-pro\u00adjek\u00adti pyrkii kehit\u00adt\u00e4m\u00e4\u00e4n opet\u00adta\u00adjien ja opet\u00adta\u00adjaopiske\u00adli\u00adjoiden ammatil\u00adlista osaamista Suomes\u00adsa, Bul\u00adgar\u00adi\u00adas\u00adsa ja Espan\u00adjas\u00adsa ilmi\u00f6po\u00adh\u00adjaisen oppimisen menetelm\u00e4n avul\u00adla ja t\u00e4t\u00e4 kaut\u00adta edis\u00adt\u00e4m\u00e4\u00e4n eri\u00adty\u00adisope\u00adtus\u00adta tarvit\u00adse\u00advien opiske\u00adli\u00adjoiden kest\u00e4v\u00e4n kehi\u00adtyk\u00adsen ja dig\u00adi\u00adtaal\u00adis\u00adten taito\u00adjen oppimista. Pro\u00adjek\u00adtin tavoit\u00adteena on kehit\u00adt\u00e4\u00e4 opet\u00adta\u00adjien ilmi\u00f6po\u00adh\u00adjaiseen oppimiseen liit\u00adtyv\u00e4\u00e4 menetelm\u00e4osaamista, jon\u00adka avul\u00adla he voivat k\u00e4sitel\u00adl\u00e4 opetuk\u00adses\u00adsaan aikamme keskeisi\u00e4 ongelmia yhdis\u00adtelem\u00e4l\u00adl\u00e4 eri oppi\u00adainei\u00adta (luon\u00adnon\u00adti\u00adeteet, matem\u00adati\u00adik\u00adka ja his\u00adto\u00adria). Keskeisi\u00e4 [&hellip;]","og_url":"https:\/\/hankkeet.karelia.fi\/teachphen\/","og_site_name":"Reaching Education 5.0 via further teachers&#8217; training on upgrading green and digital competences of students with disabilities and special needs via integrated phenomenon-based learning approach","twitter_card":"summary_large_image","twitter_misc":{"Arvioitu lukuaika":"1 minuutti"},"schema":{"@context":"https:\/\/schema.org","@graph":[{"@type":"WebPage","@id":"https:\/\/hankkeet.karelia.fi\/teachphen\/","url":"https:\/\/hankkeet.karelia.fi\/teachphen\/","name":"Reaching Education 5.0 via further teachers&#8217; training on upgrading green and digital competences of students with disabilities and special needs via integrated phenomenon-based learning approach - Reaching Education 5.0 via further teachers&#8217; training on upgrading green and digital competences of students with disabilities and special needs via integrated phenomenon-based learning approach","isPartOf":{"@id":"https:\/\/hankkeet.karelia.fi\/teachphen\/#website"},"primaryImageOfPage":{"@id":"https:\/\/hankkeet.karelia.fi\/teachphen\/#primaryimage"},"image":{"@id":"https:\/\/hankkeet.karelia.fi\/teachphen\/#primaryimage"},"thumbnailUrl":"https:\/\/hankkeet.karelia.fi\/teachphen\/wp-content\/uploads\/sites\/27\/2026\/03\/DSC07174-scaled-e1713851648518.jpg","datePublished":"2026-03-17T08:17:18+00:00","breadcrumb":{"@id":"https:\/\/hankkeet.karelia.fi\/teachphen\/#breadcrumb"},"inLanguage":"fi","potentialAction":[{"@type":"ReadAction","target":["https:\/\/hankkeet.karelia.fi\/teachphen\/"]}]},{"@type":"ImageObject","inLanguage":"fi","@id":"https:\/\/hankkeet.karelia.fi\/teachphen\/#primaryimage","url":"https:\/\/hankkeet.karelia.fi\/teachphen\/wp-content\/uploads\/sites\/27\/2026\/03\/DSC07174-scaled-e1713851648518.jpg","contentUrl":"https:\/\/hankkeet.karelia.fi\/teachphen\/wp-content\/uploads\/sites\/27\/2026\/03\/DSC07174-scaled-e1713851648518.jpg","width":2560,"height":938},{"@type":"BreadcrumbList","@id":"https:\/\/hankkeet.karelia.fi\/teachphen\/#breadcrumb","itemListElement":[{"@type":"ListItem","position":1,"name":"Home","item":"https:\/\/hankkeet.karelia.fi\/teachphen\/reaching-education-5-0-via-further-teachers-training-on-upgrading-green-and-digital-competences-of-students-with-disabilities-and-special-needs-via-integrated-phenomenon-based-learning-approach\/"},{"@type":"ListItem","position":2,"name":"Reaching Education 5.0 via further teachers&#8217; training on upgrading green and digital competences of students with disabilities and special needs via integrated phenomenon-based learning approach"}]},{"@type":"WebSite","@id":"https:\/\/hankkeet.karelia.fi\/teachphen\/#website","url":"https:\/\/hankkeet.karelia.fi\/teachphen\/","name":"Reaching Education 5.0 via further teachers&#8217; training on upgrading green and digital competences of students with disabilities and special needs via integrated phenomenon-based learning approach","description":"","publisher":{"@id":"https:\/\/hankkeet.karelia.fi\/teachphen\/#organization"},"potentialAction":[{"@type":"SearchAction","target":{"@type":"EntryPoint","urlTemplate":"https:\/\/hankkeet.karelia.fi\/teachphen\/?s={search_term_string}"},"query-input":{"@type":"PropertyValueSpecification","valueRequired":true,"valueName":"search_term_string"}}],"inLanguage":"fi"},{"@type":"Organization","@id":"https:\/\/hankkeet.karelia.fi\/teachphen\/#organization","name":"Reaching Education 5.0 via further teachers&#8217; training on upgrading green and digital competences of students with disabilities and special needs via integrated phenomenon-based learning approach","url":"https:\/\/hankkeet.karelia.fi\/teachphen\/","logo":{"@type":"ImageObject","inLanguage":"fi","@id":"https:\/\/hankkeet.karelia.fi\/teachphen\/#\/schema\/logo\/image\/","url":"https:\/\/hankkeet.karelia.fi\/teachphen\/wp-content\/uploads\/sites\/27\/2026\/03\/cropped-cropped-Karelia_AMK_logo_RGB-1.png","contentUrl":"https:\/\/hankkeet.karelia.fi\/teachphen\/wp-content\/uploads\/sites\/27\/2026\/03\/cropped-cropped-Karelia_AMK_logo_RGB-1.png","width":427,"height":116,"caption":"Reaching Education 5.0 via further teachers&#8217; training on upgrading green and digital competences of students with disabilities and special needs via integrated phenomenon-based learning approach"},"image":{"@id":"https:\/\/hankkeet.karelia.fi\/teachphen\/#\/schema\/logo\/image\/"}}]}},"_links":{"self":[{"href":"https:\/\/hankkeet.karelia.fi\/teachphen\/wp-json\/wp\/v2\/pages\/21","targetHints":{"allow":["GET"]}}],"collection":[{"href":"https:\/\/hankkeet.karelia.fi\/teachphen\/wp-json\/wp\/v2\/pages"}],"about":[{"href":"https:\/\/hankkeet.karelia.fi\/teachphen\/wp-json\/wp\/v2\/types\/page"}],"replies":[{"embeddable":true,"href":"https:\/\/hankkeet.karelia.fi\/teachphen\/wp-json\/wp\/v2\/comments?post=21"}],"version-history":[{"count":0,"href":"https:\/\/hankkeet.karelia.fi\/teachphen\/wp-json\/wp\/v2\/pages\/21\/revisions"}],"wp:featuredmedia":[{"embeddable":true,"href":"https:\/\/hankkeet.karelia.fi\/teachphen\/wp-json\/wp\/v2\/media\/17"}],"wp:attachment":[{"href":"https:\/\/hankkeet.karelia.fi\/teachphen\/wp-json\/wp\/v2\/media?parent=21"}],"curies":[{"name":"wp","href":"https:\/\/api.w.org\/{rel}","templated":true}]}}