{"version":"1.0","provider_name":"Ty\u00f6llisyys ja hyvinvointi \u2013 Elintapaneuvonta osaksi kuntien ty\u00f6llisyyspalveluita","provider_url":"https:\/\/hankkeet.karelia.fi\/teo","author_name":"kaisavaris","author_url":"https:\/\/hankkeet.karelia.fi\/teo\/author\/kaisavaris\/","title":"Ty\u00f6llisyys ja hyvinvointi \u2013 Elintapaneuvonta osaksi kuntien ty\u00f6llisyyspalveluita - Ty\u00f6llisyys ja hyvinvointi \u2013 Elintapaneuvonta osaksi kuntien ty\u00f6llisyyspalveluita","type":"rich","width":600,"height":338,"html":"<blockquote class=\"wp-embedded-content\" data-secret=\"VcbucLd08o\"><a href=\"https:\/\/hankkeet.karelia.fi\/teo\/\">Ty\u00f6llisyys ja hyvinvointi \u2013 Elintapaneuvonta osaksi kuntien ty\u00f6llisyyspalveluita<\/a><\/blockquote><iframe sandbox=\"allow-scripts\" security=\"restricted\" src=\"https:\/\/hankkeet.karelia.fi\/teo\/embed\/#?secret=VcbucLd08o\" width=\"600\" height=\"338\" title=\"&#8221;Ty\u00f6llisyys ja hyvinvointi \u2013 Elintapaneuvonta osaksi kuntien ty\u00f6llisyyspalveluita&#8221; &#8212; Ty\u00f6llisyys ja hyvinvointi \u2013 Elintapaneuvonta osaksi kuntien ty\u00f6llisyyspalveluita\" data-secret=\"VcbucLd08o\" frameborder=\"0\" marginwidth=\"0\" marginheight=\"0\" scrolling=\"no\" class=\"wp-embedded-content\"><\/iframe><script>\n\/*! This file is auto-generated *\/\n!function(d,l){\"use strict\";l.querySelector&&d.addEventListener&&\"undefined\"!=typeof URL&&(d.wp=d.wp||{},d.wp.receiveEmbedMessage||(d.wp.receiveEmbedMessage=function(e){var t=e.data;if((t||t.secret||t.message||t.value)&&!\/[^a-zA-Z0-9]\/.test(t.secret)){for(var s,r,n,a=l.querySelectorAll('iframe[data-secret=\"'+t.secret+'\"]'),o=l.querySelectorAll('blockquote[data-secret=\"'+t.secret+'\"]'),c=new RegExp(\"^https?:$\",\"i\"),i=0;i<o.length;i++)o[i].style.display=\"none\";for(i=0;i<a.length;i++)s=a[i],e.source===s.contentWindow&&(s.removeAttribute(\"style\"),\"height\"===t.message?(1e3<(r=parseInt(t.value,10))?r=1e3:~~r<200&&(r=200),s.height=r):\"link\"===t.message&&(r=new URL(s.getAttribute(\"src\")),n=new URL(t.value),c.test(n.protocol))&&n.host===r.host&&l.activeElement===s&&(d.top.location.href=t.value))}},d.addEventListener(\"message\",d.wp.receiveEmbedMessage,!1),l.addEventListener(\"DOMContentLoaded\",function(){for(var e,t,s=l.querySelectorAll(\"iframe.wp-embedded-content\"),r=0;r<s.length;r++)(t=(e=s[r]).getAttribute(\"data-secret\"))||(t=Math.random().toString(36).substring(2,12),e.src+=\"#?secret=\"+t,e.setAttribute(\"data-secret\",t)),e.contentWindow.postMessage({message:\"ready\",secret:t},\"*\")},!1)))}(window,document);\n\/\/# sourceURL=https:\/\/hankkeet.karelia.fi\/teo\/wp-includes\/js\/wp-embed.min.js\n<\/script>\n","thumbnail_url":"https:\/\/hankkeet.karelia.fi\/teo\/wp-content\/uploads\/sites\/10\/2026\/03\/TEO_juliste-scaled-1.jpeg","thumbnail_width":2560,"thumbnail_height":1188,"description":"Pohjois-Kar\u00adjalan ty\u00f6t\u00adt\u00f6myys\u00adlu\u00advut l\u00e4hen\u00adtelev\u00e4t maamme k\u00e4rk\u00adi\u00adta\u00adsoa \u2013 vuo\u00adden 2026 lopus\u00adsa ty\u00f6t\u00adt\u00f6mi\u00e4 oli yli 11&nbsp;000, joista l\u00e4h\u00ades puo\u00adlet oli\u00advat pitk\u00e4aikaisty\u00f6t\u00adt\u00f6mi\u00e4. Talousti\u00adlanne on haas\u00adta\u00adva ja avoimia ty\u00f6\u00adpaikko\u00adja on tar\u00adjol\u00adla v\u00e4hem\u00adm\u00e4n kuin ty\u00f6t\u00e4 hake\u00advia, mink\u00e4 lis\u00e4k\u00adsi eri\u00adtyis\u00ades\u00adti pitk\u00e4aikaisty\u00f6t\u00adt\u00f6myy\u00adden taustal\u00adla vaikut\u00adtaa hyvin usein kokon\u00adais\u00adval\u00adtaisem\u00admat haas\u00adteet yksil\u00f6n ter\u00advey\u00adden ja hyv\u00adin\u00advoin\u00adnin sar\u00adal\u00adla.&nbsp; TE-palveluis\u00adsa ty\u00f6l\u00adlistymisen tukem\u00adi\u00adnen eri tavoin on keskeisess\u00e4 roolis\u00adsa. Yhdis\u00adt\u00e4m\u00e4l\u00adl\u00e4 t\u00e4h\u00e4n [&hellip;]"}