{"id":21,"date":"2026-03-17T08:06:21","date_gmt":"2026-03-17T06:06:21","guid":{"rendered":"https:\/\/hankkeet.karelia.fi\/tyollisyys-ja-hyvinvointi-elintapaneuvonta-osaksi-kuntien-tyollisyyspalveluita\/tyollisyys-ja-hyvinvointi-elintapaneuvonta-osaksi-kuntien-tyollisyyspalveluita\/"},"modified":"2026-04-07T13:01:01","modified_gmt":"2026-04-07T10:01:01","slug":"tyollisyys-ja-hyvinvointi-elintapaneuvonta-osaksi-kuntien-tyollisyyspalveluita","status":"publish","type":"page","link":"https:\/\/hankkeet.karelia.fi\/teo\/","title":{"rendered":"Ty\u00f6llisyys ja hyvinvointi \u2013 Elintapaneuvonta osaksi kuntien ty\u00f6llisyyspalveluita"},"content":{"rendered":"\n<figure class=\"wp-block-image size-full\"><img decoding=\"async\" src=\"https:\/\/hankkeet.karelia.fi\/tyollisyys-ja-hyvinvointi-elintapaneuvonta-osaksi-kuntien-tyollisyyspalveluita\/wp-content\/uploads\/sites\/10\/2026\/03\/teo.png\" alt class=\"wp-image-90520\"><\/figure>\n\n\n\n<figure class=\"wp-block-image size-full is-resized\"><img decoding=\"async\" src=\"https:\/\/hankkeet.karelia.fi\/tyollisyys-ja-hyvinvointi-elintapaneuvonta-osaksi-kuntien-tyollisyyspalveluita\/wp-content\/uploads\/sites\/10\/2026\/03\/TEO-1.png\" alt class=\"wp-image-90521\" style=\"width:83px;height:auto\"><\/figure>\n\n\n\n<p>Pohjois-Kar\u00adjalan ty\u00f6t\u00adt\u00f6myys\u00adlu\u00advut l\u00e4hen\u00adtelev\u00e4t maamme k\u00e4rk\u00adi\u00adta\u00adsoa \u2013 vuo\u00adden 2026 lopus\u00adsa ty\u00f6t\u00adt\u00f6mi\u00e4 oli yli 11&nbsp;000, joista l\u00e4h\u00ades puo\u00adlet oli\u00advat pitk\u00e4aikaisty\u00f6t\u00adt\u00f6mi\u00e4. Talousti\u00adlanne on haas\u00adta\u00adva ja avoimia ty\u00f6\u00adpaikko\u00adja on tar\u00adjol\u00adla v\u00e4hem\u00adm\u00e4n kuin ty\u00f6t\u00e4 hake\u00advia, mink\u00e4 lis\u00e4k\u00adsi eri\u00adtyis\u00ades\u00adti pitk\u00e4aikaisty\u00f6t\u00adt\u00f6myy\u00adden taustal\u00adla vaikut\u00adtaa hyvin usein kokon\u00adais\u00adval\u00adtaisem\u00admat haas\u00adteet yksil\u00f6n ter\u00advey\u00adden ja hyv\u00adin\u00advoin\u00adnin sar\u00adal\u00adla.&nbsp;<\/p>\n\n\n\n<p>TE-palveluis\u00adsa ty\u00f6l\u00adlistymisen tukem\u00adi\u00adnen eri tavoin on keskeisess\u00e4 roolis\u00adsa. Yhdis\u00adt\u00e4m\u00e4l\u00adl\u00e4 t\u00e4h\u00e4n jo ole\u00admas\u00adsa ole\u00advaan palvelu\u00adun kokon\u00adais\u00adval\u00adtaisem\u00adpaa n\u00e4k\u00f6kul\u00admaa elin\u00adta\u00adpa\u00adneu\u00advon\u00adnan muo\u00addos\u00adsa voidaan TE-palvelui\u00adta kehit\u00adt\u00e4\u00e4 edelleen parem\u00admin ty\u00f6l\u00adlistymist\u00e4 tuke\u00adviksi. Henkil\u00f6st\u00f6n osaami\u00adnen t\u00e4m\u00e4n aiheen tiimoil\u00adta on vai\u00adhtel\u00ade\u00advaa ja eik\u00e4 TE-palveluis\u00adsa ole yht\u00aden\u00e4ist\u00e4 mallia elin\u00adta\u00adpa-aihei\u00adden huomioimisek\u00adsi osana asi\u00adakaspros\u00adesse\u00adja, mink\u00e4 lis\u00e4k\u00adsi tarvi\u00adtaan lis\u00e4\u00e4 keino\u00adja hy\u00f6\u00addyn\u00adt\u00e4\u00e4 moni\u00adammatil\u00adlista yhteisty\u00f6t\u00e4 ty\u00f6l\u00adlisyy\u00adden tukemises\u00adsa. Elin\u00adta\u00adpa\u00adneu\u00advon\u00adnan ele\u00adment\u00adtien hy\u00f6\u00addyn\u00adt\u00e4mi\u00adnen osana TE-palvelui\u00adta voi lis\u00e4t\u00e4 yksil\u00f6n hyv\u00adin\u00advoin\u00adtia, tukea ty\u00f6h\u00f6n palu\u00adu\u00adta, ehk\u00e4ist\u00e4 ty\u00f6kyvyn heiken\u00adtymist\u00e4 sek\u00e4 lis\u00e4t\u00e4 valmiuk\u00adsia koulut\u00adtau\u00adtu\u00admiseen.<\/p>\n\n\n\n<p><strong>Ty\u00f6l\u00adlisyys ja hyv\u00adin\u00advoin\u00adti \u2013 Elin\u00adta\u00adpa\u00adneu\u00advon\u00adta osak\u00adsi kun\u00adtien ty\u00f6l\u00adlisyys\u00adpalvelui\u00adta (TEO) \u2011han\u00adkkeen <\/strong>p\u00e4\u00e4\u00adtavoit\u00adteena on kehit\u00adt\u00e4\u00e4 ja vaki\u00adin\u00adnut\u00adtaa elin\u00adta\u00adpa\u00adneu\u00advon\u00adnan palvelumalli osak\u00adsi kun\u00adtien ty\u00f6l\u00adlisyys\u00adpalvelu\u00adja, sek\u00e4 inte\u00adgroi\u00adda se osak\u00adsi ty\u00f6l\u00adlisyy\u00adden ekosys\u00adteemi\u00e4 vahvis\u00adtaen samal\u00adla moni\u00adammatil\u00adlista yhteisty\u00f6t\u00e4. Elin\u00adta\u00adpa\u00adneu\u00advon\u00adnan palvelumallia pilo\u00adtoidaan han\u00adkkeen aikana ty\u00f6t\u00adt\u00f6myys\u00adpalvelu\u00adiden asi\u00adakkaille. Palvelumalli edis\u00adt\u00e4\u00e4 osal\u00adlisu\u00adut\u00adta, fyy\u00adsist\u00e4 akti\u00adivi\u00adsu\u00adut\u00adta, rav\u00adit\u00adse\u00admus\u00adta ja mui\u00adta ter\u00adveel\u00adlisi\u00e4 elin\u00adtapo\u00adja sek\u00e4 ehk\u00e4isee p\u00e4i\u00adhde- ja peli\u00adhait\u00adto\u00adja. Lis\u00e4k\u00adsi han\u00adke vahvis\u00adtaa ammat\u00adti\u00adlais\u00adten osaamista elin\u00adta\u00adpa\u00adneu\u00advon\u00adnan toteut\u00adtamises\u00adsa webi\u00adnaaris\u00adar\u00adjan ja ryh\u00adm\u00e4\u00admuo\u00adtoisen verkko\u00adval\u00admen\u00adnus\u00adto\u00adteu\u00adtuk\u00adsen muo\u00addos\u00adsa.<\/p>\n\n\n\n<p>Kyseess\u00e4 on ryh\u00adm\u00e4hanke. Han\u00adkkeen p\u00e4\u00e4\u00adto\u00adteut\u00adta\u00adja on Pohjois-Kar\u00adjalan Kansan\u00adter\u00advey\u00adden keskus, muut osato\u00adteut\u00adta\u00adjat ovat Pohjois-Kar\u00adjalan Syd\u00e4n\u00adpi\u00adiri, Pohjois-Kar\u00adjalan Liikun\u00adta, Pohjois-Kar\u00adjalan Mar\u00adtat sek\u00e4 Kare\u00adlia Ammat\u00adtiko\u00adrkeak\u00adoulu. Kare\u00adlia Ammat\u00adtiko\u00adrkeak\u00adoulu vas\u00adtaa eri\u00adtyis\u00ades\u00adti osaamisen kehit\u00adt\u00e4mis\u00ades\u00adt\u00e4 han\u00adkkeessa. Han\u00adke toteutetaan yhteisty\u00f6ss\u00e4 Joen\u00adsu\u00adun, Liperin, Kiteen ja Kon\u00adti\u00ado\u00adlah\u00adden kun\u00adtien sek\u00e4 hyv\u00adin\u00advoin\u00adtialue Siun soten kanssa.<\/p>\n\n\n\n<p>Han\u00adke on Euroopan union\u00adin osara\u00adhoit\u00adta\u00adma ja han\u00adkkeen toim\u00adinta-aika on 1.10.2025\u201331.5.2027.<\/p>\n\n\n\n<p>Han\u00adke on Euroopan union\u00adin osara\u00adhoit\u00adta\u00adma.<\/p>\n\n\n\n<p>Kare\u00adlian osato\u00adteu\u00adtuk\u00adsen bud\u00adjet\u00adti on 68 251 euroa, jos\u00adta Euroopan union\u00adin tuen osu\u00adus on 54 599 euroa.<br>Koko ryh\u00adm\u00e4hankkeen kokon\u00adaiskus\u00adtan\u00adnuk\u00adset ovat 305 582 euroa, jos\u00adta Euroopan union\u00adin tuen osu\u00adus on 244 467 euroa.<\/p>\n\n\n\n<h2 class=\"wp-block-heading\">Yhteystiedot<\/h2>\n\n\n\n<p>Pro\u00adjek\u00adtip\u00e4\u00e4l\u00adlikk\u00f6 Anni Eres\u00admaa-Korho\u00adnen, Kare\u00adlia-ammat\u00adtiko\u00adrkeak\u00adoulu,&nbsp;<a href=\"mailto:anni.eresmaa-korhonen@karelia.fi\">anni.eresmaa-korhonen@karelia.fi<\/a><br>Pro\u00adjek\u00adtip\u00e4\u00e4l\u00adlikk\u00f6 Tiina Vla\u00adsoff, Pohjois-Kar\u00adjalan Kansan\u00adter\u00advey\u00adden keskus,&nbsp;<a href=\"mailto:tiina.vlasoff@pkkansanterveys.fi\">tiina.vlasoff@pkkansanterveys.fi<\/a><\/p>\n\n\n\n<h2 class=\"wp-block-heading\">Projektin kesto<\/h2>\n\n\n\n<p>1.10.2025 \u2014 31.5.2027<\/p>\n\n\n\n<h2 class=\"wp-block-heading\">Rahoitus<\/h2>\n\n\n\n<p>ESR+ ohjel\u00adma<\/p>\n\n\n\n<figure class=\"wp-block-image size-full is-resized\"><img decoding=\"async\" src=\"https:\/\/hankkeet.karelia.fi\/tyollisyys-ja-hyvinvointi-elintapaneuvonta-osaksi-kuntien-tyollisyyspalveluita\/wp-content\/uploads\/sites\/10\/2026\/03\/kk3ja4.png\" alt class=\"wp-image-90522\" style=\"width:737px;height:auto\"><\/figure>\n\n\n\n<p><\/p>\n","protected":false},"excerpt":{"rendered":"<p>Pohjois-Kar\u00ad\u00adjalan ty\u00f6t\u00adt\u00f6myys\u00adlu\u00advut l\u00e4hen\u00adtelev\u00e4t maamme k\u00e4rk\u00adi\u00adta\u00adsoa \u2013 vuo\u00adden 2026 lopus\u00adsa ty\u00f6t\u00adt\u00f6mi\u00e4 oli yli 11&nbsp;000, joista l\u00e4h\u00ades puo\u00adlet oli\u00advat pitk\u00e4aikaisty\u00f6t\u00adt\u00f6mi\u00e4. Talousti\u00adlanne on haas\u00adta\u00adva ja avoimia ty\u00f6\u00adpaikko\u00adja on tar\u00adjol\u00adla v\u00e4hem\u00adm\u00e4n kuin ty\u00f6t\u00e4 hake\u00advia, mink\u00e4 lis\u00e4k\u00adsi eri\u00adtyis\u00ades\u00adti pitk\u00e4aikaisty\u00f6t\u00adt\u00f6myy\u00adden taustal\u00adla vaikut\u00adtaa hyvin usein kokon\u00adais\u00adval\u00adtaisem\u00admat haas\u00adteet yksil\u00f6n ter\u00advey\u00adden ja hyv\u00adin\u00advoin\u00adnin sar\u00adal\u00adla.&nbsp; TE-palveluis\u00adsa ty\u00f6l\u00adlistymisen tukem\u00adi\u00adnen eri tavoin on keskeisess\u00e4 roolis\u00adsa. Yhdis\u00adt\u00e4m\u00e4l\u00adl\u00e4 t\u00e4h\u00e4n [\u2026]<\/p>\n","protected":false},"author":10,"featured_media":17,"parent":0,"menu_order":0,"comment_status":"closed","ping_status":"closed","template":"","meta":{"inline_featured_image":false,"wp_typography_post_enhancements_disabled":false,"footnotes":""},"class_list":["post-21","page","type-page","status-publish","has-post-thumbnail","hentry"],"yoast_head":"<!-- This site is optimized with the Yoast SEO plugin v27.5 - https:\/\/yoast.com\/product\/yoast-seo-wordpress\/ -->\n<title>Ty\u00f6llisyys ja hyvinvointi \u2013 Elintapaneuvonta osaksi kuntien ty\u00f6llisyyspalveluita - Ty\u00f6llisyys ja hyvinvointi \u2013 Elintapaneuvonta osaksi kuntien ty\u00f6llisyyspalveluita<\/title>\n<meta name=\"robots\" content=\"index, follow, max-snippet:-1, max-image-preview:large, max-video-preview:-1\" \/>\n<link rel=\"canonical\" href=\"https:\/\/hankkeet.karelia.fi\/teo\/\" \/>\n<meta property=\"og:locale\" content=\"fi_FI\" \/>\n<meta property=\"og:type\" content=\"article\" \/>\n<meta property=\"og:title\" content=\"Ty\u00f6llisyys ja hyvinvointi \u2013 Elintapaneuvonta osaksi kuntien ty\u00f6llisyyspalveluita - Ty\u00f6llisyys ja hyvinvointi \u2013 Elintapaneuvonta osaksi kuntien ty\u00f6llisyyspalveluita\" \/>\n<meta property=\"og:description\" content=\"Pohjois-Kar\u00adjalan ty\u00f6t\u00adt\u00f6myys\u00adlu\u00advut l\u00e4hen\u00adtelev\u00e4t maamme k\u00e4rk\u00adi\u00adta\u00adsoa \u2013 vuo\u00adden 2026 lopus\u00adsa ty\u00f6t\u00adt\u00f6mi\u00e4 oli yli 11&nbsp;000, joista l\u00e4h\u00ades puo\u00adlet oli\u00advat pitk\u00e4aikaisty\u00f6t\u00adt\u00f6mi\u00e4. Talousti\u00adlanne on haas\u00adta\u00adva ja avoimia ty\u00f6\u00adpaikko\u00adja on tar\u00adjol\u00adla v\u00e4hem\u00adm\u00e4n kuin ty\u00f6t\u00e4 hake\u00advia, mink\u00e4 lis\u00e4k\u00adsi eri\u00adtyis\u00ades\u00adti pitk\u00e4aikaisty\u00f6t\u00adt\u00f6myy\u00adden taustal\u00adla vaikut\u00adtaa hyvin usein kokon\u00adais\u00adval\u00adtaisem\u00admat haas\u00adteet yksil\u00f6n ter\u00advey\u00adden ja hyv\u00adin\u00advoin\u00adnin sar\u00adal\u00adla.&nbsp; TE-palveluis\u00adsa ty\u00f6l\u00adlistymisen tukem\u00adi\u00adnen eri tavoin on keskeisess\u00e4 roolis\u00adsa. Yhdis\u00adt\u00e4m\u00e4l\u00adl\u00e4 t\u00e4h\u00e4n [&hellip;]\" \/>\n<meta property=\"og:url\" content=\"https:\/\/hankkeet.karelia.fi\/teo\/\" \/>\n<meta property=\"og:site_name\" content=\"Ty\u00f6llisyys ja hyvinvointi \u2013 Elintapaneuvonta osaksi kuntien ty\u00f6llisyyspalveluita\" \/>\n<meta property=\"article:modified_time\" content=\"2026-04-07T10:01:01+00:00\" \/>\n<meta property=\"og:image\" content=\"https:\/\/hankkeet.karelia.fi\/teo\/wp-content\/uploads\/sites\/10\/2026\/03\/TEO_juliste-scaled-1.jpeg\" \/>\n\t<meta property=\"og:image:width\" content=\"2560\" \/>\n\t<meta property=\"og:image:height\" content=\"1188\" \/>\n\t<meta property=\"og:image:type\" content=\"image\/jpeg\" \/>\n<meta name=\"twitter:card\" content=\"summary_large_image\" \/>\n<meta name=\"twitter:label1\" content=\"Arvioitu lukuaika\" \/>\n\t<meta name=\"twitter:data1\" content=\"3 minuuttia\" \/>\n<script type=\"application\/ld+json\" class=\"yoast-schema-graph\">{\"@context\":\"https:\\\/\\\/schema.org\",\"@graph\":[{\"@type\":\"WebPage\",\"@id\":\"https:\\\/\\\/hankkeet.karelia.fi\\\/teo\\\/\",\"url\":\"https:\\\/\\\/hankkeet.karelia.fi\\\/teo\\\/\",\"name\":\"Ty\u00f6llisyys ja hyvinvointi \u2013 Elintapaneuvonta osaksi kuntien ty\u00f6llisyyspalveluita - Ty\u00f6llisyys ja hyvinvointi \u2013 Elintapaneuvonta osaksi kuntien ty\u00f6llisyyspalveluita\",\"isPartOf\":{\"@id\":\"https:\\\/\\\/hankkeet.karelia.fi\\\/teo\\\/#website\"},\"primaryImageOfPage\":{\"@id\":\"https:\\\/\\\/hankkeet.karelia.fi\\\/teo\\\/#primaryimage\"},\"image\":{\"@id\":\"https:\\\/\\\/hankkeet.karelia.fi\\\/teo\\\/#primaryimage\"},\"thumbnailUrl\":\"https:\\\/\\\/hankkeet.karelia.fi\\\/teo\\\/wp-content\\\/uploads\\\/sites\\\/10\\\/2026\\\/03\\\/TEO_juliste-scaled-1.jpeg\",\"datePublished\":\"2026-03-17T06:06:21+00:00\",\"dateModified\":\"2026-04-07T10:01:01+00:00\",\"breadcrumb\":{\"@id\":\"https:\\\/\\\/hankkeet.karelia.fi\\\/teo\\\/#breadcrumb\"},\"inLanguage\":\"fi\",\"potentialAction\":[{\"@type\":\"ReadAction\",\"target\":[\"https:\\\/\\\/hankkeet.karelia.fi\\\/teo\\\/\"]}]},{\"@type\":\"ImageObject\",\"inLanguage\":\"fi\",\"@id\":\"https:\\\/\\\/hankkeet.karelia.fi\\\/teo\\\/#primaryimage\",\"url\":\"https:\\\/\\\/hankkeet.karelia.fi\\\/teo\\\/wp-content\\\/uploads\\\/sites\\\/10\\\/2026\\\/03\\\/TEO_juliste-scaled-1.jpeg\",\"contentUrl\":\"https:\\\/\\\/hankkeet.karelia.fi\\\/teo\\\/wp-content\\\/uploads\\\/sites\\\/10\\\/2026\\\/03\\\/TEO_juliste-scaled-1.jpeg\",\"width\":2560,\"height\":1188},{\"@type\":\"BreadcrumbList\",\"@id\":\"https:\\\/\\\/hankkeet.karelia.fi\\\/teo\\\/#breadcrumb\",\"itemListElement\":[{\"@type\":\"ListItem\",\"position\":1,\"name\":\"Home\",\"item\":\"https:\\\/\\\/hankkeet.karelia.fi\\\/teo\\\/\"},{\"@type\":\"ListItem\",\"position\":2,\"name\":\"Ty\u00f6llisyys ja hyvinvointi \u2013 Elintapaneuvonta osaksi kuntien ty\u00f6llisyyspalveluita\"}]},{\"@type\":\"WebSite\",\"@id\":\"https:\\\/\\\/hankkeet.karelia.fi\\\/teo\\\/#website\",\"url\":\"https:\\\/\\\/hankkeet.karelia.fi\\\/teo\\\/\",\"name\":\"Ty\u00f6llisyys ja hyvinvointi \u2013 Elintapaneuvonta osaksi kuntien ty\u00f6llisyyspalveluita\",\"description\":\"\",\"publisher\":{\"@id\":\"https:\\\/\\\/hankkeet.karelia.fi\\\/teo\\\/#organization\"},\"potentialAction\":[{\"@type\":\"SearchAction\",\"target\":{\"@type\":\"EntryPoint\",\"urlTemplate\":\"https:\\\/\\\/hankkeet.karelia.fi\\\/teo\\\/?s={search_term_string}\"},\"query-input\":{\"@type\":\"PropertyValueSpecification\",\"valueRequired\":true,\"valueName\":\"search_term_string\"}}],\"inLanguage\":\"fi\"},{\"@type\":\"Organization\",\"@id\":\"https:\\\/\\\/hankkeet.karelia.fi\\\/teo\\\/#organization\",\"name\":\"Ty\u00f6llisyys ja hyvinvointi \u2013 Elintapaneuvonta osaksi kuntien ty\u00f6llisyyspalveluita\",\"url\":\"https:\\\/\\\/hankkeet.karelia.fi\\\/teo\\\/\",\"logo\":{\"@type\":\"ImageObject\",\"inLanguage\":\"fi\",\"@id\":\"https:\\\/\\\/hankkeet.karelia.fi\\\/teo\\\/#\\\/schema\\\/logo\\\/image\\\/\",\"url\":\"https:\\\/\\\/hankkeet.karelia.fi\\\/teo\\\/wp-content\\\/uploads\\\/sites\\\/10\\\/2026\\\/03\\\/cropped-cropped-Karelia_AMK_logo_RGB-1.png\",\"contentUrl\":\"https:\\\/\\\/hankkeet.karelia.fi\\\/teo\\\/wp-content\\\/uploads\\\/sites\\\/10\\\/2026\\\/03\\\/cropped-cropped-Karelia_AMK_logo_RGB-1.png\",\"width\":427,\"height\":116,\"caption\":\"Ty\u00f6llisyys ja hyvinvointi \u2013 Elintapaneuvonta osaksi kuntien ty\u00f6llisyyspalveluita\"},\"image\":{\"@id\":\"https:\\\/\\\/hankkeet.karelia.fi\\\/teo\\\/#\\\/schema\\\/logo\\\/image\\\/\"}}]}<\/script>\n<!-- \/ Yoast SEO plugin. -->","yoast_head_json":{"title":"Ty\u00f6llisyys ja hyvinvointi \u2013 Elintapaneuvonta osaksi kuntien ty\u00f6llisyyspalveluita - Ty\u00f6llisyys ja hyvinvointi \u2013 Elintapaneuvonta osaksi kuntien ty\u00f6llisyyspalveluita","robots":{"index":"index","follow":"follow","max-snippet":"max-snippet:-1","max-image-preview":"max-image-preview:large","max-video-preview":"max-video-preview:-1"},"canonical":"https:\/\/hankkeet.karelia.fi\/teo\/","og_locale":"fi_FI","og_type":"article","og_title":"Ty\u00f6llisyys ja hyvinvointi \u2013 Elintapaneuvonta osaksi kuntien ty\u00f6llisyyspalveluita - Ty\u00f6llisyys ja hyvinvointi \u2013 Elintapaneuvonta osaksi kuntien ty\u00f6llisyyspalveluita","og_description":"Pohjois-Kar\u00adjalan ty\u00f6t\u00adt\u00f6myys\u00adlu\u00advut l\u00e4hen\u00adtelev\u00e4t maamme k\u00e4rk\u00adi\u00adta\u00adsoa \u2013 vuo\u00adden 2026 lopus\u00adsa ty\u00f6t\u00adt\u00f6mi\u00e4 oli yli 11&nbsp;000, joista l\u00e4h\u00ades puo\u00adlet oli\u00advat pitk\u00e4aikaisty\u00f6t\u00adt\u00f6mi\u00e4. Talousti\u00adlanne on haas\u00adta\u00adva ja avoimia ty\u00f6\u00adpaikko\u00adja on tar\u00adjol\u00adla v\u00e4hem\u00adm\u00e4n kuin ty\u00f6t\u00e4 hake\u00advia, mink\u00e4 lis\u00e4k\u00adsi eri\u00adtyis\u00ades\u00adti pitk\u00e4aikaisty\u00f6t\u00adt\u00f6myy\u00adden taustal\u00adla vaikut\u00adtaa hyvin usein kokon\u00adais\u00adval\u00adtaisem\u00admat haas\u00adteet yksil\u00f6n ter\u00advey\u00adden ja hyv\u00adin\u00advoin\u00adnin sar\u00adal\u00adla.&nbsp; TE-palveluis\u00adsa ty\u00f6l\u00adlistymisen tukem\u00adi\u00adnen eri tavoin on keskeisess\u00e4 roolis\u00adsa. Yhdis\u00adt\u00e4m\u00e4l\u00adl\u00e4 t\u00e4h\u00e4n [&hellip;]","og_url":"https:\/\/hankkeet.karelia.fi\/teo\/","og_site_name":"Ty\u00f6llisyys ja hyvinvointi \u2013 Elintapaneuvonta osaksi kuntien ty\u00f6llisyyspalveluita","article_modified_time":"2026-04-07T10:01:01+00:00","og_image":[{"width":2560,"height":1188,"url":"https:\/\/hankkeet.karelia.fi\/teo\/wp-content\/uploads\/sites\/10\/2026\/03\/TEO_juliste-scaled-1.jpeg","type":"image\/jpeg"}],"twitter_card":"summary_large_image","twitter_misc":{"Arvioitu lukuaika":"3 minuuttia"},"schema":{"@context":"https:\/\/schema.org","@graph":[{"@type":"WebPage","@id":"https:\/\/hankkeet.karelia.fi\/teo\/","url":"https:\/\/hankkeet.karelia.fi\/teo\/","name":"Ty\u00f6llisyys ja hyvinvointi \u2013 Elintapaneuvonta osaksi kuntien ty\u00f6llisyyspalveluita - Ty\u00f6llisyys ja hyvinvointi \u2013 Elintapaneuvonta osaksi kuntien ty\u00f6llisyyspalveluita","isPartOf":{"@id":"https:\/\/hankkeet.karelia.fi\/teo\/#website"},"primaryImageOfPage":{"@id":"https:\/\/hankkeet.karelia.fi\/teo\/#primaryimage"},"image":{"@id":"https:\/\/hankkeet.karelia.fi\/teo\/#primaryimage"},"thumbnailUrl":"https:\/\/hankkeet.karelia.fi\/teo\/wp-content\/uploads\/sites\/10\/2026\/03\/TEO_juliste-scaled-1.jpeg","datePublished":"2026-03-17T06:06:21+00:00","dateModified":"2026-04-07T10:01:01+00:00","breadcrumb":{"@id":"https:\/\/hankkeet.karelia.fi\/teo\/#breadcrumb"},"inLanguage":"fi","potentialAction":[{"@type":"ReadAction","target":["https:\/\/hankkeet.karelia.fi\/teo\/"]}]},{"@type":"ImageObject","inLanguage":"fi","@id":"https:\/\/hankkeet.karelia.fi\/teo\/#primaryimage","url":"https:\/\/hankkeet.karelia.fi\/teo\/wp-content\/uploads\/sites\/10\/2026\/03\/TEO_juliste-scaled-1.jpeg","contentUrl":"https:\/\/hankkeet.karelia.fi\/teo\/wp-content\/uploads\/sites\/10\/2026\/03\/TEO_juliste-scaled-1.jpeg","width":2560,"height":1188},{"@type":"BreadcrumbList","@id":"https:\/\/hankkeet.karelia.fi\/teo\/#breadcrumb","itemListElement":[{"@type":"ListItem","position":1,"name":"Home","item":"https:\/\/hankkeet.karelia.fi\/teo\/"},{"@type":"ListItem","position":2,"name":"Ty\u00f6llisyys ja hyvinvointi \u2013 Elintapaneuvonta osaksi kuntien ty\u00f6llisyyspalveluita"}]},{"@type":"WebSite","@id":"https:\/\/hankkeet.karelia.fi\/teo\/#website","url":"https:\/\/hankkeet.karelia.fi\/teo\/","name":"Ty\u00f6llisyys ja hyvinvointi \u2013 Elintapaneuvonta osaksi kuntien ty\u00f6llisyyspalveluita","description":"","publisher":{"@id":"https:\/\/hankkeet.karelia.fi\/teo\/#organization"},"potentialAction":[{"@type":"SearchAction","target":{"@type":"EntryPoint","urlTemplate":"https:\/\/hankkeet.karelia.fi\/teo\/?s={search_term_string}"},"query-input":{"@type":"PropertyValueSpecification","valueRequired":true,"valueName":"search_term_string"}}],"inLanguage":"fi"},{"@type":"Organization","@id":"https:\/\/hankkeet.karelia.fi\/teo\/#organization","name":"Ty\u00f6llisyys ja hyvinvointi \u2013 Elintapaneuvonta osaksi kuntien ty\u00f6llisyyspalveluita","url":"https:\/\/hankkeet.karelia.fi\/teo\/","logo":{"@type":"ImageObject","inLanguage":"fi","@id":"https:\/\/hankkeet.karelia.fi\/teo\/#\/schema\/logo\/image\/","url":"https:\/\/hankkeet.karelia.fi\/teo\/wp-content\/uploads\/sites\/10\/2026\/03\/cropped-cropped-Karelia_AMK_logo_RGB-1.png","contentUrl":"https:\/\/hankkeet.karelia.fi\/teo\/wp-content\/uploads\/sites\/10\/2026\/03\/cropped-cropped-Karelia_AMK_logo_RGB-1.png","width":427,"height":116,"caption":"Ty\u00f6llisyys ja hyvinvointi \u2013 Elintapaneuvonta osaksi kuntien ty\u00f6llisyyspalveluita"},"image":{"@id":"https:\/\/hankkeet.karelia.fi\/teo\/#\/schema\/logo\/image\/"}}]}},"_links":{"self":[{"href":"https:\/\/hankkeet.karelia.fi\/teo\/wp-json\/wp\/v2\/pages\/21","targetHints":{"allow":["GET"]}}],"collection":[{"href":"https:\/\/hankkeet.karelia.fi\/teo\/wp-json\/wp\/v2\/pages"}],"about":[{"href":"https:\/\/hankkeet.karelia.fi\/teo\/wp-json\/wp\/v2\/types\/page"}],"author":[{"embeddable":true,"href":"https:\/\/hankkeet.karelia.fi\/teo\/wp-json\/wp\/v2\/users\/10"}],"replies":[{"embeddable":true,"href":"https:\/\/hankkeet.karelia.fi\/teo\/wp-json\/wp\/v2\/comments?post=21"}],"version-history":[{"count":2,"href":"https:\/\/hankkeet.karelia.fi\/teo\/wp-json\/wp\/v2\/pages\/21\/revisions"}],"predecessor-version":[{"id":36,"href":"https:\/\/hankkeet.karelia.fi\/teo\/wp-json\/wp\/v2\/pages\/21\/revisions\/36"}],"wp:featuredmedia":[{"embeddable":true,"href":"https:\/\/hankkeet.karelia.fi\/teo\/wp-json\/wp\/v2\/media\/17"}],"wp:attachment":[{"href":"https:\/\/hankkeet.karelia.fi\/teo\/wp-json\/wp\/v2\/media?parent=21"}],"curies":[{"name":"wp","href":"https:\/\/api.w.org\/{rel}","templated":true}]}}