{"id":20,"date":"2026-03-17T16:16:25","date_gmt":"2026-03-17T14:16:25","guid":{"rendered":"https:\/\/hankkeet.karelia.fi\/tulevaisuudentyokyky\/tulevaisuuden-tyokyky-korkeakouluopiskelijoiden-opiskelukyvyn-ja-opintojen-edistaminen-digitaalisuutta-hyodyntaen\/"},"modified":"2026-03-17T16:16:25","modified_gmt":"2026-03-17T14:16:25","slug":"tulevaisuuden-tyokyky-korkeakouluopiskelijoiden-opiskelukyvyn-ja-opintojen-edistaminen-digitaalisuutta-hyodyntaen","status":"publish","type":"page","link":"https:\/\/hankkeet.karelia.fi\/tulevaisuudentyokyky\/","title":{"rendered":"Tulevaisuuden ty\u00f6kyky \u2013 Korkeakouluopiskelijoiden opiskelukyvyn ja opintojen edist\u00e4minen digitaalisuutta hy\u00f6dynt\u00e4en"},"content":{"rendered":"\n<figure class=\"wp-block-image size-large\"><img decoding=\"async\" src=\"https:\/\/hankkeet.karelia.fi\/tulevaisuudentyokyky\/wp-content\/uploads\/sites\/73\/2026\/03\/tulevaisuuden-tyokyky-logot-1024x160-1.png\" alt class=\"wp-image-64242\"><\/figure>\n\n\n\n<p>Hyv\u00e4 opiskelukyky on opin\u00adto\u00adjen suju\u00advan eten\u00ade\u00admisen edel\u00adly\u00adtys. Han\u00adkkeen tavoit\u00adteena on tukea korkeak\u00adoulu\u00adopiske\u00adli\u00adjan suju\u00advaa eten\u00ade\u00admist\u00e4 opin\u00adnois\u00adsaan, kehit\u00adt\u00e4\u00e4 ja tar\u00adjo\u00adta varhaisen havain\u00adnoin\u00adnin ja tuen keino\u00adja sek\u00e4 ehk\u00e4ist\u00e4 opin\u00adto\u00adjen keskey\u00adtymist\u00e4. Tavoit\u00adteena on ennakoi\u00adva opiskelukyvyn tukem\u00adi\u00adnen sek\u00e4 opiskelun haastei\u00adden varhainen havait\u00adsem\u00adi\u00adnen. <\/p>\n\n\n\n<p>Han\u00adkkeessa kehitet\u00e4\u00e4n keino\u00adja, joil\u00adla tue\u00adtaan opiskelukyvyn eri osa-aluei\u00adta, esimerkik\u00adsi opiske\u00adli\u00adjan arjen hallinta, opiskeluhyv\u00adin\u00advoin\u00adti ja tule\u00advaisu\u00adudessa tarvit\u00adta\u00advat ty\u00f6el\u00e4m\u00e4\u00adtaidot. N\u00e4it\u00e4 tue\u00adtaan kehit\u00adt\u00e4m\u00e4l\u00adl\u00e4 ja hy\u00f6\u00addyn\u00adt\u00e4m\u00e4l\u00adl\u00e4 uusia ped\u00ada\u00adgogisia ratkaisu\u00adja, dig\u00adi\u00adtaal\u00adisia v\u00e4lineit\u00e4 ja j\u00e4r\u00adjestelmi\u00e4. Han\u00adkkeessa luo\u00addaan ja pilo\u00adtoidaan eri\u00adlaisia keino\u00adja, joil\u00adla opiske\u00adli\u00adja pystyy kehit\u00adt\u00e4m\u00e4\u00e4n tule\u00advaisu\u00adu\u00adden ty\u00f6kyky\u00e4 jo opiskelu\u00adaikana. Han\u00adkkeen kehit\u00adt\u00e4mis\u00adtoimis\u00adsa tehd\u00e4\u00e4n yhteisty\u00f6t\u00e4 KELAn ja YTHS:n kanssa.<\/p>\n\n\n\n<p>Kehit\u00adt\u00e4mis\u00adtoimen\u00adpiteit\u00e4 tehd\u00e4\u00e4n nelj\u00e4n ty\u00f6\u00adpaketin kaut\u00adta:<\/p>\n\n\n\n<ol style=\"list-style-type:1\" class=\"wp-block-list\">\n<li>Varhaisen tuen kehit\u00adt\u00e4mi\u00adnen opiskelukyvyn tukemises\u00adsa, mm. ryh\u00adm\u00e4\u00admuo\u00adtoisen tuen ja oppimis\u00adan\u00ada\u00adlyti\u00adikan kehit\u00adt\u00e4misen avul\u00adla<\/li>\n\n\n\n<li>Opiskelukyvyn edis\u00adt\u00e4misen opin\u00adnol\u00adlis\u00adt\u00ada\u00admi\u00adnen<\/li>\n\n\n\n<li>Opin\u00adto\u00adjen eten\u00ade\u00admisen seu\u00adran\u00adnan pelil\u00adlist\u00e4mi\u00adnen, dig\u00adi\u00adtaa\u00adli\u00adnen kokeilu<\/li>\n\n\n\n<li>Ped\u00ada\u00adgogi\u00adnen hyv\u00adin\u00advoin\u00adti ja saavutet\u00adtavu\u00adus<\/li>\n<\/ol>\n\n\n\n<p>Han\u00adke toteutetaan yli\u00admaakun\u00adnal\u00adlise\u00adna ryh\u00adm\u00e4hankkeena. Toim\u00adinta-alueena on Pohjois-Kar\u00adjala ja Pohjois-Savo. Han\u00adkkeen kohderyh\u00adm\u00e4n\u00e4 ovat Kare\u00adlia-ammat\u00adtiko\u00adrkeak\u00adoulun ja Savo\u00adnia-ammat\u00adtiko\u00adrkeak\u00adoulun opiske\u00adli\u00adjat sek\u00e4 henkil\u00f6st\u00f6. <\/p>\n\n\n\n<p>Han\u00adke on EU:n osara\u00adhoit\u00adta\u00adma ja sen toim\u00adinta-aika on 1.8.2023\u201331.7.2026. Ryh\u00adm\u00e4hankkeen hallinnoi\u00adja on Kare\u00adlia-ammat\u00adtiko\u00adrkeak\u00adoulu ja osato\u00adteut\u00adta\u00adji\u00adna ovat Savo\u00adnia-ammat\u00adtiko\u00adrkeak\u00adoulu ja Joen\u00adsu\u00adun seudun eri\u00adlaiset oppi\u00adjat ry.<\/p>\n\n\n\n<h2 class=\"wp-block-heading\">Lis\u00e4tietoja <\/h2>\n\n\n\n<ul class=\"wp-block-list\">\n<li>pro\u00adjek\u00adtip\u00e4\u00e4l\u00adlikk\u00f6 Niina Pen\u00adna\u00adnen Kare\u00adlia-ammat\u00adtiko\u00adrkeak\u00adoulu <a href=\"mailto:niina.pennanen@karelia.fi\">niina.pennanen@karelia.fi<\/a><\/li>\n\n\n\n<li>Savo\u00adnia ammat\u00adtiko\u00adrkeak\u00adoulu: pro\u00adjek\u00adtip\u00e4\u00e4l\u00adlikk\u00f6 Pir\u00adjo Ven\u00adho\u00advaara <a href=\"mailto:pirjo.venhovaara@karelia.fi\">pirjo.venhovaara@karelia.fi<\/a><\/li>\n\n\n\n<li>Joen\u00adsu\u00adun seudun eri\u00adlaiset oppi\u00adjat ry: Eri\u00adty\u00adisas\u00adiantun\u00adti\u00adja Aila Kin\u00adnunen, <a href=\"mailto:aila.kinnunen@lukijose.fi\">aila.kinnunen@lukijose.fi<\/a><\/li>\n<\/ul>\n\n\n\n<figure class=\"wp-block-image size-full\"><img decoding=\"async\" src=\"https:\/\/hankkeet.karelia.fi\/tulevaisuudentyokyky\/wp-content\/uploads\/sites\/73\/2026\/03\/kk3ja4.png\" alt class=\"wp-image-81560\"><\/figure>\n","protected":false},"excerpt":{"rendered":"<p>Hyv\u00e4 opiskelukyky on opin\u00adto\u00adjen suju\u00advan eten\u00ade\u00admisen edel\u00adly\u00adtys. Han\u00adkkeen tavoit\u00adteena on tukea korkeak\u00adoulu\u00adopiske\u00adli\u00adjan suju\u00advaa eten\u00ade\u00admist\u00e4 opin\u00adnois\u00adsaan, kehit\u00adt\u00e4\u00e4 ja tar\u00adjo\u00adta varhaisen havain\u00adnoin\u00adnin ja tuen keino\u00adja sek\u00e4 ehk\u00e4ist\u00e4 opin\u00adto\u00adjen keskey\u00adtymist\u00e4. Tavoit\u00adteena on ennakoi\u00adva opiskelukyvyn tukem\u00adi\u00adnen sek\u00e4 opiskelun haastei\u00adden varhainen havait\u00adsem\u00adi\u00adnen. Han\u00adkkeessa kehitet\u00e4\u00e4n keino\u00adja, joil\u00adla tue\u00adtaan opiskelukyvyn eri osa-aluei\u00ad\u00adta, esimerkik\u00adsi opiske\u00adli\u00adjan arjen hallinta, opiskeluhyv\u00adin\u00advoin\u00adti ja tule\u00advaisu\u00adudessa tarvit\u00adta\u00advat ty\u00f6el\u00e4m\u00e4\u00adtaidot. N\u00e4it\u00e4 [\u2026]<\/p>\n","protected":false},"author":0,"featured_media":17,"parent":0,"menu_order":0,"comment_status":"closed","ping_status":"closed","template":"","meta":{"inline_featured_image":false,"wp_typography_post_enhancements_disabled":false,"footnotes":""},"class_list":["post-20","page","type-page","status-publish","has-post-thumbnail","hentry"],"yoast_head":"<!-- This site is optimized with the Yoast SEO plugin v27.5 - https:\/\/yoast.com\/product\/yoast-seo-wordpress\/ -->\n<title>Tulevaisuuden ty\u00f6kyky \u2013 Korkeakouluopiskelijoiden opiskelukyvyn ja opintojen edist\u00e4minen digitaalisuutta hy\u00f6dynt\u00e4en - Tulevaisuuden ty\u00f6kyky \u2013 Korkeakouluopiskelijoiden opiskelukyvyn ja opintojen edist\u00e4minen digitaalisuutta hy\u00f6dynt\u00e4en<\/title>\n<meta name=\"robots\" content=\"index, follow, max-snippet:-1, max-image-preview:large, max-video-preview:-1\" \/>\n<link rel=\"canonical\" href=\"https:\/\/hankkeet.karelia.fi\/tulevaisuudentyokyky\/\" \/>\n<meta property=\"og:locale\" content=\"fi_FI\" \/>\n<meta property=\"og:type\" content=\"article\" \/>\n<meta property=\"og:title\" content=\"Tulevaisuuden ty\u00f6kyky \u2013 Korkeakouluopiskelijoiden opiskelukyvyn ja opintojen edist\u00e4minen digitaalisuutta hy\u00f6dynt\u00e4en - Tulevaisuuden ty\u00f6kyky \u2013 Korkeakouluopiskelijoiden opiskelukyvyn ja opintojen edist\u00e4minen digitaalisuutta hy\u00f6dynt\u00e4en\" \/>\n<meta property=\"og:description\" content=\"Hyv\u00e4 opiskelukyky on opin\u00adto\u00adjen suju\u00advan eten\u00ade\u00admisen edel\u00adly\u00adtys. Han\u00adkkeen tavoit\u00adteena on tukea korkeak\u00adoulu\u00adopiske\u00adli\u00adjan suju\u00advaa eten\u00ade\u00admist\u00e4 opin\u00adnois\u00adsaan, kehit\u00adt\u00e4\u00e4 ja tar\u00adjo\u00adta varhaisen havain\u00adnoin\u00adnin ja tuen keino\u00adja sek\u00e4 ehk\u00e4ist\u00e4 opin\u00adto\u00adjen keskey\u00adtymist\u00e4. Tavoit\u00adteena on ennakoi\u00adva opiskelukyvyn tukem\u00adi\u00adnen sek\u00e4 opiskelun haastei\u00adden varhainen havait\u00adsem\u00adi\u00adnen. Han\u00adkkeessa kehitet\u00e4\u00e4n keino\u00adja, joil\u00adla tue\u00adtaan opiskelukyvyn eri osa-aluei\u00adta, esimerkik\u00adsi opiske\u00adli\u00adjan arjen hallinta, opiskeluhyv\u00adin\u00advoin\u00adti ja tule\u00advaisu\u00adudessa tarvit\u00adta\u00advat ty\u00f6el\u00e4m\u00e4\u00adtaidot. N\u00e4it\u00e4 [&hellip;]\" \/>\n<meta property=\"og:url\" content=\"https:\/\/hankkeet.karelia.fi\/tulevaisuudentyokyky\/\" \/>\n<meta property=\"og:site_name\" content=\"Tulevaisuuden ty\u00f6kyky \u2013 Korkeakouluopiskelijoiden opiskelukyvyn ja opintojen edist\u00e4minen digitaalisuutta hy\u00f6dynt\u00e4en\" \/>\n<meta name=\"twitter:card\" content=\"summary_large_image\" \/>\n<meta name=\"twitter:label1\" content=\"Arvioitu lukuaika\" \/>\n\t<meta name=\"twitter:data1\" content=\"1 minuutti\" \/>\n<script type=\"application\/ld+json\" class=\"yoast-schema-graph\">{\"@context\":\"https:\\\/\\\/schema.org\",\"@graph\":[{\"@type\":\"WebPage\",\"@id\":\"https:\\\/\\\/hankkeet.karelia.fi\\\/tulevaisuudentyokyky\\\/\",\"url\":\"https:\\\/\\\/hankkeet.karelia.fi\\\/tulevaisuudentyokyky\\\/\",\"name\":\"Tulevaisuuden ty\u00f6kyky \u2013 Korkeakouluopiskelijoiden opiskelukyvyn ja opintojen edist\u00e4minen digitaalisuutta hy\u00f6dynt\u00e4en - Tulevaisuuden ty\u00f6kyky \u2013 Korkeakouluopiskelijoiden opiskelukyvyn ja opintojen edist\u00e4minen digitaalisuutta hy\u00f6dynt\u00e4en\",\"isPartOf\":{\"@id\":\"https:\\\/\\\/hankkeet.karelia.fi\\\/tulevaisuudentyokyky\\\/#website\"},\"primaryImageOfPage\":{\"@id\":\"https:\\\/\\\/hankkeet.karelia.fi\\\/tulevaisuudentyokyky\\\/#primaryimage\"},\"image\":{\"@id\":\"https:\\\/\\\/hankkeet.karelia.fi\\\/tulevaisuudentyokyky\\\/#primaryimage\"},\"thumbnailUrl\":\"https:\\\/\\\/hankkeet.karelia.fi\\\/tulevaisuudentyokyky\\\/wp-content\\\/uploads\\\/sites\\\/73\\\/2026\\\/03\\\/Karelia_AMK_kirjasto_Markkinointitoimisto_Tovari_Valokuva_2048px_1.jpg\",\"datePublished\":\"2026-03-17T14:16:25+00:00\",\"breadcrumb\":{\"@id\":\"https:\\\/\\\/hankkeet.karelia.fi\\\/tulevaisuudentyokyky\\\/#breadcrumb\"},\"inLanguage\":\"fi\",\"potentialAction\":[{\"@type\":\"ReadAction\",\"target\":[\"https:\\\/\\\/hankkeet.karelia.fi\\\/tulevaisuudentyokyky\\\/\"]}]},{\"@type\":\"ImageObject\",\"inLanguage\":\"fi\",\"@id\":\"https:\\\/\\\/hankkeet.karelia.fi\\\/tulevaisuudentyokyky\\\/#primaryimage\",\"url\":\"https:\\\/\\\/hankkeet.karelia.fi\\\/tulevaisuudentyokyky\\\/wp-content\\\/uploads\\\/sites\\\/73\\\/2026\\\/03\\\/Karelia_AMK_kirjasto_Markkinointitoimisto_Tovari_Valokuva_2048px_1.jpg\",\"contentUrl\":\"https:\\\/\\\/hankkeet.karelia.fi\\\/tulevaisuudentyokyky\\\/wp-content\\\/uploads\\\/sites\\\/73\\\/2026\\\/03\\\/Karelia_AMK_kirjasto_Markkinointitoimisto_Tovari_Valokuva_2048px_1.jpg\",\"width\":2048,\"height\":1365},{\"@type\":\"BreadcrumbList\",\"@id\":\"https:\\\/\\\/hankkeet.karelia.fi\\\/tulevaisuudentyokyky\\\/#breadcrumb\",\"itemListElement\":[{\"@type\":\"ListItem\",\"position\":1,\"name\":\"Home\",\"item\":\"https:\\\/\\\/hankkeet.karelia.fi\\\/tulevaisuudentyokyky\\\/tulevaisuuden-tyokyky-korkeakouluopiskelijoiden-opiskelukyvyn-ja-opintojen-edistaminen-digitaalisuutta-hyodyntaen\\\/\"},{\"@type\":\"ListItem\",\"position\":2,\"name\":\"Tulevaisuuden ty\u00f6kyky \u2013 Korkeakouluopiskelijoiden opiskelukyvyn ja opintojen edist\u00e4minen digitaalisuutta hy\u00f6dynt\u00e4en\"}]},{\"@type\":\"WebSite\",\"@id\":\"https:\\\/\\\/hankkeet.karelia.fi\\\/tulevaisuudentyokyky\\\/#website\",\"url\":\"https:\\\/\\\/hankkeet.karelia.fi\\\/tulevaisuudentyokyky\\\/\",\"name\":\"Tulevaisuuden ty\u00f6kyky \u2013 Korkeakouluopiskelijoiden opiskelukyvyn ja opintojen edist\u00e4minen digitaalisuutta hy\u00f6dynt\u00e4en\",\"description\":\"\",\"publisher\":{\"@id\":\"https:\\\/\\\/hankkeet.karelia.fi\\\/tulevaisuudentyokyky\\\/#organization\"},\"potentialAction\":[{\"@type\":\"SearchAction\",\"target\":{\"@type\":\"EntryPoint\",\"urlTemplate\":\"https:\\\/\\\/hankkeet.karelia.fi\\\/tulevaisuudentyokyky\\\/?s={search_term_string}\"},\"query-input\":{\"@type\":\"PropertyValueSpecification\",\"valueRequired\":true,\"valueName\":\"search_term_string\"}}],\"inLanguage\":\"fi\"},{\"@type\":\"Organization\",\"@id\":\"https:\\\/\\\/hankkeet.karelia.fi\\\/tulevaisuudentyokyky\\\/#organization\",\"name\":\"Tulevaisuuden ty\u00f6kyky \u2013 Korkeakouluopiskelijoiden opiskelukyvyn ja opintojen edist\u00e4minen digitaalisuutta hy\u00f6dynt\u00e4en\",\"url\":\"https:\\\/\\\/hankkeet.karelia.fi\\\/tulevaisuudentyokyky\\\/\",\"logo\":{\"@type\":\"ImageObject\",\"inLanguage\":\"fi\",\"@id\":\"https:\\\/\\\/hankkeet.karelia.fi\\\/tulevaisuudentyokyky\\\/#\\\/schema\\\/logo\\\/image\\\/\",\"url\":\"https:\\\/\\\/hankkeet.karelia.fi\\\/tulevaisuudentyokyky\\\/wp-content\\\/uploads\\\/sites\\\/73\\\/2026\\\/03\\\/cropped-cropped-Karelia_AMK_logo_RGB-1.png\",\"contentUrl\":\"https:\\\/\\\/hankkeet.karelia.fi\\\/tulevaisuudentyokyky\\\/wp-content\\\/uploads\\\/sites\\\/73\\\/2026\\\/03\\\/cropped-cropped-Karelia_AMK_logo_RGB-1.png\",\"width\":427,\"height\":116,\"caption\":\"Tulevaisuuden ty\u00f6kyky \u2013 Korkeakouluopiskelijoiden opiskelukyvyn ja opintojen edist\u00e4minen digitaalisuutta hy\u00f6dynt\u00e4en\"},\"image\":{\"@id\":\"https:\\\/\\\/hankkeet.karelia.fi\\\/tulevaisuudentyokyky\\\/#\\\/schema\\\/logo\\\/image\\\/\"}}]}<\/script>\n<!-- \/ Yoast SEO plugin. -->","yoast_head_json":{"title":"Tulevaisuuden ty\u00f6kyky \u2013 Korkeakouluopiskelijoiden opiskelukyvyn ja opintojen edist\u00e4minen digitaalisuutta hy\u00f6dynt\u00e4en - Tulevaisuuden ty\u00f6kyky \u2013 Korkeakouluopiskelijoiden opiskelukyvyn ja opintojen edist\u00e4minen digitaalisuutta hy\u00f6dynt\u00e4en","robots":{"index":"index","follow":"follow","max-snippet":"max-snippet:-1","max-image-preview":"max-image-preview:large","max-video-preview":"max-video-preview:-1"},"canonical":"https:\/\/hankkeet.karelia.fi\/tulevaisuudentyokyky\/","og_locale":"fi_FI","og_type":"article","og_title":"Tulevaisuuden ty\u00f6kyky \u2013 Korkeakouluopiskelijoiden opiskelukyvyn ja opintojen edist\u00e4minen digitaalisuutta hy\u00f6dynt\u00e4en - Tulevaisuuden ty\u00f6kyky \u2013 Korkeakouluopiskelijoiden opiskelukyvyn ja opintojen edist\u00e4minen digitaalisuutta hy\u00f6dynt\u00e4en","og_description":"Hyv\u00e4 opiskelukyky on opin\u00adto\u00adjen suju\u00advan eten\u00ade\u00admisen edel\u00adly\u00adtys. Han\u00adkkeen tavoit\u00adteena on tukea korkeak\u00adoulu\u00adopiske\u00adli\u00adjan suju\u00advaa eten\u00ade\u00admist\u00e4 opin\u00adnois\u00adsaan, kehit\u00adt\u00e4\u00e4 ja tar\u00adjo\u00adta varhaisen havain\u00adnoin\u00adnin ja tuen keino\u00adja sek\u00e4 ehk\u00e4ist\u00e4 opin\u00adto\u00adjen keskey\u00adtymist\u00e4. Tavoit\u00adteena on ennakoi\u00adva opiskelukyvyn tukem\u00adi\u00adnen sek\u00e4 opiskelun haastei\u00adden varhainen havait\u00adsem\u00adi\u00adnen. Han\u00adkkeessa kehitet\u00e4\u00e4n keino\u00adja, joil\u00adla tue\u00adtaan opiskelukyvyn eri osa-aluei\u00adta, esimerkik\u00adsi opiske\u00adli\u00adjan arjen hallinta, opiskeluhyv\u00adin\u00advoin\u00adti ja tule\u00advaisu\u00adudessa tarvit\u00adta\u00advat ty\u00f6el\u00e4m\u00e4\u00adtaidot. N\u00e4it\u00e4 [&hellip;]","og_url":"https:\/\/hankkeet.karelia.fi\/tulevaisuudentyokyky\/","og_site_name":"Tulevaisuuden ty\u00f6kyky \u2013 Korkeakouluopiskelijoiden opiskelukyvyn ja opintojen edist\u00e4minen digitaalisuutta hy\u00f6dynt\u00e4en","twitter_card":"summary_large_image","twitter_misc":{"Arvioitu lukuaika":"1 minuutti"},"schema":{"@context":"https:\/\/schema.org","@graph":[{"@type":"WebPage","@id":"https:\/\/hankkeet.karelia.fi\/tulevaisuudentyokyky\/","url":"https:\/\/hankkeet.karelia.fi\/tulevaisuudentyokyky\/","name":"Tulevaisuuden ty\u00f6kyky \u2013 Korkeakouluopiskelijoiden opiskelukyvyn ja opintojen edist\u00e4minen digitaalisuutta hy\u00f6dynt\u00e4en - Tulevaisuuden ty\u00f6kyky \u2013 Korkeakouluopiskelijoiden opiskelukyvyn ja opintojen edist\u00e4minen digitaalisuutta hy\u00f6dynt\u00e4en","isPartOf":{"@id":"https:\/\/hankkeet.karelia.fi\/tulevaisuudentyokyky\/#website"},"primaryImageOfPage":{"@id":"https:\/\/hankkeet.karelia.fi\/tulevaisuudentyokyky\/#primaryimage"},"image":{"@id":"https:\/\/hankkeet.karelia.fi\/tulevaisuudentyokyky\/#primaryimage"},"thumbnailUrl":"https:\/\/hankkeet.karelia.fi\/tulevaisuudentyokyky\/wp-content\/uploads\/sites\/73\/2026\/03\/Karelia_AMK_kirjasto_Markkinointitoimisto_Tovari_Valokuva_2048px_1.jpg","datePublished":"2026-03-17T14:16:25+00:00","breadcrumb":{"@id":"https:\/\/hankkeet.karelia.fi\/tulevaisuudentyokyky\/#breadcrumb"},"inLanguage":"fi","potentialAction":[{"@type":"ReadAction","target":["https:\/\/hankkeet.karelia.fi\/tulevaisuudentyokyky\/"]}]},{"@type":"ImageObject","inLanguage":"fi","@id":"https:\/\/hankkeet.karelia.fi\/tulevaisuudentyokyky\/#primaryimage","url":"https:\/\/hankkeet.karelia.fi\/tulevaisuudentyokyky\/wp-content\/uploads\/sites\/73\/2026\/03\/Karelia_AMK_kirjasto_Markkinointitoimisto_Tovari_Valokuva_2048px_1.jpg","contentUrl":"https:\/\/hankkeet.karelia.fi\/tulevaisuudentyokyky\/wp-content\/uploads\/sites\/73\/2026\/03\/Karelia_AMK_kirjasto_Markkinointitoimisto_Tovari_Valokuva_2048px_1.jpg","width":2048,"height":1365},{"@type":"BreadcrumbList","@id":"https:\/\/hankkeet.karelia.fi\/tulevaisuudentyokyky\/#breadcrumb","itemListElement":[{"@type":"ListItem","position":1,"name":"Home","item":"https:\/\/hankkeet.karelia.fi\/tulevaisuudentyokyky\/tulevaisuuden-tyokyky-korkeakouluopiskelijoiden-opiskelukyvyn-ja-opintojen-edistaminen-digitaalisuutta-hyodyntaen\/"},{"@type":"ListItem","position":2,"name":"Tulevaisuuden ty\u00f6kyky \u2013 Korkeakouluopiskelijoiden opiskelukyvyn ja opintojen edist\u00e4minen digitaalisuutta hy\u00f6dynt\u00e4en"}]},{"@type":"WebSite","@id":"https:\/\/hankkeet.karelia.fi\/tulevaisuudentyokyky\/#website","url":"https:\/\/hankkeet.karelia.fi\/tulevaisuudentyokyky\/","name":"Tulevaisuuden ty\u00f6kyky \u2013 Korkeakouluopiskelijoiden opiskelukyvyn ja opintojen edist\u00e4minen digitaalisuutta hy\u00f6dynt\u00e4en","description":"","publisher":{"@id":"https:\/\/hankkeet.karelia.fi\/tulevaisuudentyokyky\/#organization"},"potentialAction":[{"@type":"SearchAction","target":{"@type":"EntryPoint","urlTemplate":"https:\/\/hankkeet.karelia.fi\/tulevaisuudentyokyky\/?s={search_term_string}"},"query-input":{"@type":"PropertyValueSpecification","valueRequired":true,"valueName":"search_term_string"}}],"inLanguage":"fi"},{"@type":"Organization","@id":"https:\/\/hankkeet.karelia.fi\/tulevaisuudentyokyky\/#organization","name":"Tulevaisuuden ty\u00f6kyky \u2013 Korkeakouluopiskelijoiden opiskelukyvyn ja opintojen edist\u00e4minen digitaalisuutta hy\u00f6dynt\u00e4en","url":"https:\/\/hankkeet.karelia.fi\/tulevaisuudentyokyky\/","logo":{"@type":"ImageObject","inLanguage":"fi","@id":"https:\/\/hankkeet.karelia.fi\/tulevaisuudentyokyky\/#\/schema\/logo\/image\/","url":"https:\/\/hankkeet.karelia.fi\/tulevaisuudentyokyky\/wp-content\/uploads\/sites\/73\/2026\/03\/cropped-cropped-Karelia_AMK_logo_RGB-1.png","contentUrl":"https:\/\/hankkeet.karelia.fi\/tulevaisuudentyokyky\/wp-content\/uploads\/sites\/73\/2026\/03\/cropped-cropped-Karelia_AMK_logo_RGB-1.png","width":427,"height":116,"caption":"Tulevaisuuden ty\u00f6kyky \u2013 Korkeakouluopiskelijoiden opiskelukyvyn ja opintojen edist\u00e4minen digitaalisuutta hy\u00f6dynt\u00e4en"},"image":{"@id":"https:\/\/hankkeet.karelia.fi\/tulevaisuudentyokyky\/#\/schema\/logo\/image\/"}}]}},"_links":{"self":[{"href":"https:\/\/hankkeet.karelia.fi\/tulevaisuudentyokyky\/wp-json\/wp\/v2\/pages\/20","targetHints":{"allow":["GET"]}}],"collection":[{"href":"https:\/\/hankkeet.karelia.fi\/tulevaisuudentyokyky\/wp-json\/wp\/v2\/pages"}],"about":[{"href":"https:\/\/hankkeet.karelia.fi\/tulevaisuudentyokyky\/wp-json\/wp\/v2\/types\/page"}],"replies":[{"embeddable":true,"href":"https:\/\/hankkeet.karelia.fi\/tulevaisuudentyokyky\/wp-json\/wp\/v2\/comments?post=20"}],"version-history":[{"count":0,"href":"https:\/\/hankkeet.karelia.fi\/tulevaisuudentyokyky\/wp-json\/wp\/v2\/pages\/20\/revisions"}],"wp:featuredmedia":[{"embeddable":true,"href":"https:\/\/hankkeet.karelia.fi\/tulevaisuudentyokyky\/wp-json\/wp\/v2\/media\/17"}],"wp:attachment":[{"href":"https:\/\/hankkeet.karelia.fi\/tulevaisuudentyokyky\/wp-json\/wp\/v2\/media?parent=20"}],"curies":[{"name":"wp","href":"https:\/\/api.w.org\/{rel}","templated":true}]}}