{"id":19,"date":"2026-03-17T10:09:28","date_gmt":"2026-03-17T08:09:28","guid":{"rendered":"https:\/\/hankkeet.karelia.fi\/vakasosionomi-hanke\/vakasosionomi-hanke\/"},"modified":"2026-03-17T10:09:28","modified_gmt":"2026-03-17T08:09:28","slug":"vakasosionomi-hanke","status":"publish","type":"page","link":"https:\/\/hankkeet.karelia.fi\/vakasosionomi-hanke\/","title":{"rendered":"Vakasosionomi-hanke"},"content":{"rendered":"\n<h2 class=\"wp-block-heading\">Lastenhoitajasta varhaiskasvatuksen sosionomiksi kuntakumppanuuden avulla<\/h2>\n\n\n\n<figure class=\"wp-block-image size-full\"><img decoding=\"async\" src=\"https:\/\/hankkeet.karelia.fi\/vakasosionomi-hanke\/wp-content\/uploads\/sites\/26\/2026\/03\/image-1.png\" alt class=\"wp-image-74051\"><\/figure>\n\n\n\n<p>Varhaiskas\u00adva\u00adtus\u00adla\u00adki (540\/2018) muut\u00adtaa varhaiskas\u00advatuk\u00adsen henkil\u00f6st\u00f6n kelpoisu\u00adus\u00advaa\u00adtimuk\u00adsia. Vuon\u00adna 2030 p\u00e4iv\u00e4kodeis\u00adsa tulee olla korkeak\u00adoulutet\u00adtu\u00adja ty\u00f6n\u00adtek\u00adi\u00adj\u00f6it\u00e4 2\/3, nykyisen 1\/3 sijaan. T\u00e4m\u00e4 tarkoit\u00adtaa varhaiskas\u00advatuk\u00adsen las\u00adten\u00adhoita\u00adjien huo\u00admat\u00adtavaa v\u00e4hen\u00ade\u00admist\u00e4 varhaiskas\u00advatuk\u00adses\u00adsa. Jot\u00adta kun\u00adnat ja p\u00e4iv\u00e4kodit pystyv\u00e4t vas\u00adtaa\u00admaan lain vaa\u00adtimuk\u00adsi\u00adin, tulee nyky\u00adisi\u00e4 varhaiskas\u00advatuk\u00adsen las\u00adten\u00adhoita\u00adjia uudelleenk\u00adoulut\u00adtaa.<\/p>\n\n\n\n<p><em>Varhaiskas\u00advatuk\u00adsen sosiono\u00admi<\/em> on siis uusi teht\u00e4v\u00e4n\u00adimike. Kare\u00adlia ammat\u00adtiko\u00adrkeak\u00adoulus\u00adta on valmis\u00adtunut aikaisem\u00admin varhaiskas\u00advatuk\u00adsen opet\u00adta\u00adjia, mut\u00adta uuden teht\u00e4v\u00e4n\u00adimik\u00adkeen my\u00f6t\u00e4 t\u00e4m\u00e4 muut\u00adtuu. Ennen 1.9.2019 opin\u00adton\u00adsa aloit\u00adta\u00adneet opiske\u00adli\u00adjat saa\u00advat viel\u00e4 varhaiskas\u00advatuk\u00adsen opet\u00adta\u00adjan p\u00e4tevyy\u00adden, mut\u00adta t\u00e4m\u00e4n j\u00e4l\u00adkeen saa\u00adpuneet opiske\u00adli\u00adjat saa\u00advat varhaiskas\u00advatuk\u00adsen sosionomin p\u00e4tevyy\u00adden.<\/p>\n\n\n\n<p>Lain muu\u00adtos ja ty\u00f6el\u00e4m\u00e4n muu\u00adtok\u00adset ovat l\u00e4ht\u00f6ko\u00adhtia aloite\u00adtulle han\u00adkkeellemme, mik\u00e4 toteutetaan yhteisty\u00f6ss\u00e4 Liperin kun\u00adnan kanssa. Han\u00adke k\u00e4yn\u00adnistyi 1.3.2021 ja t\u00e4l\u00adl\u00f6in 13 Liperin varhaiskas\u00advatuk\u00adsen las\u00adten\u00adhoita\u00adjaa aloit\u00adti\u00advat koulut\u00adtau\u00adtu\u00admisen varhaiskas\u00advatuk\u00adsen sosionomik\u00adsi. Han\u00adke kest\u00e4\u00e4 kev\u00e4\u00e4seen 2023 asti, mink\u00e4 aikana opiske\u00adli\u00adjat suorit\u00adta\u00advat sosi\u00adaalialan koulu\u00adtu\u00adso\u00adhjel\u00adman opin\u00adto\u00adja avoimen amk:n opiske\u00adli\u00adjoina.<\/p>\n\n\n\n<p>Han\u00adkkeen tavoit\u00adteena on kehit\u00adt\u00e4\u00e4 Kare\u00adlia-ammat\u00adtiko\u00adrkeak\u00adoulun sosi\u00adaalialan mon\u00adimuo\u00adto\u00adto\u00adteu\u00adtus\u00adta nyky\u00adist\u00e4 jous\u00adtavam\u00admak\u00adsi. Tavoit\u00adteena on pilo\u00adtoi\u00adda varhaiskas\u00advatuk\u00adsen koulu\u00adtuk\u00adsen ty\u00f6el\u00e4m\u00e4l\u00e4ht\u00f6ist\u00e4 toteu\u00adtus\u00admall\u00adia, jos\u00adsa kehitet\u00e4\u00e4n ty\u00f6n arjes\u00adsa tapah\u00adtu\u00advaa oppimista. Han\u00adkkeen tavoit\u00adteena on my\u00f6s luo\u00adda uuden\u00adlaisia malle\u00adja opetuk\u00adsen r\u00e4\u00e4t\u00e4l\u00f6in\u00adti\u00adin, jous\u00adtavi\u00adin toteu\u00adtustapoi\u00adhin, aikaisem\u00admin opitun tun\u00adnistamiseen sek\u00e4 n\u00e4yt\u00adt\u00f6i\u00adhin tms. uuden\u00adlaisi\u00adin tapoi\u00adhin, joil\u00adla osoite\u00adtaan opin\u00adto\u00adsu\u00adun\u00adnitel\u00admaan liit\u00adtyv\u00e4 osaami\u00adnen. Laa\u00adjasti kat\u00adsoen t\u00e4ss\u00e4 han\u00adkkeessa kehitet\u00e4\u00e4n varhaiskas\u00advatuk\u00adsen koulu\u00adtuk\u00adseen uusia, yleisem\u00admin hy\u00f6\u00addyn\u00adnet\u00adt\u00e4vi\u00e4 ty\u00f6el\u00e4m\u00e4l\u00e4ht\u00f6isi\u00e4 jatku\u00advan oppimisen ratkaisu\u00adja.<\/p>\n\n\n\n<p><strong>Han\u00adkkeen keskeiset teemat ovat:<\/strong><\/p>\n\n\n\n<p>1. Ty\u00f6ss\u00e4 ole\u00advan osaamisen tun\u00adnist\u00ada\u00admi\u00adnen ja kehit\u00adt\u00e4mi\u00adnen \u2013 jatku\u00adva oppimi\u00adnen<\/p>\n\n\n\n<p>2. Eril\u00adlisen opin\u00adtopol\u00adun kehit\u00adt\u00e4mi\u00adnen varhaiskas\u00advatuk\u00adses\u00adsa ty\u00f6sken\u00adteleville<\/p>\n\n\n\n<p>Han\u00adkkeen tulok\u00adse\u00adna Kare\u00adlia-ammat\u00adtiko\u00adrkeak\u00adoulus\u00adsa ote\u00adtaan k\u00e4yt\u00adt\u00f6\u00f6n uuden\u00adlaisia ty\u00f6el\u00e4m\u00e4\u00e4n inte\u00adgroitu\u00adja toim\u00adintat\u00adapo\u00adja mon\u00adimuo\u00adto\u00adto\u00adteu\u00adtuk\u00adsi\u00adin sosi\u00adaalialan koulu\u00adtuk\u00adses\u00adsa. T\u00e4t\u00e4 ty\u00f6n opin\u00adnol\u00adlis\u00adtamista pystyt\u00e4\u00e4n hy\u00f6\u00addyn\u00adt\u00e4m\u00e4\u00e4n mah\u00addol\u00adlis\u00ades\u00adti my\u00f6s muil\u00adla koulu\u00adtusa\u00adloil\u00adla. Varhaiskas\u00adva\u00adtus toimii t\u00e4m\u00e4n kehit\u00adt\u00e4misty\u00f6n pilot\u00adti\u00adna.<\/p>\n\n\n\n<h2 class=\"wp-block-heading\">Yhteystiedot<\/h2>\n\n\n\n<p><strong>Pro\u00adjek\u00adtip\u00e4\u00e4l\u00adlikk\u00f6<\/strong><br>Antti Raeko\u00adr\u00adpi<br>antti.raekorpi@karelia.fi<br>p. 050 465 2293<\/p>\n\n\n\n<p><strong>Pro\u00adjek\u00adti\u00adasiantun\u00adti\u00adja<\/strong><br>Anne Airaksi\u00adnen<br>anne.airaksinen@karelia.fi <br>050 411 9954<\/p>\n","protected":false},"excerpt":{"rendered":"<p>Las\u00adten\u00adhoita\u00adjas\u00adta varhaiskas\u00advatuk\u00adsen sosionomik\u00adsi kun\u00adtakump\u00adpanu\u00adu\u00adden avul\u00adla Varhaiskas\u00adva\u00adtus\u00adla\u00adki (540\/2018) muut\u00adtaa varhaiskas\u00advatuk\u00adsen henkil\u00f6st\u00f6n kelpoisu\u00adus\u00advaa\u00adtimuk\u00adsia. Vuon\u00adna 2030 p\u00e4iv\u00e4kodeis\u00adsa tulee olla korkeak\u00adoulutet\u00adtu\u00adja ty\u00f6n\u00adtek\u00adi\u00adj\u00f6it\u00e4 2\/3, nykyisen 1\/3 sijaan. T\u00e4m\u00e4 tarkoit\u00adtaa varhaiskas\u00advatuk\u00adsen las\u00adten\u00adhoita\u00adjien huo\u00admat\u00adtavaa v\u00e4hen\u00ade\u00admist\u00e4 varhaiskas\u00advatuk\u00adses\u00adsa. Jot\u00adta kun\u00adnat ja p\u00e4iv\u00e4kodit pystyv\u00e4t vas\u00adtaa\u00admaan lain vaa\u00adtimuk\u00adsi\u00adin, tulee nyky\u00adisi\u00e4 varhaiskas\u00advatuk\u00adsen las\u00adten\u00adhoita\u00adjia uudelleenk\u00adoulut\u00adtaa. Varhaiskas\u00advatuk\u00adsen sosiono\u00admi on siis uusi teht\u00e4v\u00e4n\u00adimike. Kare\u00adlia ammat\u00adtiko\u00adrkeak\u00adoulus\u00adta on valmis\u00adtunut aikaisem\u00admin varhaiskas\u00advatuk\u00adsen opet\u00adta\u00adjia, [\u2026]<\/p>\n","protected":false},"author":0,"featured_media":17,"parent":0,"menu_order":0,"comment_status":"closed","ping_status":"closed","template":"","meta":{"inline_featured_image":false,"wp_typography_post_enhancements_disabled":false,"footnotes":""},"class_list":["post-19","page","type-page","status-publish","has-post-thumbnail","hentry"],"yoast_head":"<!-- This site is optimized with the Yoast SEO plugin v27.5 - https:\/\/yoast.com\/product\/yoast-seo-wordpress\/ -->\n<title>Vakasosionomi-hanke - Vakasosionomi-hanke<\/title>\n<meta name=\"robots\" content=\"index, follow, max-snippet:-1, max-image-preview:large, max-video-preview:-1\" \/>\n<link rel=\"canonical\" href=\"https:\/\/hankkeet.karelia.fi\/vakasosionomi-hanke\/\" \/>\n<meta property=\"og:locale\" content=\"fi_FI\" \/>\n<meta property=\"og:type\" content=\"article\" \/>\n<meta property=\"og:title\" content=\"Vakasosionomi-hanke - Vakasosionomi-hanke\" \/>\n<meta property=\"og:description\" content=\"Lastenhoitajasta varhaiskasvatuksen sosionomiksi kuntakumppanuuden avulla Varhaiskas\u00adva\u00adtus\u00adla\u00adki (540\/2018) muut\u00adtaa varhaiskas\u00advatuk\u00adsen henkil\u00f6st\u00f6n kelpoisu\u00adus\u00advaa\u00adtimuk\u00adsia. Vuon\u00adna 2030 p\u00e4iv\u00e4kodeis\u00adsa tulee olla korkeak\u00adoulutet\u00adtu\u00adja ty\u00f6n\u00adtek\u00adi\u00adj\u00f6it\u00e4 2\/3, nykyisen 1\/3 sijaan. T\u00e4m\u00e4 tarkoit\u00adtaa varhaiskas\u00advatuk\u00adsen las\u00adten\u00adhoita\u00adjien huo\u00admat\u00adtavaa v\u00e4hen\u00ade\u00admist\u00e4 varhaiskas\u00advatuk\u00adses\u00adsa. Jot\u00adta kun\u00adnat ja p\u00e4iv\u00e4kodit pystyv\u00e4t vas\u00adtaa\u00admaan lain vaa\u00adtimuk\u00adsi\u00adin, tulee nyky\u00adisi\u00e4 varhaiskas\u00advatuk\u00adsen las\u00adten\u00adhoita\u00adjia uudelleenk\u00adoulut\u00adtaa. Varhaiskas\u00advatuk\u00adsen sosiono\u00admi on siis uusi teht\u00e4v\u00e4n\u00adimike. Kare\u00adlia ammat\u00adtiko\u00adrkeak\u00adoulus\u00adta on valmis\u00adtunut aikaisem\u00admin varhaiskas\u00advatuk\u00adsen opet\u00adta\u00adjia, [&hellip;]\" \/>\n<meta property=\"og:url\" content=\"https:\/\/hankkeet.karelia.fi\/vakasosionomi-hanke\/\" \/>\n<meta property=\"og:site_name\" content=\"Vakasosionomi-hanke\" \/>\n<meta name=\"twitter:card\" content=\"summary_large_image\" \/>\n<meta name=\"twitter:label1\" content=\"Arvioitu lukuaika\" \/>\n\t<meta name=\"twitter:data1\" content=\"2 minuuttia\" \/>\n<script type=\"application\/ld+json\" class=\"yoast-schema-graph\">{\"@context\":\"https:\\\/\\\/schema.org\",\"@graph\":[{\"@type\":\"WebPage\",\"@id\":\"https:\\\/\\\/hankkeet.karelia.fi\\\/vakasosionomi-hanke\\\/\",\"url\":\"https:\\\/\\\/hankkeet.karelia.fi\\\/vakasosionomi-hanke\\\/\",\"name\":\"Vakasosionomi-hanke - Vakasosionomi-hanke\",\"isPartOf\":{\"@id\":\"https:\\\/\\\/hankkeet.karelia.fi\\\/vakasosionomi-hanke\\\/#website\"},\"primaryImageOfPage\":{\"@id\":\"https:\\\/\\\/hankkeet.karelia.fi\\\/vakasosionomi-hanke\\\/#primaryimage\"},\"image\":{\"@id\":\"https:\\\/\\\/hankkeet.karelia.fi\\\/vakasosionomi-hanke\\\/#primaryimage\"},\"thumbnailUrl\":\"https:\\\/\\\/hankkeet.karelia.fi\\\/vakasosionomi-hanke\\\/wp-content\\\/uploads\\\/sites\\\/26\\\/2026\\\/03\\\/sosionomi2-kuva2.jpg\",\"datePublished\":\"2026-03-17T08:09:28+00:00\",\"breadcrumb\":{\"@id\":\"https:\\\/\\\/hankkeet.karelia.fi\\\/vakasosionomi-hanke\\\/#breadcrumb\"},\"inLanguage\":\"fi\",\"potentialAction\":[{\"@type\":\"ReadAction\",\"target\":[\"https:\\\/\\\/hankkeet.karelia.fi\\\/vakasosionomi-hanke\\\/\"]}]},{\"@type\":\"ImageObject\",\"inLanguage\":\"fi\",\"@id\":\"https:\\\/\\\/hankkeet.karelia.fi\\\/vakasosionomi-hanke\\\/#primaryimage\",\"url\":\"https:\\\/\\\/hankkeet.karelia.fi\\\/vakasosionomi-hanke\\\/wp-content\\\/uploads\\\/sites\\\/26\\\/2026\\\/03\\\/sosionomi2-kuva2.jpg\",\"contentUrl\":\"https:\\\/\\\/hankkeet.karelia.fi\\\/vakasosionomi-hanke\\\/wp-content\\\/uploads\\\/sites\\\/26\\\/2026\\\/03\\\/sosionomi2-kuva2.jpg\",\"width\":850,\"height\":350},{\"@type\":\"BreadcrumbList\",\"@id\":\"https:\\\/\\\/hankkeet.karelia.fi\\\/vakasosionomi-hanke\\\/#breadcrumb\",\"itemListElement\":[{\"@type\":\"ListItem\",\"position\":1,\"name\":\"Home\",\"item\":\"https:\\\/\\\/hankkeet.karelia.fi\\\/vakasosionomi-hanke\\\/vakasosionomi-hanke\\\/\"},{\"@type\":\"ListItem\",\"position\":2,\"name\":\"Vakasosionomi-hanke\"}]},{\"@type\":\"WebSite\",\"@id\":\"https:\\\/\\\/hankkeet.karelia.fi\\\/vakasosionomi-hanke\\\/#website\",\"url\":\"https:\\\/\\\/hankkeet.karelia.fi\\\/vakasosionomi-hanke\\\/\",\"name\":\"Vakasosionomi-hanke\",\"description\":\"\",\"publisher\":{\"@id\":\"https:\\\/\\\/hankkeet.karelia.fi\\\/vakasosionomi-hanke\\\/#organization\"},\"potentialAction\":[{\"@type\":\"SearchAction\",\"target\":{\"@type\":\"EntryPoint\",\"urlTemplate\":\"https:\\\/\\\/hankkeet.karelia.fi\\\/vakasosionomi-hanke\\\/?s={search_term_string}\"},\"query-input\":{\"@type\":\"PropertyValueSpecification\",\"valueRequired\":true,\"valueName\":\"search_term_string\"}}],\"inLanguage\":\"fi\"},{\"@type\":\"Organization\",\"@id\":\"https:\\\/\\\/hankkeet.karelia.fi\\\/vakasosionomi-hanke\\\/#organization\",\"name\":\"Vakasosionomi-hanke\",\"url\":\"https:\\\/\\\/hankkeet.karelia.fi\\\/vakasosionomi-hanke\\\/\",\"logo\":{\"@type\":\"ImageObject\",\"inLanguage\":\"fi\",\"@id\":\"https:\\\/\\\/hankkeet.karelia.fi\\\/vakasosionomi-hanke\\\/#\\\/schema\\\/logo\\\/image\\\/\",\"url\":\"https:\\\/\\\/hankkeet.karelia.fi\\\/vakasosionomi-hanke\\\/wp-content\\\/uploads\\\/sites\\\/26\\\/2026\\\/03\\\/cropped-cropped-Karelia_AMK_logo_RGB-1.png\",\"contentUrl\":\"https:\\\/\\\/hankkeet.karelia.fi\\\/vakasosionomi-hanke\\\/wp-content\\\/uploads\\\/sites\\\/26\\\/2026\\\/03\\\/cropped-cropped-Karelia_AMK_logo_RGB-1.png\",\"width\":427,\"height\":116,\"caption\":\"Vakasosionomi-hanke\"},\"image\":{\"@id\":\"https:\\\/\\\/hankkeet.karelia.fi\\\/vakasosionomi-hanke\\\/#\\\/schema\\\/logo\\\/image\\\/\"}}]}<\/script>\n<!-- \/ Yoast SEO plugin. -->","yoast_head_json":{"title":"Vakasosionomi-hanke - Vakasosionomi-hanke","robots":{"index":"index","follow":"follow","max-snippet":"max-snippet:-1","max-image-preview":"max-image-preview:large","max-video-preview":"max-video-preview:-1"},"canonical":"https:\/\/hankkeet.karelia.fi\/vakasosionomi-hanke\/","og_locale":"fi_FI","og_type":"article","og_title":"Vakasosionomi-hanke - Vakasosionomi-hanke","og_description":"Lastenhoitajasta varhaiskasvatuksen sosionomiksi kuntakumppanuuden avulla Varhaiskas\u00adva\u00adtus\u00adla\u00adki (540\/2018) muut\u00adtaa varhaiskas\u00advatuk\u00adsen henkil\u00f6st\u00f6n kelpoisu\u00adus\u00advaa\u00adtimuk\u00adsia. Vuon\u00adna 2030 p\u00e4iv\u00e4kodeis\u00adsa tulee olla korkeak\u00adoulutet\u00adtu\u00adja ty\u00f6n\u00adtek\u00adi\u00adj\u00f6it\u00e4 2\/3, nykyisen 1\/3 sijaan. T\u00e4m\u00e4 tarkoit\u00adtaa varhaiskas\u00advatuk\u00adsen las\u00adten\u00adhoita\u00adjien huo\u00admat\u00adtavaa v\u00e4hen\u00ade\u00admist\u00e4 varhaiskas\u00advatuk\u00adses\u00adsa. Jot\u00adta kun\u00adnat ja p\u00e4iv\u00e4kodit pystyv\u00e4t vas\u00adtaa\u00admaan lain vaa\u00adtimuk\u00adsi\u00adin, tulee nyky\u00adisi\u00e4 varhaiskas\u00advatuk\u00adsen las\u00adten\u00adhoita\u00adjia uudelleenk\u00adoulut\u00adtaa. Varhaiskas\u00advatuk\u00adsen sosiono\u00admi on siis uusi teht\u00e4v\u00e4n\u00adimike. Kare\u00adlia ammat\u00adtiko\u00adrkeak\u00adoulus\u00adta on valmis\u00adtunut aikaisem\u00admin varhaiskas\u00advatuk\u00adsen opet\u00adta\u00adjia, [&hellip;]","og_url":"https:\/\/hankkeet.karelia.fi\/vakasosionomi-hanke\/","og_site_name":"Vakasosionomi-hanke","twitter_card":"summary_large_image","twitter_misc":{"Arvioitu lukuaika":"2 minuuttia"},"schema":{"@context":"https:\/\/schema.org","@graph":[{"@type":"WebPage","@id":"https:\/\/hankkeet.karelia.fi\/vakasosionomi-hanke\/","url":"https:\/\/hankkeet.karelia.fi\/vakasosionomi-hanke\/","name":"Vakasosionomi-hanke - Vakasosionomi-hanke","isPartOf":{"@id":"https:\/\/hankkeet.karelia.fi\/vakasosionomi-hanke\/#website"},"primaryImageOfPage":{"@id":"https:\/\/hankkeet.karelia.fi\/vakasosionomi-hanke\/#primaryimage"},"image":{"@id":"https:\/\/hankkeet.karelia.fi\/vakasosionomi-hanke\/#primaryimage"},"thumbnailUrl":"https:\/\/hankkeet.karelia.fi\/vakasosionomi-hanke\/wp-content\/uploads\/sites\/26\/2026\/03\/sosionomi2-kuva2.jpg","datePublished":"2026-03-17T08:09:28+00:00","breadcrumb":{"@id":"https:\/\/hankkeet.karelia.fi\/vakasosionomi-hanke\/#breadcrumb"},"inLanguage":"fi","potentialAction":[{"@type":"ReadAction","target":["https:\/\/hankkeet.karelia.fi\/vakasosionomi-hanke\/"]}]},{"@type":"ImageObject","inLanguage":"fi","@id":"https:\/\/hankkeet.karelia.fi\/vakasosionomi-hanke\/#primaryimage","url":"https:\/\/hankkeet.karelia.fi\/vakasosionomi-hanke\/wp-content\/uploads\/sites\/26\/2026\/03\/sosionomi2-kuva2.jpg","contentUrl":"https:\/\/hankkeet.karelia.fi\/vakasosionomi-hanke\/wp-content\/uploads\/sites\/26\/2026\/03\/sosionomi2-kuva2.jpg","width":850,"height":350},{"@type":"BreadcrumbList","@id":"https:\/\/hankkeet.karelia.fi\/vakasosionomi-hanke\/#breadcrumb","itemListElement":[{"@type":"ListItem","position":1,"name":"Home","item":"https:\/\/hankkeet.karelia.fi\/vakasosionomi-hanke\/vakasosionomi-hanke\/"},{"@type":"ListItem","position":2,"name":"Vakasosionomi-hanke"}]},{"@type":"WebSite","@id":"https:\/\/hankkeet.karelia.fi\/vakasosionomi-hanke\/#website","url":"https:\/\/hankkeet.karelia.fi\/vakasosionomi-hanke\/","name":"Vakasosionomi-hanke","description":"","publisher":{"@id":"https:\/\/hankkeet.karelia.fi\/vakasosionomi-hanke\/#organization"},"potentialAction":[{"@type":"SearchAction","target":{"@type":"EntryPoint","urlTemplate":"https:\/\/hankkeet.karelia.fi\/vakasosionomi-hanke\/?s={search_term_string}"},"query-input":{"@type":"PropertyValueSpecification","valueRequired":true,"valueName":"search_term_string"}}],"inLanguage":"fi"},{"@type":"Organization","@id":"https:\/\/hankkeet.karelia.fi\/vakasosionomi-hanke\/#organization","name":"Vakasosionomi-hanke","url":"https:\/\/hankkeet.karelia.fi\/vakasosionomi-hanke\/","logo":{"@type":"ImageObject","inLanguage":"fi","@id":"https:\/\/hankkeet.karelia.fi\/vakasosionomi-hanke\/#\/schema\/logo\/image\/","url":"https:\/\/hankkeet.karelia.fi\/vakasosionomi-hanke\/wp-content\/uploads\/sites\/26\/2026\/03\/cropped-cropped-Karelia_AMK_logo_RGB-1.png","contentUrl":"https:\/\/hankkeet.karelia.fi\/vakasosionomi-hanke\/wp-content\/uploads\/sites\/26\/2026\/03\/cropped-cropped-Karelia_AMK_logo_RGB-1.png","width":427,"height":116,"caption":"Vakasosionomi-hanke"},"image":{"@id":"https:\/\/hankkeet.karelia.fi\/vakasosionomi-hanke\/#\/schema\/logo\/image\/"}}]}},"_links":{"self":[{"href":"https:\/\/hankkeet.karelia.fi\/vakasosionomi-hanke\/wp-json\/wp\/v2\/pages\/19","targetHints":{"allow":["GET"]}}],"collection":[{"href":"https:\/\/hankkeet.karelia.fi\/vakasosionomi-hanke\/wp-json\/wp\/v2\/pages"}],"about":[{"href":"https:\/\/hankkeet.karelia.fi\/vakasosionomi-hanke\/wp-json\/wp\/v2\/types\/page"}],"replies":[{"embeddable":true,"href":"https:\/\/hankkeet.karelia.fi\/vakasosionomi-hanke\/wp-json\/wp\/v2\/comments?post=19"}],"version-history":[{"count":0,"href":"https:\/\/hankkeet.karelia.fi\/vakasosionomi-hanke\/wp-json\/wp\/v2\/pages\/19\/revisions"}],"wp:featuredmedia":[{"embeddable":true,"href":"https:\/\/hankkeet.karelia.fi\/vakasosionomi-hanke\/wp-json\/wp\/v2\/media\/17"}],"wp:attachment":[{"href":"https:\/\/hankkeet.karelia.fi\/vakasosionomi-hanke\/wp-json\/wp\/v2\/media?parent=19"}],"curies":[{"name":"wp","href":"https:\/\/api.w.org\/{rel}","templated":true}]}}