{"id":20,"date":"2026-03-17T10:47:54","date_gmt":"2026-03-17T08:47:54","guid":{"rendered":"https:\/\/hankkeet.karelia.fi\/vetytalouden-ja-energiasiirtyman-osaava-tyovoima\/vetytalouden-ja-energiasiirtyman-osaava-tyovoima\/"},"modified":"2026-03-17T10:47:54","modified_gmt":"2026-03-17T08:47:54","slug":"vetytalouden-ja-energiasiirtyman-osaava-tyovoima","status":"publish","type":"page","link":"https:\/\/hankkeet.karelia.fi\/vetytalouden-ja-energiasiirtyman-osaava-tyovoima\/","title":{"rendered":"Vetytalouden ja energiasiirtym\u00e4n osaava ty\u00f6voima"},"content":{"rendered":"\n<figure class=\"wp-block-image size-full is-resized\"><img decoding=\"async\" src=\"https:\/\/hankkeet.karelia.fi\/vetytalouden-ja-energiasiirtyman-osaava-tyovoima\/wp-content\/uploads\/sites\/31\/2026\/03\/vety_palkki.jpg\" alt class=\"wp-image-75970\" style=\"width:563px;height:auto\"><\/figure>\n\n\n\n<p>Ilmas\u00adton\u00admuu\u00adtos tulee vaikut\u00adta\u00admaan tule\u00advaisu\u00adudessa my\u00f6s It\u00e4-Suomen toim\u00adintaedel\u00adly\u00adtyk\u00adsi\u00adin ja kehit\u00adt\u00e4miseen. Ratkaisu\u00adja hiilineu\u00adtraali\u00adin maail\u00admaan siir\u00adtymisess\u00e4 etsit\u00e4\u00e4n kaikil\u00adla yhteiskun\u00adnan ja teol\u00adlisu\u00adu\u00adden aloil\u00adla. Pohjois-Kar\u00adjalan tavoit\u00adteena on siir\u00adty\u00e4 tule\u00advana vuosikymme\u00adnen\u00e4 hiilineu\u00adtraa\u00adlik\u00adsi ja vihre\u00e4\u00e4 siir\u00adtym\u00e4\u00e4 toteut\u00adtavak\u00adsi maakun\u00adnaksi. Kor\u00advaavien ener\u00adgial\u00e4htei\u00adden t\u00e4ysim\u00e4\u00e4r\u00e4isen hy\u00f6\u00addyn\u00adt\u00e4misen ja k\u00e4yt\u00adt\u00f6\u00f6no\u00adton varmis\u00adt\u00ada\u00admi\u00adnen edel\u00adlyt\u00adt\u00e4\u00e4 moni\u00adalaista tutkimus- ja kehi\u00adtysty\u00f6t\u00e4 eri toim\u00adi\u00adjoiden kesken. Siir\u00adtym\u00e4\u00advai\u00adheessa on keskeist\u00e4 tutkia uusi\u00adu\u00adtu\u00advien ener\u00adgial\u00e4htei\u00adden (esim. aurinko\u2011, tuuli- ja geot\u00ader\u00admi\u00adnen ener\u00adgia) sek\u00e4 vety\u00adtalouden tuotan\u00adnon ja k\u00e4yt\u00adt\u00f6\u00f6no\u00adton mah\u00addol\u00adlisuuk\u00adsia sek\u00e4 tun\u00adnistaa jo alku\u00advai\u00adheessa tarvit\u00adta\u00advat kehit\u00adt\u00e4misko\u00adhteet mm. logis\u00adtisi\u00adin j\u00e4r\u00adjestelmi\u00adin ja varas\u00adtoin\u00adti\u00adratkaisui\u00adhin.<\/p>\n\n\n\n<p>Koulutet\u00adtu ja osaa\u00adva ty\u00f6voima on ydinedel\u00adly\u00adtys vety\u00adtalouden ja ener\u00adgiasi\u00adir\u00adtym\u00e4n mah\u00addol\u00adlisuuk\u00adsien hy\u00f6\u00addyn\u00adt\u00e4miseen. Vuo\u00adteen 2030 men\u00adness\u00e4 jo pelk\u00e4st\u00e4\u00e4n vihre\u00e4n vedyn arvoketjun arvioidaan luo\u00advan Euroop\u00adpaan miljoona uut\u00adta ty\u00f6\u00adpaikkaa (Hydro\u00adgen roadmap Europe: A sus\u00adtain\u00adable path\u00adway for the Euro\u00adpean Ener\u00adgy tran\u00adsi\u00adtion, 2019). Uuden teol\u00adlisu\u00adu\u00adden, logis\u00adti\u00adikan ja tuotan\u00adto\u00adlaitosten rak\u00aden\u00adt\u00ada\u00admi\u00adnen edel\u00adlyt\u00adt\u00e4\u00e4 pon\u00adnis\u00adtuk\u00adsia kaik\u00adil\u00adta sek\u00adtor\u00adeil\u00adta ja toimi\u00adaloil\u00adta sek\u00e4 eri koulu\u00adtu\u00adsor\u00adgan\u00adisaa\u00adtioiden tukea uud\u00adis\u00adtusten l\u00e4piviemiseen.<\/p>\n\n\n\n<p>Euroopan unioni ja Suo\u00admi ovat aset\u00adta\u00adneet tavoit\u00adtei\u00adta vihre\u00e4n vedyn tuotan\u00adnolle. EU:n pyrkii REPow\u00aderEU-ener\u00adgia\u00adsu\u00adun\u00adnitel\u00adman mukaises\u00adti tuot\u00adta\u00admaan vuosit\u00adtain 10 miljoon\u00adaa ton\u00adnia uusi\u00adu\u00adtu\u00advaa vety\u00e4. Suo\u00admi on aset\u00adtanut tavoit\u00adteek\u00adseen tuot\u00adtaa Suomes\u00adsa 10 % Euroopan uusi\u00adu\u00adtu\u00advas\u00adta vedys\u00adt\u00e4, mik\u00e4 tarkoit\u00adtaa vuo\u00adtuisen vedyn\u00adtuotan\u00adtomme kasvua miljoon\u00adaan ton\u00adni\u00adin vuo\u00adteen 2030 men\u00adness\u00e4. Vihre\u00e4 vety tar\u00adjoaa mah\u00addol\u00adlisu\u00adu\u00adden varas\u00adtoi\u00adda ener\u00adgiaa, vedyn jatko\u00adjalostuk\u00adsen kaut\u00adta voidaan v\u00e4hen\u00adt\u00e4\u00e4 hiilid\u00adiok\u00adsidip\u00e4\u00e4st\u00f6j\u00e4 ja kor\u00adva\u00adta fos\u00adsi\u00adil\u00adisia polt\u00adtoainei\u00adta. Vedyl\u00adl\u00e4 on my\u00f6s jatko\u00adjalostuk\u00adsen kaut\u00adta lukuisia eri k\u00e4yt\u00adt\u00f6ko\u00adhtei\u00adta kemi\u00adante\u00adol\u00adlisu\u00adudessa (mm. ammo\u00adni\u00adakin, metaanin, metano\u00adlin tuotan\u00adto). Vihre\u00e4 vety\u00adtalous on uusi teol\u00adlisu\u00adu\u00adden ala ja tuotan\u00adnon suun\u00adnit\u00adtelu kat\u00adtaa usei\u00adta osa-aluei\u00adta vihre\u00e4n s\u00e4hk\u00f6n tuotan\u00adnos\u00adta vedyn hy\u00f6\u00addyn\u00adt\u00e4miseen ja kul\u00adjet\u00adtamiseen.<\/p>\n\n\n\n<p>Han\u00adkkeen p\u00e4\u00e4\u00adtavoit\u00adteena on tun\u00adnistaa maakun\u00adnan koulu\u00adtu\u00adsor\u00adgan\u00adisaa\u00adtioiden koulu\u00adtus\u00adsis\u00e4lt\u00f6\u00adtarpeet vety\u00adtalouden ja ener\u00adgiasi\u00adir\u00adtym\u00e4n n\u00e4k\u00f6kul\u00admas\u00adta sek\u00e4 vahvis\u00adtaa koulu\u00adtuk\u00adsen kaut\u00adta ty\u00f6voiman osaamista sek\u00e4 osaa\u00advan ty\u00f6voiman saatavu\u00adut\u00adta tule\u00advaisu\u00adudessa. Han\u00adke tun\u00adnistaa ener\u00adgiasi\u00adir\u00adtym\u00e4n edel\u00adlyt\u00adt\u00e4m\u00e4t osaamis\u00adtarpeen muu\u00adtok\u00adset maakun\u00adnas\u00adsa. Ener\u00adgiasi\u00adir\u00adtym\u00e4 tuo tul\u00adlessaan lukuisia uusia ty\u00f6te\u00adht\u00e4vi\u00e4, ammat\u00adtin\u00adimikkeit\u00e4 ja sek\u00adtori\u00adra\u00adjat ylit\u00adt\u00e4vi\u00e4 osaamis- ja koulu\u00adtus\u00adtarpei\u00adta maakun\u00adtaan. Han\u00adkkeessa luo\u00addaan maakun\u00adtaan ener\u00adgiasi\u00adir\u00adtym\u00e4n edel\u00adlyt\u00adt\u00e4m\u00e4 koulu\u00adtus\u00adpolku, mah\u00addol\u00adlis\u00adte\u00adtaan sek\u00adtori\u00adra\u00adjat ylit\u00adt\u00e4v\u00e4\u00e4 yhteisty\u00f6t\u00e4 ja luo\u00addaan poh\u00adja uusien inno\u00advaa\u00adtioiden syn\u00adtymiselle vihre\u00e4n talouteen.<\/p>\n\n\n\n<p>Tavoit\u00adteena:<\/p>\n\n\n\n<ul class=\"wp-block-list\">\n<li>tun\u00adnistaa maakun\u00adnan koulu\u00adtu\u00adsor\u00adgan\u00adisaa\u00adtioiden koulu\u00adtus\u00adsis\u00e4lt\u00f6\u00adtarpeet ener\u00adgiasi\u00adir\u00adtym\u00e4n n\u00e4k\u00f6kul\u00admas\u00adta<\/li>\n\n\n\n<li>tun\u00adnistaa Pohjois-Kar\u00adjalan ty\u00f6voiman sek\u00e4 alueelle sijoit\u00adtumista hark\u00adit\u00adse\u00advien uusien toim\u00adi\u00adjoiden osaamis- ja koulu\u00adtus\u00adtarpei\u00adta vety\u00adtalouteen sek\u00e4 ener\u00adgiasi\u00adir\u00adtym\u00e4\u00e4n liit\u00adtyen<\/li>\n\n\n\n<li>selkeyt\u00adt\u00e4\u00e4 eri toim\u00adi\u00adjoiden roo\u00adlia ja koulu\u00adtuk\u00adseen liit\u00adtyv\u00e4\u00e4 yhteisty\u00f6t\u00e4 sek\u00e4 rak\u00aden\u00adtaa koulu\u00adtu\u00adsor\u00adgan\u00adisaa\u00adtioiden kesken ener\u00adgiasi\u00adir\u00adtym\u00e4n koulutuspolku.-luoda ener\u00adgiasi\u00adir\u00adtym\u00e4\u00e4 tuke\u00adva elinkeinol\u00e4ht\u00f6i\u00adnen investoin\u00adtisu\u00adun\u00adnitel\u00adma tutkimus- ja kehit\u00adt\u00e4misym\u00adp\u00e4rist\u00f6n rak\u00aden\u00adtamisek\u00adsi maakun\u00adtaan<\/li>\n\n\n\n<li>kytke\u00e4 maakun\u00adnan koulu\u00adtus- ja tutkimusty\u00f6t\u00e4 tekev\u00e4t toim\u00adi\u00adjat osak\u00adsi alueel\u00adlis\u00adten ja val\u00adtakun\u00adnal\u00adlis\u00adten verkos\u00adto\u00adjen toim\u00adintaa<\/li>\n<\/ul>\n\n\n\n<p>Osana koulu\u00adtus\u00adpol\u00adun rak\u00aden\u00adtamista luo\u00addaan osaamiskokon\u00adaisu\u00adus jo t\u00e4l\u00adl\u00e4 het\u00adkel\u00adl\u00e4 tar\u00adjol\u00adla ole\u00advista val\u00adtakun\u00adnal\u00adlis\u00ades\u00adti tar\u00adjol\u00adla ole\u00advista koulu\u00adtuskokon\u00adaisuuk\u00adsista ja \u2013verkos\u00adtoista, tutkimus- ja kehit\u00adt\u00e4misym\u00adp\u00e4rist\u00f6ist\u00e4. Esimerkik\u00adsi yliopis\u00adto\u00adjen muo\u00addosta\u00adma FItech-verkos\u00adto on edel\u00adl\u00e4k\u00e4vi\u00adj\u00e4n\u00e4 k\u00e4yn\u00adnist\u00e4nyt oman verkos\u00adton\u00adsa ja luonut koulu\u00adtus\u00adsis\u00e4lt\u00f6j\u00e4 teemaan liit\u00adtyen. Eri aluei\u00adden osaamis\u00advahvuuk\u00adsi\u00adin tutus\u00adtu\u00adtaan bench\u00admark-matko\u00adjen kaut\u00adta.<\/p>\n\n\n\n<p>Han\u00adkkeessa toteutetaan seu\u00adraa\u00advat ty\u00f6\u00adpaketit:<\/p>\n\n\n\n<ul class=\"wp-block-list\">\n<li>TP1 Vety\u00adtalouden ja ener\u00adgiasi\u00adir\u00adtym\u00e4n mah\u00addol\u00adlis\u00adta\u00adman liike\u00adtoimin\u00adnan koulu\u00adtus\u00adtarpeet<\/li>\n\n\n\n<li>TP2 Vety\u00adtalouden ja ener\u00adgiasi\u00adir\u00adtym\u00e4n osaa\u00adva ty\u00f6voima \u2011koulu\u00adtus\u00adpol\u00adun ja tutkimusym\u00adp\u00e4rist\u00f6\u00adjen kehit\u00adt\u00e4mi\u00adnen<\/li>\n\n\n\n<li>TP3 Verkos\u00adtoy\u00adhteisty\u00f6<\/li>\n<\/ul>\n\n\n\n<p>Han\u00adkkeen tulok\u00adse\u00adna alueen toim\u00adi\u00adjoiden ymm\u00e4r\u00adrys ener\u00adgiasi\u00adir\u00adtym\u00e4n edel\u00adlyt\u00adt\u00e4mist\u00e4 osaamis\u00adtarpeista, koulu\u00adtus\u00adpoluista, verkos\u00adtoista sek\u00e4 sovelta\u00advan tutkimuk\u00adsen kehit\u00adt\u00e4misym\u00adp\u00e4rist\u00f6\u00adjen tarpeesta on selkey\u00adtynyt. Han\u00adkkeessa on luo\u00adtu ener\u00adgiasi\u00adir\u00adtym\u00e4n ja uuden teol\u00adlisu\u00adu\u00adden edel\u00adlyt\u00adt\u00e4m\u00e4n osaamisen vahvis\u00adtamisek\u00adsi koulu\u00adtus\u00adpolku ja tutkimusym\u00adp\u00e4rist\u00f6\u00adjen kehit\u00adt\u00e4misen investoin\u00adtisu\u00adun\u00adnitel\u00adma tutkimusy\u00adhteisty\u00f6h\u00f6n. Lis\u00e4k\u00adsi koulu\u00adtu\u00adsor\u00adgan\u00adisaa\u00adtiot ovat kytkey\u00adtyneet vah\u00advasti val\u00adtakun\u00adnal\u00adlisi\u00adin koulu\u00adtusverkos\u00adtoi\u00adhin, mik\u00e4 mah\u00addol\u00adlis\u00adtaa jatkos\u00adsa osaamisen siir\u00adron organ\u00adisaa\u00adtioiden v\u00e4lil\u00adl\u00e4.<\/p>\n\n\n\n<p>Han\u00adkkeen toteut\u00adta\u00adja: Kare\u00adlia-ammat\u00adtiko\u00adrkeak\u00adoulu<\/p>\n\n\n\n<p>Yhteisty\u00f6kump\u00adpan\u00adit: It\u00e4-Suomen yliopis\u00adto, Pohjois-Kar\u00adjalan koulu\u00adtuskun\u00adtay\u00adhtym\u00e4 Rive\u00adria<\/p>\n\n\n\n<h2 class=\"wp-block-heading\">Projektin kesto<\/h2>\n\n\n\n<p>1.8.2024 \u2014 31.1.2026<\/p>\n\n\n\n<h2 class=\"wp-block-heading\">Projektip\u00e4\u00e4llikk\u00f6<\/h2>\n\n\n\n<p><strong>Kim Blomqvist<\/strong><br>Kim.Blomqvist(a)karelia.fi<\/p>\n\n\n\n<h2 class=\"wp-block-heading\">Rahoitus<\/h2>\n\n\n\n<p>JTF Oikeu\u00adden\u00admukaisen siir\u00adtym\u00e4n rahas\u00adto<\/p>\n\n\n\n<h2 class=\"wp-block-heading\">Julkaisut<\/h2>\n\n\n\n<p>Paikkati\u00adeto\u00adana\u00adlyysi video:<\/p>\n\n\n\n<figure class=\"wp-block-embed is-type-video is-provider-youtube wp-block-embed-youtube wp-embed-aspect-16-9 wp-has-aspect-ratio\"><div class=\"wp-block-embed__wrapper\">\n<iframe loading=\"lazy\" title=\"Paikkatietoanalyysi: Pohjois-Karjalan vetytalouspotentiaali\" width=\"500\" height=\"281\" src=\"https:\/\/www.youtube.com\/embed\/8bceFXwSsH4?feature=oembed\" frameborder=\"0\" allow=\"accelerometer; autoplay; clipboard-write; encrypted-media; gyroscope; picture-in-picture; web-share\" referrerpolicy=\"strict-origin-when-cross-origin\" allowfullscreen><\/iframe>\n<\/div><\/figure>\n\n\n\n<p>Pod\u00adcastit:<\/p>\n\n\n\n<figure class=\"wp-block-embed is-type-rich is-provider-spotify wp-block-embed-spotify wp-embed-aspect-21-9 wp-has-aspect-ratio\"><div class=\"wp-block-embed__wrapper\">\n<iframe title=\"Spotify Embed: Vetytalouden ja energiasiirtym\u00e4n osaava ty\u00f6voima\" style=\"border-radius: 12px\" width=\"100%\" height=\"352\" frameborder=\"0\" allowfullscreen allow=\"autoplay; clipboard-write; encrypted-media; fullscreen; picture-in-picture\" loading=\"lazy\" src=\"https:\/\/open.spotify.com\/embed\/playlist\/0WMRul9IfT2P8UmpP8UUi4?si=2_SYCBWlQCexPbH9n3YheA&amp;utm_source=oembed\"><\/iframe>\n<\/div><\/figure>\n\n\n\n<p>Rapor\u00adtit:<\/p>\n\n\n\n<p><a href=\"https:\/\/www.karelia.fi\/wp-content\/uploads\/2026\/01\/FINALE-THESIS-Alisa-Riebartsch.pdf\">Hydro\u00adgen projects in Ger\u00admany: A com\u00adpar\u00adi\u00adson of stud\u00adies and prac\u00adti\u00adcal imple\u00admen\u00adta\u00adtion \u2014 Alisa Riebartsch, The\u00adsis, Sep\u00adtem\u00adber 2025<\/a><\/p>\n\n\n\n<p><a href=\"https:\/\/www.karelia.fi\/wp-content\/uploads\/2026\/01\/raportti_vetytalouden_osaamistarpeet.pdf\">Vety\u00adtalouden osaamis\u00adtarpeet \u2014 Kar\u00adtoi\u00adtus osaamis\u00adtarve\u00adselvi\u00adtyk\u00adsist\u00e4, koulu\u00adtus\u00adtar\u00adjon\u00adnas\u00adta sek\u00e4 aihep\u00adi\u00adiri\u00adin liit\u00adtyvist\u00e4 han\u00adkkeista<\/a><\/p>\n\n\n\n<p><a href=\"https:\/\/www.karelia.fi\/wp-content\/uploads\/2026\/02\/Maakunnallisen-vetytalouden-tulevaisuus-tyopaja.pdf\">Maakun\u00adnal\u00adlisen vety\u00adtalouden tule\u00advaisu\u00adus \u2013 ty\u00f6\u00adpa\u00adja 4.12.2025 klo 9\u201312<\/a><\/p>\n\n\n\n<p><a href=\"https:\/\/www.karelia.fi\/wp-content\/uploads\/2026\/02\/Vetytalous_Benchmarking_Lopullinen.pdf\">Bench\u00admark\u00ading raport\u00adti \u2014 Han\u00adkkeen havain\u00adto\u00adja vety\u00adtaloud\u00ades\u00adta<\/a><\/p>\n\n\n\n<p>Pulssi julka\u00adisut:<\/p>\n\n\n\n<figure class=\"wp-block-embed is-type-wp-embed is-provider-karelia-ammattikorkeakoulu wp-block-embed-karelia-ammattikorkeakoulu\"><div class=\"wp-block-embed__wrapper\">\n<blockquote class=\"wp-embedded-content\" data-secret=\"PeHDCrSa6z\"><a href=\"https:\/\/www.karelia.fi\/2026\/01\/mita-pohjois-karjalan-vetytalous-tarvitsee-kehittyakseen\/\">Mit\u00e4 Pohjois-Kar\u00adjalan vety\u00adtalous tarvit\u00adsee kehit\u00adty\u00e4k\u00adseen?<\/a><\/blockquote><iframe loading=\"lazy\" class=\"wp-embedded-content\" sandbox=\"allow-scripts\" security=\"restricted\" style=\"position: absolute; visibility: hidden;\" title=\"\u201dMit\u00e4 Pohjois-Karjalan vetytalous tarvitsee kehitty\u00e4kseen?\u201d \u2014 Karelia-ammattikorkeakoulu\" src=\"https:\/\/www.karelia.fi\/2026\/01\/mita-pohjois-karjalan-vetytalous-tarvitsee-kehittyakseen\/embed\/#?secret=gBITHKcSTv#?secret=PeHDCrSa6z\" data-secret=\"PeHDCrSa6z\" width=\"500\" height=\"282\" frameborder=\"0\" marginwidth=\"0\" marginheight=\"0\" scrolling=\"no\"><\/iframe>\n<\/div><\/figure>\n\n\n\n<figure class=\"wp-block-embed is-type-wp-embed is-provider-karelia-ammattikorkeakoulu wp-block-embed-karelia-ammattikorkeakoulu\"><div class=\"wp-block-embed__wrapper\">\n<blockquote class=\"wp-embedded-content\" data-secret=\"H1u2tDGQZr\"><a href=\"https:\/\/www.karelia.fi\/2026\/01\/nain-saksa-rakentaa-vihreaa-vetytaloutta\/\">N\u00e4in Sak\u00adsa rak\u00aden\u00adtaa vihre\u00e4\u00e4 vety\u00adtalout\u00adta<\/a><\/blockquote><iframe loading=\"lazy\" class=\"wp-embedded-content\" sandbox=\"allow-scripts\" security=\"restricted\" style=\"position: absolute; visibility: hidden;\" title=\"\u201dN\u00e4in Saksa rakentaa vihre\u00e4\u00e4 vetytaloutta\u201d \u2014 Karelia-ammattikorkeakoulu\" src=\"https:\/\/www.karelia.fi\/2026\/01\/nain-saksa-rakentaa-vihreaa-vetytaloutta\/embed\/#?secret=c04aPIpfMf#?secret=H1u2tDGQZr\" data-secret=\"H1u2tDGQZr\" width=\"500\" height=\"282\" frameborder=\"0\" marginwidth=\"0\" marginheight=\"0\" scrolling=\"no\"><\/iframe>\n<\/div><\/figure>\n\n\n\n<figure class=\"wp-block-embed is-type-wp-embed is-provider-karelia-ammattikorkeakoulu wp-block-embed-karelia-ammattikorkeakoulu\"><div class=\"wp-block-embed__wrapper\">\n<blockquote class=\"wp-embedded-content\" data-secret=\"ibSpVuQFg4\"><a href=\"https:\/\/www.karelia.fi\/2024\/12\/vetytalous-on-energiamurroksen-ytimessa-uusia-osaajia-tarvitaan\/\">Vety\u00adtalous on ener\u00adgia\u00admur\u00adroksen ytimess\u00e4 \u2013 uusia osaa\u00adjia tarvi\u00adtaan<\/a><\/blockquote><iframe loading=\"lazy\" class=\"wp-embedded-content\" sandbox=\"allow-scripts\" security=\"restricted\" style=\"position: absolute; visibility: hidden;\" title=\"\u201dVetytalous on energiamurroksen ytimess\u00e4 \u2013 uusia osaajia tarvitaan\u201d \u2014 Karelia-ammattikorkeakoulu\" src=\"https:\/\/www.karelia.fi\/2024\/12\/vetytalous-on-energiamurroksen-ytimessa-uusia-osaajia-tarvitaan\/embed\/#?secret=9BK7dRgdQN#?secret=ibSpVuQFg4\" data-secret=\"ibSpVuQFg4\" width=\"500\" height=\"282\" frameborder=\"0\" marginwidth=\"0\" marginheight=\"0\" scrolling=\"no\"><\/iframe>\n<\/div><\/figure>\n\n\n\n<figure class=\"wp-block-embed is-type-wp-embed is-provider-karelia-ammattikorkeakoulu wp-block-embed-karelia-ammattikorkeakoulu\"><div class=\"wp-block-embed__wrapper\">\n<blockquote class=\"wp-embedded-content\" data-secret=\"5YjBYAGV3j\"><a href=\"https:\/\/www.karelia.fi\/2025\/04\/karelian-vetyhanke-tutustumismatkalla-lansirannikolla\/\">Kare\u00adlian vety\u00adhanke tutus\u00adtu\u00admis\u00admatkalla l\u00e4n\u00adsir\u00adan\u00adnikol\u00adla<\/a><\/blockquote><iframe loading=\"lazy\" class=\"wp-embedded-content\" sandbox=\"allow-scripts\" security=\"restricted\" style=\"position: absolute; visibility: hidden;\" title=\"\u201dKarelian vetyhanke tutustumismatkalla l\u00e4nsirannikolla\u201d \u2014 Karelia-ammattikorkeakoulu\" src=\"https:\/\/www.karelia.fi\/2025\/04\/karelian-vetyhanke-tutustumismatkalla-lansirannikolla\/embed\/#?secret=PPoqBw9o1S#?secret=5YjBYAGV3j\" data-secret=\"5YjBYAGV3j\" width=\"500\" height=\"282\" frameborder=\"0\" marginwidth=\"0\" marginheight=\"0\" scrolling=\"no\"><\/iframe>\n<\/div><\/figure>\n\n\n\n<figure class=\"wp-block-embed is-type-wp-embed is-provider-karelia-ammattikorkeakoulu wp-block-embed-karelia-ammattikorkeakoulu\"><div class=\"wp-block-embed__wrapper\">\n<blockquote class=\"wp-embedded-content\" data-secret=\"DiClOSLmex\"><a href=\"https:\/\/www.karelia.fi\/2025\/05\/vetyosaamisen-puute-hidastaa-energiasiirtymaa-koulutuksen-on-aika-kiria\/\">Vetyosaamisen puute hidas\u00adtaa ener\u00adgiasi\u00adir\u00adtym\u00e4\u00e4 \u2013 koulu\u00adtuk\u00adsen on aika kir\u00adi\u00e4<\/a><\/blockquote><iframe loading=\"lazy\" class=\"wp-embedded-content\" sandbox=\"allow-scripts\" security=\"restricted\" style=\"position: absolute; visibility: hidden;\" title=\"\u201dVetyosaamisen puute hidastaa energiasiirtym\u00e4\u00e4 \u2013 koulutuksen on aika kiri\u00e4\u201d \u2014 Karelia-ammattikorkeakoulu\" src=\"https:\/\/www.karelia.fi\/2025\/05\/vetyosaamisen-puute-hidastaa-energiasiirtymaa-koulutuksen-on-aika-kiria\/embed\/#?secret=beZ3iEV4JP#?secret=DiClOSLmex\" data-secret=\"DiClOSLmex\" width=\"500\" height=\"282\" frameborder=\"0\" marginwidth=\"0\" marginheight=\"0\" scrolling=\"no\"><\/iframe>\n<\/div><\/figure>\n\n\n\n<figure class=\"wp-block-embed is-type-wp-embed is-provider-karelia-ammattikorkeakoulu wp-block-embed-karelia-ammattikorkeakoulu\"><div class=\"wp-block-embed__wrapper\">\n<blockquote class=\"wp-embedded-content\" data-secret=\"j9RJ9saznP\"><a href=\"https:\/\/www.karelia.fi\/2025\/12\/vetytalous-ja-turvallisuus-koulutuksen-kehittaminen\/\">Vety\u00adtalous ja \u2011tur\u00adval\u00adlisu\u00adus \u2013 koulu\u00adtuk\u00adsen kehit\u00adt\u00e4mi\u00adnen<\/a><\/blockquote><iframe loading=\"lazy\" class=\"wp-embedded-content\" sandbox=\"allow-scripts\" security=\"restricted\" style=\"position: absolute; visibility: hidden;\" title=\"\u201dVetytalous ja -turvallisuus \u2013 koulutuksen kehitt\u00e4minen\u201d \u2014 Karelia-ammattikorkeakoulu\" src=\"https:\/\/www.karelia.fi\/2025\/12\/vetytalous-ja-turvallisuus-koulutuksen-kehittaminen\/embed\/#?secret=E39vZz0uhj#?secret=j9RJ9saznP\" data-secret=\"j9RJ9saznP\" width=\"500\" height=\"282\" frameborder=\"0\" marginwidth=\"0\" marginheight=\"0\" scrolling=\"no\"><\/iframe>\n<\/div><\/figure>\n\n\n\n<figure class=\"wp-block-embed is-type-wp-embed is-provider-karelia-ammattikorkeakoulu wp-block-embed-karelia-ammattikorkeakoulu\"><div class=\"wp-block-embed__wrapper\">\n<blockquote class=\"wp-embedded-content\" data-secret=\"FptpkNzhWq\"><a href=\"https:\/\/www.karelia.fi\/2025\/06\/voiko-vetytalous-edeta-ilman-kansalaisten-hyvaksyntaa-mita-vetytaloudesta-ajatellaan\/\">Voiko vety\u00adtalous ede\u00adt\u00e4 ilman kansalais\u00adten hyv\u00e4ksyn\u00adt\u00e4\u00e4 \u2013 mit\u00e4 vety\u00adtaloud\u00ades\u00adta ajatel\u00adlaan?<\/a><\/blockquote><iframe loading=\"lazy\" class=\"wp-embedded-content\" sandbox=\"allow-scripts\" security=\"restricted\" style=\"position: absolute; visibility: hidden;\" title=\"\u201dVoiko vetytalous edet\u00e4 ilman kansalaisten hyv\u00e4ksynt\u00e4\u00e4 \u2013 mit\u00e4 vetytaloudesta ajatellaan?\u201d \u2014 Karelia-ammattikorkeakoulu\" src=\"https:\/\/www.karelia.fi\/2025\/06\/voiko-vetytalous-edeta-ilman-kansalaisten-hyvaksyntaa-mita-vetytaloudesta-ajatellaan\/embed\/#?secret=JGXcMdROcf#?secret=FptpkNzhWq\" data-secret=\"FptpkNzhWq\" width=\"500\" height=\"282\" frameborder=\"0\" marginwidth=\"0\" marginheight=\"0\" scrolling=\"no\"><\/iframe>\n<\/div><\/figure>\n\n\n\n<figure class=\"wp-block-embed is-type-wp-embed is-provider-karelia-ammattikorkeakoulu wp-block-embed-karelia-ammattikorkeakoulu\"><div class=\"wp-block-embed__wrapper\">\n<blockquote class=\"wp-embedded-content\" data-secret=\"qwmS8YGgY7\"><a href=\"https:\/\/www.karelia.fi\/2025\/09\/paikkatietoanalyysi-paljastaa-nain-pohjois-karjala-voi-tuottaa-vihreaa-vetya\/\">Paikkati\u00adeto\u00adana\u00adlyysi pal\u00adjas\u00adtaa: N\u00e4in Pohjois-Kar\u00adjala voi tuot\u00adtaa vihre\u00e4\u00e4 vety\u00e4<\/a><\/blockquote><iframe loading=\"lazy\" class=\"wp-embedded-content\" sandbox=\"allow-scripts\" security=\"restricted\" style=\"position: absolute; visibility: hidden;\" title=\"\u201dPaikkatietoanalyysi paljastaa: N\u00e4in Pohjois-Karjala voi tuottaa vihre\u00e4\u00e4 vety\u00e4\u201d \u2014 Karelia-ammattikorkeakoulu\" src=\"https:\/\/www.karelia.fi\/2025\/09\/paikkatietoanalyysi-paljastaa-nain-pohjois-karjala-voi-tuottaa-vihreaa-vetya\/embed\/#?secret=gIMG1yo3u4#?secret=qwmS8YGgY7\" data-secret=\"qwmS8YGgY7\" width=\"500\" height=\"282\" frameborder=\"0\" marginwidth=\"0\" marginheight=\"0\" scrolling=\"no\"><\/iframe>\n<\/div><\/figure>\n\n\n\n<figure class=\"wp-block-embed is-type-wp-embed is-provider-karelia-ammattikorkeakoulu wp-block-embed-karelia-ammattikorkeakoulu\"><div class=\"wp-block-embed__wrapper\">\n<blockquote class=\"wp-embedded-content\" data-secret=\"CXRxCn5Q2D\"><a href=\"https:\/\/www.karelia.fi\/2025\/05\/ita-suomen-energiapaivilla-keskeisena-teemana-energiamurros-ja-varautuminen\/\">It\u00e4-Suomen ener\u00adgiap\u00e4ivil\u00adl\u00e4 keskeisen\u00e4 tee\u00adm\u00adana ener\u00adgia\u00admur\u00adros ja varautu\u00admi\u00adnen<\/a><\/blockquote><iframe loading=\"lazy\" class=\"wp-embedded-content\" sandbox=\"allow-scripts\" security=\"restricted\" style=\"position: absolute; visibility: hidden;\" title=\"\u201dIt\u00e4-Suomen energiap\u00e4ivill\u00e4 keskeisen\u00e4 teemana energiamurros ja varautuminen\u201d \u2014 Karelia-ammattikorkeakoulu\" src=\"https:\/\/www.karelia.fi\/2025\/05\/ita-suomen-energiapaivilla-keskeisena-teemana-energiamurros-ja-varautuminen\/embed\/#?secret=sTJxXKhYVM#?secret=CXRxCn5Q2D\" data-secret=\"CXRxCn5Q2D\" width=\"500\" height=\"282\" frameborder=\"0\" marginwidth=\"0\" marginheight=\"0\" scrolling=\"no\"><\/iframe>\n<\/div><\/figure>\n\n\n\n<p>Webi\u00adnaarin tal\u00adlenne:<\/p>\n\n\n\n<figure class=\"wp-block-embed is-type-video is-provider-youtube wp-block-embed-youtube wp-embed-aspect-16-9 wp-has-aspect-ratio\"><div class=\"wp-block-embed__wrapper\">\n<iframe loading=\"lazy\" title=\"Vetytalouden ja vihre\u00e4n siirtym\u00e4n osaava ty\u00f6voima hankkeen tuloswebinaari 2026-01-27 tallenne\" width=\"500\" height=\"281\" src=\"https:\/\/www.youtube.com\/embed\/nNyUbUb5L28?feature=oembed\" frameborder=\"0\" allow=\"accelerometer; autoplay; clipboard-write; encrypted-media; gyroscope; picture-in-picture; web-share\" referrerpolicy=\"strict-origin-when-cross-origin\" allowfullscreen><\/iframe>\n<\/div><\/figure>\n\n\n\n<figure class=\"wp-block-image size-full\"><img decoding=\"async\" src=\"https:\/\/hankkeet.karelia.fi\/vetytalouden-ja-energiasiirtyman-osaava-tyovoima\/wp-content\/uploads\/sites\/31\/2026\/03\/kk_logot_pieni.webp\" alt class=\"wp-image-75971\"><\/figure>\n","protected":false},"excerpt":{"rendered":"<p>Ilmas\u00adton\u00admuu\u00adtos tulee vaikut\u00adta\u00admaan tule\u00advaisu\u00adudessa my\u00f6s It\u00e4-Suomen toim\u00adintaedel\u00adly\u00adtyk\u00adsi\u00adin ja kehit\u00adt\u00e4miseen. Ratkaisu\u00adja hiilineu\u00adtraali\u00adin maail\u00admaan siir\u00adtymisess\u00e4 etsit\u00e4\u00e4n kaikil\u00adla yhteiskun\u00adnan ja teol\u00adlisu\u00adu\u00adden aloil\u00adla. Pohjois-Kar\u00ad\u00adjalan tavoit\u00adteena on siir\u00adty\u00e4 tule\u00advana vuosikymme\u00adnen\u00e4 hiilineu\u00adtraa\u00adlik\u00adsi ja vihre\u00e4\u00e4 siir\u00adtym\u00e4\u00e4 toteut\u00adtavak\u00adsi maakun\u00adnaksi. Kor\u00advaavien ener\u00adgial\u00e4htei\u00adden t\u00e4ysim\u00e4\u00e4r\u00e4isen hy\u00f6\u00addyn\u00adt\u00e4misen ja k\u00e4yt\u00adt\u00f6\u00f6no\u00adton varmis\u00adt\u00ada\u00admi\u00adnen edel\u00adlyt\u00adt\u00e4\u00e4 moni\u00adalaista tutkimus- ja kehi\u00adtysty\u00f6t\u00e4 eri toim\u00adi\u00adjoiden kesken. Siir\u00adtym\u00e4\u00advai\u00adheessa on keskeist\u00e4 tutkia uusi\u00adu\u00adtu\u00advien ener\u00adgial\u00e4htei\u00adden (esim. aurinko\u2011, tuuli- [\u2026]<\/p>\n","protected":false},"author":0,"featured_media":17,"parent":0,"menu_order":0,"comment_status":"closed","ping_status":"closed","template":"","meta":{"inline_featured_image":false,"wp_typography_post_enhancements_disabled":false,"footnotes":""},"class_list":["post-20","page","type-page","status-publish","has-post-thumbnail","hentry"],"yoast_head":"<!-- This site is optimized with the Yoast SEO plugin v27.5 - https:\/\/yoast.com\/product\/yoast-seo-wordpress\/ -->\n<title>Vetytalouden ja energiasiirtym\u00e4n osaava ty\u00f6voima - Vetytalouden ja energiasiirtym\u00e4n osaava ty\u00f6voima<\/title>\n<meta name=\"robots\" content=\"index, follow, max-snippet:-1, max-image-preview:large, max-video-preview:-1\" \/>\n<link rel=\"canonical\" href=\"https:\/\/hankkeet.karelia.fi\/vetytalouden-ja-energiasiirtyman-osaava-tyovoima\/\" \/>\n<meta property=\"og:locale\" content=\"fi_FI\" \/>\n<meta property=\"og:type\" content=\"article\" \/>\n<meta property=\"og:title\" content=\"Vetytalouden ja energiasiirtym\u00e4n osaava ty\u00f6voima - Vetytalouden ja energiasiirtym\u00e4n osaava ty\u00f6voima\" \/>\n<meta property=\"og:description\" content=\"Ilmas\u00adton\u00admuu\u00adtos tulee vaikut\u00adta\u00admaan tule\u00advaisu\u00adudessa my\u00f6s It\u00e4-Suomen toim\u00adintaedel\u00adly\u00adtyk\u00adsi\u00adin ja kehit\u00adt\u00e4miseen. Ratkaisu\u00adja hiilineu\u00adtraali\u00adin maail\u00admaan siir\u00adtymisess\u00e4 etsit\u00e4\u00e4n kaikil\u00adla yhteiskun\u00adnan ja teol\u00adlisu\u00adu\u00adden aloil\u00adla. Pohjois-Kar\u00adjalan tavoit\u00adteena on siir\u00adty\u00e4 tule\u00advana vuosikymme\u00adnen\u00e4 hiilineu\u00adtraa\u00adlik\u00adsi ja vihre\u00e4\u00e4 siir\u00adtym\u00e4\u00e4 toteut\u00adtavak\u00adsi maakun\u00adnaksi. Kor\u00advaavien ener\u00adgial\u00e4htei\u00adden t\u00e4ysim\u00e4\u00e4r\u00e4isen hy\u00f6\u00addyn\u00adt\u00e4misen ja k\u00e4yt\u00adt\u00f6\u00f6no\u00adton varmis\u00adt\u00ada\u00admi\u00adnen edel\u00adlyt\u00adt\u00e4\u00e4 moni\u00adalaista tutkimus- ja kehi\u00adtysty\u00f6t\u00e4 eri toim\u00adi\u00adjoiden kesken. Siir\u00adtym\u00e4\u00advai\u00adheessa on keskeist\u00e4 tutkia uusi\u00adu\u00adtu\u00advien ener\u00adgial\u00e4htei\u00adden (esim. aurinko\u2011, tuuli- [&hellip;]\" \/>\n<meta property=\"og:url\" content=\"https:\/\/hankkeet.karelia.fi\/vetytalouden-ja-energiasiirtyman-osaava-tyovoima\/\" \/>\n<meta property=\"og:site_name\" content=\"Vetytalouden ja energiasiirtym\u00e4n osaava ty\u00f6voima\" \/>\n<meta name=\"twitter:card\" content=\"summary_large_image\" \/>\n<meta name=\"twitter:label1\" content=\"Arvioitu lukuaika\" \/>\n\t<meta name=\"twitter:data1\" content=\"4 minuuttia\" \/>\n<script type=\"application\/ld+json\" class=\"yoast-schema-graph\">{\"@context\":\"https:\\\/\\\/schema.org\",\"@graph\":[{\"@type\":\"WebPage\",\"@id\":\"https:\\\/\\\/hankkeet.karelia.fi\\\/vetytalouden-ja-energiasiirtyman-osaava-tyovoima\\\/\",\"url\":\"https:\\\/\\\/hankkeet.karelia.fi\\\/vetytalouden-ja-energiasiirtyman-osaava-tyovoima\\\/\",\"name\":\"Vetytalouden ja energiasiirtym\u00e4n osaava ty\u00f6voima - Vetytalouden ja energiasiirtym\u00e4n osaava ty\u00f6voima\",\"isPartOf\":{\"@id\":\"https:\\\/\\\/hankkeet.karelia.fi\\\/vetytalouden-ja-energiasiirtyman-osaava-tyovoima\\\/#website\"},\"primaryImageOfPage\":{\"@id\":\"https:\\\/\\\/hankkeet.karelia.fi\\\/vetytalouden-ja-energiasiirtyman-osaava-tyovoima\\\/#primaryimage\"},\"image\":{\"@id\":\"https:\\\/\\\/hankkeet.karelia.fi\\\/vetytalouden-ja-energiasiirtyman-osaava-tyovoima\\\/#primaryimage\"},\"thumbnailUrl\":\"https:\\\/\\\/hankkeet.karelia.fi\\\/vetytalouden-ja-energiasiirtyman-osaava-tyovoima\\\/wp-content\\\/uploads\\\/sites\\\/31\\\/2026\\\/03\\\/Vetytalous.png\",\"datePublished\":\"2026-03-17T08:47:54+00:00\",\"breadcrumb\":{\"@id\":\"https:\\\/\\\/hankkeet.karelia.fi\\\/vetytalouden-ja-energiasiirtyman-osaava-tyovoima\\\/#breadcrumb\"},\"inLanguage\":\"fi\",\"potentialAction\":[{\"@type\":\"ReadAction\",\"target\":[\"https:\\\/\\\/hankkeet.karelia.fi\\\/vetytalouden-ja-energiasiirtyman-osaava-tyovoima\\\/\"]}]},{\"@type\":\"ImageObject\",\"inLanguage\":\"fi\",\"@id\":\"https:\\\/\\\/hankkeet.karelia.fi\\\/vetytalouden-ja-energiasiirtyman-osaava-tyovoima\\\/#primaryimage\",\"url\":\"https:\\\/\\\/hankkeet.karelia.fi\\\/vetytalouden-ja-energiasiirtyman-osaava-tyovoima\\\/wp-content\\\/uploads\\\/sites\\\/31\\\/2026\\\/03\\\/Vetytalous.png\",\"contentUrl\":\"https:\\\/\\\/hankkeet.karelia.fi\\\/vetytalouden-ja-energiasiirtyman-osaava-tyovoima\\\/wp-content\\\/uploads\\\/sites\\\/31\\\/2026\\\/03\\\/Vetytalous.png\",\"width\":1920,\"height\":1080},{\"@type\":\"BreadcrumbList\",\"@id\":\"https:\\\/\\\/hankkeet.karelia.fi\\\/vetytalouden-ja-energiasiirtyman-osaava-tyovoima\\\/#breadcrumb\",\"itemListElement\":[{\"@type\":\"ListItem\",\"position\":1,\"name\":\"Home\",\"item\":\"https:\\\/\\\/hankkeet.karelia.fi\\\/vetytalouden-ja-energiasiirtyman-osaava-tyovoima\\\/vetytalouden-ja-energiasiirtyman-osaava-tyovoima\\\/\"},{\"@type\":\"ListItem\",\"position\":2,\"name\":\"Vetytalouden ja energiasiirtym\u00e4n osaava ty\u00f6voima\"}]},{\"@type\":\"WebSite\",\"@id\":\"https:\\\/\\\/hankkeet.karelia.fi\\\/vetytalouden-ja-energiasiirtyman-osaava-tyovoima\\\/#website\",\"url\":\"https:\\\/\\\/hankkeet.karelia.fi\\\/vetytalouden-ja-energiasiirtyman-osaava-tyovoima\\\/\",\"name\":\"Vetytalouden ja energiasiirtym\u00e4n osaava ty\u00f6voima\",\"description\":\"\",\"publisher\":{\"@id\":\"https:\\\/\\\/hankkeet.karelia.fi\\\/vetytalouden-ja-energiasiirtyman-osaava-tyovoima\\\/#organization\"},\"potentialAction\":[{\"@type\":\"SearchAction\",\"target\":{\"@type\":\"EntryPoint\",\"urlTemplate\":\"https:\\\/\\\/hankkeet.karelia.fi\\\/vetytalouden-ja-energiasiirtyman-osaava-tyovoima\\\/?s={search_term_string}\"},\"query-input\":{\"@type\":\"PropertyValueSpecification\",\"valueRequired\":true,\"valueName\":\"search_term_string\"}}],\"inLanguage\":\"fi\"},{\"@type\":\"Organization\",\"@id\":\"https:\\\/\\\/hankkeet.karelia.fi\\\/vetytalouden-ja-energiasiirtyman-osaava-tyovoima\\\/#organization\",\"name\":\"Vetytalouden ja energiasiirtym\u00e4n osaava ty\u00f6voima\",\"url\":\"https:\\\/\\\/hankkeet.karelia.fi\\\/vetytalouden-ja-energiasiirtyman-osaava-tyovoima\\\/\",\"logo\":{\"@type\":\"ImageObject\",\"inLanguage\":\"fi\",\"@id\":\"https:\\\/\\\/hankkeet.karelia.fi\\\/vetytalouden-ja-energiasiirtyman-osaava-tyovoima\\\/#\\\/schema\\\/logo\\\/image\\\/\",\"url\":\"https:\\\/\\\/hankkeet.karelia.fi\\\/vetytalouden-ja-energiasiirtyman-osaava-tyovoima\\\/wp-content\\\/uploads\\\/sites\\\/31\\\/2026\\\/03\\\/cropped-cropped-Karelia_AMK_logo_RGB-1.png\",\"contentUrl\":\"https:\\\/\\\/hankkeet.karelia.fi\\\/vetytalouden-ja-energiasiirtyman-osaava-tyovoima\\\/wp-content\\\/uploads\\\/sites\\\/31\\\/2026\\\/03\\\/cropped-cropped-Karelia_AMK_logo_RGB-1.png\",\"width\":427,\"height\":116,\"caption\":\"Vetytalouden ja energiasiirtym\u00e4n osaava ty\u00f6voima\"},\"image\":{\"@id\":\"https:\\\/\\\/hankkeet.karelia.fi\\\/vetytalouden-ja-energiasiirtyman-osaava-tyovoima\\\/#\\\/schema\\\/logo\\\/image\\\/\"}}]}<\/script>\n<!-- \/ Yoast SEO plugin. -->","yoast_head_json":{"title":"Vetytalouden ja energiasiirtym\u00e4n osaava ty\u00f6voima - Vetytalouden ja energiasiirtym\u00e4n osaava ty\u00f6voima","robots":{"index":"index","follow":"follow","max-snippet":"max-snippet:-1","max-image-preview":"max-image-preview:large","max-video-preview":"max-video-preview:-1"},"canonical":"https:\/\/hankkeet.karelia.fi\/vetytalouden-ja-energiasiirtyman-osaava-tyovoima\/","og_locale":"fi_FI","og_type":"article","og_title":"Vetytalouden ja energiasiirtym\u00e4n osaava ty\u00f6voima - Vetytalouden ja energiasiirtym\u00e4n osaava ty\u00f6voima","og_description":"Ilmas\u00adton\u00admuu\u00adtos tulee vaikut\u00adta\u00admaan tule\u00advaisu\u00adudessa my\u00f6s It\u00e4-Suomen toim\u00adintaedel\u00adly\u00adtyk\u00adsi\u00adin ja kehit\u00adt\u00e4miseen. Ratkaisu\u00adja hiilineu\u00adtraali\u00adin maail\u00admaan siir\u00adtymisess\u00e4 etsit\u00e4\u00e4n kaikil\u00adla yhteiskun\u00adnan ja teol\u00adlisu\u00adu\u00adden aloil\u00adla. Pohjois-Kar\u00adjalan tavoit\u00adteena on siir\u00adty\u00e4 tule\u00advana vuosikymme\u00adnen\u00e4 hiilineu\u00adtraa\u00adlik\u00adsi ja vihre\u00e4\u00e4 siir\u00adtym\u00e4\u00e4 toteut\u00adtavak\u00adsi maakun\u00adnaksi. Kor\u00advaavien ener\u00adgial\u00e4htei\u00adden t\u00e4ysim\u00e4\u00e4r\u00e4isen hy\u00f6\u00addyn\u00adt\u00e4misen ja k\u00e4yt\u00adt\u00f6\u00f6no\u00adton varmis\u00adt\u00ada\u00admi\u00adnen edel\u00adlyt\u00adt\u00e4\u00e4 moni\u00adalaista tutkimus- ja kehi\u00adtysty\u00f6t\u00e4 eri toim\u00adi\u00adjoiden kesken. Siir\u00adtym\u00e4\u00advai\u00adheessa on keskeist\u00e4 tutkia uusi\u00adu\u00adtu\u00advien ener\u00adgial\u00e4htei\u00adden (esim. aurinko\u2011, tuuli- [&hellip;]","og_url":"https:\/\/hankkeet.karelia.fi\/vetytalouden-ja-energiasiirtyman-osaava-tyovoima\/","og_site_name":"Vetytalouden ja energiasiirtym\u00e4n osaava ty\u00f6voima","twitter_card":"summary_large_image","twitter_misc":{"Arvioitu lukuaika":"4 minuuttia"},"schema":{"@context":"https:\/\/schema.org","@graph":[{"@type":"WebPage","@id":"https:\/\/hankkeet.karelia.fi\/vetytalouden-ja-energiasiirtyman-osaava-tyovoima\/","url":"https:\/\/hankkeet.karelia.fi\/vetytalouden-ja-energiasiirtyman-osaava-tyovoima\/","name":"Vetytalouden ja energiasiirtym\u00e4n osaava ty\u00f6voima - Vetytalouden ja energiasiirtym\u00e4n osaava ty\u00f6voima","isPartOf":{"@id":"https:\/\/hankkeet.karelia.fi\/vetytalouden-ja-energiasiirtyman-osaava-tyovoima\/#website"},"primaryImageOfPage":{"@id":"https:\/\/hankkeet.karelia.fi\/vetytalouden-ja-energiasiirtyman-osaava-tyovoima\/#primaryimage"},"image":{"@id":"https:\/\/hankkeet.karelia.fi\/vetytalouden-ja-energiasiirtyman-osaava-tyovoima\/#primaryimage"},"thumbnailUrl":"https:\/\/hankkeet.karelia.fi\/vetytalouden-ja-energiasiirtyman-osaava-tyovoima\/wp-content\/uploads\/sites\/31\/2026\/03\/Vetytalous.png","datePublished":"2026-03-17T08:47:54+00:00","breadcrumb":{"@id":"https:\/\/hankkeet.karelia.fi\/vetytalouden-ja-energiasiirtyman-osaava-tyovoima\/#breadcrumb"},"inLanguage":"fi","potentialAction":[{"@type":"ReadAction","target":["https:\/\/hankkeet.karelia.fi\/vetytalouden-ja-energiasiirtyman-osaava-tyovoima\/"]}]},{"@type":"ImageObject","inLanguage":"fi","@id":"https:\/\/hankkeet.karelia.fi\/vetytalouden-ja-energiasiirtyman-osaava-tyovoima\/#primaryimage","url":"https:\/\/hankkeet.karelia.fi\/vetytalouden-ja-energiasiirtyman-osaava-tyovoima\/wp-content\/uploads\/sites\/31\/2026\/03\/Vetytalous.png","contentUrl":"https:\/\/hankkeet.karelia.fi\/vetytalouden-ja-energiasiirtyman-osaava-tyovoima\/wp-content\/uploads\/sites\/31\/2026\/03\/Vetytalous.png","width":1920,"height":1080},{"@type":"BreadcrumbList","@id":"https:\/\/hankkeet.karelia.fi\/vetytalouden-ja-energiasiirtyman-osaava-tyovoima\/#breadcrumb","itemListElement":[{"@type":"ListItem","position":1,"name":"Home","item":"https:\/\/hankkeet.karelia.fi\/vetytalouden-ja-energiasiirtyman-osaava-tyovoima\/vetytalouden-ja-energiasiirtyman-osaava-tyovoima\/"},{"@type":"ListItem","position":2,"name":"Vetytalouden ja energiasiirtym\u00e4n osaava ty\u00f6voima"}]},{"@type":"WebSite","@id":"https:\/\/hankkeet.karelia.fi\/vetytalouden-ja-energiasiirtyman-osaava-tyovoima\/#website","url":"https:\/\/hankkeet.karelia.fi\/vetytalouden-ja-energiasiirtyman-osaava-tyovoima\/","name":"Vetytalouden ja energiasiirtym\u00e4n osaava ty\u00f6voima","description":"","publisher":{"@id":"https:\/\/hankkeet.karelia.fi\/vetytalouden-ja-energiasiirtyman-osaava-tyovoima\/#organization"},"potentialAction":[{"@type":"SearchAction","target":{"@type":"EntryPoint","urlTemplate":"https:\/\/hankkeet.karelia.fi\/vetytalouden-ja-energiasiirtyman-osaava-tyovoima\/?s={search_term_string}"},"query-input":{"@type":"PropertyValueSpecification","valueRequired":true,"valueName":"search_term_string"}}],"inLanguage":"fi"},{"@type":"Organization","@id":"https:\/\/hankkeet.karelia.fi\/vetytalouden-ja-energiasiirtyman-osaava-tyovoima\/#organization","name":"Vetytalouden ja energiasiirtym\u00e4n osaava ty\u00f6voima","url":"https:\/\/hankkeet.karelia.fi\/vetytalouden-ja-energiasiirtyman-osaava-tyovoima\/","logo":{"@type":"ImageObject","inLanguage":"fi","@id":"https:\/\/hankkeet.karelia.fi\/vetytalouden-ja-energiasiirtyman-osaava-tyovoima\/#\/schema\/logo\/image\/","url":"https:\/\/hankkeet.karelia.fi\/vetytalouden-ja-energiasiirtyman-osaava-tyovoima\/wp-content\/uploads\/sites\/31\/2026\/03\/cropped-cropped-Karelia_AMK_logo_RGB-1.png","contentUrl":"https:\/\/hankkeet.karelia.fi\/vetytalouden-ja-energiasiirtyman-osaava-tyovoima\/wp-content\/uploads\/sites\/31\/2026\/03\/cropped-cropped-Karelia_AMK_logo_RGB-1.png","width":427,"height":116,"caption":"Vetytalouden ja energiasiirtym\u00e4n osaava ty\u00f6voima"},"image":{"@id":"https:\/\/hankkeet.karelia.fi\/vetytalouden-ja-energiasiirtyman-osaava-tyovoima\/#\/schema\/logo\/image\/"}}]}},"_links":{"self":[{"href":"https:\/\/hankkeet.karelia.fi\/vetytalouden-ja-energiasiirtyman-osaava-tyovoima\/wp-json\/wp\/v2\/pages\/20","targetHints":{"allow":["GET"]}}],"collection":[{"href":"https:\/\/hankkeet.karelia.fi\/vetytalouden-ja-energiasiirtyman-osaava-tyovoima\/wp-json\/wp\/v2\/pages"}],"about":[{"href":"https:\/\/hankkeet.karelia.fi\/vetytalouden-ja-energiasiirtyman-osaava-tyovoima\/wp-json\/wp\/v2\/types\/page"}],"replies":[{"embeddable":true,"href":"https:\/\/hankkeet.karelia.fi\/vetytalouden-ja-energiasiirtyman-osaava-tyovoima\/wp-json\/wp\/v2\/comments?post=20"}],"version-history":[{"count":0,"href":"https:\/\/hankkeet.karelia.fi\/vetytalouden-ja-energiasiirtyman-osaava-tyovoima\/wp-json\/wp\/v2\/pages\/20\/revisions"}],"wp:featuredmedia":[{"embeddable":true,"href":"https:\/\/hankkeet.karelia.fi\/vetytalouden-ja-energiasiirtyman-osaava-tyovoima\/wp-json\/wp\/v2\/media\/17"}],"wp:attachment":[{"href":"https:\/\/hankkeet.karelia.fi\/vetytalouden-ja-energiasiirtyman-osaava-tyovoima\/wp-json\/wp\/v2\/media?parent=20"}],"curies":[{"name":"wp","href":"https:\/\/api.w.org\/{rel}","templated":true}]}}