{"id":21,"date":"2026-03-17T12:42:51","date_gmt":"2026-03-17T10:42:51","guid":{"rendered":"https:\/\/hankkeet.karelia.fi\/vieraskielisen-korkeakouluopintoihin-valmentavan-koulutuksen-kehittaminen\/vieraskielisen-korkeakouluopintoihin-valmentavan-koulutuksen-kehittaminen\/"},"modified":"2026-03-17T12:42:51","modified_gmt":"2026-03-17T10:42:51","slug":"vieraskielisen-korkeakouluopintoihin-valmentavan-koulutuksen-kehittaminen","status":"publish","type":"page","link":"https:\/\/hankkeet.karelia.fi\/vieraskielisen-korkeakouluopintoihin-valmentavan-koulutuksen-kehittaminen\/","title":{"rendered":"Vieraskielisen korkeakouluopintoihin valmentavan koulutuksen kehitt\u00e4minen"},"content":{"rendered":"\n<figure class=\"wp-block-image size-full is-resized\"><img decoding=\"async\" src=\"https:\/\/hankkeet.karelia.fi\/vieraskielisen-korkeakouluopintoihin-valmentavan-koulutuksen-kehittaminen\/wp-content\/uploads\/sites\/46\/2026\/03\/sh-patevoityminen.jpg\" alt=\"Karelia-ammattikorkeakoulun sek\u00e4 Opetus- ja kulttuuriministeri\u00f6n logot\" class=\"wp-image-69627\" style=\"width:322px;height:auto\"><\/figure>\n\n\n\n<p>Ope\u00adtus- ja kult\u00adtuuri\u00adm\u00adin\u00adis\u00adter\u00adi\u00f6n (OKM) rahoit\u00adta\u00admas\u00adsa Kare\u00adlia-ammat\u00adtiko\u00adrkeak\u00adoulun hallinnoimas\u00adsa Prep\u00adProg-han\u00adkkeessa (2022\u20132024) oli mukana my\u00f6s kahdek\u00adsan muu\u00adta ammat\u00adtiko\u00adrkeak\u00adoulua: Kaakkois-Suomen ammat\u00adtiko\u00adrkeak\u00adoulu, LAB-ammat\u00adtiko\u00adrkeak\u00adoulu, Metropo\u00adlia Ammat\u00adtiko\u00adrkeak\u00adoulu, Oulun ammat\u00adtiko\u00adrkeak\u00adoulu, Savo\u00adnia-ammat\u00adtiko\u00adrkeak\u00adoulu, Tam\u00adpereen ammat\u00adtiko\u00adrkeak\u00adoulu, Turun ammat\u00adtiko\u00adrkeak\u00adoulu ja Yrkesh\u00f6gskolan Arca\u00adda.<\/p>\n\n\n\n<p>Val\u00adtakun\u00adnal\u00adlises\u00adsa Prep\u00adProg-han\u00adkkeessa kehitet\u00adti\u00adin vierask\u00adielist\u00e4 korkeak\u00adoulu\u00adopin\u00adtoi\u00adhin val\u00admen\u00adtavaa koulu\u00adtus\u00adta, jos\u00adsa pain\u00adotet\u00adti\u00adin englan\u00adnin kie\u00adlen opin\u00adto\u00adja, mut\u00adta tuet\u00adti\u00adin samal\u00adla my\u00f6s koti\u00admais\u00adten kiel\u00adten oppimista, jol\u00adla on suuri merk\u00adi\u00adtys kotou\u00adtu\u00admisen ja Suomeen ty\u00f6l\u00adlistymisen kannal\u00adta. Koulu\u00adtuk\u00adsen pilo\u00adtoin\u00adti kohden\u00adnet\u00adti\u00adin Suomes\u00adsa asuville Ukrainan sotaa paen\u00adneille.<\/p>\n\n\n\n<p>Kaik\u00adki han\u00adkkeen tulok\u00adset, mukaan luet\u00adtuna lop\u00adpu\u00adjulka\u00adisu<a> <\/a><a href=\"https:\/\/urn.fi\/URN:ISBN:978-952-275-434-9\">Vierask\u00adieli\u00adnen korkeak\u00adoulu\u00adopin\u00adtoi\u00adhin val\u00admen\u00adta\u00adva koulu\u00adtus Prep\u00adProg-pro\u00adjek\u00adtis\u00adsa : Koke\u00admuk\u00adsia ja suosi\u00adtuk\u00adsia<\/a>  ja jokaisen Prep\u00adProg \u2011han\u00adkkeen opin\u00adto\u00adjak\u00adson Moo\u00addle \u2011sis\u00e4lt\u00f6, on jaet\u00adtu avoimesti seu\u00adraa\u00advan viiden vuo\u00adden ajak\u00adsi kaikkien hy\u00f6\u00addyn\u00adnet\u00adt\u00e4v\u00e4k\u00adsi.<\/p>\n\n\n\n<p>Tulok\u00adset l\u00f6y\u00adtyv\u00e4t koo\u00adtusti Avoin\u00adten oppi\u00adma\u00adte\u00adri\u00adaalien kir\u00adjas\u00adton aoe.fi \u2011sivus\u00adtol\u00adta muun muas\u00adsa haku\u00adsanoil\u00adla \u2019prepara\u00adto\u00adry pro\u00adgramme\u2019, Prepara\u00adto\u00adry Stud\u00adies for High\u00ader Edu\u00adca\u00adtion (Prep\u00adProg)\u2019 ja \u2019prep\u00adprog\u2019. Mate\u00adri\u00adaalit on lisenssoitu CC-BY-NC-SA 4.0 lisenssil\u00adl\u00e4, mik\u00e4 tarkoit\u00adtaa sit\u00e4, ett\u00e4 mate\u00adri\u00adaale\u00adja ei saa k\u00e4yt\u00adt\u00e4\u00e4 kau\u00adpal\u00adliseen tarkoituk\u00adseen, mut\u00adta muuten niit\u00e4 voi hy\u00f6\u00addyn\u00adt\u00e4\u00e4 ja muoka\u00adta, kun vain mainit\u00adsee alku\u00adper\u00e4iset tek\u00adi\u00adj\u00e4t.<\/p>\n\n\n\n<p>Han\u00adkkeen toim\u00adintaan ja kehit\u00adt\u00e4misty\u00f6h\u00f6n liit\u00adtyen tehti\u00adin 18 julka\u00adisua lop\u00adpu\u00adjulka\u00adisun tekoon men\u00adness\u00e4. Sen j\u00e4l\u00adkeen on tehty lis\u00e4\u00e4 julka\u00adisu\u00adja. &nbsp;Alla t\u00e4y\u00addelli\u00adnen lista kaik\u00adista han\u00adkkeen artikkeleista:<\/p>\n\n\n\n<ul class=\"wp-block-list\">\n<li>Sevo\u00adnius-Male, M. &amp; Hirard, T. 2023. <a href=\"https:\/\/karelia.fi\/2023\/01\/korkeakouluopintoihin-valmentavaa-koulutusta-kehitetaan-tukemaan-myos-englanninkielisia-koulutuspolkuja\">Korkeak\u00adoulu\u00adopin\u00adtoi\u00adhin val\u00admen\u00adtavaa koulu\u00adtus\u00adta kehitet\u00e4\u00e4n tuke\u00admaan my\u00f6s englan\u00adninkielisi\u00e4 koulu\u00adtus\u00adpolku\u00adja. Kare\u00adlia-ammat\u00adtiko\u00adrkeak\u00adoulu<\/a>. \/ 10.1.2023<\/li>\n\n\n\n<li>Hirard, T. &amp; Sevo\u00adnius-Male, M. 2023. <a href=\"https:\/\/talk.turkuamk.fi\/puheenvuoroja\/miksi-teemme-englanninkielisista-korkeakouluopinnoista-saavutettavia-ja-tarkoituksenmukaisia-maahanmuuttajille\">Mik\u00adsi teemme englan\u00adninkieli\u00adsist\u00e4 korkeak\u00adoulu\u00adopin\u00adnoista saavutet\u00adtavia ja tarkoituk\u00adsen\u00admukaisia maa\u00adhan\u00admuut\u00adta\u00adjille? <\/a>Turun ammat\u00adtiko\u00adrkeak\u00adoulu. Talk \u2011verkkole\u00adhti. \/&nbsp;20.3.2023<\/li>\n\n\n\n<li>Hirard, T. 2024. <a href=\"https:\/\/urn.fi\/URN:ISBN:978-952-216-865-8\">Miten korkeak\u00adoulut voivat tukea ulko\u00admaalais\u00adtaus\u00adtais\u00adten opiskelua englan\u00adninkieli\u00adsis\u00ads\u00e4 koulu\u00adtuk\u00adsis\u00adsa?<\/a> Teok\u00adses\u00adsa Kir\u00adjavainen, H. &amp; Pet\u00adters\u00adson, A. (toim.). Korkeak\u00adoulut hil\u00adjat\u00adtain maa\u00adhan muut\u00adtanei\u00adta tuke\u00admas\u00adsa. Turun ammat\u00adtiko\u00adrkeak\u00adoulu. Raport\u00adte\u00adja 296, 43\u201350.&nbsp; <\/li>\n\n\n\n<li>Raatikainen, K., Myshe\u00adva, V. &amp; Markoff, E. <a href=\"https:\/\/www.savonia.fi\/artikkelit\/korkeakouluihin-valmentavat-koulutukset-auttavat-eteenpain-uutena-englanninkielinen-valmentava-koulutus\/\">Korkeak\u00adoului\u00adhin val\u00admen\u00adta\u00advat koulu\u00adtuk\u00adset aut\u00adta\u00advat eteen\u00adp\u00e4in \u2013 Uute\u00adna englan\u00adninkieli\u00adnen val\u00admen\u00adta\u00adva koulu\u00adtus<\/a>. <\/li>\n\n\n\n<li>Wallin, O. ja Miiku\u00adlainen T. <a href=\"https:\/\/blogs.tuni.fi\/tamkblogi\/jatkuva-oppiminen\/mihin-tarpeisiin-maahanmuuttaneiden-valmentava-koulutus-vastaa\/\">Mihin tarpeisi\u00adin maa\u00adhan\u00admuut\u00adtanei\u00adden val\u00admen\u00adta\u00adva koulu\u00adtus vas\u00adtaa?<\/a> TAMK-blo\u00adgi 28.12.2023<\/li>\n\n\n\n<li>Ahve\u00adnainen, T., Kovacs, S., Lind\u00adgren, J. &amp; Pes\u00adso, P.&nbsp; <a href=\"https:\/\/read.xamk.fi\/2024\/koulutus\/paasykokeen-helppokayttoisyys-hakijan-ja-opettajan-nakokulmasta\/\">P\u00e4\u00e4syko\u00adkeen help\u00adpok\u00e4yt\u00adt\u00f6isyys hak\u00adi\u00adjan ja opet\u00adta\u00adjan n\u00e4k\u00f6kul\u00admas\u00adta. Kaakkois-Suomen ammat\u00adtiko\u00adrkeak\u00adoulu.<\/a> Read-verkkole\u00adhti. 27.5.2024. <\/li>\n\n\n\n<li>Sevo\u00adnius-Male, M. &amp; Vainio, E. 2024. <a href=\"https:\/\/blogit.metropolia.fi\/hiilta-ja-timanttia\/2024\/02\/19\/ukrainasta-paenneille-tie-korkeakoulutukseen-valmentavan-koulutuksen-avulla\/\">Ukrainas\u00adta paen\u00adneille tie korkeak\u00adoulu\u00adtuk\u00adseen val\u00admen\u00adta\u00advan koulu\u00adtuk\u00adsen avul\u00adla. <\/a>Metropo\u00adlia Ammat\u00adtiko\u00adrkeak\u00adoulu. Hiilt\u00e4 ja timant\u00adtia. 19.2.2024. Blo\u00adgi. <\/li>\n\n\n\n<li>Ahve\u00adnainen, T. <a href=\"https:\/\/next.xamk.fi\/uutta-luomassa\/englanninkielinen-valmentava-koulutus-ukrainalaisille-maaliin\/\">Englan\u00adninkieli\u00adnen val\u00admen\u00adta\u00adva koulu\u00adtus ukrainalaisille maali\u00adin<\/a>. Kaakkois-Suomen ammat\u00adtiko\u00adrkeak\u00adoulu. Next-verkkole\u00adhti. 13.5.2024. <\/li>\n\n\n\n<li>Hyt\u00adti\u00adnen, R., Kyyhky\u00adnen, S. &amp; Markoff, E. 2024. <a href=\"https:\/\/www.karelia.fi\/2024\/06\/i-feel-a-bit-closer-to-the-finnish-society-now-finnish-society-and-culture-opintojakso-osana-korkeakouluopintoihin-valmentavaa-prepprog-koulutusta\/\">\u201cI feel a bit clos\u00ader to the Finnish soci\u00adety now\u201d \u2013 Finnish Soci\u00adety and Cul\u00adture \u2011opin\u00adto\u00adjak\u00adso osana korkeak\u00adoulu\u00adopin\u00adtoi\u00adhin val\u00admen\u00adtavaa Prep\u00adProg-koulu\u00adtus\u00adta<\/a>. Kare\u00adlia-ammat\u00adtiko\u00adrkeak\u00adoulu. Pulssi-por\u00adtaali 5.6.2024. <\/li>\n\n\n\n<li>J\u00e4rvi\u00adnen, T. &amp; Huusko\u00adla, K. 2024. <a href=\"https:\/\/blogit.metropolia.fi\/hiilta-ja-timanttia\/2024\/06\/07\/englanninkielinen-valmentava-koulutus-vastauksena-sote-alan-tyovoimapulaan\">Englan\u00adninkieli\u00adnen val\u00admen\u00adta\u00adva koulu\u00adtus vas\u00adtauk\u00adse\u00adna sote-alan ty\u00f6voima\u00adpu\u00adlaan<\/a>. Metropo\u00adlia Ammat\u00adtiko\u00adrkeak\u00adoulu. Hiilt\u00e4 ja timant\u00adtia. 7.6.2024. Blo\u00adgi.<\/li>\n\n\n\n<li>Lemet\u00adti\u00adnen, O., Chasovskykh, A. &amp; Shen\u00adgeliya, A. 2024. <a href=\"https:\/\/blogit.metropolia.fi\/variousvariables\/2024\/01\/26\/marvels-and-quirks-of-multilingual-living\/\">Mar\u00advels and Quirks of Mul\u00adti\u00adlin\u00adgual Liv\u00ading<\/a>. Metropo\u00adlia Ammat\u00adtiko\u00adrkeak\u00adoulu. Var\u00adi\u00adous Vari\u00adables. 26.1.2024. Blo\u00adgi. <\/li>\n\n\n\n<li>Huld\u00e9n, B. 2024. <a href=\"https:\/\/www.arcada.fi\/sv\/artikel\/blogg\/2024-06-03\/en-kurs-utover-det-vanliga-preparatory-program\">En kurs ut\u00f6ver det van\u00adli\u00adga \u2013 Prepara\u00adto\u00adry Pro\u00adgram<\/a>. Yrkesh\u00f6gskolan Arca\u00adda.&nbsp; 6.3.2024. <\/li>\n\n\n\n<li>Por\u00adras, P., Valko\u00adnen, T. &amp; Nor\u00adtunen, S. 2024. <a href=\"https:\/\/blogit.lab.fi\/labfocus\/matematiikka-osana-vieraskielista-korkeakouluopintoihin-valmentavaa-koulutusta\/\">Matem\u00adati\u00adik\u00adka osana vierask\u00adielist\u00e4 korkeak\u00adoulu\u00adopin\u00adtoi\u00adhin val\u00admen\u00adtavaa koulu\u00adtus\u00adta<\/a>. LAB ammat\u00adtiko\u00adrkeak\u00adoulu. LAB Focus. 22.2.2024..<\/li>\n\n\n\n<li>Lam\u00admin\u00adm\u00e4\u00adki, R, Luo\u00admi A. M. ja Luo\u00adva A\u2011L <a href=\"https:\/\/urn.fi\/URN:ISBN:978-952-275-434-9\">Kol\u00admen open koke\u00admuk\u00adsia yhteisopet\u00adta\u00adju\u00adud\u00ades\u00adta suomen kie\u00adlen verkkokurssil\u00adla.<\/a> Teok\u00adses\u00adsa Sevo\u00adnius-Male, Ahve\u00adnainen, Markoff, Kyyhky\u00adnen, Luo\u00adva &amp; Isok\u00e4\u00e4n\u00adt\u00e4 (toim.), 2024, Vierask\u00adieli\u00adnen korkeak\u00adoulu\u00adopin\u00adtoi\u00adhin val\u00admen\u00adta\u00adva koulu\u00adtus Prep\u00adProg \u2011pro\u00adjek\u00adtis\u00adsa koke\u00admuk\u00adsia ja suosi\u00adtuk\u00adsia, Kare\u00adlia-ammat\u00adtiko\u00adrkeak\u00adoulun julka\u00adisu\u00adja B:95 sivut 104\u2013108. <\/li>\n\n\n\n<li>Vainio, E. 2024. <a href=\"https:\/\/blogit.metropolia.fi\/hiilta-ja-timanttia\/2024\/06\/19\/tulevaisuuden-tyoelama-tarvitsee-uravalmennusta\/\">Tule\u00advaisu\u00adu\u00adden ty\u00f6el\u00e4m\u00e4 tarvit\u00adsee uraval\u00admen\u00adnus\u00adta<\/a>. Metropo\u00adlia Ammat\u00adtiko\u00adrkeak\u00adoulu. Hiilt\u00e4 ja timant\u00adtia. 19.6.2024. Blo\u00adgi. <\/li>\n\n\n\n<li>Kart\u00adtunen M. <a href=\"https:\/\/urn.fi\/URN:ISBN:978-952-275-434-9\">Maa\u00adhan\u00admuut\u00adta\u00adjien korkeak\u00adoulu\u00adopin\u00adtoi\u00adhin val\u00admen\u00adtavaa koulu\u00adtus\u00adta monel\u00adla kielell<\/a>\u00e4. Teok\u00adses\u00adsa Sevo\u00adnius-Male, Ahve\u00adnainen, Markoff, Kyyhky\u00adnen, Luo\u00adva &amp; Isok\u00e4\u00e4n\u00adt\u00e4 (toim.), 2024, Vierask\u00adieli\u00adnen korkeak\u00adoulu\u00adopin\u00adtoi\u00adhin val\u00admen\u00adta\u00adva koulu\u00adtus Prep\u00adProg \u2011pro\u00adjek\u00adtis\u00adsa koke\u00admuk\u00adsia ja suosi\u00adtuk\u00adsia, Kare\u00adlia-ammat\u00adtiko\u00adrkeak\u00adoulun julka\u00adisu\u00adja B:95 sivut 113\u2013116. <\/li>\n\n\n\n<li>Kart\u00adtunen, M. <a href=\"https:\/\/urn.fi\/URN:ISBN:978-952-275-434-9\">Xam\u00adkin kieli- ja kult\u00adtuurik\u00adoulu\u00adtus alueen kan\u00adsain\u00adv\u00e4list\u00e4j\u00e4n\u00e4<\/a> Teok\u00adses\u00adsa Sevo\u00adnius-Male, Ahve\u00adnainen, Markoff, Kyyhky\u00adnen, Luo\u00adva &amp; Isok\u00e4\u00e4n\u00adt\u00e4 (toim.), 2024, Vierask\u00adieli\u00adnen korkeak\u00adoulu\u00adopin\u00adtoi\u00adhin val\u00admen\u00adta\u00adva koulu\u00adtus Prep\u00adProg \u2011pro\u00adjek\u00adtis\u00adsa koke\u00admuk\u00adsia ja suosi\u00adtuk\u00adsia, Kare\u00adlia-ammat\u00adtiko\u00adrkeak\u00adoulun julka\u00adisu\u00adja B:95 sivut 117\u2013120. <\/li>\n\n\n\n<li>Sevo\u00adnius-Male, M. <a href=\"https:\/\/urn.fi\/URN:ISBN:978-952-275-434-9\">Lop\u00adpu\u00adsanat: korkeak\u00adoulu\u00adtuk\u00adsen saavutet\u00adtavu\u00adu\u00adden edis\u00adt\u00e4mi\u00adnen on merk\u00adi\u00adtyk\u00adsel\u00adlist\u00e4 ty\u00f6t<\/a>\u00e4. Teok\u00adses\u00adsa Sevo\u00adnius-Male, Ahve\u00adnainen, Markoff, Kyyhky\u00adnen, Luo\u00adva &amp; Isok\u00e4\u00e4n\u00adt\u00e4 (toim.), 2024, Vierask\u00adieli\u00adnen korkeak\u00adoulu\u00adopin\u00adtoi\u00adhin val\u00admen\u00adta\u00adva koulu\u00adtus Prep\u00adProg \u2011pro\u00adjek\u00adtis\u00adsa koke\u00admuk\u00adsia ja suosi\u00adtuk\u00adsia, Kare\u00adlia-ammat\u00adtiko\u00adrkeak\u00adoulun julka\u00adisu\u00adja B:95 sivut 121\u2013125.<\/li>\n\n\n\n<li>Leiko\u00admaa, M., Palasvir\u00adta, M. &amp; Var\u00adti\u00adainen, H. Tam\u00adpereen ammat\u00adtiko\u00adrkeak\u00adoulu. <a href=\"https:\/\/www.tuni.fi\/tlc\/en\/yhteisopettajuudesta-tukea-ja-tehokkuutta-2\/\">Yhteisopet\u00adta\u00adju\u00adud\u00ades\u00adta tukea ja tehokku\u00adut\u00adta.<\/a> Teach\u00ading and Learn\u00ading Cen\u00adtre 24.6.2024. Blo\u00adgi. <\/li>\n\n\n\n<li>Puustj\u00e4rvi, P., Pugachev, D. &amp; Koso\u00adnen, K. Oulu ammat\u00adtiko\u00adrkeak\u00adoulu. <a href=\"https:\/\/vanha.oamk.fi\/oamkjournal\/2024\/ukrainalaisille-suunnattu-valmentava-koulutus-digi-ja-kielituen-nakokulmat\/\">Ukrainalaisille suun\u00adnat\u00adtu val\u00admen\u00adta\u00adva koulu\u00adtus \u2011digi- ja kielituen n\u00e4k\u00f6kul\u00admat<\/a>. OAMK Jour\u00adnal 12.9.2024.<\/li>\n\n\n\n<li>Koso\u00adnen, K. &amp; Holap\u00adpa, J. <a href=\"https:\/\/vanha.oamk.fi\/oamkjournal\/2024\/ukrainalaisille-suunnattu-valmentava-koulutus-liiketalouteen\/\">Ukrainalaisille suun\u00adnat\u00adtu val\u00admen\u00adta\u00adva koulu\u00adtus liike\u00adtalouteen<\/a>. OAMK Jour\u00adnal 11.9.2024 <\/li>\n\n\n\n<li>Leiko\u00admaa, M. Tam\u00adpereen ammat\u00adtiko\u00adrkeak\u00adoulu. <a href=\"https:\/\/www.tuni.fi\/tlc\/lets-start-with-something-silly-the-use-of-icebreaker-questions-in-synchronous-online-education-2\/\">Let\u2019s start with some\u00adthing sil\u00adly! The use of ice\u00adbreak\u00ader ques\u00adtions in syn\u00adchro\u00adnous online edu\u00adca\u00adtion.<\/a> Teach\u00ading and Learn\u00ading Cen\u00adtre 3.9.2024. Blo\u00adgi<\/li>\n\n\n\n<li>Wallin, O., Hirard, T. &amp; Kuznetso\u00adva, G. <a href=\"https:\/\/sites.tuni.fi\/tamk-pub\/tamkjournal\/insights-from-higher-education-preparatory-programme-in-english-outi-wallin-tiina-hirard-and-ganna-kuznetsova\/\">Insights from High\u00ader Edu\u00adca\u00adtion Prepara\u00adto\u00adry Pro\u00adgramme in Eng\u00adlish<\/a>. TAMK Pub\u00adli\u00adca\u00adtions 13.8.2024. <\/li>\n\n\n\n<li>Leiko\u00admaa, M., Nor\u00adtunen, S. &amp; Wallin O. 2024 <a href=\"https:\/\/urn.fi\/URN:ISBN:978-952-7592-00-7\"><strong>Prep\u00adProg \u2013 Future Pro\u00adfes\u00adsion\u00adals for Fin\u00adland<\/strong> TAMK tule\u00advaisu\u00adu\u00adden tek\u00adi\u00adj\u00e4n\u00e4 \u2014 TAMK kon\u00adfer\u00adenssi 2024<\/a> 14.11.2024<\/li>\n\n\n\n<li>Sevo\u00adnius-Male, M. 2024<a href=\"https:\/\/urn.fi\/URN:ISBN:978-952-275-442-4\"> <strong>Build\u00ading Paths to Finnish High\u00ader Edu\u00adca\u00adtion<\/strong> Select\u00aded Per\u00adspec\u00adtives on Inter\u00adna\u00adtion\u00adal\u00adi\u00adsa\u00adtion and Applied Edu\u00adca\u00adtion and Research<\/a> 2024<\/li>\n<\/ul>\n\n\n\n<h2 class=\"wp-block-heading\">Projektin kesto<\/h2>\n\n\n\n<p>1.9.2022 \u2014 31.8.2024<\/p>\n\n\n\n<h2 class=\"wp-block-heading\">Projektip\u00e4\u00e4llikk\u00f6<\/h2>\n\n\n\n<p><strong>Mia Sevo\u00adnius-Male<\/strong><br>mia.sevonius-male(a)karelia.fi<\/p>\n\n\n\n<h2 class=\"wp-block-heading\">Rahoitus<\/h2>\n\n\n\n<p>Ope\u00adtus- ja kult\u00adtuuri\u00adm\u00adin\u00adis\u00adter\u00adi\u00f6n rahoi\u00adtus<\/p>\n\n\n\n<h2 class=\"wp-block-heading\">Projektin www<\/h2>\n\n\n\n<p><a href=\"http:\/\/www.prepprog.fi\">www.prepprog.fi<\/a><\/p>\n\n\n\n<figure class=\"wp-block-image size-large is-resized\"><img decoding=\"async\" src=\"https:\/\/hankkeet.karelia.fi\/vieraskielisen-korkeakouluopintoihin-valmentavan-koulutuksen-kehittaminen\/wp-content\/uploads\/sites\/46\/2026\/03\/PrepProg-logo-1024x512-1.png\" alt class=\"wp-image-70343\" style=\"width:176px;height:auto\"><\/figure>\n\n\n\n<figure class=\"wp-block-image size-large\"><img decoding=\"async\" src=\"https:\/\/hankkeet.karelia.fi\/vieraskielisen-korkeakouluopintoihin-valmentavan-koulutuksen-kehittaminen\/wp-content\/uploads\/sites\/46\/2026\/03\/preprog-kaikki-oppilaitokset-1024x175-1.png\" alt class=\"wp-image-70344\"><\/figure>\n","protected":false},"excerpt":{"rendered":"<p>Ope\u00ad\u00adtus- ja kult\u00adtuuri\u00adm\u00adin\u00adis\u00adter\u00adi\u00f6n (OKM) rahoit\u00adta\u00admas\u00adsa Kare\u00adlia-ammat\u00adtiko\u00adrkeak\u00adoulun hallinnoimas\u00adsa Prep\u00adProg-han\u00adk\u00adkeessa (2022\u20132024) oli mukana my\u00f6s kahdek\u00adsan muu\u00adta ammat\u00adtiko\u00adrkeak\u00adoulua: Kaakkois-Suomen ammat\u00adtiko\u00adrkeak\u00adoulu, LAB-ammat\u00adtiko\u00adrkeak\u00adoulu, Metropo\u00adlia Ammat\u00adtiko\u00adrkeak\u00adoulu, Oulun ammat\u00adtiko\u00adrkeak\u00adoulu, Savo\u00ad\u00adnia-ammat\u00adtiko\u00adrkeak\u00adoulu, Tam\u00adpereen ammat\u00adtiko\u00adrkeak\u00adoulu, Turun ammat\u00adtiko\u00adrkeak\u00adoulu ja Yrkesh\u00f6gskolan Arca\u00adda. Val\u00adtakun\u00adnal\u00adlises\u00adsa Prep\u00adProg-han\u00adk\u00adkeessa kehitet\u00adti\u00adin vierask\u00adielist\u00e4 korkeak\u00adoulu\u00adopin\u00adtoi\u00adhin val\u00admen\u00adtavaa koulu\u00adtus\u00adta, jos\u00adsa pain\u00adotet\u00adti\u00adin englan\u00adnin kie\u00adlen opin\u00adto\u00adja, mut\u00adta tuet\u00adti\u00adin samal\u00adla my\u00f6s koti\u00admais\u00adten kiel\u00adten oppimista, jol\u00adla on suuri merk\u00adi\u00adtys kotou\u00adtu\u00admisen ja [\u2026]<\/p>\n","protected":false},"author":0,"featured_media":17,"parent":0,"menu_order":0,"comment_status":"closed","ping_status":"closed","template":"","meta":{"inline_featured_image":false,"wp_typography_post_enhancements_disabled":false,"footnotes":""},"class_list":["post-21","page","type-page","status-publish","has-post-thumbnail","hentry"],"yoast_head":"<!-- This site is optimized with the Yoast SEO plugin v27.5 - https:\/\/yoast.com\/product\/yoast-seo-wordpress\/ -->\n<title>Vieraskielisen korkeakouluopintoihin valmentavan koulutuksen kehitt\u00e4minen - Vieraskielisen korkeakouluopintoihin valmentavan koulutuksen kehitt\u00e4minen<\/title>\n<meta name=\"robots\" content=\"index, follow, max-snippet:-1, max-image-preview:large, max-video-preview:-1\" \/>\n<link rel=\"canonical\" href=\"https:\/\/hankkeet.karelia.fi\/vieraskielisen-korkeakouluopintoihin-valmentavan-koulutuksen-kehittaminen\/\" \/>\n<meta property=\"og:locale\" content=\"fi_FI\" \/>\n<meta property=\"og:type\" content=\"article\" \/>\n<meta property=\"og:title\" content=\"Vieraskielisen korkeakouluopintoihin valmentavan koulutuksen kehitt\u00e4minen - Vieraskielisen korkeakouluopintoihin valmentavan koulutuksen kehitt\u00e4minen\" \/>\n<meta property=\"og:description\" content=\"Ope\u00adtus- ja kult\u00adtuuri\u00adm\u00adin\u00adis\u00adter\u00adi\u00f6n (OKM) rahoit\u00adta\u00admas\u00adsa Kare\u00adlia-ammat\u00adtiko\u00adrkeak\u00adoulun hallinnoimas\u00adsa Prep\u00adProg-han\u00adkkeessa (2022\u20132024) oli mukana my\u00f6s kahdek\u00adsan muu\u00adta ammat\u00adtiko\u00adrkeak\u00adoulua: Kaakkois-Suomen ammat\u00adtiko\u00adrkeak\u00adoulu, LAB-ammat\u00adtiko\u00adrkeak\u00adoulu, Metropo\u00adlia Ammat\u00adtiko\u00adrkeak\u00adoulu, Oulun ammat\u00adtiko\u00adrkeak\u00adoulu, Savo\u00adnia-ammat\u00adtiko\u00adrkeak\u00adoulu, Tam\u00adpereen ammat\u00adtiko\u00adrkeak\u00adoulu, Turun ammat\u00adtiko\u00adrkeak\u00adoulu ja Yrkesh\u00f6gskolan Arca\u00adda. Val\u00adtakun\u00adnal\u00adlises\u00adsa Prep\u00adProg-han\u00adkkeessa kehitet\u00adti\u00adin vierask\u00adielist\u00e4 korkeak\u00adoulu\u00adopin\u00adtoi\u00adhin val\u00admen\u00adtavaa koulu\u00adtus\u00adta, jos\u00adsa pain\u00adotet\u00adti\u00adin englan\u00adnin kie\u00adlen opin\u00adto\u00adja, mut\u00adta tuet\u00adti\u00adin samal\u00adla my\u00f6s koti\u00admais\u00adten kiel\u00adten oppimista, jol\u00adla on suuri merk\u00adi\u00adtys kotou\u00adtu\u00admisen ja [&hellip;]\" \/>\n<meta property=\"og:url\" content=\"https:\/\/hankkeet.karelia.fi\/vieraskielisen-korkeakouluopintoihin-valmentavan-koulutuksen-kehittaminen\/\" \/>\n<meta property=\"og:site_name\" content=\"Vieraskielisen korkeakouluopintoihin valmentavan koulutuksen kehitt\u00e4minen\" \/>\n<meta name=\"twitter:card\" content=\"summary_large_image\" \/>\n<meta name=\"twitter:label1\" content=\"Arvioitu lukuaika\" \/>\n\t<meta name=\"twitter:data1\" content=\"4 minuuttia\" \/>\n<script type=\"application\/ld+json\" class=\"yoast-schema-graph\">{\"@context\":\"https:\\\/\\\/schema.org\",\"@graph\":[{\"@type\":\"WebPage\",\"@id\":\"https:\\\/\\\/hankkeet.karelia.fi\\\/vieraskielisen-korkeakouluopintoihin-valmentavan-koulutuksen-kehittaminen\\\/\",\"url\":\"https:\\\/\\\/hankkeet.karelia.fi\\\/vieraskielisen-korkeakouluopintoihin-valmentavan-koulutuksen-kehittaminen\\\/\",\"name\":\"Vieraskielisen korkeakouluopintoihin valmentavan koulutuksen kehitt\u00e4minen - Vieraskielisen korkeakouluopintoihin valmentavan koulutuksen kehitt\u00e4minen\",\"isPartOf\":{\"@id\":\"https:\\\/\\\/hankkeet.karelia.fi\\\/vieraskielisen-korkeakouluopintoihin-valmentavan-koulutuksen-kehittaminen\\\/#website\"},\"primaryImageOfPage\":{\"@id\":\"https:\\\/\\\/hankkeet.karelia.fi\\\/vieraskielisen-korkeakouluopintoihin-valmentavan-koulutuksen-kehittaminen\\\/#primaryimage\"},\"image\":{\"@id\":\"https:\\\/\\\/hankkeet.karelia.fi\\\/vieraskielisen-korkeakouluopintoihin-valmentavan-koulutuksen-kehittaminen\\\/#primaryimage\"},\"thumbnailUrl\":\"https:\\\/\\\/hankkeet.karelia.fi\\\/vieraskielisen-korkeakouluopintoihin-valmentavan-koulutuksen-kehittaminen\\\/wp-content\\\/uploads\\\/sites\\\/46\\\/2026\\\/03\\\/DSC07174-scaled-e1713851648518.jpg\",\"datePublished\":\"2026-03-17T10:42:51+00:00\",\"breadcrumb\":{\"@id\":\"https:\\\/\\\/hankkeet.karelia.fi\\\/vieraskielisen-korkeakouluopintoihin-valmentavan-koulutuksen-kehittaminen\\\/#breadcrumb\"},\"inLanguage\":\"fi\",\"potentialAction\":[{\"@type\":\"ReadAction\",\"target\":[\"https:\\\/\\\/hankkeet.karelia.fi\\\/vieraskielisen-korkeakouluopintoihin-valmentavan-koulutuksen-kehittaminen\\\/\"]}]},{\"@type\":\"ImageObject\",\"inLanguage\":\"fi\",\"@id\":\"https:\\\/\\\/hankkeet.karelia.fi\\\/vieraskielisen-korkeakouluopintoihin-valmentavan-koulutuksen-kehittaminen\\\/#primaryimage\",\"url\":\"https:\\\/\\\/hankkeet.karelia.fi\\\/vieraskielisen-korkeakouluopintoihin-valmentavan-koulutuksen-kehittaminen\\\/wp-content\\\/uploads\\\/sites\\\/46\\\/2026\\\/03\\\/DSC07174-scaled-e1713851648518.jpg\",\"contentUrl\":\"https:\\\/\\\/hankkeet.karelia.fi\\\/vieraskielisen-korkeakouluopintoihin-valmentavan-koulutuksen-kehittaminen\\\/wp-content\\\/uploads\\\/sites\\\/46\\\/2026\\\/03\\\/DSC07174-scaled-e1713851648518.jpg\",\"width\":2560,\"height\":938},{\"@type\":\"BreadcrumbList\",\"@id\":\"https:\\\/\\\/hankkeet.karelia.fi\\\/vieraskielisen-korkeakouluopintoihin-valmentavan-koulutuksen-kehittaminen\\\/#breadcrumb\",\"itemListElement\":[{\"@type\":\"ListItem\",\"position\":1,\"name\":\"Home\",\"item\":\"https:\\\/\\\/hankkeet.karelia.fi\\\/vieraskielisen-korkeakouluopintoihin-valmentavan-koulutuksen-kehittaminen\\\/vieraskielisen-korkeakouluopintoihin-valmentavan-koulutuksen-kehittaminen\\\/\"},{\"@type\":\"ListItem\",\"position\":2,\"name\":\"Vieraskielisen korkeakouluopintoihin valmentavan koulutuksen kehitt\u00e4minen\"}]},{\"@type\":\"WebSite\",\"@id\":\"https:\\\/\\\/hankkeet.karelia.fi\\\/vieraskielisen-korkeakouluopintoihin-valmentavan-koulutuksen-kehittaminen\\\/#website\",\"url\":\"https:\\\/\\\/hankkeet.karelia.fi\\\/vieraskielisen-korkeakouluopintoihin-valmentavan-koulutuksen-kehittaminen\\\/\",\"name\":\"Vieraskielisen korkeakouluopintoihin valmentavan koulutuksen kehitt\u00e4minen\",\"description\":\"\",\"publisher\":{\"@id\":\"https:\\\/\\\/hankkeet.karelia.fi\\\/vieraskielisen-korkeakouluopintoihin-valmentavan-koulutuksen-kehittaminen\\\/#organization\"},\"potentialAction\":[{\"@type\":\"SearchAction\",\"target\":{\"@type\":\"EntryPoint\",\"urlTemplate\":\"https:\\\/\\\/hankkeet.karelia.fi\\\/vieraskielisen-korkeakouluopintoihin-valmentavan-koulutuksen-kehittaminen\\\/?s={search_term_string}\"},\"query-input\":{\"@type\":\"PropertyValueSpecification\",\"valueRequired\":true,\"valueName\":\"search_term_string\"}}],\"inLanguage\":\"fi\"},{\"@type\":\"Organization\",\"@id\":\"https:\\\/\\\/hankkeet.karelia.fi\\\/vieraskielisen-korkeakouluopintoihin-valmentavan-koulutuksen-kehittaminen\\\/#organization\",\"name\":\"Vieraskielisen korkeakouluopintoihin valmentavan koulutuksen kehitt\u00e4minen\",\"url\":\"https:\\\/\\\/hankkeet.karelia.fi\\\/vieraskielisen-korkeakouluopintoihin-valmentavan-koulutuksen-kehittaminen\\\/\",\"logo\":{\"@type\":\"ImageObject\",\"inLanguage\":\"fi\",\"@id\":\"https:\\\/\\\/hankkeet.karelia.fi\\\/vieraskielisen-korkeakouluopintoihin-valmentavan-koulutuksen-kehittaminen\\\/#\\\/schema\\\/logo\\\/image\\\/\",\"url\":\"https:\\\/\\\/hankkeet.karelia.fi\\\/vieraskielisen-korkeakouluopintoihin-valmentavan-koulutuksen-kehittaminen\\\/wp-content\\\/uploads\\\/sites\\\/46\\\/2026\\\/03\\\/cropped-cropped-Karelia_AMK_logo_RGB-1.png\",\"contentUrl\":\"https:\\\/\\\/hankkeet.karelia.fi\\\/vieraskielisen-korkeakouluopintoihin-valmentavan-koulutuksen-kehittaminen\\\/wp-content\\\/uploads\\\/sites\\\/46\\\/2026\\\/03\\\/cropped-cropped-Karelia_AMK_logo_RGB-1.png\",\"width\":427,\"height\":116,\"caption\":\"Vieraskielisen korkeakouluopintoihin valmentavan koulutuksen kehitt\u00e4minen\"},\"image\":{\"@id\":\"https:\\\/\\\/hankkeet.karelia.fi\\\/vieraskielisen-korkeakouluopintoihin-valmentavan-koulutuksen-kehittaminen\\\/#\\\/schema\\\/logo\\\/image\\\/\"}}]}<\/script>\n<!-- \/ Yoast SEO plugin. -->","yoast_head_json":{"title":"Vieraskielisen korkeakouluopintoihin valmentavan koulutuksen kehitt\u00e4minen - Vieraskielisen korkeakouluopintoihin valmentavan koulutuksen kehitt\u00e4minen","robots":{"index":"index","follow":"follow","max-snippet":"max-snippet:-1","max-image-preview":"max-image-preview:large","max-video-preview":"max-video-preview:-1"},"canonical":"https:\/\/hankkeet.karelia.fi\/vieraskielisen-korkeakouluopintoihin-valmentavan-koulutuksen-kehittaminen\/","og_locale":"fi_FI","og_type":"article","og_title":"Vieraskielisen korkeakouluopintoihin valmentavan koulutuksen kehitt\u00e4minen - Vieraskielisen korkeakouluopintoihin valmentavan koulutuksen kehitt\u00e4minen","og_description":"Ope\u00adtus- ja kult\u00adtuuri\u00adm\u00adin\u00adis\u00adter\u00adi\u00f6n (OKM) rahoit\u00adta\u00admas\u00adsa Kare\u00adlia-ammat\u00adtiko\u00adrkeak\u00adoulun hallinnoimas\u00adsa Prep\u00adProg-han\u00adkkeessa (2022\u20132024) oli mukana my\u00f6s kahdek\u00adsan muu\u00adta ammat\u00adtiko\u00adrkeak\u00adoulua: Kaakkois-Suomen ammat\u00adtiko\u00adrkeak\u00adoulu, LAB-ammat\u00adtiko\u00adrkeak\u00adoulu, Metropo\u00adlia Ammat\u00adtiko\u00adrkeak\u00adoulu, Oulun ammat\u00adtiko\u00adrkeak\u00adoulu, Savo\u00adnia-ammat\u00adtiko\u00adrkeak\u00adoulu, Tam\u00adpereen ammat\u00adtiko\u00adrkeak\u00adoulu, Turun ammat\u00adtiko\u00adrkeak\u00adoulu ja Yrkesh\u00f6gskolan Arca\u00adda. Val\u00adtakun\u00adnal\u00adlises\u00adsa Prep\u00adProg-han\u00adkkeessa kehitet\u00adti\u00adin vierask\u00adielist\u00e4 korkeak\u00adoulu\u00adopin\u00adtoi\u00adhin val\u00admen\u00adtavaa koulu\u00adtus\u00adta, jos\u00adsa pain\u00adotet\u00adti\u00adin englan\u00adnin kie\u00adlen opin\u00adto\u00adja, mut\u00adta tuet\u00adti\u00adin samal\u00adla my\u00f6s koti\u00admais\u00adten kiel\u00adten oppimista, jol\u00adla on suuri merk\u00adi\u00adtys kotou\u00adtu\u00admisen ja [&hellip;]","og_url":"https:\/\/hankkeet.karelia.fi\/vieraskielisen-korkeakouluopintoihin-valmentavan-koulutuksen-kehittaminen\/","og_site_name":"Vieraskielisen korkeakouluopintoihin valmentavan koulutuksen kehitt\u00e4minen","twitter_card":"summary_large_image","twitter_misc":{"Arvioitu lukuaika":"4 minuuttia"},"schema":{"@context":"https:\/\/schema.org","@graph":[{"@type":"WebPage","@id":"https:\/\/hankkeet.karelia.fi\/vieraskielisen-korkeakouluopintoihin-valmentavan-koulutuksen-kehittaminen\/","url":"https:\/\/hankkeet.karelia.fi\/vieraskielisen-korkeakouluopintoihin-valmentavan-koulutuksen-kehittaminen\/","name":"Vieraskielisen korkeakouluopintoihin valmentavan koulutuksen kehitt\u00e4minen - Vieraskielisen korkeakouluopintoihin valmentavan koulutuksen kehitt\u00e4minen","isPartOf":{"@id":"https:\/\/hankkeet.karelia.fi\/vieraskielisen-korkeakouluopintoihin-valmentavan-koulutuksen-kehittaminen\/#website"},"primaryImageOfPage":{"@id":"https:\/\/hankkeet.karelia.fi\/vieraskielisen-korkeakouluopintoihin-valmentavan-koulutuksen-kehittaminen\/#primaryimage"},"image":{"@id":"https:\/\/hankkeet.karelia.fi\/vieraskielisen-korkeakouluopintoihin-valmentavan-koulutuksen-kehittaminen\/#primaryimage"},"thumbnailUrl":"https:\/\/hankkeet.karelia.fi\/vieraskielisen-korkeakouluopintoihin-valmentavan-koulutuksen-kehittaminen\/wp-content\/uploads\/sites\/46\/2026\/03\/DSC07174-scaled-e1713851648518.jpg","datePublished":"2026-03-17T10:42:51+00:00","breadcrumb":{"@id":"https:\/\/hankkeet.karelia.fi\/vieraskielisen-korkeakouluopintoihin-valmentavan-koulutuksen-kehittaminen\/#breadcrumb"},"inLanguage":"fi","potentialAction":[{"@type":"ReadAction","target":["https:\/\/hankkeet.karelia.fi\/vieraskielisen-korkeakouluopintoihin-valmentavan-koulutuksen-kehittaminen\/"]}]},{"@type":"ImageObject","inLanguage":"fi","@id":"https:\/\/hankkeet.karelia.fi\/vieraskielisen-korkeakouluopintoihin-valmentavan-koulutuksen-kehittaminen\/#primaryimage","url":"https:\/\/hankkeet.karelia.fi\/vieraskielisen-korkeakouluopintoihin-valmentavan-koulutuksen-kehittaminen\/wp-content\/uploads\/sites\/46\/2026\/03\/DSC07174-scaled-e1713851648518.jpg","contentUrl":"https:\/\/hankkeet.karelia.fi\/vieraskielisen-korkeakouluopintoihin-valmentavan-koulutuksen-kehittaminen\/wp-content\/uploads\/sites\/46\/2026\/03\/DSC07174-scaled-e1713851648518.jpg","width":2560,"height":938},{"@type":"BreadcrumbList","@id":"https:\/\/hankkeet.karelia.fi\/vieraskielisen-korkeakouluopintoihin-valmentavan-koulutuksen-kehittaminen\/#breadcrumb","itemListElement":[{"@type":"ListItem","position":1,"name":"Home","item":"https:\/\/hankkeet.karelia.fi\/vieraskielisen-korkeakouluopintoihin-valmentavan-koulutuksen-kehittaminen\/vieraskielisen-korkeakouluopintoihin-valmentavan-koulutuksen-kehittaminen\/"},{"@type":"ListItem","position":2,"name":"Vieraskielisen korkeakouluopintoihin valmentavan koulutuksen kehitt\u00e4minen"}]},{"@type":"WebSite","@id":"https:\/\/hankkeet.karelia.fi\/vieraskielisen-korkeakouluopintoihin-valmentavan-koulutuksen-kehittaminen\/#website","url":"https:\/\/hankkeet.karelia.fi\/vieraskielisen-korkeakouluopintoihin-valmentavan-koulutuksen-kehittaminen\/","name":"Vieraskielisen korkeakouluopintoihin valmentavan koulutuksen kehitt\u00e4minen","description":"","publisher":{"@id":"https:\/\/hankkeet.karelia.fi\/vieraskielisen-korkeakouluopintoihin-valmentavan-koulutuksen-kehittaminen\/#organization"},"potentialAction":[{"@type":"SearchAction","target":{"@type":"EntryPoint","urlTemplate":"https:\/\/hankkeet.karelia.fi\/vieraskielisen-korkeakouluopintoihin-valmentavan-koulutuksen-kehittaminen\/?s={search_term_string}"},"query-input":{"@type":"PropertyValueSpecification","valueRequired":true,"valueName":"search_term_string"}}],"inLanguage":"fi"},{"@type":"Organization","@id":"https:\/\/hankkeet.karelia.fi\/vieraskielisen-korkeakouluopintoihin-valmentavan-koulutuksen-kehittaminen\/#organization","name":"Vieraskielisen korkeakouluopintoihin valmentavan koulutuksen kehitt\u00e4minen","url":"https:\/\/hankkeet.karelia.fi\/vieraskielisen-korkeakouluopintoihin-valmentavan-koulutuksen-kehittaminen\/","logo":{"@type":"ImageObject","inLanguage":"fi","@id":"https:\/\/hankkeet.karelia.fi\/vieraskielisen-korkeakouluopintoihin-valmentavan-koulutuksen-kehittaminen\/#\/schema\/logo\/image\/","url":"https:\/\/hankkeet.karelia.fi\/vieraskielisen-korkeakouluopintoihin-valmentavan-koulutuksen-kehittaminen\/wp-content\/uploads\/sites\/46\/2026\/03\/cropped-cropped-Karelia_AMK_logo_RGB-1.png","contentUrl":"https:\/\/hankkeet.karelia.fi\/vieraskielisen-korkeakouluopintoihin-valmentavan-koulutuksen-kehittaminen\/wp-content\/uploads\/sites\/46\/2026\/03\/cropped-cropped-Karelia_AMK_logo_RGB-1.png","width":427,"height":116,"caption":"Vieraskielisen korkeakouluopintoihin valmentavan koulutuksen kehitt\u00e4minen"},"image":{"@id":"https:\/\/hankkeet.karelia.fi\/vieraskielisen-korkeakouluopintoihin-valmentavan-koulutuksen-kehittaminen\/#\/schema\/logo\/image\/"}}]}},"_links":{"self":[{"href":"https:\/\/hankkeet.karelia.fi\/vieraskielisen-korkeakouluopintoihin-valmentavan-koulutuksen-kehittaminen\/wp-json\/wp\/v2\/pages\/21","targetHints":{"allow":["GET"]}}],"collection":[{"href":"https:\/\/hankkeet.karelia.fi\/vieraskielisen-korkeakouluopintoihin-valmentavan-koulutuksen-kehittaminen\/wp-json\/wp\/v2\/pages"}],"about":[{"href":"https:\/\/hankkeet.karelia.fi\/vieraskielisen-korkeakouluopintoihin-valmentavan-koulutuksen-kehittaminen\/wp-json\/wp\/v2\/types\/page"}],"replies":[{"embeddable":true,"href":"https:\/\/hankkeet.karelia.fi\/vieraskielisen-korkeakouluopintoihin-valmentavan-koulutuksen-kehittaminen\/wp-json\/wp\/v2\/comments?post=21"}],"version-history":[{"count":0,"href":"https:\/\/hankkeet.karelia.fi\/vieraskielisen-korkeakouluopintoihin-valmentavan-koulutuksen-kehittaminen\/wp-json\/wp\/v2\/pages\/21\/revisions"}],"wp:featuredmedia":[{"embeddable":true,"href":"https:\/\/hankkeet.karelia.fi\/vieraskielisen-korkeakouluopintoihin-valmentavan-koulutuksen-kehittaminen\/wp-json\/wp\/v2\/media\/17"}],"wp:attachment":[{"href":"https:\/\/hankkeet.karelia.fi\/vieraskielisen-korkeakouluopintoihin-valmentavan-koulutuksen-kehittaminen\/wp-json\/wp\/v2\/media?parent=21"}],"curies":[{"name":"wp","href":"https:\/\/api.w.org\/{rel}","templated":true}]}}