{"id":20,"date":"2026-03-17T09:46:13","date_gmt":"2026-03-17T07:46:13","guid":{"rendered":"https:\/\/hankkeet.karelia.fi\/wink-toihin-pohjois-karjalaan\/wink-toihin-pohjois-karjalaan\/"},"modified":"2026-03-17T09:46:13","modified_gmt":"2026-03-17T07:46:13","slug":"wink-toihin-pohjois-karjalaan","status":"publish","type":"page","link":"https:\/\/hankkeet.karelia.fi\/wink-toihin-pohjois-karjalaan\/","title":{"rendered":"WiNK \u2013 T\u00f6ihin Pohjois-Karjalaan"},"content":{"rendered":"\n<figure class=\"wp-block-image size-full\"><img decoding=\"async\" src=\"https:\/\/hankkeet.karelia.fi\/wink-toihin-pohjois-karjalaan\/wp-content\/uploads\/sites\/23\/2026\/03\/logopalkki_wink.jpg\" alt class=\"wp-image-77792\"><\/figure>\n\n\n\n<p>WiNK \u2014 T\u00f6i\u00adhin Pohjois-Kar\u00adjalaan \u2011ryh\u00adm\u00e4hankkeen tavoit\u00adteena on luo\u00adda Pohjois-Kar\u00adjalaan verkos\u00adtoituneesti toimi\u00adva kan\u00adsain\u00adv\u00e4lis\u00adten osaa\u00adjien ty\u00f6l\u00adlistymist\u00e4 ja kotou\u00adtu\u00admista tuke\u00adva toim\u00adinta\u00admalli. Malli yhteenso\u00advit\u00adtaa ja kehit\u00adt\u00e4\u00e4 yri\u00adtys\u00adten ja ty\u00f6\u00adnan\u00adta\u00adjien kan\u00adsain\u00adv\u00e4lisen rekry\u00adtoin\u00adnin ohjaus\u00adta, neu\u00advon\u00adtaa ja palvelu\u00adja sek\u00e4 kan\u00adsain\u00adv\u00e4lis\u00adten osaa\u00adjien palvelu\u00adja ja pros\u00adesse\u00adja. Toimen\u00adpiteil\u00adl\u00e4 vahvis\u00adte\u00adtaan maakun\u00adnan pitovoimaa, jot\u00adta maakun\u00adnas\u00adsa opiskel\u00ade\u00advat ja asu\u00advat kan\u00adsain\u00adv\u00e4liset osaa\u00adjat j\u00e4i\u00adsiv\u00e4t maakun\u00adtaan pysyv\u00e4sti.<\/p>\n\n\n\n<p>Han\u00adkkeen p\u00e4\u00e4\u00adto\u00adteut\u00adta\u00adja on Pohjois-Kar\u00adjalan ELY-keskus. Osa\u00adhankkei\u00adden toteut\u00adta\u00adji\u00adna ovat It\u00e4-Suomen yliopis\u00adto, Kare\u00adlia-ammat\u00adtiko\u00adrkeak\u00adoulu, Pohjois-Kar\u00adjalan koulu\u00adtuskun\u00adtay\u00adhtym\u00e4 Rive\u00adria, Kiteen evanke\u00adli\u00adnen kansanopis\u00adto ja Liek\u00adsan kris\u00adtill\u00adi\u00adnen opis\u00adto.<\/p>\n\n\n\n<p>Ryh\u00adm\u00e4hankkeen kohderyh\u00adm\u00e4\u00e4 ovat alueen toim\u00adi\u00adjat, joiden teht\u00e4v\u00e4kent\u00adt\u00e4\u00e4n kuu\u00adluu kan\u00adsain\u00adv\u00e4lis\u00adten osaa\u00adjien koulut\u00adtamista, ty\u00f6l\u00adlistymist\u00e4, kotou\u00adtu\u00admista ja aset\u00adtau\u00adtu\u00admista tuke\u00advat teht\u00e4v\u00e4t. Lis\u00e4k\u00adsi kohderyh\u00adm\u00e4\u00e4n kuu\u00adlu\u00advat kan\u00adsain\u00adv\u00e4lis\u00adten ty\u00f6n\u00adtek\u00adi\u00adj\u00f6i\u00adden rekry\u00adtoin\u00adnista kiin\u00adnos\u00adtuneet maakun\u00adnan yri\u00adtyk\u00adset ja ty\u00f6\u00adnan\u00adta\u00adjat sek\u00e4 alueel\u00adla asu\u00advat kan\u00adsain\u00adv\u00e4liset opiske\u00adli\u00adjat. <\/p>\n\n\n\n<p>P\u00e4\u00e4hankkeen tavoit\u00adteena on luo\u00adda maakun\u00adnalli\u00adnen verkos\u00adtom\u00adainen toim\u00adinta\u00admalli, jol\u00adla taataan kat\u00adta\u00advat palve\u00adlut jo maakun\u00adnas\u00adsa oleville ja t\u00e4nne tuleville kan\u00adsain\u00adv\u00e4lisille osaa\u00adjille. Toim\u00adinta\u00admallil\u00adla varmis\u00adte\u00adtaan, ett\u00e4 asioi\u00adta ei tehd\u00e4 p\u00e4\u00e4llekk\u00e4in ja ettei mik\u00e4\u00e4n asia j\u00e4isi tekem\u00e4t\u00adt\u00e4 ty\u00f6l\u00adlistymisen ja kotou\u00adtu\u00admisen edis\u00adt\u00e4misess\u00e4. Toinen tavoite on kehit\u00adt\u00e4\u00e4 maakun\u00adnan yri\u00adtys\u00adten valmiuk\u00adsia ja kyvykkyyt\u00adt\u00e4 vas\u00adtaan\u00adot\u00adtaa kan\u00adsain\u00adv\u00e4lisi\u00e4 osaa\u00adjia osak\u00adsi ty\u00f6y\u00adhteis\u00f6j\u00e4 toteutet\u00adtavien palvelupi\u00adlo\u00adtoin\u00adtien avul\u00adla. Toimil\u00adla madal\u00adletaan rekry\u00adtoin\u00adnin kyn\u00adnys\u00adt\u00e4 eri\u00adtyis\u00ades\u00adti niis\u00ads\u00e4 yri\u00adtyk\u00adsis\u00ads\u00e4, jois\u00adsa ulko\u00admaalais\u00adtaus\u00adtais\u00adten rekry\u00adtoin\u00adnista ei viel\u00e4 ole koke\u00admus\u00adta.<\/p>\n\n\n\n<p>Osa\u00adhankkeis\u00adsa kehitet\u00e4\u00e4n mm. seu\u00adraavia asioi\u00adta:<\/p>\n\n\n\n<ul class=\"wp-block-list\">\n<li>It\u00e4-Suomen yliopis\u00adto ja Kare\u00adlia-amk kehit\u00adt\u00e4v\u00e4t kotou\u00adtu\u00admisty\u00f6n asiantun\u00adti\u00adju\u00adut\u00adta vahvis\u00adtavaa 30 opin\u00adtopis\u00adteen laa\u00adjuista koulu\u00adtuskokon\u00adaisu\u00adut\u00adta, joka vas\u00adtaa kun\u00adtien ja asiantun\u00adti\u00adjoiden osaamis\u00adtarpeisi\u00adin sek\u00e4 muut\u00adtuneisi\u00adin rak\u00aden\u00adteisi\u00adin ja lain\u00ads\u00e4\u00e4d\u00e4n\u00adt\u00f6\u00f6n<\/li>\n\n\n\n<li>Kare\u00adlia-amk ja Rive\u00adria kehit\u00adt\u00e4v\u00e4t kan\u00adsain\u00adv\u00e4lis\u00adten tutk\u00adin\u00adto-opiske\u00adli\u00adjoiden aset\u00adtau\u00adtu\u00admista ja kotou\u00adtu\u00admista tuke\u00advia palvelui\u00adta ja toim\u00adinta\u00admallia. Lis\u00e4k\u00adsi kas\u00advate\u00adtaan oppi\u00adlaitoshenkil\u00f6st\u00f6n kv-opiske\u00adli\u00adjoiden ohjau\u00adsosaamista.<\/li>\n\n\n\n<li>Kiteen ja Liek\u00adsan opis\u00adtot kehit\u00adt\u00e4v\u00e4t maa\u00adhan\u00admuut\u00adtanei\u00adden osal\u00adlisu\u00adut\u00adta ja yhteis\u00f6l\u00adlisyyt\u00adt\u00e4 kielikahvi\u00adla\u00adtoimin\u00adnan avul\u00adla. Kielikahvi\u00adla\u00adtoim\u00adintaa toteutetaan sek\u00e4 paikallis\u00ades\u00adti ett\u00e4 verkos\u00adsa. Kansanopis\u00adtot tekev\u00e4t ped\u00ada\u00adgogista kehi\u00adtysty\u00f6t\u00e4 kar\u00adtoit\u00adtaen ja tehden oppimis\u00adma\u00adte\u00adri\u00adaale\u00adja tuke\u00admaan k\u00e4yt\u00e4n\u00adn\u00f6n kieli\u00adtaitoa eri\u00adtyis\u00ades\u00adti syr\u00adj\u00e4y\u00adtymis\u00advaaras\u00adsa oleville ryh\u00admille ja ty\u00f6ss\u00e4k\u00e4yville maa\u00adhan\u00admuut\u00adtaneille.<\/li>\n<\/ul>\n\n\n\n<p>WiNK \u2011ryh\u00adm\u00e4hankkeen verkos\u00adtossa toteutetaan uusia palvelukokeilu\u00adja ja \u2011polku\u00adja sek\u00e4 raken\u00adnetaan yhteisty\u00f6\u00admalle\u00adja, joil\u00adla vas\u00adtataan yri\u00adtys\u00adten rekry\u00adtoin\u00adti\u00adin sek\u00e4 kan\u00adsain\u00adv\u00e4lis\u00adten osaa\u00adjien ja maa\u00adhan\u00admuut\u00adta\u00adjien aset\u00adtau\u00adtu\u00admiseen, ty\u00f6l\u00adlistymiseen ja kotou\u00adtu\u00admiseen liit\u00adtyvi\u00adin haasteisi\u00adin. Kehit\u00adt\u00e4misty\u00f6ss\u00e4 on mukana toim\u00adi\u00adjoi\u00adta, joiden paras osaami\u00adnen ote\u00adtaan k\u00e4yt\u00adt\u00f6\u00f6n kan\u00adsain\u00adv\u00e4lis\u00adten osaa\u00adjien rekry\u00adtoin\u00adnis\u00adsa, kotou\u00adtu\u00admises\u00adsa ja aset\u00adtau\u00adtu\u00admises\u00adsa.<\/p>\n\n\n\n<h2 class=\"wp-block-heading\">Projektin kesto<\/h2>\n\n\n\n<p>1.1.2025\u201330.6.2027<\/p>\n\n\n\n<h2 class=\"wp-block-heading\">Projektip\u00e4\u00e4llikk\u00f6<\/h2>\n\n\n\n<p><strong>Taru V\u00e4is\u00e4\u00adnen<\/strong><br>taru.vaisanen(a)karelia.fi<\/p>\n\n\n\n<h2 class=\"wp-block-heading\">Rahoitus<\/h2>\n\n\n\n<p>ESR+-ohjelma<\/p>\n\n\n\n<figure class=\"wp-block-image size-full\"><img decoding=\"async\" src=\"https:\/\/hankkeet.karelia.fi\/wink-toihin-pohjois-karjalaan\/wp-content\/uploads\/sites\/23\/2026\/03\/kk_palkki_4.jpg\" alt class=\"wp-image-75883\"><\/figure>\n","protected":false},"excerpt":{"rendered":"<p>WiNK \u2014 T\u00f6i\u00adhin Pohjois-Kar\u00ad\u00adjalaan \u2011ryh\u00adm\u00e4hankkeen tavoit\u00adteena on luo\u00adda Pohjois-Kar\u00ad\u00adjalaan verkos\u00adtoituneesti toimi\u00adva kan\u00adsain\u00adv\u00e4lis\u00adten osaa\u00adjien ty\u00f6l\u00adlistymist\u00e4 ja kotou\u00adtu\u00admista tuke\u00adva toim\u00adinta\u00admalli. Malli yhteenso\u00advit\u00adtaa ja kehit\u00adt\u00e4\u00e4 yri\u00adtys\u00adten ja ty\u00f6\u00adnan\u00adta\u00adjien kan\u00adsain\u00adv\u00e4lisen rekry\u00adtoin\u00adnin ohjaus\u00adta, neu\u00advon\u00adtaa ja palvelu\u00adja sek\u00e4 kan\u00adsain\u00adv\u00e4lis\u00adten osaa\u00adjien palvelu\u00adja ja pros\u00adesse\u00adja. Toimen\u00adpiteil\u00adl\u00e4 vahvis\u00adte\u00adtaan maakun\u00adnan pitovoimaa, jot\u00adta maakun\u00adnas\u00adsa opiskel\u00ade\u00advat ja asu\u00advat kan\u00adsain\u00adv\u00e4liset osaa\u00adjat j\u00e4i\u00adsiv\u00e4t maakun\u00adtaan pysyv\u00e4sti. Han\u00adkkeen p\u00e4\u00e4\u00adto\u00adteut\u00adta\u00adja on Pohjois-Kar\u00ad\u00adjalan [\u2026]<\/p>\n","protected":false},"author":0,"featured_media":17,"parent":0,"menu_order":0,"comment_status":"closed","ping_status":"closed","template":"","meta":{"inline_featured_image":false,"wp_typography_post_enhancements_disabled":false,"footnotes":""},"class_list":["post-20","page","type-page","status-publish","has-post-thumbnail","hentry"],"yoast_head":"<!-- This site is optimized with the Yoast SEO plugin v27.5 - https:\/\/yoast.com\/product\/yoast-seo-wordpress\/ -->\n<title>WiNK &#8211; T\u00f6ihin Pohjois-Karjalaan - WiNK &#8211; T\u00f6ihin Pohjois-Karjalaan<\/title>\n<meta name=\"robots\" content=\"index, follow, max-snippet:-1, max-image-preview:large, max-video-preview:-1\" \/>\n<link rel=\"canonical\" href=\"https:\/\/hankkeet.karelia.fi\/wink-toihin-pohjois-karjalaan\/\" \/>\n<meta property=\"og:locale\" content=\"fi_FI\" \/>\n<meta property=\"og:type\" content=\"article\" \/>\n<meta property=\"og:title\" content=\"WiNK &#8211; T\u00f6ihin Pohjois-Karjalaan - WiNK &#8211; T\u00f6ihin Pohjois-Karjalaan\" \/>\n<meta property=\"og:description\" content=\"WiNK \u2014 T\u00f6i\u00adhin Pohjois-Kar\u00adjalaan \u2011ryh\u00adm\u00e4hankkeen tavoit\u00adteena on luo\u00adda Pohjois-Kar\u00adjalaan verkos\u00adtoituneesti toimi\u00adva kan\u00adsain\u00adv\u00e4lis\u00adten osaa\u00adjien ty\u00f6l\u00adlistymist\u00e4 ja kotou\u00adtu\u00admista tuke\u00adva toim\u00adinta\u00admalli. Malli yhteenso\u00advit\u00adtaa ja kehit\u00adt\u00e4\u00e4 yri\u00adtys\u00adten ja ty\u00f6\u00adnan\u00adta\u00adjien kan\u00adsain\u00adv\u00e4lisen rekry\u00adtoin\u00adnin ohjaus\u00adta, neu\u00advon\u00adtaa ja palvelu\u00adja sek\u00e4 kan\u00adsain\u00adv\u00e4lis\u00adten osaa\u00adjien palvelu\u00adja ja pros\u00adesse\u00adja. Toimen\u00adpiteil\u00adl\u00e4 vahvis\u00adte\u00adtaan maakun\u00adnan pitovoimaa, jot\u00adta maakun\u00adnas\u00adsa opiskel\u00ade\u00advat ja asu\u00advat kan\u00adsain\u00adv\u00e4liset osaa\u00adjat j\u00e4i\u00adsiv\u00e4t maakun\u00adtaan pysyv\u00e4sti. Han\u00adkkeen p\u00e4\u00e4\u00adto\u00adteut\u00adta\u00adja on Pohjois-Kar\u00adjalan [&hellip;]\" \/>\n<meta property=\"og:url\" content=\"https:\/\/hankkeet.karelia.fi\/wink-toihin-pohjois-karjalaan\/\" \/>\n<meta property=\"og:site_name\" content=\"WiNK &#8211; T\u00f6ihin Pohjois-Karjalaan\" \/>\n<meta name=\"twitter:card\" content=\"summary_large_image\" \/>\n<meta name=\"twitter:label1\" content=\"Arvioitu lukuaika\" \/>\n\t<meta name=\"twitter:data1\" content=\"2 minuuttia\" \/>\n<script type=\"application\/ld+json\" class=\"yoast-schema-graph\">{\"@context\":\"https:\\\/\\\/schema.org\",\"@graph\":[{\"@type\":\"WebPage\",\"@id\":\"https:\\\/\\\/hankkeet.karelia.fi\\\/wink-toihin-pohjois-karjalaan\\\/\",\"url\":\"https:\\\/\\\/hankkeet.karelia.fi\\\/wink-toihin-pohjois-karjalaan\\\/\",\"name\":\"WiNK &#8211; T\u00f6ihin Pohjois-Karjalaan - WiNK &#8211; T\u00f6ihin Pohjois-Karjalaan\",\"isPartOf\":{\"@id\":\"https:\\\/\\\/hankkeet.karelia.fi\\\/wink-toihin-pohjois-karjalaan\\\/#website\"},\"primaryImageOfPage\":{\"@id\":\"https:\\\/\\\/hankkeet.karelia.fi\\\/wink-toihin-pohjois-karjalaan\\\/#primaryimage\"},\"image\":{\"@id\":\"https:\\\/\\\/hankkeet.karelia.fi\\\/wink-toihin-pohjois-karjalaan\\\/#primaryimage\"},\"thumbnailUrl\":\"https:\\\/\\\/hankkeet.karelia.fi\\\/wink-toihin-pohjois-karjalaan\\\/wp-content\\\/uploads\\\/sites\\\/23\\\/2026\\\/03\\\/AdobeStock_381683682-scaled-1.jpeg\",\"datePublished\":\"2026-03-17T07:46:13+00:00\",\"breadcrumb\":{\"@id\":\"https:\\\/\\\/hankkeet.karelia.fi\\\/wink-toihin-pohjois-karjalaan\\\/#breadcrumb\"},\"inLanguage\":\"fi\",\"potentialAction\":[{\"@type\":\"ReadAction\",\"target\":[\"https:\\\/\\\/hankkeet.karelia.fi\\\/wink-toihin-pohjois-karjalaan\\\/\"]}]},{\"@type\":\"ImageObject\",\"inLanguage\":\"fi\",\"@id\":\"https:\\\/\\\/hankkeet.karelia.fi\\\/wink-toihin-pohjois-karjalaan\\\/#primaryimage\",\"url\":\"https:\\\/\\\/hankkeet.karelia.fi\\\/wink-toihin-pohjois-karjalaan\\\/wp-content\\\/uploads\\\/sites\\\/23\\\/2026\\\/03\\\/AdobeStock_381683682-scaled-1.jpeg\",\"contentUrl\":\"https:\\\/\\\/hankkeet.karelia.fi\\\/wink-toihin-pohjois-karjalaan\\\/wp-content\\\/uploads\\\/sites\\\/23\\\/2026\\\/03\\\/AdobeStock_381683682-scaled-1.jpeg\",\"width\":2560,\"height\":1122},{\"@type\":\"BreadcrumbList\",\"@id\":\"https:\\\/\\\/hankkeet.karelia.fi\\\/wink-toihin-pohjois-karjalaan\\\/#breadcrumb\",\"itemListElement\":[{\"@type\":\"ListItem\",\"position\":1,\"name\":\"Home\",\"item\":\"https:\\\/\\\/hankkeet.karelia.fi\\\/wink-toihin-pohjois-karjalaan\\\/wink-toihin-pohjois-karjalaan\\\/\"},{\"@type\":\"ListItem\",\"position\":2,\"name\":\"WiNK &#8211; T\u00f6ihin Pohjois-Karjalaan\"}]},{\"@type\":\"WebSite\",\"@id\":\"https:\\\/\\\/hankkeet.karelia.fi\\\/wink-toihin-pohjois-karjalaan\\\/#website\",\"url\":\"https:\\\/\\\/hankkeet.karelia.fi\\\/wink-toihin-pohjois-karjalaan\\\/\",\"name\":\"WiNK &#8211; T\u00f6ihin Pohjois-Karjalaan\",\"description\":\"\",\"publisher\":{\"@id\":\"https:\\\/\\\/hankkeet.karelia.fi\\\/wink-toihin-pohjois-karjalaan\\\/#organization\"},\"potentialAction\":[{\"@type\":\"SearchAction\",\"target\":{\"@type\":\"EntryPoint\",\"urlTemplate\":\"https:\\\/\\\/hankkeet.karelia.fi\\\/wink-toihin-pohjois-karjalaan\\\/?s={search_term_string}\"},\"query-input\":{\"@type\":\"PropertyValueSpecification\",\"valueRequired\":true,\"valueName\":\"search_term_string\"}}],\"inLanguage\":\"fi\"},{\"@type\":\"Organization\",\"@id\":\"https:\\\/\\\/hankkeet.karelia.fi\\\/wink-toihin-pohjois-karjalaan\\\/#organization\",\"name\":\"WiNK &#8211; T\u00f6ihin Pohjois-Karjalaan\",\"url\":\"https:\\\/\\\/hankkeet.karelia.fi\\\/wink-toihin-pohjois-karjalaan\\\/\",\"logo\":{\"@type\":\"ImageObject\",\"inLanguage\":\"fi\",\"@id\":\"https:\\\/\\\/hankkeet.karelia.fi\\\/wink-toihin-pohjois-karjalaan\\\/#\\\/schema\\\/logo\\\/image\\\/\",\"url\":\"https:\\\/\\\/hankkeet.karelia.fi\\\/wink-toihin-pohjois-karjalaan\\\/wp-content\\\/uploads\\\/sites\\\/23\\\/2026\\\/03\\\/cropped-cropped-Karelia_AMK_logo_RGB-1.png\",\"contentUrl\":\"https:\\\/\\\/hankkeet.karelia.fi\\\/wink-toihin-pohjois-karjalaan\\\/wp-content\\\/uploads\\\/sites\\\/23\\\/2026\\\/03\\\/cropped-cropped-Karelia_AMK_logo_RGB-1.png\",\"width\":427,\"height\":116,\"caption\":\"WiNK &#8211; T\u00f6ihin Pohjois-Karjalaan\"},\"image\":{\"@id\":\"https:\\\/\\\/hankkeet.karelia.fi\\\/wink-toihin-pohjois-karjalaan\\\/#\\\/schema\\\/logo\\\/image\\\/\"}}]}<\/script>\n<!-- \/ Yoast SEO plugin. -->","yoast_head_json":{"title":"WiNK &#8211; T\u00f6ihin Pohjois-Karjalaan - WiNK &#8211; T\u00f6ihin Pohjois-Karjalaan","robots":{"index":"index","follow":"follow","max-snippet":"max-snippet:-1","max-image-preview":"max-image-preview:large","max-video-preview":"max-video-preview:-1"},"canonical":"https:\/\/hankkeet.karelia.fi\/wink-toihin-pohjois-karjalaan\/","og_locale":"fi_FI","og_type":"article","og_title":"WiNK &#8211; T\u00f6ihin Pohjois-Karjalaan - WiNK &#8211; T\u00f6ihin Pohjois-Karjalaan","og_description":"WiNK \u2014 T\u00f6i\u00adhin Pohjois-Kar\u00adjalaan \u2011ryh\u00adm\u00e4hankkeen tavoit\u00adteena on luo\u00adda Pohjois-Kar\u00adjalaan verkos\u00adtoituneesti toimi\u00adva kan\u00adsain\u00adv\u00e4lis\u00adten osaa\u00adjien ty\u00f6l\u00adlistymist\u00e4 ja kotou\u00adtu\u00admista tuke\u00adva toim\u00adinta\u00admalli. Malli yhteenso\u00advit\u00adtaa ja kehit\u00adt\u00e4\u00e4 yri\u00adtys\u00adten ja ty\u00f6\u00adnan\u00adta\u00adjien kan\u00adsain\u00adv\u00e4lisen rekry\u00adtoin\u00adnin ohjaus\u00adta, neu\u00advon\u00adtaa ja palvelu\u00adja sek\u00e4 kan\u00adsain\u00adv\u00e4lis\u00adten osaa\u00adjien palvelu\u00adja ja pros\u00adesse\u00adja. Toimen\u00adpiteil\u00adl\u00e4 vahvis\u00adte\u00adtaan maakun\u00adnan pitovoimaa, jot\u00adta maakun\u00adnas\u00adsa opiskel\u00ade\u00advat ja asu\u00advat kan\u00adsain\u00adv\u00e4liset osaa\u00adjat j\u00e4i\u00adsiv\u00e4t maakun\u00adtaan pysyv\u00e4sti. Han\u00adkkeen p\u00e4\u00e4\u00adto\u00adteut\u00adta\u00adja on Pohjois-Kar\u00adjalan [&hellip;]","og_url":"https:\/\/hankkeet.karelia.fi\/wink-toihin-pohjois-karjalaan\/","og_site_name":"WiNK &#8211; T\u00f6ihin Pohjois-Karjalaan","twitter_card":"summary_large_image","twitter_misc":{"Arvioitu lukuaika":"2 minuuttia"},"schema":{"@context":"https:\/\/schema.org","@graph":[{"@type":"WebPage","@id":"https:\/\/hankkeet.karelia.fi\/wink-toihin-pohjois-karjalaan\/","url":"https:\/\/hankkeet.karelia.fi\/wink-toihin-pohjois-karjalaan\/","name":"WiNK &#8211; T\u00f6ihin Pohjois-Karjalaan - WiNK &#8211; T\u00f6ihin Pohjois-Karjalaan","isPartOf":{"@id":"https:\/\/hankkeet.karelia.fi\/wink-toihin-pohjois-karjalaan\/#website"},"primaryImageOfPage":{"@id":"https:\/\/hankkeet.karelia.fi\/wink-toihin-pohjois-karjalaan\/#primaryimage"},"image":{"@id":"https:\/\/hankkeet.karelia.fi\/wink-toihin-pohjois-karjalaan\/#primaryimage"},"thumbnailUrl":"https:\/\/hankkeet.karelia.fi\/wink-toihin-pohjois-karjalaan\/wp-content\/uploads\/sites\/23\/2026\/03\/AdobeStock_381683682-scaled-1.jpeg","datePublished":"2026-03-17T07:46:13+00:00","breadcrumb":{"@id":"https:\/\/hankkeet.karelia.fi\/wink-toihin-pohjois-karjalaan\/#breadcrumb"},"inLanguage":"fi","potentialAction":[{"@type":"ReadAction","target":["https:\/\/hankkeet.karelia.fi\/wink-toihin-pohjois-karjalaan\/"]}]},{"@type":"ImageObject","inLanguage":"fi","@id":"https:\/\/hankkeet.karelia.fi\/wink-toihin-pohjois-karjalaan\/#primaryimage","url":"https:\/\/hankkeet.karelia.fi\/wink-toihin-pohjois-karjalaan\/wp-content\/uploads\/sites\/23\/2026\/03\/AdobeStock_381683682-scaled-1.jpeg","contentUrl":"https:\/\/hankkeet.karelia.fi\/wink-toihin-pohjois-karjalaan\/wp-content\/uploads\/sites\/23\/2026\/03\/AdobeStock_381683682-scaled-1.jpeg","width":2560,"height":1122},{"@type":"BreadcrumbList","@id":"https:\/\/hankkeet.karelia.fi\/wink-toihin-pohjois-karjalaan\/#breadcrumb","itemListElement":[{"@type":"ListItem","position":1,"name":"Home","item":"https:\/\/hankkeet.karelia.fi\/wink-toihin-pohjois-karjalaan\/wink-toihin-pohjois-karjalaan\/"},{"@type":"ListItem","position":2,"name":"WiNK &#8211; T\u00f6ihin Pohjois-Karjalaan"}]},{"@type":"WebSite","@id":"https:\/\/hankkeet.karelia.fi\/wink-toihin-pohjois-karjalaan\/#website","url":"https:\/\/hankkeet.karelia.fi\/wink-toihin-pohjois-karjalaan\/","name":"WiNK &#8211; T\u00f6ihin Pohjois-Karjalaan","description":"","publisher":{"@id":"https:\/\/hankkeet.karelia.fi\/wink-toihin-pohjois-karjalaan\/#organization"},"potentialAction":[{"@type":"SearchAction","target":{"@type":"EntryPoint","urlTemplate":"https:\/\/hankkeet.karelia.fi\/wink-toihin-pohjois-karjalaan\/?s={search_term_string}"},"query-input":{"@type":"PropertyValueSpecification","valueRequired":true,"valueName":"search_term_string"}}],"inLanguage":"fi"},{"@type":"Organization","@id":"https:\/\/hankkeet.karelia.fi\/wink-toihin-pohjois-karjalaan\/#organization","name":"WiNK &#8211; T\u00f6ihin Pohjois-Karjalaan","url":"https:\/\/hankkeet.karelia.fi\/wink-toihin-pohjois-karjalaan\/","logo":{"@type":"ImageObject","inLanguage":"fi","@id":"https:\/\/hankkeet.karelia.fi\/wink-toihin-pohjois-karjalaan\/#\/schema\/logo\/image\/","url":"https:\/\/hankkeet.karelia.fi\/wink-toihin-pohjois-karjalaan\/wp-content\/uploads\/sites\/23\/2026\/03\/cropped-cropped-Karelia_AMK_logo_RGB-1.png","contentUrl":"https:\/\/hankkeet.karelia.fi\/wink-toihin-pohjois-karjalaan\/wp-content\/uploads\/sites\/23\/2026\/03\/cropped-cropped-Karelia_AMK_logo_RGB-1.png","width":427,"height":116,"caption":"WiNK &#8211; T\u00f6ihin Pohjois-Karjalaan"},"image":{"@id":"https:\/\/hankkeet.karelia.fi\/wink-toihin-pohjois-karjalaan\/#\/schema\/logo\/image\/"}}]}},"_links":{"self":[{"href":"https:\/\/hankkeet.karelia.fi\/wink-toihin-pohjois-karjalaan\/wp-json\/wp\/v2\/pages\/20","targetHints":{"allow":["GET"]}}],"collection":[{"href":"https:\/\/hankkeet.karelia.fi\/wink-toihin-pohjois-karjalaan\/wp-json\/wp\/v2\/pages"}],"about":[{"href":"https:\/\/hankkeet.karelia.fi\/wink-toihin-pohjois-karjalaan\/wp-json\/wp\/v2\/types\/page"}],"replies":[{"embeddable":true,"href":"https:\/\/hankkeet.karelia.fi\/wink-toihin-pohjois-karjalaan\/wp-json\/wp\/v2\/comments?post=20"}],"version-history":[{"count":0,"href":"https:\/\/hankkeet.karelia.fi\/wink-toihin-pohjois-karjalaan\/wp-json\/wp\/v2\/pages\/20\/revisions"}],"wp:featuredmedia":[{"embeddable":true,"href":"https:\/\/hankkeet.karelia.fi\/wink-toihin-pohjois-karjalaan\/wp-json\/wp\/v2\/media\/17"}],"wp:attachment":[{"href":"https:\/\/hankkeet.karelia.fi\/wink-toihin-pohjois-karjalaan\/wp-json\/wp\/v2\/media?parent=20"}],"curies":[{"name":"wp","href":"https:\/\/api.w.org\/{rel}","templated":true}]}}